{"id":840,"date":"2019-01-18T09:55:24","date_gmt":"2019-01-18T08:55:24","guid":{"rendered":"https:\/\/www.schwarzwaldverein-st-georgen.de\/?post_type=tribe_events&#038;p=840"},"modified":"2019-06-09T17:13:22","modified_gmt":"2019-06-09T15:13:22","slug":"rundwanderung-um-schoenwald","status":"publish","type":"tribe_events","link":"https:\/\/www.schwarzwaldverein-st-georgen.de\/index.php\/event\/rundwanderung-um-schoenwald\/","title":{"rendered":"Rundwanderung um Sch\u00f6nwald"},"content":{"rendered":"<p>Terminverlegung vom 07.07.2019 auf den 21.07.2019!<\/p>\n<p>Die Rundwanderung um Sch\u00f6nwald beginnt an der Kirche des Ortes und folgt der Beschilderung des &#8222;Heil-Klima-Steigs&#8220;. Beim idyllischen Steinweiher steigen wir \u00fcber das schmale &#8222;Ameisen-W\u00e4gle&#8220; hinauf zur Sonnenbadestation &#8222;Auf der H\u00f6he&#8220; und weiter zur Adlerschanze. Waldwege f\u00fchren uns weiter zu Katharinenh\u00f6he, zur Himmelswiese mit Aussicht auf Sch\u00f6nwald und vorbei am malerischen Reinerweiher zur Escheck. Von dort steigen wir hinab ins Baslertal und beim Fei\u00dfenhof wieder hinauf zur Ochsenh\u00f6he. Vom Dobellift aus geht es retour zum unserem Ausgangspunkt.<\/p>\n<table>\n<tbody>\n<tr>\n<td class=\"tdh_wp\">Wanderf\u00fchrer:<\/td>\n<td class=\"tdh_wp\">Annemarie Rothkopf<\/td>\n<\/tr>\n<tr>\n<td class=\"td_wp\">Gehzeit:<\/td>\n<td class=\"td_wp\">4,5 Std.<br \/>\n12 km, 228 Hm<\/td>\n<\/tr>\n<tr>\n<td class=\"td_wp\">Kategorie 2<\/td>\n<td class=\"td_wp\"><img loading=\"lazy\" decoding=\"async\" class=\"alignnone\" src=\"https:\/\/www.schwarzwaldverein-st-georgen.de\/wp-content\/uploads\/gelbeRaute.png\" alt=\"\" width=\"30\" height=\"16\" \/><\/td>\n<\/tr>\n<tr>\n<td class=\"td_wp\">Treffpunkt:<\/td>\n<td class=\"td_wp\">10:00 Uhr, Klosterweiher<\/td>\n<\/tr>\n<tr>\n<td class=\"td_wp\">Anmeldung:<\/td>\n<td class=\"td_wp\">07724\/4154<\/td>\n<\/tr>\n<\/tbody>\n<\/table>\n<p>\u00a9 Quelle: Ferienland im Schwarzwald GmbH<\/p>\n","protected":false},"excerpt":{"rendered":"<p>Terminverlegung vom 07.07.2019 auf den 21.07.2019! Die Rundwanderung um Sch\u00f6nwald beginnt an der Kirche des Ortes und folgt der Beschilderung des &#8222;Heil-Klima-Steigs&#8220;. Beim idyllischen Steinweiher steigen wir \u00fcber das schmale &#8222;Ameisen-W\u00e4gle&#8220; hinauf zur Sonnenbadestation &#8222;Auf der H\u00f6he&#8220; und weiter zur Adlerschanze. Waldwege f\u00fchren uns weiter zu Katharinenh\u00f6he, zur Himmelswiese mit Aussicht auf Sch\u00f6nwald und vorbei &hellip; <\/p>\n<p><a class=\"more-link btn\" href=\"https:\/\/www.schwarzwaldverein-st-georgen.de\/index.php\/event\/rundwanderung-um-schoenwald\/\">Weiterlesen<\/a><\/p>\n","protected":false},"author":1,"featured_media":725,"comment_status":"closed","ping_status":"closed","template":"","meta":{"_price":"","_stock":"","_tribe_ticket_header":"","_tribe_default_ticket_provider":"","_ticket_start_date":"","_ticket_end_date":"","_tribe_ticket_show_description":"","_tribe_ticket_show_not_going":false,"_tribe_ticket_use_global_stock":"","_tribe_ticket_global_stock_level":"","_global_stock_mode":"","_global_stock_cap":"","_tribe_rsvp_for_event":"","_tribe_ticket_going_count":"","_tribe_ticket_not_going_count":"","_tribe_tickets_list":"[]","_tribe_ticket_has_attendee_info_fields":false,"_tribe_events_status":"","_tribe_events_status_reason":"","footnotes":"","_tec_slr_enabled":"","_tec_slr_layout":""},"tags":[],"tribe_events_cat":[2,7],"class_list":["post-840","tribe_events","type-tribe_events","status-publish","has-post-thumbnail","hentry","tribe_events_cat-jahresprogramm","tribe_events_cat-wanderung","cat_jahresprogramm","cat_wanderung","nodate","item-wrap"],"yoast_head":"<!-- This site is optimized with the Yoast SEO plugin v26.8 - https:\/\/yoast.com\/product\/yoast-seo-wordpress\/ -->\n<title>Rundwanderung um Sch\u00f6nwald - Schwarzwaldverein St. Georgen e.V.<\/title>\n<meta name=\"robots\" content=\"index, follow, max-snippet:-1, max-image-preview:large, max-video-preview:-1\" \/>\n<link rel=\"canonical\" href=\"https:\/\/www.schwarzwaldverein-st-georgen.de\/index.php\/event\/rundwanderung-um-schoenwald\/\" \/>\n<meta property=\"og:locale\" content=\"de_DE\" \/>\n<meta property=\"og:type\" content=\"article\" \/>\n<meta property=\"og:title\" content=\"Rundwanderung um Sch\u00f6nwald - Schwarzwaldverein St. Georgen e.V.\" \/>\n<meta property=\"og:description\" content=\"Terminverlegung vom 07.07.2019 auf den 21.07.2019! Die Rundwanderung um Sch\u00f6nwald beginnt an der Kirche des Ortes und folgt der Beschilderung des &#8222;Heil-Klima-Steigs&#8220;. Beim idyllischen Steinweiher steigen wir \u00fcber das schmale &#8222;Ameisen-W\u00e4gle&#8220; hinauf zur Sonnenbadestation &#8222;Auf der H\u00f6he&#8220; und weiter zur Adlerschanze. Waldwege f\u00fchren uns weiter zu Katharinenh\u00f6he, zur Himmelswiese mit Aussicht auf Sch\u00f6nwald und vorbei &hellip; Weiterlesen\" \/>\n<meta property=\"og:url\" content=\"https:\/\/www.schwarzwaldverein-st-georgen.de\/index.php\/event\/rundwanderung-um-schoenwald\/\" \/>\n<meta property=\"og:site_name\" content=\"Schwarzwaldverein St. Georgen e.V.\" \/>\n<meta property=\"article:modified_time\" content=\"2019-06-09T15:13:22+00:00\" \/>\n<meta property=\"og:image\" content=\"https:\/\/www.schwarzwaldverein-st-georgen.de\/wp-content\/uploads\/2019\/schoenwald.jpg\" \/>\n\t<meta property=\"og:image:width\" content=\"800\" \/>\n\t<meta property=\"og:image:height\" content=\"533\" \/>\n\t<meta property=\"og:image:type\" content=\"image\/jpeg\" \/>\n<meta name=\"twitter:card\" content=\"summary_large_image\" \/>\n<meta name=\"twitter:label1\" content=\"Gesch\u00e4tzte Lesezeit\" \/>\n\t<meta name=\"twitter:data1\" content=\"1\u00a0Minute\" \/>\n<script type=\"application\/ld+json\" class=\"yoast-schema-graph\">{\"@context\":\"https:\/\/schema.org\",\"@graph\":[{\"@type\":\"WebPage\",\"@id\":\"https:\/\/www.schwarzwaldverein-st-georgen.de\/index.php\/event\/rundwanderung-um-schoenwald\/\",\"url\":\"https:\/\/www.schwarzwaldverein-st-georgen.de\/index.php\/event\/rundwanderung-um-schoenwald\/\",\"name\":\"Rundwanderung um Sch\u00f6nwald - Schwarzwaldverein St. Georgen e.V.\",\"isPartOf\":{\"@id\":\"https:\/\/www.schwarzwaldverein-st-georgen.de\/#website\"},\"primaryImageOfPage\":{\"@id\":\"https:\/\/www.schwarzwaldverein-st-georgen.de\/index.php\/event\/rundwanderung-um-schoenwald\/#primaryimage\"},\"image\":{\"@id\":\"https:\/\/www.schwarzwaldverein-st-georgen.de\/index.php\/event\/rundwanderung-um-schoenwald\/#primaryimage\"},\"thumbnailUrl\":\"https:\/\/www.schwarzwaldverein-st-georgen.de\/wp-content\/uploads\/2019\/schoenwald.jpg\",\"datePublished\":\"2019-01-18T08:55:24+00:00\",\"dateModified\":\"2019-06-09T15:13:22+00:00\",\"breadcrumb\":{\"@id\":\"https:\/\/www.schwarzwaldverein-st-georgen.de\/index.php\/event\/rundwanderung-um-schoenwald\/#breadcrumb\"},\"inLanguage\":\"de\",\"potentialAction\":[{\"@type\":\"ReadAction\",\"target\":[\"https:\/\/www.schwarzwaldverein-st-georgen.de\/index.php\/event\/rundwanderung-um-schoenwald\/\"]}]},{\"@type\":\"ImageObject\",\"inLanguage\":\"de\",\"@id\":\"https:\/\/www.schwarzwaldverein-st-georgen.de\/index.php\/event\/rundwanderung-um-schoenwald\/#primaryimage\",\"url\":\"https:\/\/www.schwarzwaldverein-st-georgen.de\/wp-content\/uploads\/2019\/schoenwald.jpg\",\"contentUrl\":\"https:\/\/www.schwarzwaldverein-st-georgen.de\/wp-content\/uploads\/2019\/schoenwald.jpg\",\"width\":800,\"height\":533},{\"@type\":\"BreadcrumbList\",\"@id\":\"https:\/\/www.schwarzwaldverein-st-georgen.de\/index.php\/event\/rundwanderung-um-schoenwald\/#breadcrumb\",\"itemListElement\":[{\"@type\":\"ListItem\",\"position\":1,\"name\":\"Start\",\"item\":\"https:\/\/www.schwarzwaldverein-st-georgen.de\/\"},{\"@type\":\"ListItem\",\"position\":2,\"name\":\"Veranstaltungen\",\"item\":\"https:\/\/www.schwarzwaldverein-st-georgen.de\/index.php\/events\/\"},{\"@type\":\"ListItem\",\"position\":3,\"name\":\"Rundwanderung um Sch\u00f6nwald\"}]},{\"@type\":\"WebSite\",\"@id\":\"https:\/\/www.schwarzwaldverein-st-georgen.de\/#website\",\"url\":\"https:\/\/www.schwarzwaldverein-st-georgen.de\/\",\"name\":\"Schwarzwaldverein St. Georgen e.V.\",\"description\":\"Wandern, Wege, Naturschutz, Familien, Wanderheim Lindenb\u00fcble\",\"potentialAction\":[{\"@type\":\"SearchAction\",\"target\":{\"@type\":\"EntryPoint\",\"urlTemplate\":\"https:\/\/www.schwarzwaldverein-st-georgen.de\/?s={search_term_string}\"},\"query-input\":{\"@type\":\"PropertyValueSpecification\",\"valueRequired\":true,\"valueName\":\"search_term_string\"}}],\"inLanguage\":\"de\"}]}<\/script>\n<!-- \/ Yoast SEO plugin. -->","yoast_head_json":{"title":"Rundwanderung um Sch\u00f6nwald - Schwarzwaldverein St. Georgen e.V.","robots":{"index":"index","follow":"follow","max-snippet":"max-snippet:-1","max-image-preview":"max-image-preview:large","max-video-preview":"max-video-preview:-1"},"canonical":"https:\/\/www.schwarzwaldverein-st-georgen.de\/index.php\/event\/rundwanderung-um-schoenwald\/","og_locale":"de_DE","og_type":"article","og_title":"Rundwanderung um Sch\u00f6nwald - Schwarzwaldverein St. Georgen e.V.","og_description":"Terminverlegung vom 07.07.2019 auf den 21.07.2019! Die Rundwanderung um Sch\u00f6nwald beginnt an der Kirche des Ortes und folgt der Beschilderung des &#8222;Heil-Klima-Steigs&#8220;. Beim idyllischen Steinweiher steigen wir \u00fcber das schmale &#8222;Ameisen-W\u00e4gle&#8220; hinauf zur Sonnenbadestation &#8222;Auf der H\u00f6he&#8220; und weiter zur Adlerschanze. Waldwege f\u00fchren uns weiter zu Katharinenh\u00f6he, zur Himmelswiese mit Aussicht auf Sch\u00f6nwald und vorbei &hellip; Weiterlesen","og_url":"https:\/\/www.schwarzwaldverein-st-georgen.de\/index.php\/event\/rundwanderung-um-schoenwald\/","og_site_name":"Schwarzwaldverein St. Georgen e.V.","article_modified_time":"2019-06-09T15:13:22+00:00","og_image":[{"width":800,"height":533,"url":"https:\/\/www.schwarzwaldverein-st-georgen.de\/wp-content\/uploads\/2019\/schoenwald.jpg","type":"image\/jpeg"}],"twitter_card":"summary_large_image","twitter_misc":{"Gesch\u00e4tzte Lesezeit":"1\u00a0Minute"},"schema":{"@context":"https:\/\/schema.org","@graph":[{"@type":"WebPage","@id":"https:\/\/www.schwarzwaldverein-st-georgen.de\/index.php\/event\/rundwanderung-um-schoenwald\/","url":"https:\/\/www.schwarzwaldverein-st-georgen.de\/index.php\/event\/rundwanderung-um-schoenwald\/","name":"Rundwanderung um Sch\u00f6nwald - Schwarzwaldverein St. Georgen e.V.","isPartOf":{"@id":"https:\/\/www.schwarzwaldverein-st-georgen.de\/#website"},"primaryImageOfPage":{"@id":"https:\/\/www.schwarzwaldverein-st-georgen.de\/index.php\/event\/rundwanderung-um-schoenwald\/#primaryimage"},"image":{"@id":"https:\/\/www.schwarzwaldverein-st-georgen.de\/index.php\/event\/rundwanderung-um-schoenwald\/#primaryimage"},"thumbnailUrl":"https:\/\/www.schwarzwaldverein-st-georgen.de\/wp-content\/uploads\/2019\/schoenwald.jpg","datePublished":"2019-01-18T08:55:24+00:00","dateModified":"2019-06-09T15:13:22+00:00","breadcrumb":{"@id":"https:\/\/www.schwarzwaldverein-st-georgen.de\/index.php\/event\/rundwanderung-um-schoenwald\/#breadcrumb"},"inLanguage":"de","potentialAction":[{"@type":"ReadAction","target":["https:\/\/www.schwarzwaldverein-st-georgen.de\/index.php\/event\/rundwanderung-um-schoenwald\/"]}]},{"@type":"ImageObject","inLanguage":"de","@id":"https:\/\/www.schwarzwaldverein-st-georgen.de\/index.php\/event\/rundwanderung-um-schoenwald\/#primaryimage","url":"https:\/\/www.schwarzwaldverein-st-georgen.de\/wp-content\/uploads\/2019\/schoenwald.jpg","contentUrl":"https:\/\/www.schwarzwaldverein-st-georgen.de\/wp-content\/uploads\/2019\/schoenwald.jpg","width":800,"height":533},{"@type":"BreadcrumbList","@id":"https:\/\/www.schwarzwaldverein-st-georgen.de\/index.php\/event\/rundwanderung-um-schoenwald\/#breadcrumb","itemListElement":[{"@type":"ListItem","position":1,"name":"Start","item":"https:\/\/www.schwarzwaldverein-st-georgen.de\/"},{"@type":"ListItem","position":2,"name":"Veranstaltungen","item":"https:\/\/www.schwarzwaldverein-st-georgen.de\/index.php\/events\/"},{"@type":"ListItem","position":3,"name":"Rundwanderung um Sch\u00f6nwald"}]},{"@type":"WebSite","@id":"https:\/\/www.schwarzwaldverein-st-georgen.de\/#website","url":"https:\/\/www.schwarzwaldverein-st-georgen.de\/","name":"Schwarzwaldverein St. Georgen e.V.","description":"Wandern, Wege, Naturschutz, Familien, Wanderheim Lindenb\u00fcble","potentialAction":[{"@type":"SearchAction","target":{"@type":"EntryPoint","urlTemplate":"https:\/\/www.schwarzwaldverein-st-georgen.de\/?s={search_term_string}"},"query-input":{"@type":"PropertyValueSpecification","valueRequired":true,"valueName":"search_term_string"}}],"inLanguage":"de"}]}},"ticketed":false,"_links":{"self":[{"href":"https:\/\/www.schwarzwaldverein-st-georgen.de\/index.php\/wp-json\/wp\/v2\/tribe_events\/840","targetHints":{"allow":["GET"]}}],"collection":[{"href":"https:\/\/www.schwarzwaldverein-st-georgen.de\/index.php\/wp-json\/wp\/v2\/tribe_events"}],"about":[{"href":"https:\/\/www.schwarzwaldverein-st-georgen.de\/index.php\/wp-json\/wp\/v2\/types\/tribe_events"}],"author":[{"embeddable":true,"href":"https:\/\/www.schwarzwaldverein-st-georgen.de\/index.php\/wp-json\/wp\/v2\/users\/1"}],"replies":[{"embeddable":true,"href":"https:\/\/www.schwarzwaldverein-st-georgen.de\/index.php\/wp-json\/wp\/v2\/comments?post=840"}],"version-history":[{"count":5,"href":"https:\/\/www.schwarzwaldverein-st-georgen.de\/index.php\/wp-json\/wp\/v2\/tribe_events\/840\/revisions"}],"predecessor-version":[{"id":949,"href":"https:\/\/www.schwarzwaldverein-st-georgen.de\/index.php\/wp-json\/wp\/v2\/tribe_events\/840\/revisions\/949"}],"wp:featuredmedia":[{"embeddable":true,"href":"https:\/\/www.schwarzwaldverein-st-georgen.de\/index.php\/wp-json\/wp\/v2\/media\/725"}],"wp:attachment":[{"href":"https:\/\/www.schwarzwaldverein-st-georgen.de\/index.php\/wp-json\/wp\/v2\/media?parent=840"}],"wp:term":[{"taxonomy":"post_tag","embeddable":true,"href":"https:\/\/www.schwarzwaldverein-st-georgen.de\/index.php\/wp-json\/wp\/v2\/tags?post=840"},{"taxonomy":"tribe_events_cat","embeddable":true,"href":"https:\/\/www.schwarzwaldverein-st-georgen.de\/index.php\/wp-json\/wp\/v2\/tribe_events_cat?post=840"}],"curies":[{"name":"wp","href":"https:\/\/api.w.org\/{rel}","templated":true}]}}