{"id":838,"date":"2019-01-18T09:54:57","date_gmt":"2019-01-18T08:54:57","guid":{"rendered":"https:\/\/www.schwarzwaldverein-st-georgen.de\/?post_type=tribe_events&#038;p=838"},"modified":"2019-01-18T11:29:16","modified_gmt":"2019-01-18T10:29:16","slug":"wunderbares-wellness-wandern-im-franzoesischen-jura","status":"publish","type":"tribe_events","link":"https:\/\/www.schwarzwaldverein-st-georgen.de\/index.php\/event\/wunderbares-wellness-wandern-im-franzoesischen-jura\/","title":{"rendered":"Wunderbares-Wellness-Wandern im Franz\u00f6sischen Jura"},"content":{"rendered":"<p>Nach dem erfolgreichen Auftakt im Allg\u00e4u geht es \u00fcber Pfingsten ins Franz\u00f6sische Jura. Wir wohnen in einem komplett renovierten alten Cottage. Das 250 qm gro\u00dfe gem\u00fctliche Haus bietet auf zwei Etagen in 5 Zimmern Platz f\u00fcr bis zu 14 Personen. Geplant sind &#8211; je nach Wetter, Lust und Kondition der Teilnehmer \u2013 vier bis f\u00fcnf Wanderungen. Dabei gilt es neben der zauberhaften Landschaft des Jura, mit vielen Felsen, Wasserf\u00e4llen und H\u00f6hlen auch zahlreiche historische Orte zu entdecken. So besichtigen wir auf dem Hinweg das historische Zentrum von Besan\u00e7on, mit seinen sch\u00f6nen Patrizierh\u00e4usern, der Kathedrale Saint-Jean und der ins UNESCO-Weltkulturerbe aufgenommenen Zitadelle. Die Wanderungen sind mittelschwer. H\u00e4ufig geht es dabei \u00fcber Kalkboden und Felsen, die bei N\u00e4sse schnell rutschig werden. Gute Wanderschuhe und Trittsicherheit sind daher wichtig. Wanderst\u00f6cke sind hilfreich. Am Abend kochen wir gemeinsam in der gro\u00dfen offenen K\u00fcche unseres Ferienhauses oder grillen auf der Terrasse. Wer mag, der kann in der neuen Sauna des Ferienhauses relaxen. Kosten f\u00fcr 5 \u00dcbernachtungen: ca. 130 \u20ac\/Person zzgl. Kosten f\u00fcr die gemeinsame Verpflegung, Fahrtkosten und Kurtaxe. Nichtmitglieder zahlen eine Orga-Pauschale in H\u00f6he von 10 \u20ac. Achtung: Begrenzte Teilnehmerzahl!<\/p>\n<table>\n<tbody>\n<tr>\n<td class=\"tdh_wp\">Organisation:<\/td>\n<td class=\"tdh_wp\">Asdrid und Thomas Scholz<\/td>\n<\/tr>\n<tr>\n<td class=\"td_wp\">Gehzeit:<\/td>\n<td class=\"td_wp\"><\/td>\n<\/tr>\n<tr>\n<td class=\"td_wp\">Kategorie 4<\/td>\n<td class=\"td_wp\"><img loading=\"lazy\" decoding=\"async\" class=\"alignnone\" src=\"https:\/\/www.schwarzwaldverein-st-georgen.de\/wp-content\/uploads\/SchwarzBlauRaute.png\" alt=\"\" width=\"30\" height=\"16\" \/><\/td>\n<\/tr>\n<tr>\n<td class=\"td_wp\">Treffpunkt:<\/td>\n<td class=\"td_wp\"><\/td>\n<\/tr>\n<tr>\n<td class=\"td_wp\">Anmeldung:<\/td>\n<td class=\"td_wp\">N\u00e4here Ausk\u00fcnfte: 07724 \/ 918 838<\/td>\n<\/tr>\n<\/tbody>\n<\/table>\n<p>Foto: http:\/\/www.gitelentredeuxmondes.com\/<\/p>\n","protected":false},"excerpt":{"rendered":"<p>Nach dem erfolgreichen Auftakt im Allg\u00e4u geht es \u00fcber Pfingsten ins Franz\u00f6sische Jura. Wir wohnen in einem komplett renovierten alten Cottage. Das 250 qm gro\u00dfe gem\u00fctliche Haus bietet auf zwei Etagen in 5 Zimmern Platz f\u00fcr bis zu 14 Personen. Geplant sind &#8211; je nach Wetter, Lust und Kondition der Teilnehmer \u2013 vier bis f\u00fcnf &hellip; <\/p>\n<p><a class=\"more-link btn\" href=\"https:\/\/www.schwarzwaldverein-st-georgen.de\/index.php\/event\/wunderbares-wellness-wandern-im-franzoesischen-jura\/\">Weiterlesen<\/a><\/p>\n","protected":false},"author":1,"featured_media":716,"comment_status":"closed","ping_status":"closed","template":"","meta":{"_price":"","_stock":"","_tribe_ticket_header":"","_tribe_default_ticket_provider":"","_ticket_start_date":"","_ticket_end_date":"","_tribe_ticket_show_description":"","_tribe_ticket_show_not_going":false,"_tribe_ticket_use_global_stock":"","_tribe_ticket_global_stock_level":"","_global_stock_mode":"","_global_stock_cap":"","_tribe_rsvp_for_event":"","_tribe_ticket_going_count":"","_tribe_ticket_not_going_count":"","_tribe_tickets_list":"[]","_tribe_ticket_has_attendee_info_fields":false,"_tribe_events_status":"","_tribe_events_status_reason":"","footnotes":"","_tec_slr_enabled":"","_tec_slr_layout":""},"tags":[],"tribe_events_cat":[2,9],"class_list":["post-838","tribe_events","type-tribe_events","status-publish","has-post-thumbnail","hentry","tribe_events_cat-jahresprogramm","tribe_events_cat-wanderreise","cat_jahresprogramm","cat_wanderreise","nodate","item-wrap"],"yoast_head":"<!-- This site is optimized with the Yoast SEO plugin v26.8 - https:\/\/yoast.com\/product\/yoast-seo-wordpress\/ -->\n<title>Wunderbares-Wellness-Wandern im Franz\u00f6sischen Jura - Schwarzwaldverein St. Georgen e.V.<\/title>\n<meta name=\"robots\" content=\"index, follow, max-snippet:-1, max-image-preview:large, max-video-preview:-1\" \/>\n<link rel=\"canonical\" href=\"https:\/\/www.schwarzwaldverein-st-georgen.de\/index.php\/event\/wunderbares-wellness-wandern-im-franzoesischen-jura\/\" \/>\n<meta property=\"og:locale\" content=\"de_DE\" \/>\n<meta property=\"og:type\" content=\"article\" \/>\n<meta property=\"og:title\" content=\"Wunderbares-Wellness-Wandern im Franz\u00f6sischen Jura - Schwarzwaldverein St. Georgen e.V.\" \/>\n<meta property=\"og:description\" content=\"Nach dem erfolgreichen Auftakt im Allg\u00e4u geht es \u00fcber Pfingsten ins Franz\u00f6sische Jura. Wir wohnen in einem komplett renovierten alten Cottage. Das 250 qm gro\u00dfe gem\u00fctliche Haus bietet auf zwei Etagen in 5 Zimmern Platz f\u00fcr bis zu 14 Personen. Geplant sind &#8211; je nach Wetter, Lust und Kondition der Teilnehmer \u2013 vier bis f\u00fcnf &hellip; Weiterlesen\" \/>\n<meta property=\"og:url\" content=\"https:\/\/www.schwarzwaldverein-st-georgen.de\/index.php\/event\/wunderbares-wellness-wandern-im-franzoesischen-jura\/\" \/>\n<meta property=\"og:site_name\" content=\"Schwarzwaldverein St. Georgen e.V.\" \/>\n<meta property=\"article:modified_time\" content=\"2019-01-18T10:29:16+00:00\" \/>\n<meta property=\"og:image\" content=\"https:\/\/www.schwarzwaldverein-st-georgen.de\/wp-content\/uploads\/2019\/Jura2-768x323.jpg\" \/>\n\t<meta property=\"og:image:width\" content=\"768\" \/>\n\t<meta property=\"og:image:height\" content=\"323\" \/>\n\t<meta property=\"og:image:type\" content=\"image\/jpeg\" \/>\n<meta name=\"twitter:card\" content=\"summary_large_image\" \/>\n<meta name=\"twitter:label1\" content=\"Gesch\u00e4tzte Lesezeit\" \/>\n\t<meta name=\"twitter:data1\" content=\"1\u00a0Minute\" \/>\n<script type=\"application\/ld+json\" class=\"yoast-schema-graph\">{\"@context\":\"https:\/\/schema.org\",\"@graph\":[{\"@type\":\"WebPage\",\"@id\":\"https:\/\/www.schwarzwaldverein-st-georgen.de\/index.php\/event\/wunderbares-wellness-wandern-im-franzoesischen-jura\/\",\"url\":\"https:\/\/www.schwarzwaldverein-st-georgen.de\/index.php\/event\/wunderbares-wellness-wandern-im-franzoesischen-jura\/\",\"name\":\"Wunderbares-Wellness-Wandern im Franz\u00f6sischen Jura - Schwarzwaldverein St. Georgen e.V.\",\"isPartOf\":{\"@id\":\"https:\/\/www.schwarzwaldverein-st-georgen.de\/#website\"},\"primaryImageOfPage\":{\"@id\":\"https:\/\/www.schwarzwaldverein-st-georgen.de\/index.php\/event\/wunderbares-wellness-wandern-im-franzoesischen-jura\/#primaryimage\"},\"image\":{\"@id\":\"https:\/\/www.schwarzwaldverein-st-georgen.de\/index.php\/event\/wunderbares-wellness-wandern-im-franzoesischen-jura\/#primaryimage\"},\"thumbnailUrl\":\"https:\/\/www.schwarzwaldverein-st-georgen.de\/wp-content\/uploads\/2019\/Jura2.jpg\",\"datePublished\":\"2019-01-18T08:54:57+00:00\",\"dateModified\":\"2019-01-18T10:29:16+00:00\",\"breadcrumb\":{\"@id\":\"https:\/\/www.schwarzwaldverein-st-georgen.de\/index.php\/event\/wunderbares-wellness-wandern-im-franzoesischen-jura\/#breadcrumb\"},\"inLanguage\":\"de\",\"potentialAction\":[{\"@type\":\"ReadAction\",\"target\":[\"https:\/\/www.schwarzwaldverein-st-georgen.de\/index.php\/event\/wunderbares-wellness-wandern-im-franzoesischen-jura\/\"]}]},{\"@type\":\"ImageObject\",\"inLanguage\":\"de\",\"@id\":\"https:\/\/www.schwarzwaldverein-st-georgen.de\/index.php\/event\/wunderbares-wellness-wandern-im-franzoesischen-jura\/#primaryimage\",\"url\":\"https:\/\/www.schwarzwaldverein-st-georgen.de\/wp-content\/uploads\/2019\/Jura2.jpg\",\"contentUrl\":\"https:\/\/www.schwarzwaldverein-st-georgen.de\/wp-content\/uploads\/2019\/Jura2.jpg\",\"width\":960,\"height\":404},{\"@type\":\"BreadcrumbList\",\"@id\":\"https:\/\/www.schwarzwaldverein-st-georgen.de\/index.php\/event\/wunderbares-wellness-wandern-im-franzoesischen-jura\/#breadcrumb\",\"itemListElement\":[{\"@type\":\"ListItem\",\"position\":1,\"name\":\"Start\",\"item\":\"https:\/\/www.schwarzwaldverein-st-georgen.de\/\"},{\"@type\":\"ListItem\",\"position\":2,\"name\":\"Veranstaltungen\",\"item\":\"https:\/\/www.schwarzwaldverein-st-georgen.de\/index.php\/events\/\"},{\"@type\":\"ListItem\",\"position\":3,\"name\":\"Wunderbares-Wellness-Wandern im Franz\u00f6sischen Jura\"}]},{\"@type\":\"WebSite\",\"@id\":\"https:\/\/www.schwarzwaldverein-st-georgen.de\/#website\",\"url\":\"https:\/\/www.schwarzwaldverein-st-georgen.de\/\",\"name\":\"Schwarzwaldverein St. Georgen e.V.\",\"description\":\"Wandern, Wege, Naturschutz, Familien, Wanderheim Lindenb\u00fcble\",\"potentialAction\":[{\"@type\":\"SearchAction\",\"target\":{\"@type\":\"EntryPoint\",\"urlTemplate\":\"https:\/\/www.schwarzwaldverein-st-georgen.de\/?s={search_term_string}\"},\"query-input\":{\"@type\":\"PropertyValueSpecification\",\"valueRequired\":true,\"valueName\":\"search_term_string\"}}],\"inLanguage\":\"de\"}]}<\/script>\n<!-- \/ Yoast SEO plugin. -->","yoast_head_json":{"title":"Wunderbares-Wellness-Wandern im Franz\u00f6sischen Jura - Schwarzwaldverein St. Georgen e.V.","robots":{"index":"index","follow":"follow","max-snippet":"max-snippet:-1","max-image-preview":"max-image-preview:large","max-video-preview":"max-video-preview:-1"},"canonical":"https:\/\/www.schwarzwaldverein-st-georgen.de\/index.php\/event\/wunderbares-wellness-wandern-im-franzoesischen-jura\/","og_locale":"de_DE","og_type":"article","og_title":"Wunderbares-Wellness-Wandern im Franz\u00f6sischen Jura - Schwarzwaldverein St. Georgen e.V.","og_description":"Nach dem erfolgreichen Auftakt im Allg\u00e4u geht es \u00fcber Pfingsten ins Franz\u00f6sische Jura. Wir wohnen in einem komplett renovierten alten Cottage. Das 250 qm gro\u00dfe gem\u00fctliche Haus bietet auf zwei Etagen in 5 Zimmern Platz f\u00fcr bis zu 14 Personen. Geplant sind &#8211; je nach Wetter, Lust und Kondition der Teilnehmer \u2013 vier bis f\u00fcnf &hellip; Weiterlesen","og_url":"https:\/\/www.schwarzwaldverein-st-georgen.de\/index.php\/event\/wunderbares-wellness-wandern-im-franzoesischen-jura\/","og_site_name":"Schwarzwaldverein St. Georgen e.V.","article_modified_time":"2019-01-18T10:29:16+00:00","og_image":[{"width":768,"height":323,"url":"https:\/\/www.schwarzwaldverein-st-georgen.de\/wp-content\/uploads\/2019\/Jura2-768x323.jpg","type":"image\/jpeg"}],"twitter_card":"summary_large_image","twitter_misc":{"Gesch\u00e4tzte Lesezeit":"1\u00a0Minute"},"schema":{"@context":"https:\/\/schema.org","@graph":[{"@type":"WebPage","@id":"https:\/\/www.schwarzwaldverein-st-georgen.de\/index.php\/event\/wunderbares-wellness-wandern-im-franzoesischen-jura\/","url":"https:\/\/www.schwarzwaldverein-st-georgen.de\/index.php\/event\/wunderbares-wellness-wandern-im-franzoesischen-jura\/","name":"Wunderbares-Wellness-Wandern im Franz\u00f6sischen Jura - Schwarzwaldverein St. Georgen e.V.","isPartOf":{"@id":"https:\/\/www.schwarzwaldverein-st-georgen.de\/#website"},"primaryImageOfPage":{"@id":"https:\/\/www.schwarzwaldverein-st-georgen.de\/index.php\/event\/wunderbares-wellness-wandern-im-franzoesischen-jura\/#primaryimage"},"image":{"@id":"https:\/\/www.schwarzwaldverein-st-georgen.de\/index.php\/event\/wunderbares-wellness-wandern-im-franzoesischen-jura\/#primaryimage"},"thumbnailUrl":"https:\/\/www.schwarzwaldverein-st-georgen.de\/wp-content\/uploads\/2019\/Jura2.jpg","datePublished":"2019-01-18T08:54:57+00:00","dateModified":"2019-01-18T10:29:16+00:00","breadcrumb":{"@id":"https:\/\/www.schwarzwaldverein-st-georgen.de\/index.php\/event\/wunderbares-wellness-wandern-im-franzoesischen-jura\/#breadcrumb"},"inLanguage":"de","potentialAction":[{"@type":"ReadAction","target":["https:\/\/www.schwarzwaldverein-st-georgen.de\/index.php\/event\/wunderbares-wellness-wandern-im-franzoesischen-jura\/"]}]},{"@type":"ImageObject","inLanguage":"de","@id":"https:\/\/www.schwarzwaldverein-st-georgen.de\/index.php\/event\/wunderbares-wellness-wandern-im-franzoesischen-jura\/#primaryimage","url":"https:\/\/www.schwarzwaldverein-st-georgen.de\/wp-content\/uploads\/2019\/Jura2.jpg","contentUrl":"https:\/\/www.schwarzwaldverein-st-georgen.de\/wp-content\/uploads\/2019\/Jura2.jpg","width":960,"height":404},{"@type":"BreadcrumbList","@id":"https:\/\/www.schwarzwaldverein-st-georgen.de\/index.php\/event\/wunderbares-wellness-wandern-im-franzoesischen-jura\/#breadcrumb","itemListElement":[{"@type":"ListItem","position":1,"name":"Start","item":"https:\/\/www.schwarzwaldverein-st-georgen.de\/"},{"@type":"ListItem","position":2,"name":"Veranstaltungen","item":"https:\/\/www.schwarzwaldverein-st-georgen.de\/index.php\/events\/"},{"@type":"ListItem","position":3,"name":"Wunderbares-Wellness-Wandern im Franz\u00f6sischen Jura"}]},{"@type":"WebSite","@id":"https:\/\/www.schwarzwaldverein-st-georgen.de\/#website","url":"https:\/\/www.schwarzwaldverein-st-georgen.de\/","name":"Schwarzwaldverein St. Georgen e.V.","description":"Wandern, Wege, Naturschutz, Familien, Wanderheim Lindenb\u00fcble","potentialAction":[{"@type":"SearchAction","target":{"@type":"EntryPoint","urlTemplate":"https:\/\/www.schwarzwaldverein-st-georgen.de\/?s={search_term_string}"},"query-input":{"@type":"PropertyValueSpecification","valueRequired":true,"valueName":"search_term_string"}}],"inLanguage":"de"}]}},"ticketed":false,"_links":{"self":[{"href":"https:\/\/www.schwarzwaldverein-st-georgen.de\/index.php\/wp-json\/wp\/v2\/tribe_events\/838","targetHints":{"allow":["GET"]}}],"collection":[{"href":"https:\/\/www.schwarzwaldverein-st-georgen.de\/index.php\/wp-json\/wp\/v2\/tribe_events"}],"about":[{"href":"https:\/\/www.schwarzwaldverein-st-georgen.de\/index.php\/wp-json\/wp\/v2\/types\/tribe_events"}],"author":[{"embeddable":true,"href":"https:\/\/www.schwarzwaldverein-st-georgen.de\/index.php\/wp-json\/wp\/v2\/users\/1"}],"replies":[{"embeddable":true,"href":"https:\/\/www.schwarzwaldverein-st-georgen.de\/index.php\/wp-json\/wp\/v2\/comments?post=838"}],"version-history":[{"count":3,"href":"https:\/\/www.schwarzwaldverein-st-georgen.de\/index.php\/wp-json\/wp\/v2\/tribe_events\/838\/revisions"}],"predecessor-version":[{"id":919,"href":"https:\/\/www.schwarzwaldverein-st-georgen.de\/index.php\/wp-json\/wp\/v2\/tribe_events\/838\/revisions\/919"}],"wp:featuredmedia":[{"embeddable":true,"href":"https:\/\/www.schwarzwaldverein-st-georgen.de\/index.php\/wp-json\/wp\/v2\/media\/716"}],"wp:attachment":[{"href":"https:\/\/www.schwarzwaldverein-st-georgen.de\/index.php\/wp-json\/wp\/v2\/media?parent=838"}],"wp:term":[{"taxonomy":"post_tag","embeddable":true,"href":"https:\/\/www.schwarzwaldverein-st-georgen.de\/index.php\/wp-json\/wp\/v2\/tags?post=838"},{"taxonomy":"tribe_events_cat","embeddable":true,"href":"https:\/\/www.schwarzwaldverein-st-georgen.de\/index.php\/wp-json\/wp\/v2\/tribe_events_cat?post=838"}],"curies":[{"name":"wp","href":"https:\/\/api.w.org\/{rel}","templated":true}]}}