{"id":494,"date":"2018-01-04T08:55:15","date_gmt":"2018-01-04T07:55:15","guid":{"rendered":"http:\/\/www.schwarzwaldverein-st-georgen.de\/index.php\/event\/auf-gerwigs-spuren\/"},"modified":"2018-08-09T08:56:21","modified_gmt":"2018-08-09T06:56:21","slug":"auf-gerwigs-spuren","status":"publish","type":"tribe_events","link":"https:\/\/www.schwarzwaldverein-st-georgen.de\/index.php\/event\/auf-gerwigs-spuren\/","title":{"rendered":"Auf Gerwigs Spuren"},"content":{"rendered":"<p>Gerwigs Spuren f\u00fchren den Schwarzwaldverein St. Georgen in ein bisher wenig bewandertes Gebiet, n\u00e4mlich in den Hotzenwald. Dort gibt es eine ehemalige Postkutschenstra\u00dfe. Sie f\u00fchrt durch das Tal der Hauensteiner Murg von der gleichnamigen Ortschaft am Hochrhein Richtung Herrischried und weist die Gerwig-typischen Merkmale wie sanfte Steigung, keine Br\u00fccken und einige Tunnels auf. Wir bewandern eine Teilstrecke davon und sto\u00dfen von Rickenbach aus beim Pfaffenbr\u00fcckle auf diese Stra\u00dfe. Ihr talw\u00e4rts folgend erreichen wir bald eine lokale Sehensw\u00fcrdigkeit, den etwas abseits der Strecke liegenden Wasserfall \u201eStrahlbrusch\u201c. Unsere Wanderung geht weiter abw\u00e4rts, bis wir den Fernwanderweg Schaffhausen \u2013 Basel (kurz: Hochrhein-H\u00f6henweg) erreichen. Diesem folgen wir, umrauscht von ins Tal st\u00fcrzenden B\u00e4chen, hinauf zur Burgruine Wieladingen. Nach einer ausgiebigen Rast wandern wir \u00fcber Wiesen und Felder zur\u00fcck zu unserem Ausgangspunkt und zur Schlusseinkehr in Rickenbach.<\/p>\n<table>\n<tbody>\n<tr>\n<td class=\"tdh_wp\">Wanderf\u00fchrer:<\/td>\n<td class=\"tdh_wp\">Peter Meixner<\/td>\n<\/tr>\n<tr>\n<td class=\"td_wp\">Gehzeit:<\/td>\n<td class=\"td_wp\">4 Std.<br \/>\n12,5 km, 377\/377Hm<\/td>\n<\/tr>\n<tr>\n<td class=\"td_wp\">Kategorie 3<\/td>\n<td class=\"td_wp\"><img loading=\"lazy\" decoding=\"async\" class=\"alignnone\" src=\"http:\/\/www.schwarzwaldverein-st-georgen.de\/wp-content\/uploads\/blaueRaute.png\" alt=\"\" width=\"30\" height=\"16\" \/><\/td>\n<\/tr>\n<tr>\n<td class=\"td_wp\">Treffpunkt:<\/td>\n<td class=\"td_wp\">08:00 Uhr, St. Georgen, Parkplatz am Klosterweiher<\/td>\n<\/tr>\n<tr>\n<td class=\"td_wp\">Anmeldung:<\/td>\n<td class=\"td_wp\">07724\/916635<\/td>\n<\/tr>\n<\/tbody>\n<\/table>\n","protected":false},"excerpt":{"rendered":"<p>Gerwigs Spuren f\u00fchren den Schwarzwaldverein St. Georgen in ein bisher wenig bewandertes Gebiet, n\u00e4mlich in den Hotzenwald. Dort gibt es eine ehemalige Postkutschenstra\u00dfe. Sie f\u00fchrt durch das Tal der Hauensteiner Murg von der gleichnamigen Ortschaft am Hochrhein Richtung Herrischried und weist die Gerwig-typischen Merkmale wie sanfte Steigung, keine Br\u00fccken und einige Tunnels auf. Wir bewandern &hellip; <\/p>\n<p><a class=\"more-link btn\" href=\"https:\/\/www.schwarzwaldverein-st-georgen.de\/index.php\/event\/auf-gerwigs-spuren\/\">Weiterlesen<\/a><\/p>\n","protected":false},"author":1,"featured_media":375,"comment_status":"closed","ping_status":"closed","template":"","meta":{"_price":"","_stock":"","_tribe_ticket_header":"","_tribe_default_ticket_provider":"","_ticket_start_date":"","_ticket_end_date":"","_tribe_ticket_show_description":"","_tribe_ticket_show_not_going":false,"_tribe_ticket_use_global_stock":"","_tribe_ticket_global_stock_level":"","_global_stock_mode":"","_global_stock_cap":"","_tribe_rsvp_for_event":"","_tribe_ticket_going_count":"","_tribe_ticket_not_going_count":"","_tribe_tickets_list":"[]","_tribe_ticket_has_attendee_info_fields":false,"_tribe_events_status":"","_tribe_events_status_reason":"","footnotes":"","_tec_slr_enabled":"","_tec_slr_layout":""},"tags":[],"tribe_events_cat":[2,7],"class_list":["post-494","tribe_events","type-tribe_events","status-publish","has-post-thumbnail","hentry","tribe_events_cat-jahresprogramm","tribe_events_cat-wanderung","cat_jahresprogramm","cat_wanderung","nodate","item-wrap"],"yoast_head":"<!-- This site is optimized with the Yoast SEO plugin v26.8 - https:\/\/yoast.com\/product\/yoast-seo-wordpress\/ -->\n<title>Auf Gerwigs Spuren - Schwarzwaldverein St. Georgen e.V.<\/title>\n<meta name=\"robots\" content=\"index, follow, max-snippet:-1, max-image-preview:large, max-video-preview:-1\" \/>\n<link rel=\"canonical\" href=\"https:\/\/www.schwarzwaldverein-st-georgen.de\/index.php\/event\/auf-gerwigs-spuren\/\" \/>\n<meta property=\"og:locale\" content=\"de_DE\" \/>\n<meta property=\"og:type\" content=\"article\" \/>\n<meta property=\"og:title\" content=\"Auf Gerwigs Spuren - Schwarzwaldverein St. Georgen e.V.\" \/>\n<meta property=\"og:description\" content=\"Gerwigs Spuren f\u00fchren den Schwarzwaldverein St. Georgen in ein bisher wenig bewandertes Gebiet, n\u00e4mlich in den Hotzenwald. Dort gibt es eine ehemalige Postkutschenstra\u00dfe. Sie f\u00fchrt durch das Tal der Hauensteiner Murg von der gleichnamigen Ortschaft am Hochrhein Richtung Herrischried und weist die Gerwig-typischen Merkmale wie sanfte Steigung, keine Br\u00fccken und einige Tunnels auf. Wir bewandern &hellip; Weiterlesen\" \/>\n<meta property=\"og:url\" content=\"https:\/\/www.schwarzwaldverein-st-georgen.de\/index.php\/event\/auf-gerwigs-spuren\/\" \/>\n<meta property=\"og:site_name\" content=\"Schwarzwaldverein St. Georgen e.V.\" \/>\n<meta property=\"article:modified_time\" content=\"2018-08-09T06:56:21+00:00\" \/>\n<meta property=\"og:image\" content=\"https:\/\/www.schwarzwaldverein-st-georgen.de\/wp-content\/uploads\/2014-09-17-08-576x1024.jpg\" \/>\n\t<meta property=\"og:image:width\" content=\"576\" \/>\n\t<meta property=\"og:image:height\" content=\"1024\" \/>\n\t<meta property=\"og:image:type\" content=\"image\/jpeg\" \/>\n<meta name=\"twitter:card\" content=\"summary_large_image\" \/>\n<meta name=\"twitter:label1\" content=\"Gesch\u00e4tzte Lesezeit\" \/>\n\t<meta name=\"twitter:data1\" content=\"1\u00a0Minute\" \/>\n<script type=\"application\/ld+json\" class=\"yoast-schema-graph\">{\"@context\":\"https:\/\/schema.org\",\"@graph\":[{\"@type\":\"WebPage\",\"@id\":\"https:\/\/www.schwarzwaldverein-st-georgen.de\/index.php\/event\/auf-gerwigs-spuren\/\",\"url\":\"https:\/\/www.schwarzwaldverein-st-georgen.de\/index.php\/event\/auf-gerwigs-spuren\/\",\"name\":\"Auf Gerwigs Spuren - Schwarzwaldverein St. Georgen e.V.\",\"isPartOf\":{\"@id\":\"https:\/\/www.schwarzwaldverein-st-georgen.de\/#website\"},\"primaryImageOfPage\":{\"@id\":\"https:\/\/www.schwarzwaldverein-st-georgen.de\/index.php\/event\/auf-gerwigs-spuren\/#primaryimage\"},\"image\":{\"@id\":\"https:\/\/www.schwarzwaldverein-st-georgen.de\/index.php\/event\/auf-gerwigs-spuren\/#primaryimage\"},\"thumbnailUrl\":\"https:\/\/www.schwarzwaldverein-st-georgen.de\/wp-content\/uploads\/2014-09-17-08.jpg\",\"datePublished\":\"2018-01-04T07:55:15+00:00\",\"dateModified\":\"2018-08-09T06:56:21+00:00\",\"breadcrumb\":{\"@id\":\"https:\/\/www.schwarzwaldverein-st-georgen.de\/index.php\/event\/auf-gerwigs-spuren\/#breadcrumb\"},\"inLanguage\":\"de\",\"potentialAction\":[{\"@type\":\"ReadAction\",\"target\":[\"https:\/\/www.schwarzwaldverein-st-georgen.de\/index.php\/event\/auf-gerwigs-spuren\/\"]}]},{\"@type\":\"ImageObject\",\"inLanguage\":\"de\",\"@id\":\"https:\/\/www.schwarzwaldverein-st-georgen.de\/index.php\/event\/auf-gerwigs-spuren\/#primaryimage\",\"url\":\"https:\/\/www.schwarzwaldverein-st-georgen.de\/wp-content\/uploads\/2014-09-17-08.jpg\",\"contentUrl\":\"https:\/\/www.schwarzwaldverein-st-georgen.de\/wp-content\/uploads\/2014-09-17-08.jpg\",\"width\":2322,\"height\":4128,\"caption\":\"METADATA-START\"},{\"@type\":\"BreadcrumbList\",\"@id\":\"https:\/\/www.schwarzwaldverein-st-georgen.de\/index.php\/event\/auf-gerwigs-spuren\/#breadcrumb\",\"itemListElement\":[{\"@type\":\"ListItem\",\"position\":1,\"name\":\"Start\",\"item\":\"https:\/\/www.schwarzwaldverein-st-georgen.de\/\"},{\"@type\":\"ListItem\",\"position\":2,\"name\":\"Veranstaltungen\",\"item\":\"https:\/\/www.schwarzwaldverein-st-georgen.de\/index.php\/events\/\"},{\"@type\":\"ListItem\",\"position\":3,\"name\":\"Auf Gerwigs Spuren\"}]},{\"@type\":\"WebSite\",\"@id\":\"https:\/\/www.schwarzwaldverein-st-georgen.de\/#website\",\"url\":\"https:\/\/www.schwarzwaldverein-st-georgen.de\/\",\"name\":\"Schwarzwaldverein St. Georgen e.V.\",\"description\":\"Wandern, Wege, Naturschutz, Familien, Wanderheim Lindenb\u00fcble\",\"potentialAction\":[{\"@type\":\"SearchAction\",\"target\":{\"@type\":\"EntryPoint\",\"urlTemplate\":\"https:\/\/www.schwarzwaldverein-st-georgen.de\/?s={search_term_string}\"},\"query-input\":{\"@type\":\"PropertyValueSpecification\",\"valueRequired\":true,\"valueName\":\"search_term_string\"}}],\"inLanguage\":\"de\"}]}<\/script>\n<!-- \/ Yoast SEO plugin. -->","yoast_head_json":{"title":"Auf Gerwigs Spuren - Schwarzwaldverein St. Georgen e.V.","robots":{"index":"index","follow":"follow","max-snippet":"max-snippet:-1","max-image-preview":"max-image-preview:large","max-video-preview":"max-video-preview:-1"},"canonical":"https:\/\/www.schwarzwaldverein-st-georgen.de\/index.php\/event\/auf-gerwigs-spuren\/","og_locale":"de_DE","og_type":"article","og_title":"Auf Gerwigs Spuren - Schwarzwaldverein St. Georgen e.V.","og_description":"Gerwigs Spuren f\u00fchren den Schwarzwaldverein St. Georgen in ein bisher wenig bewandertes Gebiet, n\u00e4mlich in den Hotzenwald. Dort gibt es eine ehemalige Postkutschenstra\u00dfe. Sie f\u00fchrt durch das Tal der Hauensteiner Murg von der gleichnamigen Ortschaft am Hochrhein Richtung Herrischried und weist die Gerwig-typischen Merkmale wie sanfte Steigung, keine Br\u00fccken und einige Tunnels auf. Wir bewandern &hellip; Weiterlesen","og_url":"https:\/\/www.schwarzwaldverein-st-georgen.de\/index.php\/event\/auf-gerwigs-spuren\/","og_site_name":"Schwarzwaldverein St. Georgen e.V.","article_modified_time":"2018-08-09T06:56:21+00:00","og_image":[{"width":576,"height":1024,"url":"https:\/\/www.schwarzwaldverein-st-georgen.de\/wp-content\/uploads\/2014-09-17-08-576x1024.jpg","type":"image\/jpeg"}],"twitter_card":"summary_large_image","twitter_misc":{"Gesch\u00e4tzte Lesezeit":"1\u00a0Minute"},"schema":{"@context":"https:\/\/schema.org","@graph":[{"@type":"WebPage","@id":"https:\/\/www.schwarzwaldverein-st-georgen.de\/index.php\/event\/auf-gerwigs-spuren\/","url":"https:\/\/www.schwarzwaldverein-st-georgen.de\/index.php\/event\/auf-gerwigs-spuren\/","name":"Auf Gerwigs Spuren - Schwarzwaldverein St. Georgen e.V.","isPartOf":{"@id":"https:\/\/www.schwarzwaldverein-st-georgen.de\/#website"},"primaryImageOfPage":{"@id":"https:\/\/www.schwarzwaldverein-st-georgen.de\/index.php\/event\/auf-gerwigs-spuren\/#primaryimage"},"image":{"@id":"https:\/\/www.schwarzwaldverein-st-georgen.de\/index.php\/event\/auf-gerwigs-spuren\/#primaryimage"},"thumbnailUrl":"https:\/\/www.schwarzwaldverein-st-georgen.de\/wp-content\/uploads\/2014-09-17-08.jpg","datePublished":"2018-01-04T07:55:15+00:00","dateModified":"2018-08-09T06:56:21+00:00","breadcrumb":{"@id":"https:\/\/www.schwarzwaldverein-st-georgen.de\/index.php\/event\/auf-gerwigs-spuren\/#breadcrumb"},"inLanguage":"de","potentialAction":[{"@type":"ReadAction","target":["https:\/\/www.schwarzwaldverein-st-georgen.de\/index.php\/event\/auf-gerwigs-spuren\/"]}]},{"@type":"ImageObject","inLanguage":"de","@id":"https:\/\/www.schwarzwaldverein-st-georgen.de\/index.php\/event\/auf-gerwigs-spuren\/#primaryimage","url":"https:\/\/www.schwarzwaldverein-st-georgen.de\/wp-content\/uploads\/2014-09-17-08.jpg","contentUrl":"https:\/\/www.schwarzwaldverein-st-georgen.de\/wp-content\/uploads\/2014-09-17-08.jpg","width":2322,"height":4128,"caption":"METADATA-START"},{"@type":"BreadcrumbList","@id":"https:\/\/www.schwarzwaldverein-st-georgen.de\/index.php\/event\/auf-gerwigs-spuren\/#breadcrumb","itemListElement":[{"@type":"ListItem","position":1,"name":"Start","item":"https:\/\/www.schwarzwaldverein-st-georgen.de\/"},{"@type":"ListItem","position":2,"name":"Veranstaltungen","item":"https:\/\/www.schwarzwaldverein-st-georgen.de\/index.php\/events\/"},{"@type":"ListItem","position":3,"name":"Auf Gerwigs Spuren"}]},{"@type":"WebSite","@id":"https:\/\/www.schwarzwaldverein-st-georgen.de\/#website","url":"https:\/\/www.schwarzwaldverein-st-georgen.de\/","name":"Schwarzwaldverein St. Georgen e.V.","description":"Wandern, Wege, Naturschutz, Familien, Wanderheim Lindenb\u00fcble","potentialAction":[{"@type":"SearchAction","target":{"@type":"EntryPoint","urlTemplate":"https:\/\/www.schwarzwaldverein-st-georgen.de\/?s={search_term_string}"},"query-input":{"@type":"PropertyValueSpecification","valueRequired":true,"valueName":"search_term_string"}}],"inLanguage":"de"}]}},"ticketed":false,"_links":{"self":[{"href":"https:\/\/www.schwarzwaldverein-st-georgen.de\/index.php\/wp-json\/wp\/v2\/tribe_events\/494","targetHints":{"allow":["GET"]}}],"collection":[{"href":"https:\/\/www.schwarzwaldverein-st-georgen.de\/index.php\/wp-json\/wp\/v2\/tribe_events"}],"about":[{"href":"https:\/\/www.schwarzwaldverein-st-georgen.de\/index.php\/wp-json\/wp\/v2\/types\/tribe_events"}],"author":[{"embeddable":true,"href":"https:\/\/www.schwarzwaldverein-st-georgen.de\/index.php\/wp-json\/wp\/v2\/users\/1"}],"replies":[{"embeddable":true,"href":"https:\/\/www.schwarzwaldverein-st-georgen.de\/index.php\/wp-json\/wp\/v2\/comments?post=494"}],"version-history":[{"count":2,"href":"https:\/\/www.schwarzwaldverein-st-georgen.de\/index.php\/wp-json\/wp\/v2\/tribe_events\/494\/revisions"}],"predecessor-version":[{"id":677,"href":"https:\/\/www.schwarzwaldverein-st-georgen.de\/index.php\/wp-json\/wp\/v2\/tribe_events\/494\/revisions\/677"}],"wp:featuredmedia":[{"embeddable":true,"href":"https:\/\/www.schwarzwaldverein-st-georgen.de\/index.php\/wp-json\/wp\/v2\/media\/375"}],"wp:attachment":[{"href":"https:\/\/www.schwarzwaldverein-st-georgen.de\/index.php\/wp-json\/wp\/v2\/media?parent=494"}],"wp:term":[{"taxonomy":"post_tag","embeddable":true,"href":"https:\/\/www.schwarzwaldverein-st-georgen.de\/index.php\/wp-json\/wp\/v2\/tags?post=494"},{"taxonomy":"tribe_events_cat","embeddable":true,"href":"https:\/\/www.schwarzwaldverein-st-georgen.de\/index.php\/wp-json\/wp\/v2\/tribe_events_cat?post=494"}],"curies":[{"name":"wp","href":"https:\/\/api.w.org\/{rel}","templated":true}]}}