{"id":488,"date":"2018-01-04T08:55:12","date_gmt":"2018-01-04T07:55:12","guid":{"rendered":"http:\/\/www.schwarzwaldverein-st-georgen.de\/index.php\/event\/zum-glaswaldsee\/"},"modified":"2018-06-27T17:30:49","modified_gmt":"2018-06-27T15:30:49","slug":"zum-glaswaldsee","status":"publish","type":"tribe_events","link":"https:\/\/www.schwarzwaldverein-st-georgen.de\/index.php\/event\/zum-glaswaldsee\/","title":{"rendered":"Zum Glaswaldsee"},"content":{"rendered":"<p>Der Ausgangspunkt unserer Wanderung liegt im oberen Wolftal noch hinter Bad Rippoldsau. Vom Wanderparkplatz Holzw\u00e4lder H\u00f6he steigen wir auf einem Wiesenweg zur Hildah\u00fctte auf und gewinnen dabei schon mal 300 Meter an H\u00f6he. Dort werden wir eine erste Rast einlegen. Den Umweg \u00fcber die Teufelskanzel, der eine sch\u00f6ne Aussicht ins Renchtal bieten, aber zus\u00e4tzlich 3 km Weg und 150 Hm Auf- und Abstiege erfordern w\u00fcrde, schenken wir uns und folgen lieber relativ eben zun\u00e4chst dem Westweg zum Schnepfenmoos und dann \u00f6rtlichen Wegen zur Heidenstadt und zum Weiherloch. Dann kommt nochmal ein kleiner Anstieg zum Seeblick. Dort k\u00f6nnen wir die Aussicht auf den Glaswaldsee und eine l\u00e4ngere Vesperpause genie\u00dfen. \u00dcber die Seeebene geht es auf einem sehr steinigen Weg hinunter zum See. Weiter f\u00fchrt unsere Wanderung nahezu eben \u00fcber die Bruderhalde zur Gr\u00fcnen Sitzbank, wo wir eine weitere Pause einlegen werden. Dann beginnt der Abstieg, der teils recht steil und bei N\u00e4sse auch rutschig ist. An einer Schafweide vorbei gelangen wir zu unserem Ausgangspunkt zur\u00fcck. Da es in dem gesamten Gebiet keinerlei Gastronomie gibt, m\u00fcssen Vesper und ausreichend Getr\u00e4nke mitgenommen werden. Bergtaugliches Schuhwerk wird dringend empfohlen. Auf der R\u00fcckfahrt machen wir im Gasthof Linde in Oberwolfach die Schlusseinkehr.<\/p>\n<table>\n<tbody>\n<tr>\n<td class=\"tdh_wp\">Wanderf\u00fchrer:<\/td>\n<td class=\"tdh_wp\">Peter Meixner<\/td>\n<\/tr>\n<tr>\n<td class=\"td_wp\">Gehzeit:<\/td>\n<td class=\"td_wp\">5 Std.<br \/>\n12,5 km, 465\/465Hm<\/td>\n<\/tr>\n<tr>\n<td class=\"td_wp\">Kategorie 4<\/td>\n<td class=\"td_wp\"><img loading=\"lazy\" decoding=\"async\" class=\"alignnone\" src=\"http:\/\/www.schwarzwaldverein-st-georgen.de\/wp-content\/uploads\/SchwarzBlauRaute.png\" alt=\"\" width=\"30\" height=\"16\" \/><\/td>\n<\/tr>\n<tr>\n<td class=\"td_wp\">Treffpunkt:<\/td>\n<td class=\"td_wp\">09:00 Uhr, St. Georgen, Parkplatz am Klosterweiher<\/td>\n<\/tr>\n<tr>\n<td class=\"td_wp\">Anmeldung:<\/td>\n<td class=\"td_wp\">07724\/916635<\/td>\n<\/tr>\n<\/tbody>\n<\/table>\n<p><small><small>Bildquellen:wikipedia<\/small><\/small><\/p>\n","protected":false},"excerpt":{"rendered":"<p>Der Ausgangspunkt unserer Wanderung liegt im oberen Wolftal noch hinter Bad Rippoldsau. Vom Wanderparkplatz Holzw\u00e4lder H\u00f6he steigen wir auf einem Wiesenweg zur Hildah\u00fctte auf und gewinnen dabei schon mal 300 Meter an H\u00f6he. Dort werden wir eine erste Rast einlegen. Den Umweg \u00fcber die Teufelskanzel, der eine sch\u00f6ne Aussicht ins Renchtal bieten, aber zus\u00e4tzlich 3 &hellip; <\/p>\n<p><a class=\"more-link btn\" href=\"https:\/\/www.schwarzwaldverein-st-georgen.de\/index.php\/event\/zum-glaswaldsee\/\">Weiterlesen<\/a><\/p>\n","protected":false},"author":1,"featured_media":382,"comment_status":"closed","ping_status":"closed","template":"","meta":{"_price":"","_stock":"","_tribe_ticket_header":"","_tribe_default_ticket_provider":"","_ticket_start_date":"","_ticket_end_date":"","_tribe_ticket_show_description":"","_tribe_ticket_show_not_going":false,"_tribe_ticket_use_global_stock":"","_tribe_ticket_global_stock_level":"","_global_stock_mode":"","_global_stock_cap":"","_tribe_rsvp_for_event":"","_tribe_ticket_going_count":"","_tribe_ticket_not_going_count":"","_tribe_tickets_list":"[]","_tribe_ticket_has_attendee_info_fields":false,"_tribe_events_status":"","_tribe_events_status_reason":"","footnotes":"","_tec_slr_enabled":"","_tec_slr_layout":""},"tags":[],"tribe_events_cat":[2,7],"class_list":["post-488","tribe_events","type-tribe_events","status-publish","has-post-thumbnail","hentry","tribe_events_cat-jahresprogramm","tribe_events_cat-wanderung","cat_jahresprogramm","cat_wanderung","nodate","item-wrap"],"yoast_head":"<!-- This site is optimized with the Yoast SEO plugin v26.8 - https:\/\/yoast.com\/product\/yoast-seo-wordpress\/ -->\n<title>Zum Glaswaldsee - Schwarzwaldverein St. Georgen e.V.<\/title>\n<meta name=\"robots\" content=\"index, follow, max-snippet:-1, max-image-preview:large, max-video-preview:-1\" \/>\n<link rel=\"canonical\" href=\"https:\/\/www.schwarzwaldverein-st-georgen.de\/index.php\/event\/zum-glaswaldsee\/\" \/>\n<meta property=\"og:locale\" content=\"de_DE\" \/>\n<meta property=\"og:type\" content=\"article\" \/>\n<meta property=\"og:title\" content=\"Zum Glaswaldsee - Schwarzwaldverein St. Georgen e.V.\" \/>\n<meta property=\"og:description\" content=\"Der Ausgangspunkt unserer Wanderung liegt im oberen Wolftal noch hinter Bad Rippoldsau. Vom Wanderparkplatz Holzw\u00e4lder H\u00f6he steigen wir auf einem Wiesenweg zur Hildah\u00fctte auf und gewinnen dabei schon mal 300 Meter an H\u00f6he. Dort werden wir eine erste Rast einlegen. Den Umweg \u00fcber die Teufelskanzel, der eine sch\u00f6ne Aussicht ins Renchtal bieten, aber zus\u00e4tzlich 3 &hellip; Weiterlesen\" \/>\n<meta property=\"og:url\" content=\"https:\/\/www.schwarzwaldverein-st-georgen.de\/index.php\/event\/zum-glaswaldsee\/\" \/>\n<meta property=\"og:site_name\" content=\"Schwarzwaldverein St. Georgen e.V.\" \/>\n<meta property=\"article:modified_time\" content=\"2018-06-27T15:30:49+00:00\" \/>\n<meta property=\"og:image\" content=\"https:\/\/www.schwarzwaldverein-st-georgen.de\/wp-content\/uploads\/Glaswaldsee.jpg\" \/>\n\t<meta property=\"og:image:width\" content=\"800\" \/>\n\t<meta property=\"og:image:height\" content=\"600\" \/>\n\t<meta property=\"og:image:type\" content=\"image\/jpeg\" \/>\n<meta name=\"twitter:card\" content=\"summary_large_image\" \/>\n<meta name=\"twitter:label1\" content=\"Gesch\u00e4tzte Lesezeit\" \/>\n\t<meta name=\"twitter:data1\" content=\"1\u00a0Minute\" \/>\n<script type=\"application\/ld+json\" class=\"yoast-schema-graph\">{\"@context\":\"https:\/\/schema.org\",\"@graph\":[{\"@type\":\"WebPage\",\"@id\":\"https:\/\/www.schwarzwaldverein-st-georgen.de\/index.php\/event\/zum-glaswaldsee\/\",\"url\":\"https:\/\/www.schwarzwaldverein-st-georgen.de\/index.php\/event\/zum-glaswaldsee\/\",\"name\":\"Zum Glaswaldsee - Schwarzwaldverein St. Georgen e.V.\",\"isPartOf\":{\"@id\":\"https:\/\/www.schwarzwaldverein-st-georgen.de\/#website\"},\"primaryImageOfPage\":{\"@id\":\"https:\/\/www.schwarzwaldverein-st-georgen.de\/index.php\/event\/zum-glaswaldsee\/#primaryimage\"},\"image\":{\"@id\":\"https:\/\/www.schwarzwaldverein-st-georgen.de\/index.php\/event\/zum-glaswaldsee\/#primaryimage\"},\"thumbnailUrl\":\"https:\/\/www.schwarzwaldverein-st-georgen.de\/wp-content\/uploads\/Glaswaldsee.jpg\",\"datePublished\":\"2018-01-04T07:55:12+00:00\",\"dateModified\":\"2018-06-27T15:30:49+00:00\",\"breadcrumb\":{\"@id\":\"https:\/\/www.schwarzwaldverein-st-georgen.de\/index.php\/event\/zum-glaswaldsee\/#breadcrumb\"},\"inLanguage\":\"de\",\"potentialAction\":[{\"@type\":\"ReadAction\",\"target\":[\"https:\/\/www.schwarzwaldverein-st-georgen.de\/index.php\/event\/zum-glaswaldsee\/\"]}]},{\"@type\":\"ImageObject\",\"inLanguage\":\"de\",\"@id\":\"https:\/\/www.schwarzwaldverein-st-georgen.de\/index.php\/event\/zum-glaswaldsee\/#primaryimage\",\"url\":\"https:\/\/www.schwarzwaldverein-st-georgen.de\/wp-content\/uploads\/Glaswaldsee.jpg\",\"contentUrl\":\"https:\/\/www.schwarzwaldverein-st-georgen.de\/wp-content\/uploads\/Glaswaldsee.jpg\",\"width\":800,\"height\":600},{\"@type\":\"BreadcrumbList\",\"@id\":\"https:\/\/www.schwarzwaldverein-st-georgen.de\/index.php\/event\/zum-glaswaldsee\/#breadcrumb\",\"itemListElement\":[{\"@type\":\"ListItem\",\"position\":1,\"name\":\"Start\",\"item\":\"https:\/\/www.schwarzwaldverein-st-georgen.de\/\"},{\"@type\":\"ListItem\",\"position\":2,\"name\":\"Veranstaltungen\",\"item\":\"https:\/\/www.schwarzwaldverein-st-georgen.de\/index.php\/events\/\"},{\"@type\":\"ListItem\",\"position\":3,\"name\":\"Zum Glaswaldsee\"}]},{\"@type\":\"WebSite\",\"@id\":\"https:\/\/www.schwarzwaldverein-st-georgen.de\/#website\",\"url\":\"https:\/\/www.schwarzwaldverein-st-georgen.de\/\",\"name\":\"Schwarzwaldverein St. Georgen e.V.\",\"description\":\"Wandern, Wege, Naturschutz, Familien, Wanderheim Lindenb\u00fcble\",\"potentialAction\":[{\"@type\":\"SearchAction\",\"target\":{\"@type\":\"EntryPoint\",\"urlTemplate\":\"https:\/\/www.schwarzwaldverein-st-georgen.de\/?s={search_term_string}\"},\"query-input\":{\"@type\":\"PropertyValueSpecification\",\"valueRequired\":true,\"valueName\":\"search_term_string\"}}],\"inLanguage\":\"de\"}]}<\/script>\n<!-- \/ Yoast SEO plugin. -->","yoast_head_json":{"title":"Zum Glaswaldsee - Schwarzwaldverein St. Georgen e.V.","robots":{"index":"index","follow":"follow","max-snippet":"max-snippet:-1","max-image-preview":"max-image-preview:large","max-video-preview":"max-video-preview:-1"},"canonical":"https:\/\/www.schwarzwaldverein-st-georgen.de\/index.php\/event\/zum-glaswaldsee\/","og_locale":"de_DE","og_type":"article","og_title":"Zum Glaswaldsee - Schwarzwaldverein St. Georgen e.V.","og_description":"Der Ausgangspunkt unserer Wanderung liegt im oberen Wolftal noch hinter Bad Rippoldsau. Vom Wanderparkplatz Holzw\u00e4lder H\u00f6he steigen wir auf einem Wiesenweg zur Hildah\u00fctte auf und gewinnen dabei schon mal 300 Meter an H\u00f6he. Dort werden wir eine erste Rast einlegen. Den Umweg \u00fcber die Teufelskanzel, der eine sch\u00f6ne Aussicht ins Renchtal bieten, aber zus\u00e4tzlich 3 &hellip; Weiterlesen","og_url":"https:\/\/www.schwarzwaldverein-st-georgen.de\/index.php\/event\/zum-glaswaldsee\/","og_site_name":"Schwarzwaldverein St. Georgen e.V.","article_modified_time":"2018-06-27T15:30:49+00:00","og_image":[{"width":800,"height":600,"url":"https:\/\/www.schwarzwaldverein-st-georgen.de\/wp-content\/uploads\/Glaswaldsee.jpg","type":"image\/jpeg"}],"twitter_card":"summary_large_image","twitter_misc":{"Gesch\u00e4tzte Lesezeit":"1\u00a0Minute"},"schema":{"@context":"https:\/\/schema.org","@graph":[{"@type":"WebPage","@id":"https:\/\/www.schwarzwaldverein-st-georgen.de\/index.php\/event\/zum-glaswaldsee\/","url":"https:\/\/www.schwarzwaldverein-st-georgen.de\/index.php\/event\/zum-glaswaldsee\/","name":"Zum Glaswaldsee - Schwarzwaldverein St. Georgen e.V.","isPartOf":{"@id":"https:\/\/www.schwarzwaldverein-st-georgen.de\/#website"},"primaryImageOfPage":{"@id":"https:\/\/www.schwarzwaldverein-st-georgen.de\/index.php\/event\/zum-glaswaldsee\/#primaryimage"},"image":{"@id":"https:\/\/www.schwarzwaldverein-st-georgen.de\/index.php\/event\/zum-glaswaldsee\/#primaryimage"},"thumbnailUrl":"https:\/\/www.schwarzwaldverein-st-georgen.de\/wp-content\/uploads\/Glaswaldsee.jpg","datePublished":"2018-01-04T07:55:12+00:00","dateModified":"2018-06-27T15:30:49+00:00","breadcrumb":{"@id":"https:\/\/www.schwarzwaldverein-st-georgen.de\/index.php\/event\/zum-glaswaldsee\/#breadcrumb"},"inLanguage":"de","potentialAction":[{"@type":"ReadAction","target":["https:\/\/www.schwarzwaldverein-st-georgen.de\/index.php\/event\/zum-glaswaldsee\/"]}]},{"@type":"ImageObject","inLanguage":"de","@id":"https:\/\/www.schwarzwaldverein-st-georgen.de\/index.php\/event\/zum-glaswaldsee\/#primaryimage","url":"https:\/\/www.schwarzwaldverein-st-georgen.de\/wp-content\/uploads\/Glaswaldsee.jpg","contentUrl":"https:\/\/www.schwarzwaldverein-st-georgen.de\/wp-content\/uploads\/Glaswaldsee.jpg","width":800,"height":600},{"@type":"BreadcrumbList","@id":"https:\/\/www.schwarzwaldverein-st-georgen.de\/index.php\/event\/zum-glaswaldsee\/#breadcrumb","itemListElement":[{"@type":"ListItem","position":1,"name":"Start","item":"https:\/\/www.schwarzwaldverein-st-georgen.de\/"},{"@type":"ListItem","position":2,"name":"Veranstaltungen","item":"https:\/\/www.schwarzwaldverein-st-georgen.de\/index.php\/events\/"},{"@type":"ListItem","position":3,"name":"Zum Glaswaldsee"}]},{"@type":"WebSite","@id":"https:\/\/www.schwarzwaldverein-st-georgen.de\/#website","url":"https:\/\/www.schwarzwaldverein-st-georgen.de\/","name":"Schwarzwaldverein St. Georgen e.V.","description":"Wandern, Wege, Naturschutz, Familien, Wanderheim Lindenb\u00fcble","potentialAction":[{"@type":"SearchAction","target":{"@type":"EntryPoint","urlTemplate":"https:\/\/www.schwarzwaldverein-st-georgen.de\/?s={search_term_string}"},"query-input":{"@type":"PropertyValueSpecification","valueRequired":true,"valueName":"search_term_string"}}],"inLanguage":"de"}]}},"ticketed":false,"_links":{"self":[{"href":"https:\/\/www.schwarzwaldverein-st-georgen.de\/index.php\/wp-json\/wp\/v2\/tribe_events\/488","targetHints":{"allow":["GET"]}}],"collection":[{"href":"https:\/\/www.schwarzwaldverein-st-georgen.de\/index.php\/wp-json\/wp\/v2\/tribe_events"}],"about":[{"href":"https:\/\/www.schwarzwaldverein-st-georgen.de\/index.php\/wp-json\/wp\/v2\/types\/tribe_events"}],"author":[{"embeddable":true,"href":"https:\/\/www.schwarzwaldverein-st-georgen.de\/index.php\/wp-json\/wp\/v2\/users\/1"}],"replies":[{"embeddable":true,"href":"https:\/\/www.schwarzwaldverein-st-georgen.de\/index.php\/wp-json\/wp\/v2\/comments?post=488"}],"version-history":[{"count":2,"href":"https:\/\/www.schwarzwaldverein-st-georgen.de\/index.php\/wp-json\/wp\/v2\/tribe_events\/488\/revisions"}],"predecessor-version":[{"id":652,"href":"https:\/\/www.schwarzwaldverein-st-georgen.de\/index.php\/wp-json\/wp\/v2\/tribe_events\/488\/revisions\/652"}],"wp:featuredmedia":[{"embeddable":true,"href":"https:\/\/www.schwarzwaldverein-st-georgen.de\/index.php\/wp-json\/wp\/v2\/media\/382"}],"wp:attachment":[{"href":"https:\/\/www.schwarzwaldverein-st-georgen.de\/index.php\/wp-json\/wp\/v2\/media?parent=488"}],"wp:term":[{"taxonomy":"post_tag","embeddable":true,"href":"https:\/\/www.schwarzwaldverein-st-georgen.de\/index.php\/wp-json\/wp\/v2\/tags?post=488"},{"taxonomy":"tribe_events_cat","embeddable":true,"href":"https:\/\/www.schwarzwaldverein-st-georgen.de\/index.php\/wp-json\/wp\/v2\/tribe_events_cat?post=488"}],"curies":[{"name":"wp","href":"https:\/\/api.w.org\/{rel}","templated":true}]}}