{"id":2947,"date":"2026-01-25T17:27:41","date_gmt":"2026-01-25T16:27:41","guid":{"rendered":"https:\/\/www.schwarzwaldverein-st-georgen.de\/index.php\/event\/rote-raute-treff-astro-abend-mit-dr-zimmermann-2\/"},"modified":"2026-01-25T18:05:57","modified_gmt":"2026-01-25T17:05:57","slug":"rote-raute-treff-astro-abend-mit-dr-zimmermann-2","status":"publish","type":"tribe_events","link":"https:\/\/www.schwarzwaldverein-st-georgen.de\/index.php\/event\/rote-raute-treff-astro-abend-mit-dr-zimmermann-2\/","title":{"rendered":"Rote &#8211; Raute &#8211; Treff: Astro-Abend mit Dr. Zimmermann"},"content":{"rendered":"<p>Im November stehen die Herbststernbilder prominent am Abendhimmel. Welche das sind und was es zu dieser Jahreszeit noch alles am Himmel zu sehen gibt, wird bei einem kleinen Spaziergang erl\u00e4utert. Dass die Beobachtung des Sternenhimmels etwas mit Zeitreisen zu tun hat und wie weit man tats\u00e4chlich schauen kann wird ebenso angesprochen. F\u00fcr tiefere Einblicke darf gerne das eigene Fernglas mitgebracht werden.  <br \/>F\u00fchrung: Dr. J\u00f6rg Zimmermann <br \/>Organisation: Kirsten Heinzmann <br \/>Treffpunkt: 17:30 Uhr, Wanderheim Lindenb\u00fcble <br \/>Anmeldung: 07724 \/ 3561 <\/p>\n<table>\n<tbody>\n<tr>\n<td class=\"tdh_wp\">Wanderf\u00fchrung: <\/td>\n<td class=\"tdh_wp\">Kirsten Heinzmann<\/td>\n<\/tr>\n<tr>\n<td class=\"td_wp\">Gehzeit:<\/td>\n<td class=\"td_wp\"><\/td>\n<\/tr>\n<tr>\n<td class=\"td_wp\">Treffpunkt:<\/td>\n<td class=\"td_wp\">17:30 Uhr, Wanderheim Lindenb\u00fcble<\/td>\n<\/tr>\n<tr>\n<td class=\"td_wp\">Anmeldung:<\/td>\n<td class=\"td_wp\">07724 \/ 3561<\/td>\n<\/tr>\n<\/tbody>\n<\/table>\n","protected":false},"excerpt":{"rendered":"<p>Im November stehen die Herbststernbilder prominent am Abendhimmel. Welche das sind und was es zu dieser Jahreszeit noch alles am Himmel zu sehen gibt, wird bei einem kleinen Spaziergang erl\u00e4utert. Dass die Beobachtung des Sternenhimmels etwas mit Zeitreisen zu tun hat und wie weit man tats\u00e4chlich schauen kann wird ebenso angesprochen. F\u00fcr tiefere Einblicke darf &hellip; <\/p>\n<p><a class=\"more-link btn\" href=\"https:\/\/www.schwarzwaldverein-st-georgen.de\/index.php\/event\/rote-raute-treff-astro-abend-mit-dr-zimmermann-2\/\">Weiterlesen<\/a><\/p>\n","protected":false},"author":1,"featured_media":2965,"comment_status":"closed","ping_status":"closed","template":"","meta":{"_price":"","_stock":"","_tribe_ticket_header":"","_tribe_default_ticket_provider":"","_ticket_start_date":"","_ticket_end_date":"","_tribe_ticket_show_description":"","_tribe_ticket_show_not_going":false,"_tribe_ticket_use_global_stock":"","_tribe_ticket_global_stock_level":"","_global_stock_mode":"","_global_stock_cap":"","_tribe_rsvp_for_event":"","_tribe_ticket_going_count":"","_tribe_ticket_not_going_count":"","_tribe_tickets_list":"[]","_tribe_ticket_has_attendee_info_fields":false,"_tribe_events_status":"","_tribe_events_status_reason":"","footnotes":"","_tec_slr_enabled":"","_tec_slr_layout":""},"tags":[],"tribe_events_cat":[2,3],"class_list":["post-2947","tribe_events","type-tribe_events","status-publish","has-post-thumbnail","hentry","tribe_events_cat-jahresprogramm","tribe_events_cat-rote-raute-treff","cat_jahresprogramm","cat_rote-raute-treff","nodate","item-wrap"],"yoast_head":"<!-- This site is optimized with the Yoast SEO plugin v26.8 - https:\/\/yoast.com\/product\/yoast-seo-wordpress\/ -->\n<title>Rote - Raute - Treff: Astro-Abend mit Dr. Zimmermann - Schwarzwaldverein St. Georgen e.V.<\/title>\n<meta name=\"robots\" content=\"index, follow, max-snippet:-1, max-image-preview:large, max-video-preview:-1\" \/>\n<link rel=\"canonical\" href=\"https:\/\/www.schwarzwaldverein-st-georgen.de\/index.php\/event\/rote-raute-treff-astro-abend-mit-dr-zimmermann-2\/\" \/>\n<meta property=\"og:locale\" content=\"de_DE\" \/>\n<meta property=\"og:type\" content=\"article\" \/>\n<meta property=\"og:title\" content=\"Rote - Raute - Treff: Astro-Abend mit Dr. Zimmermann - Schwarzwaldverein St. Georgen e.V.\" \/>\n<meta property=\"og:description\" content=\"Im November stehen die Herbststernbilder prominent am Abendhimmel. Welche das sind und was es zu dieser Jahreszeit noch alles am Himmel zu sehen gibt, wird bei einem kleinen Spaziergang erl\u00e4utert. Dass die Beobachtung des Sternenhimmels etwas mit Zeitreisen zu tun hat und wie weit man tats\u00e4chlich schauen kann wird ebenso angesprochen. F\u00fcr tiefere Einblicke darf &hellip; Weiterlesen\" \/>\n<meta property=\"og:url\" content=\"https:\/\/www.schwarzwaldverein-st-georgen.de\/index.php\/event\/rote-raute-treff-astro-abend-mit-dr-zimmermann-2\/\" \/>\n<meta property=\"og:site_name\" content=\"Schwarzwaldverein St. Georgen e.V.\" \/>\n<meta property=\"article:modified_time\" content=\"2026-01-25T17:05:57+00:00\" \/>\n<meta property=\"og:image\" content=\"https:\/\/www.schwarzwaldverein-st-georgen.de\/wp-content\/uploads\/moon-1751987.jpg\" \/>\n\t<meta property=\"og:image:width\" content=\"2048\" \/>\n\t<meta property=\"og:image:height\" content=\"1536\" \/>\n\t<meta property=\"og:image:type\" content=\"image\/jpeg\" \/>\n<meta name=\"twitter:card\" content=\"summary_large_image\" \/>\n<meta name=\"twitter:label1\" content=\"Gesch\u00e4tzte Lesezeit\" \/>\n\t<meta name=\"twitter:data1\" content=\"1\u00a0Minute\" \/>\n<script type=\"application\/ld+json\" class=\"yoast-schema-graph\">{\"@context\":\"https:\/\/schema.org\",\"@graph\":[{\"@type\":\"WebPage\",\"@id\":\"https:\/\/www.schwarzwaldverein-st-georgen.de\/index.php\/event\/rote-raute-treff-astro-abend-mit-dr-zimmermann-2\/\",\"url\":\"https:\/\/www.schwarzwaldverein-st-georgen.de\/index.php\/event\/rote-raute-treff-astro-abend-mit-dr-zimmermann-2\/\",\"name\":\"Rote - Raute - Treff: Astro-Abend mit Dr. Zimmermann - Schwarzwaldverein St. Georgen e.V.\",\"isPartOf\":{\"@id\":\"https:\/\/www.schwarzwaldverein-st-georgen.de\/#website\"},\"primaryImageOfPage\":{\"@id\":\"https:\/\/www.schwarzwaldverein-st-georgen.de\/index.php\/event\/rote-raute-treff-astro-abend-mit-dr-zimmermann-2\/#primaryimage\"},\"image\":{\"@id\":\"https:\/\/www.schwarzwaldverein-st-georgen.de\/index.php\/event\/rote-raute-treff-astro-abend-mit-dr-zimmermann-2\/#primaryimage\"},\"thumbnailUrl\":\"https:\/\/www.schwarzwaldverein-st-georgen.de\/wp-content\/uploads\/moon-1751987.jpg\",\"datePublished\":\"2026-01-25T16:27:41+00:00\",\"dateModified\":\"2026-01-25T17:05:57+00:00\",\"breadcrumb\":{\"@id\":\"https:\/\/www.schwarzwaldverein-st-georgen.de\/index.php\/event\/rote-raute-treff-astro-abend-mit-dr-zimmermann-2\/#breadcrumb\"},\"inLanguage\":\"de\",\"potentialAction\":[{\"@type\":\"ReadAction\",\"target\":[\"https:\/\/www.schwarzwaldverein-st-georgen.de\/index.php\/event\/rote-raute-treff-astro-abend-mit-dr-zimmermann-2\/\"]}]},{\"@type\":\"ImageObject\",\"inLanguage\":\"de\",\"@id\":\"https:\/\/www.schwarzwaldverein-st-georgen.de\/index.php\/event\/rote-raute-treff-astro-abend-mit-dr-zimmermann-2\/#primaryimage\",\"url\":\"https:\/\/www.schwarzwaldverein-st-georgen.de\/wp-content\/uploads\/moon-1751987.jpg\",\"contentUrl\":\"https:\/\/www.schwarzwaldverein-st-georgen.de\/wp-content\/uploads\/moon-1751987.jpg\",\"width\":2048,\"height\":1536},{\"@type\":\"BreadcrumbList\",\"@id\":\"https:\/\/www.schwarzwaldverein-st-georgen.de\/index.php\/event\/rote-raute-treff-astro-abend-mit-dr-zimmermann-2\/#breadcrumb\",\"itemListElement\":[{\"@type\":\"ListItem\",\"position\":1,\"name\":\"Start\",\"item\":\"https:\/\/www.schwarzwaldverein-st-georgen.de\/\"},{\"@type\":\"ListItem\",\"position\":2,\"name\":\"Veranstaltungen\",\"item\":\"https:\/\/www.schwarzwaldverein-st-georgen.de\/index.php\/events\/\"},{\"@type\":\"ListItem\",\"position\":3,\"name\":\"Rote &#8211; Raute &#8211; Treff: Astro-Abend mit Dr. Zimmermann\"}]},{\"@type\":\"WebSite\",\"@id\":\"https:\/\/www.schwarzwaldverein-st-georgen.de\/#website\",\"url\":\"https:\/\/www.schwarzwaldverein-st-georgen.de\/\",\"name\":\"Schwarzwaldverein St. Georgen e.V.\",\"description\":\"Wandern, Wege, Naturschutz, Familien, Wanderheim Lindenb\u00fcble\",\"potentialAction\":[{\"@type\":\"SearchAction\",\"target\":{\"@type\":\"EntryPoint\",\"urlTemplate\":\"https:\/\/www.schwarzwaldverein-st-georgen.de\/?s={search_term_string}\"},\"query-input\":{\"@type\":\"PropertyValueSpecification\",\"valueRequired\":true,\"valueName\":\"search_term_string\"}}],\"inLanguage\":\"de\"}]}<\/script>\n<!-- \/ Yoast SEO plugin. -->","yoast_head_json":{"title":"Rote - Raute - Treff: Astro-Abend mit Dr. Zimmermann - Schwarzwaldverein St. Georgen e.V.","robots":{"index":"index","follow":"follow","max-snippet":"max-snippet:-1","max-image-preview":"max-image-preview:large","max-video-preview":"max-video-preview:-1"},"canonical":"https:\/\/www.schwarzwaldverein-st-georgen.de\/index.php\/event\/rote-raute-treff-astro-abend-mit-dr-zimmermann-2\/","og_locale":"de_DE","og_type":"article","og_title":"Rote - Raute - Treff: Astro-Abend mit Dr. Zimmermann - Schwarzwaldverein St. Georgen e.V.","og_description":"Im November stehen die Herbststernbilder prominent am Abendhimmel. Welche das sind und was es zu dieser Jahreszeit noch alles am Himmel zu sehen gibt, wird bei einem kleinen Spaziergang erl\u00e4utert. Dass die Beobachtung des Sternenhimmels etwas mit Zeitreisen zu tun hat und wie weit man tats\u00e4chlich schauen kann wird ebenso angesprochen. F\u00fcr tiefere Einblicke darf &hellip; Weiterlesen","og_url":"https:\/\/www.schwarzwaldverein-st-georgen.de\/index.php\/event\/rote-raute-treff-astro-abend-mit-dr-zimmermann-2\/","og_site_name":"Schwarzwaldverein St. Georgen e.V.","article_modified_time":"2026-01-25T17:05:57+00:00","og_image":[{"width":2048,"height":1536,"url":"https:\/\/www.schwarzwaldverein-st-georgen.de\/wp-content\/uploads\/moon-1751987.jpg","type":"image\/jpeg"}],"twitter_card":"summary_large_image","twitter_misc":{"Gesch\u00e4tzte Lesezeit":"1\u00a0Minute"},"schema":{"@context":"https:\/\/schema.org","@graph":[{"@type":"WebPage","@id":"https:\/\/www.schwarzwaldverein-st-georgen.de\/index.php\/event\/rote-raute-treff-astro-abend-mit-dr-zimmermann-2\/","url":"https:\/\/www.schwarzwaldverein-st-georgen.de\/index.php\/event\/rote-raute-treff-astro-abend-mit-dr-zimmermann-2\/","name":"Rote - Raute - Treff: Astro-Abend mit Dr. Zimmermann - Schwarzwaldverein St. Georgen e.V.","isPartOf":{"@id":"https:\/\/www.schwarzwaldverein-st-georgen.de\/#website"},"primaryImageOfPage":{"@id":"https:\/\/www.schwarzwaldverein-st-georgen.de\/index.php\/event\/rote-raute-treff-astro-abend-mit-dr-zimmermann-2\/#primaryimage"},"image":{"@id":"https:\/\/www.schwarzwaldverein-st-georgen.de\/index.php\/event\/rote-raute-treff-astro-abend-mit-dr-zimmermann-2\/#primaryimage"},"thumbnailUrl":"https:\/\/www.schwarzwaldverein-st-georgen.de\/wp-content\/uploads\/moon-1751987.jpg","datePublished":"2026-01-25T16:27:41+00:00","dateModified":"2026-01-25T17:05:57+00:00","breadcrumb":{"@id":"https:\/\/www.schwarzwaldverein-st-georgen.de\/index.php\/event\/rote-raute-treff-astro-abend-mit-dr-zimmermann-2\/#breadcrumb"},"inLanguage":"de","potentialAction":[{"@type":"ReadAction","target":["https:\/\/www.schwarzwaldverein-st-georgen.de\/index.php\/event\/rote-raute-treff-astro-abend-mit-dr-zimmermann-2\/"]}]},{"@type":"ImageObject","inLanguage":"de","@id":"https:\/\/www.schwarzwaldverein-st-georgen.de\/index.php\/event\/rote-raute-treff-astro-abend-mit-dr-zimmermann-2\/#primaryimage","url":"https:\/\/www.schwarzwaldverein-st-georgen.de\/wp-content\/uploads\/moon-1751987.jpg","contentUrl":"https:\/\/www.schwarzwaldverein-st-georgen.de\/wp-content\/uploads\/moon-1751987.jpg","width":2048,"height":1536},{"@type":"BreadcrumbList","@id":"https:\/\/www.schwarzwaldverein-st-georgen.de\/index.php\/event\/rote-raute-treff-astro-abend-mit-dr-zimmermann-2\/#breadcrumb","itemListElement":[{"@type":"ListItem","position":1,"name":"Start","item":"https:\/\/www.schwarzwaldverein-st-georgen.de\/"},{"@type":"ListItem","position":2,"name":"Veranstaltungen","item":"https:\/\/www.schwarzwaldverein-st-georgen.de\/index.php\/events\/"},{"@type":"ListItem","position":3,"name":"Rote &#8211; Raute &#8211; Treff: Astro-Abend mit Dr. Zimmermann"}]},{"@type":"WebSite","@id":"https:\/\/www.schwarzwaldverein-st-georgen.de\/#website","url":"https:\/\/www.schwarzwaldverein-st-georgen.de\/","name":"Schwarzwaldverein St. Georgen e.V.","description":"Wandern, Wege, Naturschutz, Familien, Wanderheim Lindenb\u00fcble","potentialAction":[{"@type":"SearchAction","target":{"@type":"EntryPoint","urlTemplate":"https:\/\/www.schwarzwaldverein-st-georgen.de\/?s={search_term_string}"},"query-input":{"@type":"PropertyValueSpecification","valueRequired":true,"valueName":"search_term_string"}}],"inLanguage":"de"}]}},"ticketed":false,"_links":{"self":[{"href":"https:\/\/www.schwarzwaldverein-st-georgen.de\/index.php\/wp-json\/wp\/v2\/tribe_events\/2947","targetHints":{"allow":["GET"]}}],"collection":[{"href":"https:\/\/www.schwarzwaldverein-st-georgen.de\/index.php\/wp-json\/wp\/v2\/tribe_events"}],"about":[{"href":"https:\/\/www.schwarzwaldverein-st-georgen.de\/index.php\/wp-json\/wp\/v2\/types\/tribe_events"}],"author":[{"embeddable":true,"href":"https:\/\/www.schwarzwaldverein-st-georgen.de\/index.php\/wp-json\/wp\/v2\/users\/1"}],"replies":[{"embeddable":true,"href":"https:\/\/www.schwarzwaldverein-st-georgen.de\/index.php\/wp-json\/wp\/v2\/comments?post=2947"}],"version-history":[{"count":1,"href":"https:\/\/www.schwarzwaldverein-st-georgen.de\/index.php\/wp-json\/wp\/v2\/tribe_events\/2947\/revisions"}],"predecessor-version":[{"id":2966,"href":"https:\/\/www.schwarzwaldverein-st-georgen.de\/index.php\/wp-json\/wp\/v2\/tribe_events\/2947\/revisions\/2966"}],"wp:featuredmedia":[{"embeddable":true,"href":"https:\/\/www.schwarzwaldverein-st-georgen.de\/index.php\/wp-json\/wp\/v2\/media\/2965"}],"wp:attachment":[{"href":"https:\/\/www.schwarzwaldverein-st-georgen.de\/index.php\/wp-json\/wp\/v2\/media?parent=2947"}],"wp:term":[{"taxonomy":"post_tag","embeddable":true,"href":"https:\/\/www.schwarzwaldverein-st-georgen.de\/index.php\/wp-json\/wp\/v2\/tags?post=2947"},{"taxonomy":"tribe_events_cat","embeddable":true,"href":"https:\/\/www.schwarzwaldverein-st-georgen.de\/index.php\/wp-json\/wp\/v2\/tribe_events_cat?post=2947"}],"curies":[{"name":"wp","href":"https:\/\/api.w.org\/{rel}","templated":true}]}}