{"id":2941,"date":"2026-01-25T17:25:57","date_gmt":"2026-01-25T16:25:57","guid":{"rendered":"https:\/\/www.schwarzwaldverein-st-georgen.de\/index.php\/event\/lauterbacher-wandersteig-3\/"},"modified":"2026-02-06T14:25:43","modified_gmt":"2026-02-06T13:25:43","slug":"lauterbacher-wandersteig-3","status":"publish","type":"tribe_events","link":"https:\/\/www.schwarzwaldverein-st-georgen.de\/index.php\/event\/lauterbacher-wandersteig-3\/","title":{"rendered":"Lauterbacher Wandersteig"},"content":{"rendered":"<p>Wanderung mit Gep\u00e4ck &#8211; 2 Tage auf dem Lauterbacher Wandersteig Unsere gef\u00fchrte 2-Tages-Wanderung mit Gep\u00e4ck auf dem Lauterbacher Wandersteig bietet Dir ein unvergessliches Abenteuer inmitten urspr\u00fcnglicher Natur, sanfter H\u00f6henz\u00fcge und malerischer Ausblicke. Begleite uns auf eine 2-t\u00e4gige Wanderung auf dem wundersch\u00f6nen Lauterbacher Wandersteig &#8211; ideal auch f\u00fcr Einsteiger, die sich langsam an das Wandern mit Rucksack herantasten m\u00f6chten.<br \/>\nDas erwartet dich:<\/p>\n<ul>\n<li>Zwei entspannte Etappen auf einem der sch\u00f6nsten Wanderwege im Schwarzwald<\/li>\n<li>Wandern mit leichtem Gep\u00e4ck &#8211; auf Wunsch zeigen wir Dir, wie Du clever packst<\/li>\n<li>\u00dcbernachtung in gem\u00fctlicher Unterkunft mit leckerer regionaler K\u00fcche<\/li>\n<li>Kleine Gruppe &amp; freundliche Atmosph\u00e4re &#8211; ideal auch f\u00fcr Neulinge und Neugierige<\/li>\n<\/ul>\n<p>Wanderf\u00fchrung: Martin Begemann<br \/>\nGehzeit: 13,5 Std.<br \/>\nStrecke: 34 km, 1.350 hm<br \/>\nTreffpunkt: 09:00 Uhr, Parkplatz Klosterweiher<br \/>\nAnmeldung: 0171\/3529688<\/p>\n<table>\n<tbody>\n<tr>\n<td class=\"tdh_wp\">Wanderf\u00fchrung:<\/td>\n<td class=\"tdh_wp\">Martin Begemann<\/td>\n<\/tr>\n<tr>\n<td class=\"td_wp\">Gehzeit:<\/td>\n<td class=\"td_wp\">13,5 Std.<br \/>\n34 km, 1350 hm<\/td>\n<\/tr>\n<tr>\n<td class=\"td_wp\">Kategorie 3<\/td>\n<td class=\"td_wp\"><img loading=\"lazy\" decoding=\"async\" class=\"alignnone\" src=\"https:\/\/www.schwarzwaldverein-st-georgen.de\/wp-content\/uploads\/blaueRaute.png\" alt=\"\" width=\"30\" height=\"16\" \/><\/td>\n<\/tr>\n<tr>\n<td class=\"td_wp\">Treffpunkt:<\/td>\n<td class=\"td_wp\">09:00 Uhr, Parkplatz Klosterweiher<\/td>\n<\/tr>\n<tr>\n<td class=\"td_wp\">Anmeldung:<\/td>\n<td class=\"td_wp\">0171\/3529688<\/td>\n<\/tr>\n<\/tbody>\n<\/table>\n<p><small>Bildquelle: Katja Seemann<a>CC BY-ND<\/a><\/small><\/p>\n","protected":false},"excerpt":{"rendered":"<p>Wanderung mit Gep\u00e4ck &#8211; 2 Tage auf dem Lauterbacher Wandersteig Unsere gef\u00fchrte 2-Tages-Wanderung mit Gep\u00e4ck auf dem Lauterbacher Wandersteig bietet Dir ein unvergessliches Abenteuer inmitten urspr\u00fcnglicher Natur, sanfter H\u00f6henz\u00fcge und malerischer Ausblicke. Begleite uns auf eine 2-t\u00e4gige Wanderung auf dem wundersch\u00f6nen Lauterbacher Wandersteig &#8211; ideal auch f\u00fcr Einsteiger, die sich langsam an das Wandern mit &hellip; <\/p>\n<p><a class=\"more-link btn\" href=\"https:\/\/www.schwarzwaldverein-st-georgen.de\/index.php\/event\/lauterbacher-wandersteig-3\/\">Weiterlesen<\/a><\/p>\n","protected":false},"author":1,"featured_media":2816,"comment_status":"closed","ping_status":"closed","template":"","meta":{"_price":"","_stock":"","_tribe_ticket_header":"","_tribe_default_ticket_provider":"","_ticket_start_date":"","_ticket_end_date":"","_tribe_ticket_show_description":"","_tribe_ticket_show_not_going":false,"_tribe_ticket_use_global_stock":"","_tribe_ticket_global_stock_level":"","_global_stock_mode":"","_global_stock_cap":"","_tribe_rsvp_for_event":"","_tribe_ticket_going_count":"","_tribe_ticket_not_going_count":"","_tribe_tickets_list":"[]","_tribe_ticket_has_attendee_info_fields":false,"_tribe_events_status":"","_tribe_events_status_reason":"","footnotes":"","_tec_slr_enabled":"","_tec_slr_layout":""},"tags":[],"tribe_events_cat":[2,9,7],"class_list":["post-2941","tribe_events","type-tribe_events","status-publish","has-post-thumbnail","hentry","tribe_events_cat-jahresprogramm","tribe_events_cat-wanderreise","tribe_events_cat-wanderung","cat_jahresprogramm","cat_wanderreise","cat_wanderung","nodate","item-wrap"],"yoast_head":"<!-- This site is optimized with the Yoast SEO plugin v26.8 - https:\/\/yoast.com\/product\/yoast-seo-wordpress\/ -->\n<title>Lauterbacher Wandersteig - Schwarzwaldverein St. Georgen e.V.<\/title>\n<meta name=\"robots\" content=\"index, follow, max-snippet:-1, max-image-preview:large, max-video-preview:-1\" \/>\n<link rel=\"canonical\" href=\"https:\/\/www.schwarzwaldverein-st-georgen.de\/index.php\/event\/lauterbacher-wandersteig-3\/\" \/>\n<meta property=\"og:locale\" content=\"de_DE\" \/>\n<meta property=\"og:type\" content=\"article\" \/>\n<meta property=\"og:title\" content=\"Lauterbacher Wandersteig - Schwarzwaldverein St. Georgen e.V.\" \/>\n<meta property=\"og:description\" content=\"Wanderung mit Gep\u00e4ck &#8211; 2 Tage auf dem Lauterbacher Wandersteig Unsere gef\u00fchrte 2-Tages-Wanderung mit Gep\u00e4ck auf dem Lauterbacher Wandersteig bietet Dir ein unvergessliches Abenteuer inmitten urspr\u00fcnglicher Natur, sanfter H\u00f6henz\u00fcge und malerischer Ausblicke. Begleite uns auf eine 2-t\u00e4gige Wanderung auf dem wundersch\u00f6nen Lauterbacher Wandersteig &#8211; ideal auch f\u00fcr Einsteiger, die sich langsam an das Wandern mit &hellip; Weiterlesen\" \/>\n<meta property=\"og:url\" content=\"https:\/\/www.schwarzwaldverein-st-georgen.de\/index.php\/event\/lauterbacher-wandersteig-3\/\" \/>\n<meta property=\"og:site_name\" content=\"Schwarzwaldverein St. Georgen e.V.\" \/>\n<meta property=\"article:modified_time\" content=\"2026-02-06T13:25:43+00:00\" \/>\n<meta property=\"og:image\" content=\"https:\/\/www.schwarzwaldverein-st-georgen.de\/wp-content\/uploads\/2026\/Lauterbach-I-1-scaled.jpg\" \/>\n\t<meta property=\"og:image:width\" content=\"2560\" \/>\n\t<meta property=\"og:image:height\" content=\"1920\" \/>\n\t<meta property=\"og:image:type\" content=\"image\/jpeg\" \/>\n<meta name=\"twitter:card\" content=\"summary_large_image\" \/>\n<meta name=\"twitter:label1\" content=\"Gesch\u00e4tzte Lesezeit\" \/>\n\t<meta name=\"twitter:data1\" content=\"2\u00a0Minuten\" \/>\n<script type=\"application\/ld+json\" class=\"yoast-schema-graph\">{\"@context\":\"https:\/\/schema.org\",\"@graph\":[{\"@type\":\"WebPage\",\"@id\":\"https:\/\/www.schwarzwaldverein-st-georgen.de\/index.php\/event\/lauterbacher-wandersteig-3\/\",\"url\":\"https:\/\/www.schwarzwaldverein-st-georgen.de\/index.php\/event\/lauterbacher-wandersteig-3\/\",\"name\":\"Lauterbacher Wandersteig - Schwarzwaldverein St. Georgen e.V.\",\"isPartOf\":{\"@id\":\"https:\/\/www.schwarzwaldverein-st-georgen.de\/#website\"},\"primaryImageOfPage\":{\"@id\":\"https:\/\/www.schwarzwaldverein-st-georgen.de\/index.php\/event\/lauterbacher-wandersteig-3\/#primaryimage\"},\"image\":{\"@id\":\"https:\/\/www.schwarzwaldverein-st-georgen.de\/index.php\/event\/lauterbacher-wandersteig-3\/#primaryimage\"},\"thumbnailUrl\":\"https:\/\/www.schwarzwaldverein-st-georgen.de\/wp-content\/uploads\/2026\/Lauterbach-I-1-scaled.jpg\",\"datePublished\":\"2026-01-25T16:25:57+00:00\",\"dateModified\":\"2026-02-06T13:25:43+00:00\",\"breadcrumb\":{\"@id\":\"https:\/\/www.schwarzwaldverein-st-georgen.de\/index.php\/event\/lauterbacher-wandersteig-3\/#breadcrumb\"},\"inLanguage\":\"de\",\"potentialAction\":[{\"@type\":\"ReadAction\",\"target\":[\"https:\/\/www.schwarzwaldverein-st-georgen.de\/index.php\/event\/lauterbacher-wandersteig-3\/\"]}]},{\"@type\":\"ImageObject\",\"inLanguage\":\"de\",\"@id\":\"https:\/\/www.schwarzwaldverein-st-georgen.de\/index.php\/event\/lauterbacher-wandersteig-3\/#primaryimage\",\"url\":\"https:\/\/www.schwarzwaldverein-st-georgen.de\/wp-content\/uploads\/2026\/Lauterbach-I-1-scaled.jpg\",\"contentUrl\":\"https:\/\/www.schwarzwaldverein-st-georgen.de\/wp-content\/uploads\/2026\/Lauterbach-I-1-scaled.jpg\",\"width\":2560,\"height\":1920},{\"@type\":\"BreadcrumbList\",\"@id\":\"https:\/\/www.schwarzwaldverein-st-georgen.de\/index.php\/event\/lauterbacher-wandersteig-3\/#breadcrumb\",\"itemListElement\":[{\"@type\":\"ListItem\",\"position\":1,\"name\":\"Start\",\"item\":\"https:\/\/www.schwarzwaldverein-st-georgen.de\/\"},{\"@type\":\"ListItem\",\"position\":2,\"name\":\"Veranstaltungen\",\"item\":\"https:\/\/www.schwarzwaldverein-st-georgen.de\/index.php\/events\/\"},{\"@type\":\"ListItem\",\"position\":3,\"name\":\"Lauterbacher Wandersteig\"}]},{\"@type\":\"WebSite\",\"@id\":\"https:\/\/www.schwarzwaldverein-st-georgen.de\/#website\",\"url\":\"https:\/\/www.schwarzwaldverein-st-georgen.de\/\",\"name\":\"Schwarzwaldverein St. Georgen e.V.\",\"description\":\"Wandern, Wege, Naturschutz, Familien, Wanderheim Lindenb\u00fcble\",\"potentialAction\":[{\"@type\":\"SearchAction\",\"target\":{\"@type\":\"EntryPoint\",\"urlTemplate\":\"https:\/\/www.schwarzwaldverein-st-georgen.de\/?s={search_term_string}\"},\"query-input\":{\"@type\":\"PropertyValueSpecification\",\"valueRequired\":true,\"valueName\":\"search_term_string\"}}],\"inLanguage\":\"de\"}]}<\/script>\n<!-- \/ Yoast SEO plugin. -->","yoast_head_json":{"title":"Lauterbacher Wandersteig - Schwarzwaldverein St. Georgen e.V.","robots":{"index":"index","follow":"follow","max-snippet":"max-snippet:-1","max-image-preview":"max-image-preview:large","max-video-preview":"max-video-preview:-1"},"canonical":"https:\/\/www.schwarzwaldverein-st-georgen.de\/index.php\/event\/lauterbacher-wandersteig-3\/","og_locale":"de_DE","og_type":"article","og_title":"Lauterbacher Wandersteig - Schwarzwaldverein St. Georgen e.V.","og_description":"Wanderung mit Gep\u00e4ck &#8211; 2 Tage auf dem Lauterbacher Wandersteig Unsere gef\u00fchrte 2-Tages-Wanderung mit Gep\u00e4ck auf dem Lauterbacher Wandersteig bietet Dir ein unvergessliches Abenteuer inmitten urspr\u00fcnglicher Natur, sanfter H\u00f6henz\u00fcge und malerischer Ausblicke. Begleite uns auf eine 2-t\u00e4gige Wanderung auf dem wundersch\u00f6nen Lauterbacher Wandersteig &#8211; ideal auch f\u00fcr Einsteiger, die sich langsam an das Wandern mit &hellip; Weiterlesen","og_url":"https:\/\/www.schwarzwaldverein-st-georgen.de\/index.php\/event\/lauterbacher-wandersteig-3\/","og_site_name":"Schwarzwaldverein St. Georgen e.V.","article_modified_time":"2026-02-06T13:25:43+00:00","og_image":[{"width":2560,"height":1920,"url":"https:\/\/www.schwarzwaldverein-st-georgen.de\/wp-content\/uploads\/2026\/Lauterbach-I-1-scaled.jpg","type":"image\/jpeg"}],"twitter_card":"summary_large_image","twitter_misc":{"Gesch\u00e4tzte Lesezeit":"2\u00a0Minuten"},"schema":{"@context":"https:\/\/schema.org","@graph":[{"@type":"WebPage","@id":"https:\/\/www.schwarzwaldverein-st-georgen.de\/index.php\/event\/lauterbacher-wandersteig-3\/","url":"https:\/\/www.schwarzwaldverein-st-georgen.de\/index.php\/event\/lauterbacher-wandersteig-3\/","name":"Lauterbacher Wandersteig - Schwarzwaldverein St. Georgen e.V.","isPartOf":{"@id":"https:\/\/www.schwarzwaldverein-st-georgen.de\/#website"},"primaryImageOfPage":{"@id":"https:\/\/www.schwarzwaldverein-st-georgen.de\/index.php\/event\/lauterbacher-wandersteig-3\/#primaryimage"},"image":{"@id":"https:\/\/www.schwarzwaldverein-st-georgen.de\/index.php\/event\/lauterbacher-wandersteig-3\/#primaryimage"},"thumbnailUrl":"https:\/\/www.schwarzwaldverein-st-georgen.de\/wp-content\/uploads\/2026\/Lauterbach-I-1-scaled.jpg","datePublished":"2026-01-25T16:25:57+00:00","dateModified":"2026-02-06T13:25:43+00:00","breadcrumb":{"@id":"https:\/\/www.schwarzwaldverein-st-georgen.de\/index.php\/event\/lauterbacher-wandersteig-3\/#breadcrumb"},"inLanguage":"de","potentialAction":[{"@type":"ReadAction","target":["https:\/\/www.schwarzwaldverein-st-georgen.de\/index.php\/event\/lauterbacher-wandersteig-3\/"]}]},{"@type":"ImageObject","inLanguage":"de","@id":"https:\/\/www.schwarzwaldverein-st-georgen.de\/index.php\/event\/lauterbacher-wandersteig-3\/#primaryimage","url":"https:\/\/www.schwarzwaldverein-st-georgen.de\/wp-content\/uploads\/2026\/Lauterbach-I-1-scaled.jpg","contentUrl":"https:\/\/www.schwarzwaldverein-st-georgen.de\/wp-content\/uploads\/2026\/Lauterbach-I-1-scaled.jpg","width":2560,"height":1920},{"@type":"BreadcrumbList","@id":"https:\/\/www.schwarzwaldverein-st-georgen.de\/index.php\/event\/lauterbacher-wandersteig-3\/#breadcrumb","itemListElement":[{"@type":"ListItem","position":1,"name":"Start","item":"https:\/\/www.schwarzwaldverein-st-georgen.de\/"},{"@type":"ListItem","position":2,"name":"Veranstaltungen","item":"https:\/\/www.schwarzwaldverein-st-georgen.de\/index.php\/events\/"},{"@type":"ListItem","position":3,"name":"Lauterbacher Wandersteig"}]},{"@type":"WebSite","@id":"https:\/\/www.schwarzwaldverein-st-georgen.de\/#website","url":"https:\/\/www.schwarzwaldverein-st-georgen.de\/","name":"Schwarzwaldverein St. Georgen e.V.","description":"Wandern, Wege, Naturschutz, Familien, Wanderheim Lindenb\u00fcble","potentialAction":[{"@type":"SearchAction","target":{"@type":"EntryPoint","urlTemplate":"https:\/\/www.schwarzwaldverein-st-georgen.de\/?s={search_term_string}"},"query-input":{"@type":"PropertyValueSpecification","valueRequired":true,"valueName":"search_term_string"}}],"inLanguage":"de"}]}},"ticketed":false,"_links":{"self":[{"href":"https:\/\/www.schwarzwaldverein-st-georgen.de\/index.php\/wp-json\/wp\/v2\/tribe_events\/2941","targetHints":{"allow":["GET"]}}],"collection":[{"href":"https:\/\/www.schwarzwaldverein-st-georgen.de\/index.php\/wp-json\/wp\/v2\/tribe_events"}],"about":[{"href":"https:\/\/www.schwarzwaldverein-st-georgen.de\/index.php\/wp-json\/wp\/v2\/types\/tribe_events"}],"author":[{"embeddable":true,"href":"https:\/\/www.schwarzwaldverein-st-georgen.de\/index.php\/wp-json\/wp\/v2\/users\/1"}],"replies":[{"embeddable":true,"href":"https:\/\/www.schwarzwaldverein-st-georgen.de\/index.php\/wp-json\/wp\/v2\/comments?post=2941"}],"version-history":[{"count":2,"href":"https:\/\/www.schwarzwaldverein-st-georgen.de\/index.php\/wp-json\/wp\/v2\/tribe_events\/2941\/revisions"}],"predecessor-version":[{"id":3011,"href":"https:\/\/www.schwarzwaldverein-st-georgen.de\/index.php\/wp-json\/wp\/v2\/tribe_events\/2941\/revisions\/3011"}],"wp:featuredmedia":[{"embeddable":true,"href":"https:\/\/www.schwarzwaldverein-st-georgen.de\/index.php\/wp-json\/wp\/v2\/media\/2816"}],"wp:attachment":[{"href":"https:\/\/www.schwarzwaldverein-st-georgen.de\/index.php\/wp-json\/wp\/v2\/media?parent=2941"}],"wp:term":[{"taxonomy":"post_tag","embeddable":true,"href":"https:\/\/www.schwarzwaldverein-st-georgen.de\/index.php\/wp-json\/wp\/v2\/tags?post=2941"},{"taxonomy":"tribe_events_cat","embeddable":true,"href":"https:\/\/www.schwarzwaldverein-st-georgen.de\/index.php\/wp-json\/wp\/v2\/tribe_events_cat?post=2941"}],"curies":[{"name":"wp","href":"https:\/\/api.w.org\/{rel}","templated":true}]}}