{"id":2940,"date":"2026-01-25T17:25:55","date_gmt":"2026-01-25T16:25:55","guid":{"rendered":"https:\/\/www.schwarzwaldverein-st-georgen.de\/index.php\/event\/philippsruhe-igellochfelsen-runde-2\/"},"modified":"2026-01-25T18:05:58","modified_gmt":"2026-01-25T17:05:58","slug":"philippsruhe-igellochfelsen-runde-2","status":"publish","type":"tribe_events","link":"https:\/\/www.schwarzwaldverein-st-georgen.de\/index.php\/event\/philippsruhe-igellochfelsen-runde-2\/","title":{"rendered":"Philippsruhe &#8211; Igellochfelsen Runde"},"content":{"rendered":"<p>Wir starten am Windkapf. Von hier aus f\u00fchrt der Weg zun\u00e4chst durch abwechslungsreiche Waldpfade und offene Landschaften. Bereits nach wenigen Kilometern erreichen wir die Philippsruhe-Schutzh\u00fctte, einen idyllischen Aussichtspunkt mit herrlichem Blick \u00fcber das Tal. Weiter geht es \u00fcber gut ausgebaute Wanderwege und teils naturbelassene Pfade in Richtung Hofgut Pechloch. Schlie\u00dflich gelangen wir zum Igellochfelsen, einer markanten Felsformation mit beeindruckender Aussicht und einem Hauch Abenteuer. Der R\u00fcckweg f\u00fchrt \u00fcber sanfte Steigungen und Waldwege zur\u00fcck zum Ausgangspunkt am Windkapf. <br \/>Wanderf\u00fchrung: Katja Seemann <br \/>Gehzeit:  3 Std. <br \/>Strecke: 14 km, 420 hm <br \/>Treffpunkt: 11.00 Uhr, Parkplatz Klosterweiher <br \/>Anmeldung: 0151\/41820939 ab 18 Uhr oder katja.geht.wandern@hotmail.com <\/p>\n<table>\n<tbody>\n<tr>\n<td class=\"tdh_wp\">Wanderf\u00fchrung: <\/td>\n<td class=\"tdh_wp\">Katja Seemann<\/td>\n<\/tr>\n<tr>\n<td class=\"td_wp\">Gehzeit:<\/td>\n<td class=\"td_wp\">3 Std.<br \/>14 km, 420 hm<\/td>\n<\/tr>\n<tr>\n<td class=\"td_wp\">Kategorie 3<\/td>\n<td class=\"td_wp\"><img loading=\"lazy\" decoding=\"async\" class=\"alignnone\" src=\"https:\/\/www.schwarzwaldverein-st-georgen.de\/wp-content\/uploads\/blaueRaute.png\" alt=\"\" width=\"30\" height=\"16\" \/><\/td>\n<\/tr>\n<tr>\n<td class=\"td_wp\">Treffpunkt:<\/td>\n<td class=\"td_wp\">11:00 Uhr, Parkplatz Klosterweiher<\/td>\n<\/tr>\n<tr>\n<td class=\"td_wp\">Anmeldung:<\/td>\n<td class=\"td_wp\">katja.geht.wandern@hotmail.com<br \/>oder<br \/>0151\/41820939 ab 18 Uhr<\/td>\n<\/tr>\n<\/tbody>\n<\/table>\n<p><small>Bildquelle: Katja Seemann<a>CC BY-ND<\/a><\/small><\/p>\n","protected":false},"excerpt":{"rendered":"<p>Wir starten am Windkapf. Von hier aus f\u00fchrt der Weg zun\u00e4chst durch abwechslungsreiche Waldpfade und offene Landschaften. Bereits nach wenigen Kilometern erreichen wir die Philippsruhe-Schutzh\u00fctte, einen idyllischen Aussichtspunkt mit herrlichem Blick \u00fcber das Tal. Weiter geht es \u00fcber gut ausgebaute Wanderwege und teils naturbelassene Pfade in Richtung Hofgut Pechloch. Schlie\u00dflich gelangen wir zum Igellochfelsen, einer &hellip; <\/p>\n<p><a class=\"more-link btn\" href=\"https:\/\/www.schwarzwaldverein-st-georgen.de\/index.php\/event\/philippsruhe-igellochfelsen-runde-2\/\">Weiterlesen<\/a><\/p>\n","protected":false},"author":1,"featured_media":2815,"comment_status":"closed","ping_status":"closed","template":"","meta":{"_price":"","_stock":"","_tribe_ticket_header":"","_tribe_default_ticket_provider":"","_ticket_start_date":"","_ticket_end_date":"","_tribe_ticket_show_description":"","_tribe_ticket_show_not_going":false,"_tribe_ticket_use_global_stock":"","_tribe_ticket_global_stock_level":"","_global_stock_mode":"","_global_stock_cap":"","_tribe_rsvp_for_event":"","_tribe_ticket_going_count":"","_tribe_ticket_not_going_count":"","_tribe_tickets_list":"[]","_tribe_ticket_has_attendee_info_fields":false,"_tribe_events_status":"","_tribe_events_status_reason":"","footnotes":"","_tec_slr_enabled":"","_tec_slr_layout":""},"tags":[],"tribe_events_cat":[2,7],"class_list":["post-2940","tribe_events","type-tribe_events","status-publish","has-post-thumbnail","hentry","tribe_events_cat-jahresprogramm","tribe_events_cat-wanderung","cat_jahresprogramm","cat_wanderung","nodate","item-wrap"],"yoast_head":"<!-- This site is optimized with the Yoast SEO plugin v26.8 - https:\/\/yoast.com\/product\/yoast-seo-wordpress\/ -->\n<title>Philippsruhe - Igellochfelsen Runde - Schwarzwaldverein St. Georgen e.V.<\/title>\n<meta name=\"robots\" content=\"index, follow, max-snippet:-1, max-image-preview:large, max-video-preview:-1\" \/>\n<link rel=\"canonical\" href=\"https:\/\/www.schwarzwaldverein-st-georgen.de\/index.php\/event\/philippsruhe-igellochfelsen-runde-2\/\" \/>\n<meta property=\"og:locale\" content=\"de_DE\" \/>\n<meta property=\"og:type\" content=\"article\" \/>\n<meta property=\"og:title\" content=\"Philippsruhe - Igellochfelsen Runde - Schwarzwaldverein St. Georgen e.V.\" \/>\n<meta property=\"og:description\" content=\"Wir starten am Windkapf. Von hier aus f\u00fchrt der Weg zun\u00e4chst durch abwechslungsreiche Waldpfade und offene Landschaften. Bereits nach wenigen Kilometern erreichen wir die Philippsruhe-Schutzh\u00fctte, einen idyllischen Aussichtspunkt mit herrlichem Blick \u00fcber das Tal. Weiter geht es \u00fcber gut ausgebaute Wanderwege und teils naturbelassene Pfade in Richtung Hofgut Pechloch. Schlie\u00dflich gelangen wir zum Igellochfelsen, einer &hellip; Weiterlesen\" \/>\n<meta property=\"og:url\" content=\"https:\/\/www.schwarzwaldverein-st-georgen.de\/index.php\/event\/philippsruhe-igellochfelsen-runde-2\/\" \/>\n<meta property=\"og:site_name\" content=\"Schwarzwaldverein St. Georgen e.V.\" \/>\n<meta property=\"article:modified_time\" content=\"2026-01-25T17:05:58+00:00\" \/>\n<meta property=\"og:image\" content=\"https:\/\/www.schwarzwaldverein-st-georgen.de\/wp-content\/uploads\/2026\/Igelloch-Felsen-I-1-scaled.jpg\" \/>\n\t<meta property=\"og:image:width\" content=\"1920\" \/>\n\t<meta property=\"og:image:height\" content=\"2560\" \/>\n\t<meta property=\"og:image:type\" content=\"image\/jpeg\" \/>\n<meta name=\"twitter:card\" content=\"summary_large_image\" \/>\n<meta name=\"twitter:label1\" content=\"Gesch\u00e4tzte Lesezeit\" \/>\n\t<meta name=\"twitter:data1\" content=\"2\u00a0Minuten\" \/>\n<script type=\"application\/ld+json\" class=\"yoast-schema-graph\">{\"@context\":\"https:\/\/schema.org\",\"@graph\":[{\"@type\":\"WebPage\",\"@id\":\"https:\/\/www.schwarzwaldverein-st-georgen.de\/index.php\/event\/philippsruhe-igellochfelsen-runde-2\/\",\"url\":\"https:\/\/www.schwarzwaldverein-st-georgen.de\/index.php\/event\/philippsruhe-igellochfelsen-runde-2\/\",\"name\":\"Philippsruhe - Igellochfelsen Runde - Schwarzwaldverein St. Georgen e.V.\",\"isPartOf\":{\"@id\":\"https:\/\/www.schwarzwaldverein-st-georgen.de\/#website\"},\"primaryImageOfPage\":{\"@id\":\"https:\/\/www.schwarzwaldverein-st-georgen.de\/index.php\/event\/philippsruhe-igellochfelsen-runde-2\/#primaryimage\"},\"image\":{\"@id\":\"https:\/\/www.schwarzwaldverein-st-georgen.de\/index.php\/event\/philippsruhe-igellochfelsen-runde-2\/#primaryimage\"},\"thumbnailUrl\":\"https:\/\/www.schwarzwaldverein-st-georgen.de\/wp-content\/uploads\/2026\/Igelloch-Felsen-I-1-scaled.jpg\",\"datePublished\":\"2026-01-25T16:25:55+00:00\",\"dateModified\":\"2026-01-25T17:05:58+00:00\",\"breadcrumb\":{\"@id\":\"https:\/\/www.schwarzwaldverein-st-georgen.de\/index.php\/event\/philippsruhe-igellochfelsen-runde-2\/#breadcrumb\"},\"inLanguage\":\"de\",\"potentialAction\":[{\"@type\":\"ReadAction\",\"target\":[\"https:\/\/www.schwarzwaldverein-st-georgen.de\/index.php\/event\/philippsruhe-igellochfelsen-runde-2\/\"]}]},{\"@type\":\"ImageObject\",\"inLanguage\":\"de\",\"@id\":\"https:\/\/www.schwarzwaldverein-st-georgen.de\/index.php\/event\/philippsruhe-igellochfelsen-runde-2\/#primaryimage\",\"url\":\"https:\/\/www.schwarzwaldverein-st-georgen.de\/wp-content\/uploads\/2026\/Igelloch-Felsen-I-1-scaled.jpg\",\"contentUrl\":\"https:\/\/www.schwarzwaldverein-st-georgen.de\/wp-content\/uploads\/2026\/Igelloch-Felsen-I-1-scaled.jpg\",\"width\":1920,\"height\":2560},{\"@type\":\"BreadcrumbList\",\"@id\":\"https:\/\/www.schwarzwaldverein-st-georgen.de\/index.php\/event\/philippsruhe-igellochfelsen-runde-2\/#breadcrumb\",\"itemListElement\":[{\"@type\":\"ListItem\",\"position\":1,\"name\":\"Start\",\"item\":\"https:\/\/www.schwarzwaldverein-st-georgen.de\/\"},{\"@type\":\"ListItem\",\"position\":2,\"name\":\"Veranstaltungen\",\"item\":\"https:\/\/www.schwarzwaldverein-st-georgen.de\/index.php\/events\/\"},{\"@type\":\"ListItem\",\"position\":3,\"name\":\"Philippsruhe &#8211; Igellochfelsen Runde\"}]},{\"@type\":\"WebSite\",\"@id\":\"https:\/\/www.schwarzwaldverein-st-georgen.de\/#website\",\"url\":\"https:\/\/www.schwarzwaldverein-st-georgen.de\/\",\"name\":\"Schwarzwaldverein St. Georgen e.V.\",\"description\":\"Wandern, Wege, Naturschutz, Familien, Wanderheim Lindenb\u00fcble\",\"potentialAction\":[{\"@type\":\"SearchAction\",\"target\":{\"@type\":\"EntryPoint\",\"urlTemplate\":\"https:\/\/www.schwarzwaldverein-st-georgen.de\/?s={search_term_string}\"},\"query-input\":{\"@type\":\"PropertyValueSpecification\",\"valueRequired\":true,\"valueName\":\"search_term_string\"}}],\"inLanguage\":\"de\"}]}<\/script>\n<!-- \/ Yoast SEO plugin. -->","yoast_head_json":{"title":"Philippsruhe - Igellochfelsen Runde - Schwarzwaldverein St. Georgen e.V.","robots":{"index":"index","follow":"follow","max-snippet":"max-snippet:-1","max-image-preview":"max-image-preview:large","max-video-preview":"max-video-preview:-1"},"canonical":"https:\/\/www.schwarzwaldverein-st-georgen.de\/index.php\/event\/philippsruhe-igellochfelsen-runde-2\/","og_locale":"de_DE","og_type":"article","og_title":"Philippsruhe - Igellochfelsen Runde - Schwarzwaldverein St. Georgen e.V.","og_description":"Wir starten am Windkapf. Von hier aus f\u00fchrt der Weg zun\u00e4chst durch abwechslungsreiche Waldpfade und offene Landschaften. Bereits nach wenigen Kilometern erreichen wir die Philippsruhe-Schutzh\u00fctte, einen idyllischen Aussichtspunkt mit herrlichem Blick \u00fcber das Tal. Weiter geht es \u00fcber gut ausgebaute Wanderwege und teils naturbelassene Pfade in Richtung Hofgut Pechloch. Schlie\u00dflich gelangen wir zum Igellochfelsen, einer &hellip; Weiterlesen","og_url":"https:\/\/www.schwarzwaldverein-st-georgen.de\/index.php\/event\/philippsruhe-igellochfelsen-runde-2\/","og_site_name":"Schwarzwaldverein St. Georgen e.V.","article_modified_time":"2026-01-25T17:05:58+00:00","og_image":[{"width":1920,"height":2560,"url":"https:\/\/www.schwarzwaldverein-st-georgen.de\/wp-content\/uploads\/2026\/Igelloch-Felsen-I-1-scaled.jpg","type":"image\/jpeg"}],"twitter_card":"summary_large_image","twitter_misc":{"Gesch\u00e4tzte Lesezeit":"2\u00a0Minuten"},"schema":{"@context":"https:\/\/schema.org","@graph":[{"@type":"WebPage","@id":"https:\/\/www.schwarzwaldverein-st-georgen.de\/index.php\/event\/philippsruhe-igellochfelsen-runde-2\/","url":"https:\/\/www.schwarzwaldverein-st-georgen.de\/index.php\/event\/philippsruhe-igellochfelsen-runde-2\/","name":"Philippsruhe - Igellochfelsen Runde - Schwarzwaldverein St. Georgen e.V.","isPartOf":{"@id":"https:\/\/www.schwarzwaldverein-st-georgen.de\/#website"},"primaryImageOfPage":{"@id":"https:\/\/www.schwarzwaldverein-st-georgen.de\/index.php\/event\/philippsruhe-igellochfelsen-runde-2\/#primaryimage"},"image":{"@id":"https:\/\/www.schwarzwaldverein-st-georgen.de\/index.php\/event\/philippsruhe-igellochfelsen-runde-2\/#primaryimage"},"thumbnailUrl":"https:\/\/www.schwarzwaldverein-st-georgen.de\/wp-content\/uploads\/2026\/Igelloch-Felsen-I-1-scaled.jpg","datePublished":"2026-01-25T16:25:55+00:00","dateModified":"2026-01-25T17:05:58+00:00","breadcrumb":{"@id":"https:\/\/www.schwarzwaldverein-st-georgen.de\/index.php\/event\/philippsruhe-igellochfelsen-runde-2\/#breadcrumb"},"inLanguage":"de","potentialAction":[{"@type":"ReadAction","target":["https:\/\/www.schwarzwaldverein-st-georgen.de\/index.php\/event\/philippsruhe-igellochfelsen-runde-2\/"]}]},{"@type":"ImageObject","inLanguage":"de","@id":"https:\/\/www.schwarzwaldverein-st-georgen.de\/index.php\/event\/philippsruhe-igellochfelsen-runde-2\/#primaryimage","url":"https:\/\/www.schwarzwaldverein-st-georgen.de\/wp-content\/uploads\/2026\/Igelloch-Felsen-I-1-scaled.jpg","contentUrl":"https:\/\/www.schwarzwaldverein-st-georgen.de\/wp-content\/uploads\/2026\/Igelloch-Felsen-I-1-scaled.jpg","width":1920,"height":2560},{"@type":"BreadcrumbList","@id":"https:\/\/www.schwarzwaldverein-st-georgen.de\/index.php\/event\/philippsruhe-igellochfelsen-runde-2\/#breadcrumb","itemListElement":[{"@type":"ListItem","position":1,"name":"Start","item":"https:\/\/www.schwarzwaldverein-st-georgen.de\/"},{"@type":"ListItem","position":2,"name":"Veranstaltungen","item":"https:\/\/www.schwarzwaldverein-st-georgen.de\/index.php\/events\/"},{"@type":"ListItem","position":3,"name":"Philippsruhe &#8211; Igellochfelsen Runde"}]},{"@type":"WebSite","@id":"https:\/\/www.schwarzwaldverein-st-georgen.de\/#website","url":"https:\/\/www.schwarzwaldverein-st-georgen.de\/","name":"Schwarzwaldverein St. Georgen e.V.","description":"Wandern, Wege, Naturschutz, Familien, Wanderheim Lindenb\u00fcble","potentialAction":[{"@type":"SearchAction","target":{"@type":"EntryPoint","urlTemplate":"https:\/\/www.schwarzwaldverein-st-georgen.de\/?s={search_term_string}"},"query-input":{"@type":"PropertyValueSpecification","valueRequired":true,"valueName":"search_term_string"}}],"inLanguage":"de"}]}},"ticketed":false,"_links":{"self":[{"href":"https:\/\/www.schwarzwaldverein-st-georgen.de\/index.php\/wp-json\/wp\/v2\/tribe_events\/2940","targetHints":{"allow":["GET"]}}],"collection":[{"href":"https:\/\/www.schwarzwaldverein-st-georgen.de\/index.php\/wp-json\/wp\/v2\/tribe_events"}],"about":[{"href":"https:\/\/www.schwarzwaldverein-st-georgen.de\/index.php\/wp-json\/wp\/v2\/types\/tribe_events"}],"author":[{"embeddable":true,"href":"https:\/\/www.schwarzwaldverein-st-georgen.de\/index.php\/wp-json\/wp\/v2\/users\/1"}],"replies":[{"embeddable":true,"href":"https:\/\/www.schwarzwaldverein-st-georgen.de\/index.php\/wp-json\/wp\/v2\/comments?post=2940"}],"version-history":[{"count":1,"href":"https:\/\/www.schwarzwaldverein-st-georgen.de\/index.php\/wp-json\/wp\/v2\/tribe_events\/2940\/revisions"}],"predecessor-version":[{"id":2962,"href":"https:\/\/www.schwarzwaldverein-st-georgen.de\/index.php\/wp-json\/wp\/v2\/tribe_events\/2940\/revisions\/2962"}],"wp:featuredmedia":[{"embeddable":true,"href":"https:\/\/www.schwarzwaldverein-st-georgen.de\/index.php\/wp-json\/wp\/v2\/media\/2815"}],"wp:attachment":[{"href":"https:\/\/www.schwarzwaldverein-st-georgen.de\/index.php\/wp-json\/wp\/v2\/media?parent=2940"}],"wp:term":[{"taxonomy":"post_tag","embeddable":true,"href":"https:\/\/www.schwarzwaldverein-st-georgen.de\/index.php\/wp-json\/wp\/v2\/tags?post=2940"},{"taxonomy":"tribe_events_cat","embeddable":true,"href":"https:\/\/www.schwarzwaldverein-st-georgen.de\/index.php\/wp-json\/wp\/v2\/tribe_events_cat?post=2940"}],"curies":[{"name":"wp","href":"https:\/\/api.w.org\/{rel}","templated":true}]}}