{"id":2927,"date":"2026-01-25T17:23:57","date_gmt":"2026-01-25T16:23:57","guid":{"rendered":"https:\/\/www.schwarzwaldverein-st-georgen.de\/index.php\/event\/rote-raute-treff-tag-der-artenvielfalt-im-wanderheim-lindenbueble-3\/"},"modified":"2026-01-25T18:06:01","modified_gmt":"2026-01-25T17:06:01","slug":"rote-raute-treff-tag-der-artenvielfalt-im-wanderheim-lindenbueble-3","status":"publish","type":"tribe_events","link":"https:\/\/www.schwarzwaldverein-st-georgen.de\/index.php\/event\/rote-raute-treff-tag-der-artenvielfalt-im-wanderheim-lindenbueble-3\/","title":{"rendered":"Rote &#8211; Raute &#8211; Treff: Tag der Artenvielfalt im Wanderheim Lindenb\u00fcble"},"content":{"rendered":"<p>Kleine und gro\u00dfe Besucher des Wanderheims erwartet ein kleines Programm zur Artenvielfalt von Fauna und Flora. Abh\u00e4ngig vom Wetter und dem Fr\u00fchjahrsverlauf schauen wir uns an, was die Natur uns schon zu bieten hat. Details zur Uhrzeit werden kurzfristig \u00fcber Presse und Crossiety bekannt gegeben. <\/p>\n<table>\n<tbody>\n<tr>\n<td class=\"tdh_wp\">Wanderf\u00fchrung: <\/td>\n<td class=\"tdh_wp\"><\/td>\n<\/tr>\n<tr>\n<td class=\"td_wp\">Gehzeit:<\/td>\n<td class=\"td_wp\"><\/td>\n<\/tr>\n<tr>\n<td class=\"td_wp\">Treffpunkt:<\/td>\n<td class=\"td_wp\">10:00 Uhr, Wanderheim Lindenb\u00fcble<\/td>\n<\/tr>\n<tr>\n<td class=\"td_wp\">Anmeldung:<\/td>\n<td class=\"td_wp\"><\/td>\n<\/tr>\n<\/tbody>\n<\/table>\n<p><small>Bildquelle: Axel Heinzmann, <a>CC BY-ND<\/a><\/small><\/p>\n","protected":false},"excerpt":{"rendered":"<p>Kleine und gro\u00dfe Besucher des Wanderheims erwartet ein kleines Programm zur Artenvielfalt von Fauna und Flora. Abh\u00e4ngig vom Wetter und dem Fr\u00fchjahrsverlauf schauen wir uns an, was die Natur uns schon zu bieten hat. Details zur Uhrzeit werden kurzfristig \u00fcber Presse und Crossiety bekannt gegeben. Wanderf\u00fchrung: Gehzeit: Treffpunkt: 10:00 Uhr, Wanderheim Lindenb\u00fcble Anmeldung: Bildquelle: Axel &hellip; <\/p>\n<p><a class=\"more-link btn\" href=\"https:\/\/www.schwarzwaldverein-st-georgen.de\/index.php\/event\/rote-raute-treff-tag-der-artenvielfalt-im-wanderheim-lindenbueble-3\/\">Weiterlesen<\/a><\/p>\n","protected":false},"author":1,"featured_media":2792,"comment_status":"closed","ping_status":"closed","template":"","meta":{"_price":"","_stock":"","_tribe_ticket_header":"","_tribe_default_ticket_provider":"","_ticket_start_date":"","_ticket_end_date":"","_tribe_ticket_show_description":"","_tribe_ticket_show_not_going":false,"_tribe_ticket_use_global_stock":"","_tribe_ticket_global_stock_level":"","_global_stock_mode":"","_global_stock_cap":"","_tribe_rsvp_for_event":"","_tribe_ticket_going_count":"","_tribe_ticket_not_going_count":"","_tribe_tickets_list":"[]","_tribe_ticket_has_attendee_info_fields":false,"_tribe_events_status":"","_tribe_events_status_reason":"","footnotes":"","_tec_slr_enabled":"","_tec_slr_layout":""},"tags":[],"tribe_events_cat":[2,3],"class_list":["post-2927","tribe_events","type-tribe_events","status-publish","has-post-thumbnail","hentry","tribe_events_cat-jahresprogramm","tribe_events_cat-rote-raute-treff","cat_jahresprogramm","cat_rote-raute-treff","nodate","item-wrap"],"yoast_head":"<!-- This site is optimized with the Yoast SEO plugin v26.8 - https:\/\/yoast.com\/product\/yoast-seo-wordpress\/ -->\n<title>Rote - Raute - Treff: Tag der Artenvielfalt im Wanderheim Lindenb\u00fcble - Schwarzwaldverein St. Georgen e.V.<\/title>\n<meta name=\"robots\" content=\"index, follow, max-snippet:-1, max-image-preview:large, max-video-preview:-1\" \/>\n<link rel=\"canonical\" href=\"https:\/\/www.schwarzwaldverein-st-georgen.de\/index.php\/event\/rote-raute-treff-tag-der-artenvielfalt-im-wanderheim-lindenbueble-3\/\" \/>\n<meta property=\"og:locale\" content=\"de_DE\" \/>\n<meta property=\"og:type\" content=\"article\" \/>\n<meta property=\"og:title\" content=\"Rote - Raute - Treff: Tag der Artenvielfalt im Wanderheim Lindenb\u00fcble - Schwarzwaldverein St. Georgen e.V.\" \/>\n<meta property=\"og:description\" content=\"Kleine und gro\u00dfe Besucher des Wanderheims erwartet ein kleines Programm zur Artenvielfalt von Fauna und Flora. Abh\u00e4ngig vom Wetter und dem Fr\u00fchjahrsverlauf schauen wir uns an, was die Natur uns schon zu bieten hat. Details zur Uhrzeit werden kurzfristig \u00fcber Presse und Crossiety bekannt gegeben. Wanderf\u00fchrung: Gehzeit: Treffpunkt: 10:00 Uhr, Wanderheim Lindenb\u00fcble Anmeldung: Bildquelle: Axel &hellip; Weiterlesen\" \/>\n<meta property=\"og:url\" content=\"https:\/\/www.schwarzwaldverein-st-georgen.de\/index.php\/event\/rote-raute-treff-tag-der-artenvielfalt-im-wanderheim-lindenbueble-3\/\" \/>\n<meta property=\"og:site_name\" content=\"Schwarzwaldverein St. Georgen e.V.\" \/>\n<meta property=\"article:modified_time\" content=\"2026-01-25T17:06:01+00:00\" \/>\n<meta property=\"og:image\" content=\"https:\/\/www.schwarzwaldverein-st-georgen.de\/wp-content\/uploads\/2026\/IMG_0091.jpg\" \/>\n\t<meta property=\"og:image:width\" content=\"675\" \/>\n\t<meta property=\"og:image:height\" content=\"900\" \/>\n\t<meta property=\"og:image:type\" content=\"image\/jpeg\" \/>\n<meta name=\"twitter:card\" content=\"summary_large_image\" \/>\n<meta name=\"twitter:label1\" content=\"Gesch\u00e4tzte Lesezeit\" \/>\n\t<meta name=\"twitter:data1\" content=\"1\u00a0Minute\" \/>\n<script type=\"application\/ld+json\" class=\"yoast-schema-graph\">{\"@context\":\"https:\/\/schema.org\",\"@graph\":[{\"@type\":\"WebPage\",\"@id\":\"https:\/\/www.schwarzwaldverein-st-georgen.de\/index.php\/event\/rote-raute-treff-tag-der-artenvielfalt-im-wanderheim-lindenbueble-3\/\",\"url\":\"https:\/\/www.schwarzwaldverein-st-georgen.de\/index.php\/event\/rote-raute-treff-tag-der-artenvielfalt-im-wanderheim-lindenbueble-3\/\",\"name\":\"Rote - Raute - Treff: Tag der Artenvielfalt im Wanderheim Lindenb\u00fcble - Schwarzwaldverein St. Georgen e.V.\",\"isPartOf\":{\"@id\":\"https:\/\/www.schwarzwaldverein-st-georgen.de\/#website\"},\"primaryImageOfPage\":{\"@id\":\"https:\/\/www.schwarzwaldverein-st-georgen.de\/index.php\/event\/rote-raute-treff-tag-der-artenvielfalt-im-wanderheim-lindenbueble-3\/#primaryimage\"},\"image\":{\"@id\":\"https:\/\/www.schwarzwaldverein-st-georgen.de\/index.php\/event\/rote-raute-treff-tag-der-artenvielfalt-im-wanderheim-lindenbueble-3\/#primaryimage\"},\"thumbnailUrl\":\"https:\/\/www.schwarzwaldverein-st-georgen.de\/wp-content\/uploads\/2026\/IMG_0091.jpg\",\"datePublished\":\"2026-01-25T16:23:57+00:00\",\"dateModified\":\"2026-01-25T17:06:01+00:00\",\"breadcrumb\":{\"@id\":\"https:\/\/www.schwarzwaldverein-st-georgen.de\/index.php\/event\/rote-raute-treff-tag-der-artenvielfalt-im-wanderheim-lindenbueble-3\/#breadcrumb\"},\"inLanguage\":\"de\",\"potentialAction\":[{\"@type\":\"ReadAction\",\"target\":[\"https:\/\/www.schwarzwaldverein-st-georgen.de\/index.php\/event\/rote-raute-treff-tag-der-artenvielfalt-im-wanderheim-lindenbueble-3\/\"]}]},{\"@type\":\"ImageObject\",\"inLanguage\":\"de\",\"@id\":\"https:\/\/www.schwarzwaldverein-st-georgen.de\/index.php\/event\/rote-raute-treff-tag-der-artenvielfalt-im-wanderheim-lindenbueble-3\/#primaryimage\",\"url\":\"https:\/\/www.schwarzwaldverein-st-georgen.de\/wp-content\/uploads\/2026\/IMG_0091.jpg\",\"contentUrl\":\"https:\/\/www.schwarzwaldverein-st-georgen.de\/wp-content\/uploads\/2026\/IMG_0091.jpg\",\"width\":675,\"height\":900},{\"@type\":\"BreadcrumbList\",\"@id\":\"https:\/\/www.schwarzwaldverein-st-georgen.de\/index.php\/event\/rote-raute-treff-tag-der-artenvielfalt-im-wanderheim-lindenbueble-3\/#breadcrumb\",\"itemListElement\":[{\"@type\":\"ListItem\",\"position\":1,\"name\":\"Start\",\"item\":\"https:\/\/www.schwarzwaldverein-st-georgen.de\/\"},{\"@type\":\"ListItem\",\"position\":2,\"name\":\"Veranstaltungen\",\"item\":\"https:\/\/www.schwarzwaldverein-st-georgen.de\/index.php\/events\/\"},{\"@type\":\"ListItem\",\"position\":3,\"name\":\"Rote &#8211; Raute &#8211; Treff: Tag der Artenvielfalt im Wanderheim Lindenb\u00fcble\"}]},{\"@type\":\"WebSite\",\"@id\":\"https:\/\/www.schwarzwaldverein-st-georgen.de\/#website\",\"url\":\"https:\/\/www.schwarzwaldverein-st-georgen.de\/\",\"name\":\"Schwarzwaldverein St. Georgen e.V.\",\"description\":\"Wandern, Wege, Naturschutz, Familien, Wanderheim Lindenb\u00fcble\",\"potentialAction\":[{\"@type\":\"SearchAction\",\"target\":{\"@type\":\"EntryPoint\",\"urlTemplate\":\"https:\/\/www.schwarzwaldverein-st-georgen.de\/?s={search_term_string}\"},\"query-input\":{\"@type\":\"PropertyValueSpecification\",\"valueRequired\":true,\"valueName\":\"search_term_string\"}}],\"inLanguage\":\"de\"}]}<\/script>\n<!-- \/ Yoast SEO plugin. -->","yoast_head_json":{"title":"Rote - Raute - Treff: Tag der Artenvielfalt im Wanderheim Lindenb\u00fcble - Schwarzwaldverein St. Georgen e.V.","robots":{"index":"index","follow":"follow","max-snippet":"max-snippet:-1","max-image-preview":"max-image-preview:large","max-video-preview":"max-video-preview:-1"},"canonical":"https:\/\/www.schwarzwaldverein-st-georgen.de\/index.php\/event\/rote-raute-treff-tag-der-artenvielfalt-im-wanderheim-lindenbueble-3\/","og_locale":"de_DE","og_type":"article","og_title":"Rote - Raute - Treff: Tag der Artenvielfalt im Wanderheim Lindenb\u00fcble - Schwarzwaldverein St. Georgen e.V.","og_description":"Kleine und gro\u00dfe Besucher des Wanderheims erwartet ein kleines Programm zur Artenvielfalt von Fauna und Flora. Abh\u00e4ngig vom Wetter und dem Fr\u00fchjahrsverlauf schauen wir uns an, was die Natur uns schon zu bieten hat. Details zur Uhrzeit werden kurzfristig \u00fcber Presse und Crossiety bekannt gegeben. Wanderf\u00fchrung: Gehzeit: Treffpunkt: 10:00 Uhr, Wanderheim Lindenb\u00fcble Anmeldung: Bildquelle: Axel &hellip; Weiterlesen","og_url":"https:\/\/www.schwarzwaldverein-st-georgen.de\/index.php\/event\/rote-raute-treff-tag-der-artenvielfalt-im-wanderheim-lindenbueble-3\/","og_site_name":"Schwarzwaldverein St. Georgen e.V.","article_modified_time":"2026-01-25T17:06:01+00:00","og_image":[{"width":675,"height":900,"url":"https:\/\/www.schwarzwaldverein-st-georgen.de\/wp-content\/uploads\/2026\/IMG_0091.jpg","type":"image\/jpeg"}],"twitter_card":"summary_large_image","twitter_misc":{"Gesch\u00e4tzte Lesezeit":"1\u00a0Minute"},"schema":{"@context":"https:\/\/schema.org","@graph":[{"@type":"WebPage","@id":"https:\/\/www.schwarzwaldverein-st-georgen.de\/index.php\/event\/rote-raute-treff-tag-der-artenvielfalt-im-wanderheim-lindenbueble-3\/","url":"https:\/\/www.schwarzwaldverein-st-georgen.de\/index.php\/event\/rote-raute-treff-tag-der-artenvielfalt-im-wanderheim-lindenbueble-3\/","name":"Rote - Raute - Treff: Tag der Artenvielfalt im Wanderheim Lindenb\u00fcble - Schwarzwaldverein St. Georgen e.V.","isPartOf":{"@id":"https:\/\/www.schwarzwaldverein-st-georgen.de\/#website"},"primaryImageOfPage":{"@id":"https:\/\/www.schwarzwaldverein-st-georgen.de\/index.php\/event\/rote-raute-treff-tag-der-artenvielfalt-im-wanderheim-lindenbueble-3\/#primaryimage"},"image":{"@id":"https:\/\/www.schwarzwaldverein-st-georgen.de\/index.php\/event\/rote-raute-treff-tag-der-artenvielfalt-im-wanderheim-lindenbueble-3\/#primaryimage"},"thumbnailUrl":"https:\/\/www.schwarzwaldverein-st-georgen.de\/wp-content\/uploads\/2026\/IMG_0091.jpg","datePublished":"2026-01-25T16:23:57+00:00","dateModified":"2026-01-25T17:06:01+00:00","breadcrumb":{"@id":"https:\/\/www.schwarzwaldverein-st-georgen.de\/index.php\/event\/rote-raute-treff-tag-der-artenvielfalt-im-wanderheim-lindenbueble-3\/#breadcrumb"},"inLanguage":"de","potentialAction":[{"@type":"ReadAction","target":["https:\/\/www.schwarzwaldverein-st-georgen.de\/index.php\/event\/rote-raute-treff-tag-der-artenvielfalt-im-wanderheim-lindenbueble-3\/"]}]},{"@type":"ImageObject","inLanguage":"de","@id":"https:\/\/www.schwarzwaldverein-st-georgen.de\/index.php\/event\/rote-raute-treff-tag-der-artenvielfalt-im-wanderheim-lindenbueble-3\/#primaryimage","url":"https:\/\/www.schwarzwaldverein-st-georgen.de\/wp-content\/uploads\/2026\/IMG_0091.jpg","contentUrl":"https:\/\/www.schwarzwaldverein-st-georgen.de\/wp-content\/uploads\/2026\/IMG_0091.jpg","width":675,"height":900},{"@type":"BreadcrumbList","@id":"https:\/\/www.schwarzwaldverein-st-georgen.de\/index.php\/event\/rote-raute-treff-tag-der-artenvielfalt-im-wanderheim-lindenbueble-3\/#breadcrumb","itemListElement":[{"@type":"ListItem","position":1,"name":"Start","item":"https:\/\/www.schwarzwaldverein-st-georgen.de\/"},{"@type":"ListItem","position":2,"name":"Veranstaltungen","item":"https:\/\/www.schwarzwaldverein-st-georgen.de\/index.php\/events\/"},{"@type":"ListItem","position":3,"name":"Rote &#8211; Raute &#8211; Treff: Tag der Artenvielfalt im Wanderheim Lindenb\u00fcble"}]},{"@type":"WebSite","@id":"https:\/\/www.schwarzwaldverein-st-georgen.de\/#website","url":"https:\/\/www.schwarzwaldverein-st-georgen.de\/","name":"Schwarzwaldverein St. Georgen e.V.","description":"Wandern, Wege, Naturschutz, Familien, Wanderheim Lindenb\u00fcble","potentialAction":[{"@type":"SearchAction","target":{"@type":"EntryPoint","urlTemplate":"https:\/\/www.schwarzwaldverein-st-georgen.de\/?s={search_term_string}"},"query-input":{"@type":"PropertyValueSpecification","valueRequired":true,"valueName":"search_term_string"}}],"inLanguage":"de"}]}},"ticketed":false,"_links":{"self":[{"href":"https:\/\/www.schwarzwaldverein-st-georgen.de\/index.php\/wp-json\/wp\/v2\/tribe_events\/2927","targetHints":{"allow":["GET"]}}],"collection":[{"href":"https:\/\/www.schwarzwaldverein-st-georgen.de\/index.php\/wp-json\/wp\/v2\/tribe_events"}],"about":[{"href":"https:\/\/www.schwarzwaldverein-st-georgen.de\/index.php\/wp-json\/wp\/v2\/types\/tribe_events"}],"author":[{"embeddable":true,"href":"https:\/\/www.schwarzwaldverein-st-georgen.de\/index.php\/wp-json\/wp\/v2\/users\/1"}],"replies":[{"embeddable":true,"href":"https:\/\/www.schwarzwaldverein-st-georgen.de\/index.php\/wp-json\/wp\/v2\/comments?post=2927"}],"version-history":[{"count":1,"href":"https:\/\/www.schwarzwaldverein-st-georgen.de\/index.php\/wp-json\/wp\/v2\/tribe_events\/2927\/revisions"}],"predecessor-version":[{"id":2959,"href":"https:\/\/www.schwarzwaldverein-st-georgen.de\/index.php\/wp-json\/wp\/v2\/tribe_events\/2927\/revisions\/2959"}],"wp:featuredmedia":[{"embeddable":true,"href":"https:\/\/www.schwarzwaldverein-st-georgen.de\/index.php\/wp-json\/wp\/v2\/media\/2792"}],"wp:attachment":[{"href":"https:\/\/www.schwarzwaldverein-st-georgen.de\/index.php\/wp-json\/wp\/v2\/media?parent=2927"}],"wp:term":[{"taxonomy":"post_tag","embeddable":true,"href":"https:\/\/www.schwarzwaldverein-st-georgen.de\/index.php\/wp-json\/wp\/v2\/tags?post=2927"},{"taxonomy":"tribe_events_cat","embeddable":true,"href":"https:\/\/www.schwarzwaldverein-st-georgen.de\/index.php\/wp-json\/wp\/v2\/tribe_events_cat?post=2927"}],"curies":[{"name":"wp","href":"https:\/\/api.w.org\/{rel}","templated":true}]}}