{"id":2919,"date":"2026-01-25T17:23:33","date_gmt":"2026-01-25T16:23:33","guid":{"rendered":"https:\/\/www.schwarzwaldverein-st-georgen.de\/index.php\/event\/wanderung-zum-lindenbueble-5\/"},"modified":"2026-01-25T18:06:03","modified_gmt":"2026-01-25T17:06:03","slug":"wanderung-zum-lindenbueble-5","status":"publish","type":"tribe_events","link":"https:\/\/www.schwarzwaldverein-st-georgen.de\/index.php\/event\/wanderung-zum-lindenbueble-5\/","title":{"rendered":"Wanderung zum &#8222;Lindenb\u00fcble&#8220;"},"content":{"rendered":"<p>Zur Saisoner\u00f6ffnung im Wanderheim Lindenb\u00fcble bieten wir traditionell eine leichte Wanderung dorthin an. Vom Parkplatz in Langenschiltach steigen wir hinauf zum Bruckenwald. Auf halber H\u00f6he umgehen wir den Ort Richtung Westen bis zum Kammererhof. Dort beginnt der Abstieg zur Schmelze. Auf dem Weg k\u00f6nnen wir einen Blick auf die &#8222;tiny houses&#8220; werfen. Der Aufstieg auf den Gegenhang bringt uns zu unserem Ziel. Zum R\u00fcckweg starten wir nach dem Kaffee auf einer k\u00fcrzeren Route.<br \/>Wanderf\u00fchrung: Peter Meixner<br \/>Hinweg:  Gehzeit 2 Stunden, Anstiege 191 hm,Abstiege  103 hm <br \/>R\u00fcckweg:Gehzeit 1 \u00bd Stunden, kaum Aufstiege,  Abstiege 110 hm<br \/>Treffpunkt: 10:00 Uhr, Parkplatz Klosterweiher, Fahrt mit privaten Pkws  <br \/>Anmeldung: 07724 \/ 916635  <\/p>\n<table>\n<tbody>\n<tr>\n<td class=\"tdh_wp\">Wanderf\u00fchrung: <\/td>\n<td class=\"tdh_wp\">Peter Meixner<\/td>\n<\/tr>\n<tr>\n<td class=\"td_wp\">Gehzeit:<\/td>\n<td class=\"td_wp\">ca. 2 Std.<br \/>, 191 hm \/ 103 hm<\/td>\n<\/tr>\n<tr>\n<td class=\"td_wp\">Kategorie 2<\/td>\n<td class=\"td_wp\"><img loading=\"lazy\" decoding=\"async\" class=\"alignnone\" src=\"https:\/\/www.schwarzwaldverein-st-georgen.de\/wp-content\/uploads\/gelbeRaute.png\" alt=\"\" width=\"30\" height=\"16\" \/><\/td>\n<\/tr>\n<tr>\n<td class=\"td_wp\">Treffpunkt:<\/td>\n<td class=\"td_wp\">10:00 Uhr, Parkplatz Klosterweiher<\/td>\n<\/tr>\n<tr>\n<td class=\"td_wp\">Anmeldung:<\/td>\n<td class=\"td_wp\"> 07724 \/ 916635<\/td>\n<\/tr>\n<\/tbody>\n<\/table>\n<p><small>Bildquelle: Peter Meixner, <a>CC BY-ND<\/a><\/small><\/p>\n","protected":false},"excerpt":{"rendered":"<p>Zur Saisoner\u00f6ffnung im Wanderheim Lindenb\u00fcble bieten wir traditionell eine leichte Wanderung dorthin an. Vom Parkplatz in Langenschiltach steigen wir hinauf zum Bruckenwald. Auf halber H\u00f6he umgehen wir den Ort Richtung Westen bis zum Kammererhof. Dort beginnt der Abstieg zur Schmelze. Auf dem Weg k\u00f6nnen wir einen Blick auf die &#8222;tiny houses&#8220; werfen. Der Aufstieg auf &hellip; <\/p>\n<p><a class=\"more-link btn\" href=\"https:\/\/www.schwarzwaldverein-st-georgen.de\/index.php\/event\/wanderung-zum-lindenbueble-5\/\">Weiterlesen<\/a><\/p>\n","protected":false},"author":1,"featured_media":2528,"comment_status":"closed","ping_status":"closed","template":"","meta":{"_price":"","_stock":"","_tribe_ticket_header":"","_tribe_default_ticket_provider":"","_ticket_start_date":"","_ticket_end_date":"","_tribe_ticket_show_description":"","_tribe_ticket_show_not_going":false,"_tribe_ticket_use_global_stock":"","_tribe_ticket_global_stock_level":"","_global_stock_mode":"","_global_stock_cap":"","_tribe_rsvp_for_event":"","_tribe_ticket_going_count":"","_tribe_ticket_not_going_count":"","_tribe_tickets_list":"[]","_tribe_ticket_has_attendee_info_fields":false,"_tribe_events_status":"","_tribe_events_status_reason":"","footnotes":"","_tec_slr_enabled":"","_tec_slr_layout":""},"tags":[],"tribe_events_cat":[2,7],"class_list":["post-2919","tribe_events","type-tribe_events","status-publish","has-post-thumbnail","hentry","tribe_events_cat-jahresprogramm","tribe_events_cat-wanderung","cat_jahresprogramm","cat_wanderung","nodate","item-wrap"],"yoast_head":"<!-- This site is optimized with the Yoast SEO plugin v26.8 - https:\/\/yoast.com\/product\/yoast-seo-wordpress\/ -->\n<title>Wanderung zum &quot;Lindenb\u00fcble&quot; - Schwarzwaldverein St. Georgen e.V.<\/title>\n<meta name=\"robots\" content=\"index, follow, max-snippet:-1, max-image-preview:large, max-video-preview:-1\" \/>\n<link rel=\"canonical\" href=\"https:\/\/www.schwarzwaldverein-st-georgen.de\/index.php\/event\/wanderung-zum-lindenbueble-5\/\" \/>\n<meta property=\"og:locale\" content=\"de_DE\" \/>\n<meta property=\"og:type\" content=\"article\" \/>\n<meta property=\"og:title\" content=\"Wanderung zum &quot;Lindenb\u00fcble&quot; - Schwarzwaldverein St. Georgen e.V.\" \/>\n<meta property=\"og:description\" content=\"Zur Saisoner\u00f6ffnung im Wanderheim Lindenb\u00fcble bieten wir traditionell eine leichte Wanderung dorthin an. Vom Parkplatz in Langenschiltach steigen wir hinauf zum Bruckenwald. Auf halber H\u00f6he umgehen wir den Ort Richtung Westen bis zum Kammererhof. Dort beginnt der Abstieg zur Schmelze. Auf dem Weg k\u00f6nnen wir einen Blick auf die &#8222;tiny houses&#8220; werfen. Der Aufstieg auf &hellip; Weiterlesen\" \/>\n<meta property=\"og:url\" content=\"https:\/\/www.schwarzwaldverein-st-georgen.de\/index.php\/event\/wanderung-zum-lindenbueble-5\/\" \/>\n<meta property=\"og:site_name\" content=\"Schwarzwaldverein St. Georgen e.V.\" \/>\n<meta property=\"article:modified_time\" content=\"2026-01-25T17:06:03+00:00\" \/>\n<meta property=\"og:image\" content=\"https:\/\/www.schwarzwaldverein-st-georgen.de\/wp-content\/uploads\/2025\/20240501-102054_2024-05-01-02-scaled.jpg\" \/>\n\t<meta property=\"og:image:width\" content=\"1848\" \/>\n\t<meta property=\"og:image:height\" content=\"2560\" \/>\n\t<meta property=\"og:image:type\" content=\"image\/jpeg\" \/>\n<meta name=\"twitter:card\" content=\"summary_large_image\" \/>\n<meta name=\"twitter:label1\" content=\"Gesch\u00e4tzte Lesezeit\" \/>\n\t<meta name=\"twitter:data1\" content=\"1\u00a0Minute\" \/>\n<script type=\"application\/ld+json\" class=\"yoast-schema-graph\">{\"@context\":\"https:\/\/schema.org\",\"@graph\":[{\"@type\":\"WebPage\",\"@id\":\"https:\/\/www.schwarzwaldverein-st-georgen.de\/index.php\/event\/wanderung-zum-lindenbueble-5\/\",\"url\":\"https:\/\/www.schwarzwaldverein-st-georgen.de\/index.php\/event\/wanderung-zum-lindenbueble-5\/\",\"name\":\"Wanderung zum \\\"Lindenb\u00fcble\\\" - Schwarzwaldverein St. Georgen e.V.\",\"isPartOf\":{\"@id\":\"https:\/\/www.schwarzwaldverein-st-georgen.de\/#website\"},\"primaryImageOfPage\":{\"@id\":\"https:\/\/www.schwarzwaldverein-st-georgen.de\/index.php\/event\/wanderung-zum-lindenbueble-5\/#primaryimage\"},\"image\":{\"@id\":\"https:\/\/www.schwarzwaldverein-st-georgen.de\/index.php\/event\/wanderung-zum-lindenbueble-5\/#primaryimage\"},\"thumbnailUrl\":\"https:\/\/www.schwarzwaldverein-st-georgen.de\/wp-content\/uploads\/2025\/20240501-102054_2024-05-01-02-scaled.jpg\",\"datePublished\":\"2026-01-25T16:23:33+00:00\",\"dateModified\":\"2026-01-25T17:06:03+00:00\",\"breadcrumb\":{\"@id\":\"https:\/\/www.schwarzwaldverein-st-georgen.de\/index.php\/event\/wanderung-zum-lindenbueble-5\/#breadcrumb\"},\"inLanguage\":\"de\",\"potentialAction\":[{\"@type\":\"ReadAction\",\"target\":[\"https:\/\/www.schwarzwaldverein-st-georgen.de\/index.php\/event\/wanderung-zum-lindenbueble-5\/\"]}]},{\"@type\":\"ImageObject\",\"inLanguage\":\"de\",\"@id\":\"https:\/\/www.schwarzwaldverein-st-georgen.de\/index.php\/event\/wanderung-zum-lindenbueble-5\/#primaryimage\",\"url\":\"https:\/\/www.schwarzwaldverein-st-georgen.de\/wp-content\/uploads\/2025\/20240501-102054_2024-05-01-02-scaled.jpg\",\"contentUrl\":\"https:\/\/www.schwarzwaldverein-st-georgen.de\/wp-content\/uploads\/2025\/20240501-102054_2024-05-01-02-scaled.jpg\",\"width\":1848,\"height\":2560},{\"@type\":\"BreadcrumbList\",\"@id\":\"https:\/\/www.schwarzwaldverein-st-georgen.de\/index.php\/event\/wanderung-zum-lindenbueble-5\/#breadcrumb\",\"itemListElement\":[{\"@type\":\"ListItem\",\"position\":1,\"name\":\"Start\",\"item\":\"https:\/\/www.schwarzwaldverein-st-georgen.de\/\"},{\"@type\":\"ListItem\",\"position\":2,\"name\":\"Veranstaltungen\",\"item\":\"https:\/\/www.schwarzwaldverein-st-georgen.de\/index.php\/events\/\"},{\"@type\":\"ListItem\",\"position\":3,\"name\":\"Wanderung zum &#8222;Lindenb\u00fcble&#8220;\"}]},{\"@type\":\"WebSite\",\"@id\":\"https:\/\/www.schwarzwaldverein-st-georgen.de\/#website\",\"url\":\"https:\/\/www.schwarzwaldverein-st-georgen.de\/\",\"name\":\"Schwarzwaldverein St. Georgen e.V.\",\"description\":\"Wandern, Wege, Naturschutz, Familien, Wanderheim Lindenb\u00fcble\",\"potentialAction\":[{\"@type\":\"SearchAction\",\"target\":{\"@type\":\"EntryPoint\",\"urlTemplate\":\"https:\/\/www.schwarzwaldverein-st-georgen.de\/?s={search_term_string}\"},\"query-input\":{\"@type\":\"PropertyValueSpecification\",\"valueRequired\":true,\"valueName\":\"search_term_string\"}}],\"inLanguage\":\"de\"}]}<\/script>\n<!-- \/ Yoast SEO plugin. -->","yoast_head_json":{"title":"Wanderung zum \"Lindenb\u00fcble\" - Schwarzwaldverein St. Georgen e.V.","robots":{"index":"index","follow":"follow","max-snippet":"max-snippet:-1","max-image-preview":"max-image-preview:large","max-video-preview":"max-video-preview:-1"},"canonical":"https:\/\/www.schwarzwaldverein-st-georgen.de\/index.php\/event\/wanderung-zum-lindenbueble-5\/","og_locale":"de_DE","og_type":"article","og_title":"Wanderung zum \"Lindenb\u00fcble\" - Schwarzwaldverein St. Georgen e.V.","og_description":"Zur Saisoner\u00f6ffnung im Wanderheim Lindenb\u00fcble bieten wir traditionell eine leichte Wanderung dorthin an. Vom Parkplatz in Langenschiltach steigen wir hinauf zum Bruckenwald. Auf halber H\u00f6he umgehen wir den Ort Richtung Westen bis zum Kammererhof. Dort beginnt der Abstieg zur Schmelze. Auf dem Weg k\u00f6nnen wir einen Blick auf die &#8222;tiny houses&#8220; werfen. Der Aufstieg auf &hellip; Weiterlesen","og_url":"https:\/\/www.schwarzwaldverein-st-georgen.de\/index.php\/event\/wanderung-zum-lindenbueble-5\/","og_site_name":"Schwarzwaldverein St. Georgen e.V.","article_modified_time":"2026-01-25T17:06:03+00:00","og_image":[{"width":1848,"height":2560,"url":"https:\/\/www.schwarzwaldverein-st-georgen.de\/wp-content\/uploads\/2025\/20240501-102054_2024-05-01-02-scaled.jpg","type":"image\/jpeg"}],"twitter_card":"summary_large_image","twitter_misc":{"Gesch\u00e4tzte Lesezeit":"1\u00a0Minute"},"schema":{"@context":"https:\/\/schema.org","@graph":[{"@type":"WebPage","@id":"https:\/\/www.schwarzwaldverein-st-georgen.de\/index.php\/event\/wanderung-zum-lindenbueble-5\/","url":"https:\/\/www.schwarzwaldverein-st-georgen.de\/index.php\/event\/wanderung-zum-lindenbueble-5\/","name":"Wanderung zum \"Lindenb\u00fcble\" - Schwarzwaldverein St. Georgen e.V.","isPartOf":{"@id":"https:\/\/www.schwarzwaldverein-st-georgen.de\/#website"},"primaryImageOfPage":{"@id":"https:\/\/www.schwarzwaldverein-st-georgen.de\/index.php\/event\/wanderung-zum-lindenbueble-5\/#primaryimage"},"image":{"@id":"https:\/\/www.schwarzwaldverein-st-georgen.de\/index.php\/event\/wanderung-zum-lindenbueble-5\/#primaryimage"},"thumbnailUrl":"https:\/\/www.schwarzwaldverein-st-georgen.de\/wp-content\/uploads\/2025\/20240501-102054_2024-05-01-02-scaled.jpg","datePublished":"2026-01-25T16:23:33+00:00","dateModified":"2026-01-25T17:06:03+00:00","breadcrumb":{"@id":"https:\/\/www.schwarzwaldverein-st-georgen.de\/index.php\/event\/wanderung-zum-lindenbueble-5\/#breadcrumb"},"inLanguage":"de","potentialAction":[{"@type":"ReadAction","target":["https:\/\/www.schwarzwaldverein-st-georgen.de\/index.php\/event\/wanderung-zum-lindenbueble-5\/"]}]},{"@type":"ImageObject","inLanguage":"de","@id":"https:\/\/www.schwarzwaldverein-st-georgen.de\/index.php\/event\/wanderung-zum-lindenbueble-5\/#primaryimage","url":"https:\/\/www.schwarzwaldverein-st-georgen.de\/wp-content\/uploads\/2025\/20240501-102054_2024-05-01-02-scaled.jpg","contentUrl":"https:\/\/www.schwarzwaldverein-st-georgen.de\/wp-content\/uploads\/2025\/20240501-102054_2024-05-01-02-scaled.jpg","width":1848,"height":2560},{"@type":"BreadcrumbList","@id":"https:\/\/www.schwarzwaldverein-st-georgen.de\/index.php\/event\/wanderung-zum-lindenbueble-5\/#breadcrumb","itemListElement":[{"@type":"ListItem","position":1,"name":"Start","item":"https:\/\/www.schwarzwaldverein-st-georgen.de\/"},{"@type":"ListItem","position":2,"name":"Veranstaltungen","item":"https:\/\/www.schwarzwaldverein-st-georgen.de\/index.php\/events\/"},{"@type":"ListItem","position":3,"name":"Wanderung zum &#8222;Lindenb\u00fcble&#8220;"}]},{"@type":"WebSite","@id":"https:\/\/www.schwarzwaldverein-st-georgen.de\/#website","url":"https:\/\/www.schwarzwaldverein-st-georgen.de\/","name":"Schwarzwaldverein St. Georgen e.V.","description":"Wandern, Wege, Naturschutz, Familien, Wanderheim Lindenb\u00fcble","potentialAction":[{"@type":"SearchAction","target":{"@type":"EntryPoint","urlTemplate":"https:\/\/www.schwarzwaldverein-st-georgen.de\/?s={search_term_string}"},"query-input":{"@type":"PropertyValueSpecification","valueRequired":true,"valueName":"search_term_string"}}],"inLanguage":"de"}]}},"ticketed":false,"_links":{"self":[{"href":"https:\/\/www.schwarzwaldverein-st-georgen.de\/index.php\/wp-json\/wp\/v2\/tribe_events\/2919","targetHints":{"allow":["GET"]}}],"collection":[{"href":"https:\/\/www.schwarzwaldverein-st-georgen.de\/index.php\/wp-json\/wp\/v2\/tribe_events"}],"about":[{"href":"https:\/\/www.schwarzwaldverein-st-georgen.de\/index.php\/wp-json\/wp\/v2\/types\/tribe_events"}],"author":[{"embeddable":true,"href":"https:\/\/www.schwarzwaldverein-st-georgen.de\/index.php\/wp-json\/wp\/v2\/users\/1"}],"replies":[{"embeddable":true,"href":"https:\/\/www.schwarzwaldverein-st-georgen.de\/index.php\/wp-json\/wp\/v2\/comments?post=2919"}],"version-history":[{"count":1,"href":"https:\/\/www.schwarzwaldverein-st-georgen.de\/index.php\/wp-json\/wp\/v2\/tribe_events\/2919\/revisions"}],"predecessor-version":[{"id":2986,"href":"https:\/\/www.schwarzwaldverein-st-georgen.de\/index.php\/wp-json\/wp\/v2\/tribe_events\/2919\/revisions\/2986"}],"wp:featuredmedia":[{"embeddable":true,"href":"https:\/\/www.schwarzwaldverein-st-georgen.de\/index.php\/wp-json\/wp\/v2\/media\/2528"}],"wp:attachment":[{"href":"https:\/\/www.schwarzwaldverein-st-georgen.de\/index.php\/wp-json\/wp\/v2\/media?parent=2919"}],"wp:term":[{"taxonomy":"post_tag","embeddable":true,"href":"https:\/\/www.schwarzwaldverein-st-georgen.de\/index.php\/wp-json\/wp\/v2\/tags?post=2919"},{"taxonomy":"tribe_events_cat","embeddable":true,"href":"https:\/\/www.schwarzwaldverein-st-georgen.de\/index.php\/wp-json\/wp\/v2\/tribe_events_cat?post=2919"}],"curies":[{"name":"wp","href":"https:\/\/api.w.org\/{rel}","templated":true}]}}