{"id":2918,"date":"2026-01-25T17:23:24","date_gmt":"2026-01-25T16:23:24","guid":{"rendered":"https:\/\/www.schwarzwaldverein-st-georgen.de\/index.php\/event\/walk-talk-wandern-rund-um-st-georgen-2\/"},"modified":"2026-01-25T18:06:03","modified_gmt":"2026-01-25T17:06:03","slug":"walk-talk-wandern-rund-um-st-georgen-2","status":"publish","type":"tribe_events","link":"https:\/\/www.schwarzwaldverein-st-georgen.de\/index.php\/event\/walk-talk-wandern-rund-um-st-georgen-2\/","title":{"rendered":"Walk &amp; Talk &#8211; Wandern rund um St. Georgen"},"content":{"rendered":"<p>Du bist zwischen 30 und 50, magst Bewegung, Natur und echte Gespr\u00e4che? Dann ist &#8222;Walk &amp; Talk&#8220; genau das Richtige. Wir bringen Menschen zusammen, die Lust haben, drau\u00dfen unterwegs zu sein &#8211; ganz ohne Leistungsdruck, aber mit jeder Menge guter Laune. Ob du neue Kontakte kn\u00fcpfen willst, einfach mal rauskommen oder beim Gehen ins Gespr\u00e4ch kommen m\u00f6chtest: Hier z\u00e4hlt nicht die Schrittzahl, sondern das Miteinander. <br \/>Was dich erwartet: <\/p>\n<ul>\n<li>Eine Wanderung rund um St. Georgen: Natur pur, keine Hektik: ca- 14 km  \/ 270 HM \/ ca. 5 Stunden<\/li>\n<li>Humorvolle Gespr\u00e4che mit netten Leuten<\/li>\n<li> Eine gem\u00fctliche Schlusseinkehr &#8211; zum Weiterreden, Lachen und vielleicht sogar Pl\u00e4ne schmieden.<\/li>\n<\/ul>\n<p>Keine Sorge: <br \/>Du musst kein Wanderprofi sein. Nur Lust auf Bewegung und Begegnung mitbringen.  <br \/>Organisation: Katja Seemann<br \/>Treffpunkt: 11 Uhr   Parkplatz Klosterweiher <br \/>Anmeldung: katja.geht.wandern@hotmail.com oder  0151\/41820939 ab 18 Uhr <\/p>\n<table>\n<tbody>\n<tr>\n<td class=\"tdh_wp\">Wanderf\u00fchrung: <\/td>\n<td class=\"tdh_wp\">Katja Seemann<\/td>\n<\/tr>\n<tr>\n<td class=\"td_wp\">Gehzeit:<\/td>\n<td class=\"td_wp\">ca. 5 Std.<br \/>ca. 14 km, 270 hm<\/td>\n<\/tr>\n<tr>\n<td class=\"td_wp\">Kategorie 3<\/td>\n<td class=\"td_wp\"><img loading=\"lazy\" decoding=\"async\" class=\"alignnone\" src=\"https:\/\/www.schwarzwaldverein-st-georgen.de\/wp-content\/uploads\/blaueRaute.png\" alt=\"\" width=\"30\" height=\"16\" \/><\/td>\n<\/tr>\n<tr>\n<td class=\"td_wp\">Treffpunkt:<\/td>\n<td class=\"td_wp\">11:00 Uhr, Parkplatz Klosterweiher<\/td>\n<\/tr>\n<tr>\n<td class=\"td_wp\">Anmeldung:<\/td>\n<td class=\"td_wp\">katja.geht.wandern@hotmail.com<br \/>oder<br \/>0151\/41820939 ab 18 Uhr<\/td>\n<\/tr>\n<\/tbody>\n<\/table>\n<p><small>Bildquelle: Siegfried K\u00f6nig,, <a>CC BY-ND<\/a><\/small><\/p>\n","protected":false},"excerpt":{"rendered":"<p>Du bist zwischen 30 und 50, magst Bewegung, Natur und echte Gespr\u00e4che? Dann ist &#8222;Walk &amp; Talk&#8220; genau das Richtige. Wir bringen Menschen zusammen, die Lust haben, drau\u00dfen unterwegs zu sein &#8211; ganz ohne Leistungsdruck, aber mit jeder Menge guter Laune. Ob du neue Kontakte kn\u00fcpfen willst, einfach mal rauskommen oder beim Gehen ins Gespr\u00e4ch &hellip; <\/p>\n<p><a class=\"more-link btn\" href=\"https:\/\/www.schwarzwaldverein-st-georgen.de\/index.php\/event\/walk-talk-wandern-rund-um-st-georgen-2\/\">Weiterlesen<\/a><\/p>\n","protected":false},"author":1,"featured_media":2820,"comment_status":"closed","ping_status":"closed","template":"","meta":{"_price":"","_stock":"","_tribe_ticket_header":"","_tribe_default_ticket_provider":"","_ticket_start_date":"","_ticket_end_date":"","_tribe_ticket_show_description":"","_tribe_ticket_show_not_going":false,"_tribe_ticket_use_global_stock":"","_tribe_ticket_global_stock_level":"","_global_stock_mode":"","_global_stock_cap":"","_tribe_rsvp_for_event":"","_tribe_ticket_going_count":"","_tribe_ticket_not_going_count":"","_tribe_tickets_list":"[]","_tribe_ticket_has_attendee_info_fields":false,"_tribe_events_status":"","_tribe_events_status_reason":"","footnotes":"","_tec_slr_enabled":"","_tec_slr_layout":""},"tags":[],"tribe_events_cat":[2,7],"class_list":["post-2918","tribe_events","type-tribe_events","status-publish","has-post-thumbnail","hentry","tribe_events_cat-jahresprogramm","tribe_events_cat-wanderung","cat_jahresprogramm","cat_wanderung","nodate","item-wrap"],"yoast_head":"<!-- This site is optimized with the Yoast SEO plugin v26.8 - https:\/\/yoast.com\/product\/yoast-seo-wordpress\/ -->\n<title>Walk &amp; Talk - Wandern rund um St. Georgen - Schwarzwaldverein St. Georgen e.V.<\/title>\n<meta name=\"robots\" content=\"index, follow, max-snippet:-1, max-image-preview:large, max-video-preview:-1\" \/>\n<link rel=\"canonical\" href=\"https:\/\/www.schwarzwaldverein-st-georgen.de\/index.php\/event\/walk-talk-wandern-rund-um-st-georgen-2\/\" \/>\n<meta property=\"og:locale\" content=\"de_DE\" \/>\n<meta property=\"og:type\" content=\"article\" \/>\n<meta property=\"og:title\" content=\"Walk &amp; Talk - Wandern rund um St. Georgen - Schwarzwaldverein St. Georgen e.V.\" \/>\n<meta property=\"og:description\" content=\"Du bist zwischen 30 und 50, magst Bewegung, Natur und echte Gespr\u00e4che? Dann ist &#8222;Walk &amp; Talk&#8220; genau das Richtige. Wir bringen Menschen zusammen, die Lust haben, drau\u00dfen unterwegs zu sein &#8211; ganz ohne Leistungsdruck, aber mit jeder Menge guter Laune. Ob du neue Kontakte kn\u00fcpfen willst, einfach mal rauskommen oder beim Gehen ins Gespr\u00e4ch &hellip; Weiterlesen\" \/>\n<meta property=\"og:url\" content=\"https:\/\/www.schwarzwaldverein-st-georgen.de\/index.php\/event\/walk-talk-wandern-rund-um-st-georgen-2\/\" \/>\n<meta property=\"og:site_name\" content=\"Schwarzwaldverein St. Georgen e.V.\" \/>\n<meta property=\"article:modified_time\" content=\"2026-01-25T17:06:03+00:00\" \/>\n<meta property=\"og:image\" content=\"https:\/\/www.schwarzwaldverein-st-georgen.de\/wp-content\/uploads\/2026\/WalkTalk-1.png\" \/>\n\t<meta property=\"og:image:width\" content=\"986\" \/>\n\t<meta property=\"og:image:height\" content=\"819\" \/>\n\t<meta property=\"og:image:type\" content=\"image\/png\" \/>\n<meta name=\"twitter:card\" content=\"summary_large_image\" \/>\n<meta name=\"twitter:label1\" content=\"Gesch\u00e4tzte Lesezeit\" \/>\n\t<meta name=\"twitter:data1\" content=\"2\u00a0Minuten\" \/>\n<script type=\"application\/ld+json\" class=\"yoast-schema-graph\">{\"@context\":\"https:\/\/schema.org\",\"@graph\":[{\"@type\":\"WebPage\",\"@id\":\"https:\/\/www.schwarzwaldverein-st-georgen.de\/index.php\/event\/walk-talk-wandern-rund-um-st-georgen-2\/\",\"url\":\"https:\/\/www.schwarzwaldverein-st-georgen.de\/index.php\/event\/walk-talk-wandern-rund-um-st-georgen-2\/\",\"name\":\"Walk &amp; Talk - Wandern rund um St. Georgen - Schwarzwaldverein St. Georgen e.V.\",\"isPartOf\":{\"@id\":\"https:\/\/www.schwarzwaldverein-st-georgen.de\/#website\"},\"primaryImageOfPage\":{\"@id\":\"https:\/\/www.schwarzwaldverein-st-georgen.de\/index.php\/event\/walk-talk-wandern-rund-um-st-georgen-2\/#primaryimage\"},\"image\":{\"@id\":\"https:\/\/www.schwarzwaldverein-st-georgen.de\/index.php\/event\/walk-talk-wandern-rund-um-st-georgen-2\/#primaryimage\"},\"thumbnailUrl\":\"https:\/\/www.schwarzwaldverein-st-georgen.de\/wp-content\/uploads\/2026\/WalkTalk-1.png\",\"datePublished\":\"2026-01-25T16:23:24+00:00\",\"dateModified\":\"2026-01-25T17:06:03+00:00\",\"breadcrumb\":{\"@id\":\"https:\/\/www.schwarzwaldverein-st-georgen.de\/index.php\/event\/walk-talk-wandern-rund-um-st-georgen-2\/#breadcrumb\"},\"inLanguage\":\"de\",\"potentialAction\":[{\"@type\":\"ReadAction\",\"target\":[\"https:\/\/www.schwarzwaldverein-st-georgen.de\/index.php\/event\/walk-talk-wandern-rund-um-st-georgen-2\/\"]}]},{\"@type\":\"ImageObject\",\"inLanguage\":\"de\",\"@id\":\"https:\/\/www.schwarzwaldverein-st-georgen.de\/index.php\/event\/walk-talk-wandern-rund-um-st-georgen-2\/#primaryimage\",\"url\":\"https:\/\/www.schwarzwaldverein-st-georgen.de\/wp-content\/uploads\/2026\/WalkTalk-1.png\",\"contentUrl\":\"https:\/\/www.schwarzwaldverein-st-georgen.de\/wp-content\/uploads\/2026\/WalkTalk-1.png\",\"width\":986,\"height\":819},{\"@type\":\"BreadcrumbList\",\"@id\":\"https:\/\/www.schwarzwaldverein-st-georgen.de\/index.php\/event\/walk-talk-wandern-rund-um-st-georgen-2\/#breadcrumb\",\"itemListElement\":[{\"@type\":\"ListItem\",\"position\":1,\"name\":\"Start\",\"item\":\"https:\/\/www.schwarzwaldverein-st-georgen.de\/\"},{\"@type\":\"ListItem\",\"position\":2,\"name\":\"Veranstaltungen\",\"item\":\"https:\/\/www.schwarzwaldverein-st-georgen.de\/index.php\/events\/\"},{\"@type\":\"ListItem\",\"position\":3,\"name\":\"Walk &amp; Talk &#8211; Wandern rund um St. Georgen\"}]},{\"@type\":\"WebSite\",\"@id\":\"https:\/\/www.schwarzwaldverein-st-georgen.de\/#website\",\"url\":\"https:\/\/www.schwarzwaldverein-st-georgen.de\/\",\"name\":\"Schwarzwaldverein St. Georgen e.V.\",\"description\":\"Wandern, Wege, Naturschutz, Familien, Wanderheim Lindenb\u00fcble\",\"potentialAction\":[{\"@type\":\"SearchAction\",\"target\":{\"@type\":\"EntryPoint\",\"urlTemplate\":\"https:\/\/www.schwarzwaldverein-st-georgen.de\/?s={search_term_string}\"},\"query-input\":{\"@type\":\"PropertyValueSpecification\",\"valueRequired\":true,\"valueName\":\"search_term_string\"}}],\"inLanguage\":\"de\"}]}<\/script>\n<!-- \/ Yoast SEO plugin. -->","yoast_head_json":{"title":"Walk &amp; Talk - Wandern rund um St. Georgen - Schwarzwaldverein St. Georgen e.V.","robots":{"index":"index","follow":"follow","max-snippet":"max-snippet:-1","max-image-preview":"max-image-preview:large","max-video-preview":"max-video-preview:-1"},"canonical":"https:\/\/www.schwarzwaldverein-st-georgen.de\/index.php\/event\/walk-talk-wandern-rund-um-st-georgen-2\/","og_locale":"de_DE","og_type":"article","og_title":"Walk &amp; Talk - Wandern rund um St. Georgen - Schwarzwaldverein St. Georgen e.V.","og_description":"Du bist zwischen 30 und 50, magst Bewegung, Natur und echte Gespr\u00e4che? Dann ist &#8222;Walk &amp; Talk&#8220; genau das Richtige. Wir bringen Menschen zusammen, die Lust haben, drau\u00dfen unterwegs zu sein &#8211; ganz ohne Leistungsdruck, aber mit jeder Menge guter Laune. Ob du neue Kontakte kn\u00fcpfen willst, einfach mal rauskommen oder beim Gehen ins Gespr\u00e4ch &hellip; Weiterlesen","og_url":"https:\/\/www.schwarzwaldverein-st-georgen.de\/index.php\/event\/walk-talk-wandern-rund-um-st-georgen-2\/","og_site_name":"Schwarzwaldverein St. Georgen e.V.","article_modified_time":"2026-01-25T17:06:03+00:00","og_image":[{"width":986,"height":819,"url":"https:\/\/www.schwarzwaldverein-st-georgen.de\/wp-content\/uploads\/2026\/WalkTalk-1.png","type":"image\/png"}],"twitter_card":"summary_large_image","twitter_misc":{"Gesch\u00e4tzte Lesezeit":"2\u00a0Minuten"},"schema":{"@context":"https:\/\/schema.org","@graph":[{"@type":"WebPage","@id":"https:\/\/www.schwarzwaldverein-st-georgen.de\/index.php\/event\/walk-talk-wandern-rund-um-st-georgen-2\/","url":"https:\/\/www.schwarzwaldverein-st-georgen.de\/index.php\/event\/walk-talk-wandern-rund-um-st-georgen-2\/","name":"Walk &amp; Talk - Wandern rund um St. Georgen - Schwarzwaldverein St. Georgen e.V.","isPartOf":{"@id":"https:\/\/www.schwarzwaldverein-st-georgen.de\/#website"},"primaryImageOfPage":{"@id":"https:\/\/www.schwarzwaldverein-st-georgen.de\/index.php\/event\/walk-talk-wandern-rund-um-st-georgen-2\/#primaryimage"},"image":{"@id":"https:\/\/www.schwarzwaldverein-st-georgen.de\/index.php\/event\/walk-talk-wandern-rund-um-st-georgen-2\/#primaryimage"},"thumbnailUrl":"https:\/\/www.schwarzwaldverein-st-georgen.de\/wp-content\/uploads\/2026\/WalkTalk-1.png","datePublished":"2026-01-25T16:23:24+00:00","dateModified":"2026-01-25T17:06:03+00:00","breadcrumb":{"@id":"https:\/\/www.schwarzwaldverein-st-georgen.de\/index.php\/event\/walk-talk-wandern-rund-um-st-georgen-2\/#breadcrumb"},"inLanguage":"de","potentialAction":[{"@type":"ReadAction","target":["https:\/\/www.schwarzwaldverein-st-georgen.de\/index.php\/event\/walk-talk-wandern-rund-um-st-georgen-2\/"]}]},{"@type":"ImageObject","inLanguage":"de","@id":"https:\/\/www.schwarzwaldverein-st-georgen.de\/index.php\/event\/walk-talk-wandern-rund-um-st-georgen-2\/#primaryimage","url":"https:\/\/www.schwarzwaldverein-st-georgen.de\/wp-content\/uploads\/2026\/WalkTalk-1.png","contentUrl":"https:\/\/www.schwarzwaldverein-st-georgen.de\/wp-content\/uploads\/2026\/WalkTalk-1.png","width":986,"height":819},{"@type":"BreadcrumbList","@id":"https:\/\/www.schwarzwaldverein-st-georgen.de\/index.php\/event\/walk-talk-wandern-rund-um-st-georgen-2\/#breadcrumb","itemListElement":[{"@type":"ListItem","position":1,"name":"Start","item":"https:\/\/www.schwarzwaldverein-st-georgen.de\/"},{"@type":"ListItem","position":2,"name":"Veranstaltungen","item":"https:\/\/www.schwarzwaldverein-st-georgen.de\/index.php\/events\/"},{"@type":"ListItem","position":3,"name":"Walk &amp; Talk &#8211; Wandern rund um St. Georgen"}]},{"@type":"WebSite","@id":"https:\/\/www.schwarzwaldverein-st-georgen.de\/#website","url":"https:\/\/www.schwarzwaldverein-st-georgen.de\/","name":"Schwarzwaldverein St. Georgen e.V.","description":"Wandern, Wege, Naturschutz, Familien, Wanderheim Lindenb\u00fcble","potentialAction":[{"@type":"SearchAction","target":{"@type":"EntryPoint","urlTemplate":"https:\/\/www.schwarzwaldverein-st-georgen.de\/?s={search_term_string}"},"query-input":{"@type":"PropertyValueSpecification","valueRequired":true,"valueName":"search_term_string"}}],"inLanguage":"de"}]}},"ticketed":false,"_links":{"self":[{"href":"https:\/\/www.schwarzwaldverein-st-georgen.de\/index.php\/wp-json\/wp\/v2\/tribe_events\/2918","targetHints":{"allow":["GET"]}}],"collection":[{"href":"https:\/\/www.schwarzwaldverein-st-georgen.de\/index.php\/wp-json\/wp\/v2\/tribe_events"}],"about":[{"href":"https:\/\/www.schwarzwaldverein-st-georgen.de\/index.php\/wp-json\/wp\/v2\/types\/tribe_events"}],"author":[{"embeddable":true,"href":"https:\/\/www.schwarzwaldverein-st-georgen.de\/index.php\/wp-json\/wp\/v2\/users\/1"}],"replies":[{"embeddable":true,"href":"https:\/\/www.schwarzwaldverein-st-georgen.de\/index.php\/wp-json\/wp\/v2\/comments?post=2918"}],"version-history":[{"count":1,"href":"https:\/\/www.schwarzwaldverein-st-georgen.de\/index.php\/wp-json\/wp\/v2\/tribe_events\/2918\/revisions"}],"predecessor-version":[{"id":2952,"href":"https:\/\/www.schwarzwaldverein-st-georgen.de\/index.php\/wp-json\/wp\/v2\/tribe_events\/2918\/revisions\/2952"}],"wp:featuredmedia":[{"embeddable":true,"href":"https:\/\/www.schwarzwaldverein-st-georgen.de\/index.php\/wp-json\/wp\/v2\/media\/2820"}],"wp:attachment":[{"href":"https:\/\/www.schwarzwaldverein-st-georgen.de\/index.php\/wp-json\/wp\/v2\/media?parent=2918"}],"wp:term":[{"taxonomy":"post_tag","embeddable":true,"href":"https:\/\/www.schwarzwaldverein-st-georgen.de\/index.php\/wp-json\/wp\/v2\/tags?post=2918"},{"taxonomy":"tribe_events_cat","embeddable":true,"href":"https:\/\/www.schwarzwaldverein-st-georgen.de\/index.php\/wp-json\/wp\/v2\/tribe_events_cat?post=2918"}],"curies":[{"name":"wp","href":"https:\/\/api.w.org\/{rel}","templated":true}]}}