{"id":2676,"date":"2025-02-10T11:14:37","date_gmt":"2025-02-10T10:14:37","guid":{"rendered":"https:\/\/www.schwarzwaldverein-st-georgen.de\/index.php\/event\/rote-raute-treff-fuehrung-im-deutschen-phonomuseum\/"},"modified":"2025-02-25T15:45:04","modified_gmt":"2025-02-25T14:45:04","slug":"rote-raute-treff-fuehrung-im-deutschen-phonomuseum","status":"publish","type":"tribe_events","link":"https:\/\/www.schwarzwaldverein-st-georgen.de\/index.php\/event\/rote-raute-treff-fuehrung-im-deutschen-phonomuseum\/","title":{"rendered":"Rote &#8211; Raute &#8211; Treff: F\u00fchrung im Deutschen Phonomuseum"},"content":{"rendered":"<p>Treffpunkt: 18 Uhr am Eingang \/B\u00e4renplatz Dauer der F\u00fchrung ca.2 Stunden Schlusseinkehr geplant Organisation und Anmeldung: Hanspeter Erchinger, 07724 \/ 82198 <\/p>\n<table>\n<tbody>\n<tr>\n<td class=\"tdh_wp\">Wanderf\u00fchrung: <\/td>\n<td class=\"tdh_wp\">Hanspeter Erchinger<\/td>\n<\/tr>\n<tr>\n<td class=\"td_wp\">Gehzeit:<\/td>\n<td class=\"td_wp\"><\/td>\n<\/tr>\n<tr>\n<td class=\"td_wp\">Treffpunkt:<\/td>\n<td class=\"td_wp\">18:00 Uhr, Deutsches Phonomuseum<\/td>\n<\/tr>\n<tr>\n<td class=\"td_wp\">Anmeldung:<\/td>\n<td class=\"td_wp\">07724 \/ 82198<\/td>\n<\/tr>\n<\/tbody>\n<\/table>\n<p><small>Bildquelle: Foto: bawue.museum-digital.de<\/small><\/p>\n","protected":false},"excerpt":{"rendered":"<p>Treffpunkt: 18 Uhr am Eingang \/B\u00e4renplatz Dauer der F\u00fchrung ca.2 Stunden Schlusseinkehr geplant Organisation und Anmeldung: Hanspeter Erchinger, 07724 \/ 82198 Wanderf\u00fchrung: Hanspeter Erchinger Gehzeit: Treffpunkt: 18:00 Uhr, Deutsches Phonomuseum Anmeldung: 07724 \/ 82198 Bildquelle: Foto: bawue.museum-digital.de<\/p>\n","protected":false},"author":1,"featured_media":2529,"comment_status":"closed","ping_status":"closed","template":"","meta":{"_price":"","_stock":"","_tribe_ticket_header":"","_tribe_default_ticket_provider":"","_ticket_start_date":"","_ticket_end_date":"","_tribe_ticket_show_description":"","_tribe_ticket_show_not_going":false,"_tribe_ticket_use_global_stock":"","_tribe_ticket_global_stock_level":"","_global_stock_mode":"","_global_stock_cap":"","_tribe_rsvp_for_event":"","_tribe_ticket_going_count":"","_tribe_ticket_not_going_count":"","_tribe_tickets_list":"[]","_tribe_ticket_has_attendee_info_fields":false,"_tribe_events_status":"","_tribe_events_status_reason":"","footnotes":"","_tec_slr_enabled":"","_tec_slr_layout":""},"tags":[],"tribe_events_cat":[2,3],"class_list":["post-2676","tribe_events","type-tribe_events","status-publish","has-post-thumbnail","hentry","tribe_events_cat-jahresprogramm","tribe_events_cat-rote-raute-treff","cat_jahresprogramm","cat_rote-raute-treff","nodate","item-wrap"],"yoast_head":"<!-- This site is optimized with the Yoast SEO plugin v26.8 - https:\/\/yoast.com\/product\/yoast-seo-wordpress\/ -->\n<title>Rote - Raute - Treff: F\u00fchrung im Deutschen Phonomuseum - Schwarzwaldverein St. Georgen e.V.<\/title>\n<meta name=\"robots\" content=\"index, follow, max-snippet:-1, max-image-preview:large, max-video-preview:-1\" \/>\n<link rel=\"canonical\" href=\"https:\/\/www.schwarzwaldverein-st-georgen.de\/index.php\/event\/rote-raute-treff-fuehrung-im-deutschen-phonomuseum\/\" \/>\n<meta property=\"og:locale\" content=\"de_DE\" \/>\n<meta property=\"og:type\" content=\"article\" \/>\n<meta property=\"og:title\" content=\"Rote - Raute - Treff: F\u00fchrung im Deutschen Phonomuseum - Schwarzwaldverein St. Georgen e.V.\" \/>\n<meta property=\"og:description\" content=\"Treffpunkt: 18 Uhr am Eingang \/B\u00e4renplatz Dauer der F\u00fchrung ca.2 Stunden Schlusseinkehr geplant Organisation und Anmeldung: Hanspeter Erchinger, 07724 \/ 82198 Wanderf\u00fchrung: Hanspeter Erchinger Gehzeit: Treffpunkt: 18:00 Uhr, Deutsches Phonomuseum Anmeldung: 07724 \/ 82198 Bildquelle: Foto: bawue.museum-digital.de\" \/>\n<meta property=\"og:url\" content=\"https:\/\/www.schwarzwaldverein-st-georgen.de\/index.php\/event\/rote-raute-treff-fuehrung-im-deutschen-phonomuseum\/\" \/>\n<meta property=\"og:site_name\" content=\"Schwarzwaldverein St. Georgen e.V.\" \/>\n<meta property=\"article:modified_time\" content=\"2025-02-25T14:45:04+00:00\" \/>\n<meta property=\"og:image\" content=\"https:\/\/www.schwarzwaldverein-st-georgen.de\/wp-content\/uploads\/2025\/04134756126.jpg\" \/>\n\t<meta property=\"og:image:width\" content=\"578\" \/>\n\t<meta property=\"og:image:height\" content=\"818\" \/>\n\t<meta property=\"og:image:type\" content=\"image\/jpeg\" \/>\n<meta name=\"twitter:card\" content=\"summary_large_image\" \/>\n<script type=\"application\/ld+json\" class=\"yoast-schema-graph\">{\"@context\":\"https:\/\/schema.org\",\"@graph\":[{\"@type\":\"WebPage\",\"@id\":\"https:\/\/www.schwarzwaldverein-st-georgen.de\/index.php\/event\/rote-raute-treff-fuehrung-im-deutschen-phonomuseum\/\",\"url\":\"https:\/\/www.schwarzwaldverein-st-georgen.de\/index.php\/event\/rote-raute-treff-fuehrung-im-deutschen-phonomuseum\/\",\"name\":\"Rote - Raute - Treff: F\u00fchrung im Deutschen Phonomuseum - Schwarzwaldverein St. Georgen e.V.\",\"isPartOf\":{\"@id\":\"https:\/\/www.schwarzwaldverein-st-georgen.de\/#website\"},\"primaryImageOfPage\":{\"@id\":\"https:\/\/www.schwarzwaldverein-st-georgen.de\/index.php\/event\/rote-raute-treff-fuehrung-im-deutschen-phonomuseum\/#primaryimage\"},\"image\":{\"@id\":\"https:\/\/www.schwarzwaldverein-st-georgen.de\/index.php\/event\/rote-raute-treff-fuehrung-im-deutschen-phonomuseum\/#primaryimage\"},\"thumbnailUrl\":\"https:\/\/www.schwarzwaldverein-st-georgen.de\/wp-content\/uploads\/2025\/04134756126.jpg\",\"datePublished\":\"2025-02-10T10:14:37+00:00\",\"dateModified\":\"2025-02-25T14:45:04+00:00\",\"breadcrumb\":{\"@id\":\"https:\/\/www.schwarzwaldverein-st-georgen.de\/index.php\/event\/rote-raute-treff-fuehrung-im-deutschen-phonomuseum\/#breadcrumb\"},\"inLanguage\":\"de\",\"potentialAction\":[{\"@type\":\"ReadAction\",\"target\":[\"https:\/\/www.schwarzwaldverein-st-georgen.de\/index.php\/event\/rote-raute-treff-fuehrung-im-deutschen-phonomuseum\/\"]}]},{\"@type\":\"ImageObject\",\"inLanguage\":\"de\",\"@id\":\"https:\/\/www.schwarzwaldverein-st-georgen.de\/index.php\/event\/rote-raute-treff-fuehrung-im-deutschen-phonomuseum\/#primaryimage\",\"url\":\"https:\/\/www.schwarzwaldverein-st-georgen.de\/wp-content\/uploads\/2025\/04134756126.jpg\",\"contentUrl\":\"https:\/\/www.schwarzwaldverein-st-georgen.de\/wp-content\/uploads\/2025\/04134756126.jpg\",\"width\":578,\"height\":818,\"caption\":\"Die Abbildung zeigt den Phonographen mit angeschlossenen H\u00f6rschl\u00e4uchen. Wahlweise kann auch der blecherne Schalltrichter an das Abnahmesystem angeschlossen werden. Das Ger\u00e4t wird durch Strom aus der neben dem Apparat stehenden wiederaufladbaren S\u00e4urebatterie (Glaskolben) mittels eines Gleichstrommotors betrieben. Auf Jahrm\u00e4rkten, Messen oder in speziellen H\u00f6rstuben konnte bezahlendes Publikum \u00fcber die 11 H\u00f6rschl\u00e4uche Musik goutieren, die von der Walze abgetastet wurde. Die Spieldauer der Hartwachs-Walze betr\u00e4gt zwei Minuten. Hergestellt und vertrieben wurde dieser von Thomas A. Edison entwickelte Phonograph in Lizenz von der North American Phonograph Company (Napco). [Slg. Dietz]\"},{\"@type\":\"BreadcrumbList\",\"@id\":\"https:\/\/www.schwarzwaldverein-st-georgen.de\/index.php\/event\/rote-raute-treff-fuehrung-im-deutschen-phonomuseum\/#breadcrumb\",\"itemListElement\":[{\"@type\":\"ListItem\",\"position\":1,\"name\":\"Start\",\"item\":\"https:\/\/www.schwarzwaldverein-st-georgen.de\/\"},{\"@type\":\"ListItem\",\"position\":2,\"name\":\"Veranstaltungen\",\"item\":\"https:\/\/www.schwarzwaldverein-st-georgen.de\/index.php\/events\/\"},{\"@type\":\"ListItem\",\"position\":3,\"name\":\"Rote &#8211; Raute &#8211; Treff: F\u00fchrung im Deutschen Phonomuseum\"}]},{\"@type\":\"WebSite\",\"@id\":\"https:\/\/www.schwarzwaldverein-st-georgen.de\/#website\",\"url\":\"https:\/\/www.schwarzwaldverein-st-georgen.de\/\",\"name\":\"Schwarzwaldverein St. Georgen e.V.\",\"description\":\"Wandern, Wege, Naturschutz, Familien, Wanderheim Lindenb\u00fcble\",\"potentialAction\":[{\"@type\":\"SearchAction\",\"target\":{\"@type\":\"EntryPoint\",\"urlTemplate\":\"https:\/\/www.schwarzwaldverein-st-georgen.de\/?s={search_term_string}\"},\"query-input\":{\"@type\":\"PropertyValueSpecification\",\"valueRequired\":true,\"valueName\":\"search_term_string\"}}],\"inLanguage\":\"de\"}]}<\/script>\n<!-- \/ Yoast SEO plugin. -->","yoast_head_json":{"title":"Rote - Raute - Treff: F\u00fchrung im Deutschen Phonomuseum - Schwarzwaldverein St. Georgen e.V.","robots":{"index":"index","follow":"follow","max-snippet":"max-snippet:-1","max-image-preview":"max-image-preview:large","max-video-preview":"max-video-preview:-1"},"canonical":"https:\/\/www.schwarzwaldverein-st-georgen.de\/index.php\/event\/rote-raute-treff-fuehrung-im-deutschen-phonomuseum\/","og_locale":"de_DE","og_type":"article","og_title":"Rote - Raute - Treff: F\u00fchrung im Deutschen Phonomuseum - Schwarzwaldverein St. Georgen e.V.","og_description":"Treffpunkt: 18 Uhr am Eingang \/B\u00e4renplatz Dauer der F\u00fchrung ca.2 Stunden Schlusseinkehr geplant Organisation und Anmeldung: Hanspeter Erchinger, 07724 \/ 82198 Wanderf\u00fchrung: Hanspeter Erchinger Gehzeit: Treffpunkt: 18:00 Uhr, Deutsches Phonomuseum Anmeldung: 07724 \/ 82198 Bildquelle: Foto: bawue.museum-digital.de","og_url":"https:\/\/www.schwarzwaldverein-st-georgen.de\/index.php\/event\/rote-raute-treff-fuehrung-im-deutschen-phonomuseum\/","og_site_name":"Schwarzwaldverein St. Georgen e.V.","article_modified_time":"2025-02-25T14:45:04+00:00","og_image":[{"width":578,"height":818,"url":"https:\/\/www.schwarzwaldverein-st-georgen.de\/wp-content\/uploads\/2025\/04134756126.jpg","type":"image\/jpeg"}],"twitter_card":"summary_large_image","schema":{"@context":"https:\/\/schema.org","@graph":[{"@type":"WebPage","@id":"https:\/\/www.schwarzwaldverein-st-georgen.de\/index.php\/event\/rote-raute-treff-fuehrung-im-deutschen-phonomuseum\/","url":"https:\/\/www.schwarzwaldverein-st-georgen.de\/index.php\/event\/rote-raute-treff-fuehrung-im-deutschen-phonomuseum\/","name":"Rote - Raute - Treff: F\u00fchrung im Deutschen Phonomuseum - Schwarzwaldverein St. Georgen e.V.","isPartOf":{"@id":"https:\/\/www.schwarzwaldverein-st-georgen.de\/#website"},"primaryImageOfPage":{"@id":"https:\/\/www.schwarzwaldverein-st-georgen.de\/index.php\/event\/rote-raute-treff-fuehrung-im-deutschen-phonomuseum\/#primaryimage"},"image":{"@id":"https:\/\/www.schwarzwaldverein-st-georgen.de\/index.php\/event\/rote-raute-treff-fuehrung-im-deutschen-phonomuseum\/#primaryimage"},"thumbnailUrl":"https:\/\/www.schwarzwaldverein-st-georgen.de\/wp-content\/uploads\/2025\/04134756126.jpg","datePublished":"2025-02-10T10:14:37+00:00","dateModified":"2025-02-25T14:45:04+00:00","breadcrumb":{"@id":"https:\/\/www.schwarzwaldverein-st-georgen.de\/index.php\/event\/rote-raute-treff-fuehrung-im-deutschen-phonomuseum\/#breadcrumb"},"inLanguage":"de","potentialAction":[{"@type":"ReadAction","target":["https:\/\/www.schwarzwaldverein-st-georgen.de\/index.php\/event\/rote-raute-treff-fuehrung-im-deutschen-phonomuseum\/"]}]},{"@type":"ImageObject","inLanguage":"de","@id":"https:\/\/www.schwarzwaldverein-st-georgen.de\/index.php\/event\/rote-raute-treff-fuehrung-im-deutschen-phonomuseum\/#primaryimage","url":"https:\/\/www.schwarzwaldverein-st-georgen.de\/wp-content\/uploads\/2025\/04134756126.jpg","contentUrl":"https:\/\/www.schwarzwaldverein-st-georgen.de\/wp-content\/uploads\/2025\/04134756126.jpg","width":578,"height":818,"caption":"Die Abbildung zeigt den Phonographen mit angeschlossenen H\u00f6rschl\u00e4uchen. Wahlweise kann auch der blecherne Schalltrichter an das Abnahmesystem angeschlossen werden. Das Ger\u00e4t wird durch Strom aus der neben dem Apparat stehenden wiederaufladbaren S\u00e4urebatterie (Glaskolben) mittels eines Gleichstrommotors betrieben. Auf Jahrm\u00e4rkten, Messen oder in speziellen H\u00f6rstuben konnte bezahlendes Publikum \u00fcber die 11 H\u00f6rschl\u00e4uche Musik goutieren, die von der Walze abgetastet wurde. Die Spieldauer der Hartwachs-Walze betr\u00e4gt zwei Minuten. Hergestellt und vertrieben wurde dieser von Thomas A. Edison entwickelte Phonograph in Lizenz von der North American Phonograph Company (Napco). [Slg. Dietz]"},{"@type":"BreadcrumbList","@id":"https:\/\/www.schwarzwaldverein-st-georgen.de\/index.php\/event\/rote-raute-treff-fuehrung-im-deutschen-phonomuseum\/#breadcrumb","itemListElement":[{"@type":"ListItem","position":1,"name":"Start","item":"https:\/\/www.schwarzwaldverein-st-georgen.de\/"},{"@type":"ListItem","position":2,"name":"Veranstaltungen","item":"https:\/\/www.schwarzwaldverein-st-georgen.de\/index.php\/events\/"},{"@type":"ListItem","position":3,"name":"Rote &#8211; Raute &#8211; Treff: F\u00fchrung im Deutschen Phonomuseum"}]},{"@type":"WebSite","@id":"https:\/\/www.schwarzwaldverein-st-georgen.de\/#website","url":"https:\/\/www.schwarzwaldverein-st-georgen.de\/","name":"Schwarzwaldverein St. Georgen e.V.","description":"Wandern, Wege, Naturschutz, Familien, Wanderheim Lindenb\u00fcble","potentialAction":[{"@type":"SearchAction","target":{"@type":"EntryPoint","urlTemplate":"https:\/\/www.schwarzwaldverein-st-georgen.de\/?s={search_term_string}"},"query-input":{"@type":"PropertyValueSpecification","valueRequired":true,"valueName":"search_term_string"}}],"inLanguage":"de"}]}},"ticketed":false,"_links":{"self":[{"href":"https:\/\/www.schwarzwaldverein-st-georgen.de\/index.php\/wp-json\/wp\/v2\/tribe_events\/2676","targetHints":{"allow":["GET"]}}],"collection":[{"href":"https:\/\/www.schwarzwaldverein-st-georgen.de\/index.php\/wp-json\/wp\/v2\/tribe_events"}],"about":[{"href":"https:\/\/www.schwarzwaldverein-st-georgen.de\/index.php\/wp-json\/wp\/v2\/types\/tribe_events"}],"author":[{"embeddable":true,"href":"https:\/\/www.schwarzwaldverein-st-georgen.de\/index.php\/wp-json\/wp\/v2\/users\/1"}],"replies":[{"embeddable":true,"href":"https:\/\/www.schwarzwaldverein-st-georgen.de\/index.php\/wp-json\/wp\/v2\/comments?post=2676"}],"version-history":[{"count":1,"href":"https:\/\/www.schwarzwaldverein-st-georgen.de\/index.php\/wp-json\/wp\/v2\/tribe_events\/2676\/revisions"}],"predecessor-version":[{"id":2697,"href":"https:\/\/www.schwarzwaldverein-st-georgen.de\/index.php\/wp-json\/wp\/v2\/tribe_events\/2676\/revisions\/2697"}],"wp:featuredmedia":[{"embeddable":true,"href":"https:\/\/www.schwarzwaldverein-st-georgen.de\/index.php\/wp-json\/wp\/v2\/media\/2529"}],"wp:attachment":[{"href":"https:\/\/www.schwarzwaldverein-st-georgen.de\/index.php\/wp-json\/wp\/v2\/media?parent=2676"}],"wp:term":[{"taxonomy":"post_tag","embeddable":true,"href":"https:\/\/www.schwarzwaldverein-st-georgen.de\/index.php\/wp-json\/wp\/v2\/tags?post=2676"},{"taxonomy":"tribe_events_cat","embeddable":true,"href":"https:\/\/www.schwarzwaldverein-st-georgen.de\/index.php\/wp-json\/wp\/v2\/tribe_events_cat?post=2676"}],"curies":[{"name":"wp","href":"https:\/\/api.w.org\/{rel}","templated":true}]}}