{"id":2397,"date":"2024-01-30T15:36:24","date_gmt":"2024-01-30T14:36:24","guid":{"rendered":"https:\/\/www.schwarzwaldverein-st-georgen.de\/index.php\/event\/wandern-und-geniessen-rund-um-bad-urach\/"},"modified":"2024-09-23T14:30:43","modified_gmt":"2024-09-23T12:30:43","slug":"wandern-und-geniessen-rund-um-bad-urach","status":"publish","type":"tribe_events","link":"https:\/\/www.schwarzwaldverein-st-georgen.de\/index.php\/event\/wandern-und-geniessen-rund-um-bad-urach\/","title":{"rendered":"Wandern und Genie\u00dfen rund um Bad Urach"},"content":{"rendered":"<p>Wir wandern auf Premium-Wegen durch bunte Herbstw\u00e4lder, \u00fcber schmale Pfade und Waldwege, zu Felsen, Wasserf\u00e4llen, H\u00f6hlen und Burgen.<\/p>\n<p>Zur \u00dcbernachtung haben wir ein Zimmerkontingent im Hotel \u201eR\u00f6\u00dfle\u201c gebucht. Das \u201eR\u00f6\u00dfle\u201c ist das Haus am Platz in Dettingen, familiengef\u00fchrt, mit eigener Metzgerei und tollem Essen. Es gibt nur ein begrenztes Zimmerkontingent<\/p>\n<p>Beschreibung und Anmeldeformular als PDF: <strong><span style=\"color: #0000ff;\"><a style=\"color: #0000ff;\" href=\"https:\/\/www.schwarzwaldverein-st-georgen.de\/wp-content\/uploads\/SWV-Programm-und-Anmeldung-Bad-Urach-Herbst-24.pdf\" target=\"_blank\" rel=\"noopener\">Wanderprogramm und Anmeldung Bad Urach Herbst 24<\/a><\/span><\/strong><\/p>\n<h2>Das geplante Programm:<\/h2>\n<h3>Freitag, 18. Oktober:<\/h3>\n<p>Treffen 13:00 Uhr am Parkplatz Klosterweiher Es werden Fahrgemeinschaften gebildet.<\/p>\n<p>ca. 15:00 Uhr Ankunft in Bad Urach-Wittlingen und Wanderung auf dem<\/p>\n<h4>Hohenwittlingensteig<\/h4>\n<p>Der Hohenwittlingensteig bietet mehrfach ein besonders intensives Erlebnis scheinbar unber\u00fchrter Natur. Der Weg f\u00fchrt durch herrliche Laubw\u00e4lder, vorbei an imposanten Felsformationen, eindrucksvollen B\u00e4chen und zur Burgruine Hohenwittlingen, mit malerischer Aussicht vom Bergfried. Richtig abenteuerlich wird es in der Wolfsschlucht und mit der zwischen dem 15. April und 15. November frei zug\u00e4nglichen Schillerh\u00f6hle (Tipp: Taschenlampe einstecken!) besitzt diese Tour eine spektakul\u00e4re Besonderheit.<\/p>\n<p>Strecke: 6.5 km, 422 Hm Erlebnispunktzahl: 72 Punkte Pfade \/ Schmale Wege: 40% Wegbelag: 65% Naturweg anschl. Check-In im Hotel und gemeinsames Schw\u00e4bisches Vesperbuffet (Ist in den Leistungen enthalten. Falls jemand lieber a la carte essen m\u00f6chte, dann dies bitte bei der Anmeldung angeben, der Preis reduziert sich dann um 16 \u20ac.)<\/p>\n<hr \/>\n<h3>Samstag, 19. Oktober:<\/h3>\n<p>nach tollem Fr\u00fchst\u00fcck gut gest\u00e4rkt geht es fr\u00fch los. (F\u00fcr Unterwegs haben wir die M\u00f6glichkeit uns Im Hotel Vesper zu richten.)<\/p>\n<p>Heute erwandern wir die Uracher Wasserf\u00e4lle auf dem<\/p>\n<h4>Wasserfallsteig<\/h4>\n<p>Der Uracher Wasserfall allein ist schon ein Erlebnis. Aber in Verbindung mit herrlichen Ausblicken vom Rutschenfelsen, idyllischen Wiesent\u00e4lern und dem wildromantischen G\u00fctersteiner Wasserfall ist die Tour ein Genuss.<\/p>\n<p>Strecke 10 km, rd. 511 Hm Erlebnispunktzahl: 87 Punkte Pfade \/ Schmale Wege: 22% Wegbelag: 41% Naturweg Unterwegs ist eine Zwischeneinkehr m\u00f6glich.<\/p>\n<p>Nachmittag: entweder zur freien Verf\u00fcgung (z.B. Wellness in den Alb-Thermen Bad Urach &#8211; der Eintritt ist in der AlbCard enthalten) oder es gibt eine Zugabe z.B. auf dem<\/p>\n<h4>Hohenurachsteig<\/h4>\n<p>Allein schon der grandiose Aussichtspunkt am Eppenzillfelsen, mit Blick auf den Uracher Wasserfall und weit in die Ferne w\u00e4re ein ausreichender Anlass, diese kleine Runde zu erwandern. Dazu gibt es sch\u00f6ne, teils urige W\u00e4lder, das h\u00fcbsche Seltbachtal mit Streuobstg\u00e4rten und als kulturellen Aspekt die Ruine Hohenurach. Eine h\u00fcbsche Tour, die trotz ihrer geringen Gesamtl\u00e4nge aufgrund der zu \u00fcberwindenden Gesamth\u00f6henmeter und einiger steiler Passagen keinesfalls mit einem Spazierweg verwechselt werden darf. Festes Schuhwerk und Trittsicherheit sind unbedingt zu empfehlen.<\/p>\n<p>Strecke 7,5 km, rd. 487 hm Erlebnispunktzahl: 59 Punkte Pfade \/ Schmale Wege: 50% Wegbelag: 57% Naturweg Abends dann gemeinsames 3-G\u00e4nge-Biosph\u00e4ren-Wohlf\u00fchlmen\u00fc<\/p>\n<hr \/>\n<h3>Sonntag, 20. Oktober:<\/h3>\n<p>wir haben es uns verdient, gut auszuschlafen und lang zu Fr\u00fchst\u00fccken.<\/p>\n<p>Das Programm wird am Samstagabend besprochen \u2013 es bieten sich weitere tolle Premiumwege an \u2013 z.B. hochgehkeltert wandern durch Weinberge und sch\u00f6ne W\u00e4lder am Hohenneuffen (7,6 km\/365 hm) &#8211; vielleicht mag der eine oder andere ja auch nochmal die Alb-Card nutzen.<\/p>\n<hr \/>\n<p><strong>Weitere Infos und Anmeldung<\/strong>: 0178 933 2346 (abends oder wochenends) oder scholzastrid@gmx.de<\/p>\n<p><small>Bildquelle: Siegfried K\u00f6nig, <a>CC BY-ND<\/a><\/small><\/p>\n","protected":false},"excerpt":{"rendered":"<p>Wir wandern auf Premium-Wegen durch bunte Herbstw\u00e4lder, \u00fcber schmale Pfade und Waldwege, zu Felsen, Wasserf\u00e4llen, H\u00f6hlen und Burgen. Zur \u00dcbernachtung haben wir ein Zimmerkontingent im Hotel \u201eR\u00f6\u00dfle\u201c gebucht. Das \u201eR\u00f6\u00dfle\u201c ist das Haus am Platz in Dettingen, familiengef\u00fchrt, mit eigener Metzgerei und tollem Essen. Es gibt nur ein begrenztes Zimmerkontingent Beschreibung und Anmeldeformular als PDF: &hellip; <\/p>\n<p><a class=\"more-link btn\" href=\"https:\/\/www.schwarzwaldverein-st-georgen.de\/index.php\/event\/wandern-und-geniessen-rund-um-bad-urach\/\">Weiterlesen<\/a><\/p>\n","protected":false},"author":1,"featured_media":2133,"comment_status":"closed","ping_status":"closed","template":"","meta":{"_price":"","_stock":"","_tribe_ticket_header":"","_tribe_default_ticket_provider":"","_ticket_start_date":"","_ticket_end_date":"","_tribe_ticket_show_description":"","_tribe_ticket_show_not_going":false,"_tribe_ticket_use_global_stock":"","_tribe_ticket_global_stock_level":"","_global_stock_mode":"","_global_stock_cap":"","_tribe_rsvp_for_event":"","_tribe_ticket_going_count":"","_tribe_ticket_not_going_count":"","_tribe_tickets_list":"[]","_tribe_ticket_has_attendee_info_fields":false,"_tribe_events_status":"","_tribe_events_status_reason":"","footnotes":"","_tec_slr_enabled":"","_tec_slr_layout":""},"tags":[],"tribe_events_cat":[2,9],"class_list":["post-2397","tribe_events","type-tribe_events","status-publish","has-post-thumbnail","hentry","tribe_events_cat-jahresprogramm","tribe_events_cat-wanderreise","cat_jahresprogramm","cat_wanderreise","nodate","item-wrap"],"yoast_head":"<!-- This site is optimized with the Yoast SEO plugin v26.8 - https:\/\/yoast.com\/product\/yoast-seo-wordpress\/ -->\n<title>Wandern und Genie\u00dfen rund um Bad Urach - Schwarzwaldverein St. Georgen e.V.<\/title>\n<meta name=\"robots\" content=\"index, follow, max-snippet:-1, max-image-preview:large, max-video-preview:-1\" \/>\n<link rel=\"canonical\" href=\"https:\/\/www.schwarzwaldverein-st-georgen.de\/index.php\/event\/wandern-und-geniessen-rund-um-bad-urach\/\" \/>\n<meta property=\"og:locale\" content=\"de_DE\" \/>\n<meta property=\"og:type\" content=\"article\" \/>\n<meta property=\"og:title\" content=\"Wandern und Genie\u00dfen rund um Bad Urach - Schwarzwaldverein St. Georgen e.V.\" \/>\n<meta property=\"og:description\" content=\"Wir wandern auf Premium-Wegen durch bunte Herbstw\u00e4lder, \u00fcber schmale Pfade und Waldwege, zu Felsen, Wasserf\u00e4llen, H\u00f6hlen und Burgen. Zur \u00dcbernachtung haben wir ein Zimmerkontingent im Hotel \u201eR\u00f6\u00dfle\u201c gebucht. Das \u201eR\u00f6\u00dfle\u201c ist das Haus am Platz in Dettingen, familiengef\u00fchrt, mit eigener Metzgerei und tollem Essen. Es gibt nur ein begrenztes Zimmerkontingent Beschreibung und Anmeldeformular als PDF: &hellip; Weiterlesen\" \/>\n<meta property=\"og:url\" content=\"https:\/\/www.schwarzwaldverein-st-georgen.de\/index.php\/event\/wandern-und-geniessen-rund-um-bad-urach\/\" \/>\n<meta property=\"og:site_name\" content=\"Schwarzwaldverein St. Georgen e.V.\" \/>\n<meta property=\"article:modified_time\" content=\"2024-09-23T12:30:43+00:00\" \/>\n<meta property=\"og:image\" content=\"https:\/\/www.schwarzwaldverein-st-georgen.de\/wp-content\/uploads\/2023\/20211023-105810_DSC03024-scaled.jpg\" \/>\n\t<meta property=\"og:image:width\" content=\"2560\" \/>\n\t<meta property=\"og:image:height\" content=\"1707\" \/>\n\t<meta property=\"og:image:type\" content=\"image\/jpeg\" \/>\n<meta name=\"twitter:card\" content=\"summary_large_image\" \/>\n<meta name=\"twitter:label1\" content=\"Gesch\u00e4tzte Lesezeit\" \/>\n\t<meta name=\"twitter:data1\" content=\"3\u00a0Minuten\" \/>\n<script type=\"application\/ld+json\" class=\"yoast-schema-graph\">{\"@context\":\"https:\/\/schema.org\",\"@graph\":[{\"@type\":\"WebPage\",\"@id\":\"https:\/\/www.schwarzwaldverein-st-georgen.de\/index.php\/event\/wandern-und-geniessen-rund-um-bad-urach\/\",\"url\":\"https:\/\/www.schwarzwaldverein-st-georgen.de\/index.php\/event\/wandern-und-geniessen-rund-um-bad-urach\/\",\"name\":\"Wandern und Genie\u00dfen rund um Bad Urach - Schwarzwaldverein St. Georgen e.V.\",\"isPartOf\":{\"@id\":\"https:\/\/www.schwarzwaldverein-st-georgen.de\/#website\"},\"primaryImageOfPage\":{\"@id\":\"https:\/\/www.schwarzwaldverein-st-georgen.de\/index.php\/event\/wandern-und-geniessen-rund-um-bad-urach\/#primaryimage\"},\"image\":{\"@id\":\"https:\/\/www.schwarzwaldverein-st-georgen.de\/index.php\/event\/wandern-und-geniessen-rund-um-bad-urach\/#primaryimage\"},\"thumbnailUrl\":\"https:\/\/www.schwarzwaldverein-st-georgen.de\/wp-content\/uploads\/2023\/20211023-105810_DSC03024-scaled.jpg\",\"datePublished\":\"2024-01-30T14:36:24+00:00\",\"dateModified\":\"2024-09-23T12:30:43+00:00\",\"breadcrumb\":{\"@id\":\"https:\/\/www.schwarzwaldverein-st-georgen.de\/index.php\/event\/wandern-und-geniessen-rund-um-bad-urach\/#breadcrumb\"},\"inLanguage\":\"de\",\"potentialAction\":[{\"@type\":\"ReadAction\",\"target\":[\"https:\/\/www.schwarzwaldverein-st-georgen.de\/index.php\/event\/wandern-und-geniessen-rund-um-bad-urach\/\"]}]},{\"@type\":\"ImageObject\",\"inLanguage\":\"de\",\"@id\":\"https:\/\/www.schwarzwaldverein-st-georgen.de\/index.php\/event\/wandern-und-geniessen-rund-um-bad-urach\/#primaryimage\",\"url\":\"https:\/\/www.schwarzwaldverein-st-georgen.de\/wp-content\/uploads\/2023\/20211023-105810_DSC03024-scaled.jpg\",\"contentUrl\":\"https:\/\/www.schwarzwaldverein-st-georgen.de\/wp-content\/uploads\/2023\/20211023-105810_DSC03024-scaled.jpg\",\"width\":2560,\"height\":1707},{\"@type\":\"BreadcrumbList\",\"@id\":\"https:\/\/www.schwarzwaldverein-st-georgen.de\/index.php\/event\/wandern-und-geniessen-rund-um-bad-urach\/#breadcrumb\",\"itemListElement\":[{\"@type\":\"ListItem\",\"position\":1,\"name\":\"Start\",\"item\":\"https:\/\/www.schwarzwaldverein-st-georgen.de\/\"},{\"@type\":\"ListItem\",\"position\":2,\"name\":\"Veranstaltungen\",\"item\":\"https:\/\/www.schwarzwaldverein-st-georgen.de\/index.php\/events\/\"},{\"@type\":\"ListItem\",\"position\":3,\"name\":\"Wandern und Genie\u00dfen rund um Bad Urach\"}]},{\"@type\":\"WebSite\",\"@id\":\"https:\/\/www.schwarzwaldverein-st-georgen.de\/#website\",\"url\":\"https:\/\/www.schwarzwaldverein-st-georgen.de\/\",\"name\":\"Schwarzwaldverein St. Georgen e.V.\",\"description\":\"Wandern, Wege, Naturschutz, Familien, Wanderheim Lindenb\u00fcble\",\"potentialAction\":[{\"@type\":\"SearchAction\",\"target\":{\"@type\":\"EntryPoint\",\"urlTemplate\":\"https:\/\/www.schwarzwaldverein-st-georgen.de\/?s={search_term_string}\"},\"query-input\":{\"@type\":\"PropertyValueSpecification\",\"valueRequired\":true,\"valueName\":\"search_term_string\"}}],\"inLanguage\":\"de\"}]}<\/script>\n<!-- \/ Yoast SEO plugin. -->","yoast_head_json":{"title":"Wandern und Genie\u00dfen rund um Bad Urach - Schwarzwaldverein St. Georgen e.V.","robots":{"index":"index","follow":"follow","max-snippet":"max-snippet:-1","max-image-preview":"max-image-preview:large","max-video-preview":"max-video-preview:-1"},"canonical":"https:\/\/www.schwarzwaldverein-st-georgen.de\/index.php\/event\/wandern-und-geniessen-rund-um-bad-urach\/","og_locale":"de_DE","og_type":"article","og_title":"Wandern und Genie\u00dfen rund um Bad Urach - Schwarzwaldverein St. Georgen e.V.","og_description":"Wir wandern auf Premium-Wegen durch bunte Herbstw\u00e4lder, \u00fcber schmale Pfade und Waldwege, zu Felsen, Wasserf\u00e4llen, H\u00f6hlen und Burgen. Zur \u00dcbernachtung haben wir ein Zimmerkontingent im Hotel \u201eR\u00f6\u00dfle\u201c gebucht. Das \u201eR\u00f6\u00dfle\u201c ist das Haus am Platz in Dettingen, familiengef\u00fchrt, mit eigener Metzgerei und tollem Essen. Es gibt nur ein begrenztes Zimmerkontingent Beschreibung und Anmeldeformular als PDF: &hellip; Weiterlesen","og_url":"https:\/\/www.schwarzwaldverein-st-georgen.de\/index.php\/event\/wandern-und-geniessen-rund-um-bad-urach\/","og_site_name":"Schwarzwaldverein St. Georgen e.V.","article_modified_time":"2024-09-23T12:30:43+00:00","og_image":[{"width":2560,"height":1707,"url":"https:\/\/www.schwarzwaldverein-st-georgen.de\/wp-content\/uploads\/2023\/20211023-105810_DSC03024-scaled.jpg","type":"image\/jpeg"}],"twitter_card":"summary_large_image","twitter_misc":{"Gesch\u00e4tzte Lesezeit":"3\u00a0Minuten"},"schema":{"@context":"https:\/\/schema.org","@graph":[{"@type":"WebPage","@id":"https:\/\/www.schwarzwaldverein-st-georgen.de\/index.php\/event\/wandern-und-geniessen-rund-um-bad-urach\/","url":"https:\/\/www.schwarzwaldverein-st-georgen.de\/index.php\/event\/wandern-und-geniessen-rund-um-bad-urach\/","name":"Wandern und Genie\u00dfen rund um Bad Urach - Schwarzwaldverein St. Georgen e.V.","isPartOf":{"@id":"https:\/\/www.schwarzwaldverein-st-georgen.de\/#website"},"primaryImageOfPage":{"@id":"https:\/\/www.schwarzwaldverein-st-georgen.de\/index.php\/event\/wandern-und-geniessen-rund-um-bad-urach\/#primaryimage"},"image":{"@id":"https:\/\/www.schwarzwaldverein-st-georgen.de\/index.php\/event\/wandern-und-geniessen-rund-um-bad-urach\/#primaryimage"},"thumbnailUrl":"https:\/\/www.schwarzwaldverein-st-georgen.de\/wp-content\/uploads\/2023\/20211023-105810_DSC03024-scaled.jpg","datePublished":"2024-01-30T14:36:24+00:00","dateModified":"2024-09-23T12:30:43+00:00","breadcrumb":{"@id":"https:\/\/www.schwarzwaldverein-st-georgen.de\/index.php\/event\/wandern-und-geniessen-rund-um-bad-urach\/#breadcrumb"},"inLanguage":"de","potentialAction":[{"@type":"ReadAction","target":["https:\/\/www.schwarzwaldverein-st-georgen.de\/index.php\/event\/wandern-und-geniessen-rund-um-bad-urach\/"]}]},{"@type":"ImageObject","inLanguage":"de","@id":"https:\/\/www.schwarzwaldverein-st-georgen.de\/index.php\/event\/wandern-und-geniessen-rund-um-bad-urach\/#primaryimage","url":"https:\/\/www.schwarzwaldverein-st-georgen.de\/wp-content\/uploads\/2023\/20211023-105810_DSC03024-scaled.jpg","contentUrl":"https:\/\/www.schwarzwaldverein-st-georgen.de\/wp-content\/uploads\/2023\/20211023-105810_DSC03024-scaled.jpg","width":2560,"height":1707},{"@type":"BreadcrumbList","@id":"https:\/\/www.schwarzwaldverein-st-georgen.de\/index.php\/event\/wandern-und-geniessen-rund-um-bad-urach\/#breadcrumb","itemListElement":[{"@type":"ListItem","position":1,"name":"Start","item":"https:\/\/www.schwarzwaldverein-st-georgen.de\/"},{"@type":"ListItem","position":2,"name":"Veranstaltungen","item":"https:\/\/www.schwarzwaldverein-st-georgen.de\/index.php\/events\/"},{"@type":"ListItem","position":3,"name":"Wandern und Genie\u00dfen rund um Bad Urach"}]},{"@type":"WebSite","@id":"https:\/\/www.schwarzwaldverein-st-georgen.de\/#website","url":"https:\/\/www.schwarzwaldverein-st-georgen.de\/","name":"Schwarzwaldverein St. Georgen e.V.","description":"Wandern, Wege, Naturschutz, Familien, Wanderheim Lindenb\u00fcble","potentialAction":[{"@type":"SearchAction","target":{"@type":"EntryPoint","urlTemplate":"https:\/\/www.schwarzwaldverein-st-georgen.de\/?s={search_term_string}"},"query-input":{"@type":"PropertyValueSpecification","valueRequired":true,"valueName":"search_term_string"}}],"inLanguage":"de"}]}},"ticketed":false,"_links":{"self":[{"href":"https:\/\/www.schwarzwaldverein-st-georgen.de\/index.php\/wp-json\/wp\/v2\/tribe_events\/2397","targetHints":{"allow":["GET"]}}],"collection":[{"href":"https:\/\/www.schwarzwaldverein-st-georgen.de\/index.php\/wp-json\/wp\/v2\/tribe_events"}],"about":[{"href":"https:\/\/www.schwarzwaldverein-st-georgen.de\/index.php\/wp-json\/wp\/v2\/types\/tribe_events"}],"author":[{"embeddable":true,"href":"https:\/\/www.schwarzwaldverein-st-georgen.de\/index.php\/wp-json\/wp\/v2\/users\/1"}],"replies":[{"embeddable":true,"href":"https:\/\/www.schwarzwaldverein-st-georgen.de\/index.php\/wp-json\/wp\/v2\/comments?post=2397"}],"version-history":[{"count":3,"href":"https:\/\/www.schwarzwaldverein-st-georgen.de\/index.php\/wp-json\/wp\/v2\/tribe_events\/2397\/revisions"}],"predecessor-version":[{"id":2500,"href":"https:\/\/www.schwarzwaldverein-st-georgen.de\/index.php\/wp-json\/wp\/v2\/tribe_events\/2397\/revisions\/2500"}],"wp:featuredmedia":[{"embeddable":true,"href":"https:\/\/www.schwarzwaldverein-st-georgen.de\/index.php\/wp-json\/wp\/v2\/media\/2133"}],"wp:attachment":[{"href":"https:\/\/www.schwarzwaldverein-st-georgen.de\/index.php\/wp-json\/wp\/v2\/media?parent=2397"}],"wp:term":[{"taxonomy":"post_tag","embeddable":true,"href":"https:\/\/www.schwarzwaldverein-st-georgen.de\/index.php\/wp-json\/wp\/v2\/tags?post=2397"},{"taxonomy":"tribe_events_cat","embeddable":true,"href":"https:\/\/www.schwarzwaldverein-st-georgen.de\/index.php\/wp-json\/wp\/v2\/tribe_events_cat?post=2397"}],"curies":[{"name":"wp","href":"https:\/\/api.w.org\/{rel}","templated":true}]}}