{"id":2391,"date":"2024-01-30T15:36:14","date_gmt":"2024-01-30T14:36:14","guid":{"rendered":"https:\/\/www.schwarzwaldverein-st-georgen.de\/index.php\/event\/10-jahre-nationalpark-schwarzwald-was-hat-sich-veraendert\/"},"modified":"2024-02-03T11:01:45","modified_gmt":"2024-02-03T10:01:45","slug":"10-jahre-nationalpark-schwarzwald-was-hat-sich-veraendert","status":"publish","type":"tribe_events","link":"https:\/\/www.schwarzwaldverein-st-georgen.de\/index.php\/event\/10-jahre-nationalpark-schwarzwald-was-hat-sich-veraendert\/","title":{"rendered":"10 Jahre Nationalpark Schwarzwald  Was hat sich ver\u00e4ndert?"},"content":{"rendered":"<p>Vom Nationalparkzentrum aus wandern wir, durch wundersch\u00f6ne Heidefl\u00e4chen zum Schliffkopf. Nach einer Pause geht es um den Vogelskopf zur\u00fcck zum Ruhestein. Immer wieder haben wir eine Fernsicht ins Renchtal und in die Rheinebene. Anschlie\u00dfend besteht die M\u00f6glichkeit zum Besuch der Ausstellung im Nationalparkzentrum oder zur gem\u00fctlichen Einkehr.<\/p>\n<p>reffpunkt: 09.00 Uhr Klosterweiher oder 10.30 Uhr Parkplatz Ruhestein (Parkgeb\u00fchren)  <\/p>\n<table>\n<tbody>\n<tr>\n<td class=\"tdh_wp\">Wanderf\u00fchrung: <\/td>\n<td class=\"tdh_wp\">Sabine Dannecker<\/td>\n<\/tr>\n<tr>\n<td class=\"td_wp\">Gehzeit:<\/td>\n<td class=\"td_wp\">ca. 3,5Std.<br \/>13 km<\/td>\n<\/tr>\n<tr>\n<td class=\"td_wp\">Kategorie 3<\/td>\n<td class=\"td_wp\"><img loading=\"lazy\" decoding=\"async\" class=\"alignnone\" src=\"https:\/\/www.schwarzwaldverein-st-georgen.de\/wp-content\/uploads\/blaueRaute.png\" alt=\"\" width=\"30\" height=\"16\" \/><\/td>\n<\/tr>\n<tr>\n<td class=\"td_wp\">Treffpunkt:<\/td>\n<td class=\"td_wp\">09:00 Uhr, Klosterweiher oder Parkplatz Ruhestein (Parkgeb\u00fchren)<\/td>\n<\/tr>\n<tr>\n<td class=\"td_wp\">Anmeldung:<\/td>\n<td class=\"td_wp\">07441 8601586<\/td>\n<\/tr>\n<\/tbody>\n<\/table>\n<p><small>Bildquelle: Sabine Dannecker <a>CC BY-ND<\/a><\/small><\/p>\n","protected":false},"excerpt":{"rendered":"<p>Vom Nationalparkzentrum aus wandern wir, durch wundersch\u00f6ne Heidefl\u00e4chen zum Schliffkopf. Nach einer Pause geht es um den Vogelskopf zur\u00fcck zum Ruhestein. Immer wieder haben wir eine Fernsicht ins Renchtal und in die Rheinebene. Anschlie\u00dfend besteht die M\u00f6glichkeit zum Besuch der Ausstellung im Nationalparkzentrum oder zur gem\u00fctlichen Einkehr. reffpunkt: 09.00 Uhr Klosterweiher oder 10.30 Uhr Parkplatz &hellip; <\/p>\n<p><a class=\"more-link btn\" href=\"https:\/\/www.schwarzwaldverein-st-georgen.de\/index.php\/event\/10-jahre-nationalpark-schwarzwald-was-hat-sich-veraendert\/\">Weiterlesen<\/a><\/p>\n","protected":false},"author":1,"featured_media":2326,"comment_status":"closed","ping_status":"closed","template":"","meta":{"_price":"","_stock":"","_tribe_ticket_header":"","_tribe_default_ticket_provider":"","_ticket_start_date":"","_ticket_end_date":"","_tribe_ticket_show_description":"","_tribe_ticket_show_not_going":false,"_tribe_ticket_use_global_stock":"","_tribe_ticket_global_stock_level":"","_global_stock_mode":"","_global_stock_cap":"","_tribe_rsvp_for_event":"","_tribe_ticket_going_count":"","_tribe_ticket_not_going_count":"","_tribe_tickets_list":"[]","_tribe_ticket_has_attendee_info_fields":false,"_tribe_events_status":"","_tribe_events_status_reason":"","footnotes":"","_tec_slr_enabled":"","_tec_slr_layout":""},"tags":[],"tribe_events_cat":[2,7],"class_list":["post-2391","tribe_events","type-tribe_events","status-publish","has-post-thumbnail","hentry","tribe_events_cat-jahresprogramm","tribe_events_cat-wanderung","cat_jahresprogramm","cat_wanderung","nodate","item-wrap"],"yoast_head":"<!-- This site is optimized with the Yoast SEO plugin v26.8 - https:\/\/yoast.com\/product\/yoast-seo-wordpress\/ -->\n<title>10 Jahre Nationalpark Schwarzwald Was hat sich ver\u00e4ndert? - Schwarzwaldverein St. Georgen e.V.<\/title>\n<meta name=\"robots\" content=\"index, follow, max-snippet:-1, max-image-preview:large, max-video-preview:-1\" \/>\n<link rel=\"canonical\" href=\"https:\/\/www.schwarzwaldverein-st-georgen.de\/index.php\/event\/10-jahre-nationalpark-schwarzwald-was-hat-sich-veraendert\/\" \/>\n<meta property=\"og:locale\" content=\"de_DE\" \/>\n<meta property=\"og:type\" content=\"article\" \/>\n<meta property=\"og:title\" content=\"10 Jahre Nationalpark Schwarzwald Was hat sich ver\u00e4ndert? - Schwarzwaldverein St. Georgen e.V.\" \/>\n<meta property=\"og:description\" content=\"Vom Nationalparkzentrum aus wandern wir, durch wundersch\u00f6ne Heidefl\u00e4chen zum Schliffkopf. Nach einer Pause geht es um den Vogelskopf zur\u00fcck zum Ruhestein. Immer wieder haben wir eine Fernsicht ins Renchtal und in die Rheinebene. Anschlie\u00dfend besteht die M\u00f6glichkeit zum Besuch der Ausstellung im Nationalparkzentrum oder zur gem\u00fctlichen Einkehr. reffpunkt: 09.00 Uhr Klosterweiher oder 10.30 Uhr Parkplatz &hellip; Weiterlesen\" \/>\n<meta property=\"og:url\" content=\"https:\/\/www.schwarzwaldverein-st-georgen.de\/index.php\/event\/10-jahre-nationalpark-schwarzwald-was-hat-sich-veraendert\/\" \/>\n<meta property=\"og:site_name\" content=\"Schwarzwaldverein St. Georgen e.V.\" \/>\n<meta property=\"article:modified_time\" content=\"2024-02-03T10:01:45+00:00\" \/>\n<meta property=\"og:image\" content=\"https:\/\/www.schwarzwaldverein-st-georgen.de\/wp-content\/uploads\/2024\/20231009-122615_20231009_122615-scaled.jpg\" \/>\n\t<meta property=\"og:image:width\" content=\"2560\" \/>\n\t<meta property=\"og:image:height\" content=\"1180\" \/>\n\t<meta property=\"og:image:type\" content=\"image\/jpeg\" \/>\n<meta name=\"twitter:card\" content=\"summary_large_image\" \/>\n<script type=\"application\/ld+json\" class=\"yoast-schema-graph\">{\"@context\":\"https:\/\/schema.org\",\"@graph\":[{\"@type\":\"WebPage\",\"@id\":\"https:\/\/www.schwarzwaldverein-st-georgen.de\/index.php\/event\/10-jahre-nationalpark-schwarzwald-was-hat-sich-veraendert\/\",\"url\":\"https:\/\/www.schwarzwaldverein-st-georgen.de\/index.php\/event\/10-jahre-nationalpark-schwarzwald-was-hat-sich-veraendert\/\",\"name\":\"10 Jahre Nationalpark Schwarzwald Was hat sich ver\u00e4ndert? - Schwarzwaldverein St. Georgen e.V.\",\"isPartOf\":{\"@id\":\"https:\/\/www.schwarzwaldverein-st-georgen.de\/#website\"},\"primaryImageOfPage\":{\"@id\":\"https:\/\/www.schwarzwaldverein-st-georgen.de\/index.php\/event\/10-jahre-nationalpark-schwarzwald-was-hat-sich-veraendert\/#primaryimage\"},\"image\":{\"@id\":\"https:\/\/www.schwarzwaldverein-st-georgen.de\/index.php\/event\/10-jahre-nationalpark-schwarzwald-was-hat-sich-veraendert\/#primaryimage\"},\"thumbnailUrl\":\"https:\/\/www.schwarzwaldverein-st-georgen.de\/wp-content\/uploads\/2024\/20231009-122615_20231009_122615-scaled.jpg\",\"datePublished\":\"2024-01-30T14:36:14+00:00\",\"dateModified\":\"2024-02-03T10:01:45+00:00\",\"breadcrumb\":{\"@id\":\"https:\/\/www.schwarzwaldverein-st-georgen.de\/index.php\/event\/10-jahre-nationalpark-schwarzwald-was-hat-sich-veraendert\/#breadcrumb\"},\"inLanguage\":\"de\",\"potentialAction\":[{\"@type\":\"ReadAction\",\"target\":[\"https:\/\/www.schwarzwaldverein-st-georgen.de\/index.php\/event\/10-jahre-nationalpark-schwarzwald-was-hat-sich-veraendert\/\"]}]},{\"@type\":\"ImageObject\",\"inLanguage\":\"de\",\"@id\":\"https:\/\/www.schwarzwaldverein-st-georgen.de\/index.php\/event\/10-jahre-nationalpark-schwarzwald-was-hat-sich-veraendert\/#primaryimage\",\"url\":\"https:\/\/www.schwarzwaldverein-st-georgen.de\/wp-content\/uploads\/2024\/20231009-122615_20231009_122615-scaled.jpg\",\"contentUrl\":\"https:\/\/www.schwarzwaldverein-st-georgen.de\/wp-content\/uploads\/2024\/20231009-122615_20231009_122615-scaled.jpg\",\"width\":2560,\"height\":1180},{\"@type\":\"BreadcrumbList\",\"@id\":\"https:\/\/www.schwarzwaldverein-st-georgen.de\/index.php\/event\/10-jahre-nationalpark-schwarzwald-was-hat-sich-veraendert\/#breadcrumb\",\"itemListElement\":[{\"@type\":\"ListItem\",\"position\":1,\"name\":\"Start\",\"item\":\"https:\/\/www.schwarzwaldverein-st-georgen.de\/\"},{\"@type\":\"ListItem\",\"position\":2,\"name\":\"Veranstaltungen\",\"item\":\"https:\/\/www.schwarzwaldverein-st-georgen.de\/index.php\/events\/\"},{\"@type\":\"ListItem\",\"position\":3,\"name\":\"10 Jahre Nationalpark Schwarzwald Was hat sich ver\u00e4ndert?\"}]},{\"@type\":\"WebSite\",\"@id\":\"https:\/\/www.schwarzwaldverein-st-georgen.de\/#website\",\"url\":\"https:\/\/www.schwarzwaldverein-st-georgen.de\/\",\"name\":\"Schwarzwaldverein St. Georgen e.V.\",\"description\":\"Wandern, Wege, Naturschutz, Familien, Wanderheim Lindenb\u00fcble\",\"potentialAction\":[{\"@type\":\"SearchAction\",\"target\":{\"@type\":\"EntryPoint\",\"urlTemplate\":\"https:\/\/www.schwarzwaldverein-st-georgen.de\/?s={search_term_string}\"},\"query-input\":{\"@type\":\"PropertyValueSpecification\",\"valueRequired\":true,\"valueName\":\"search_term_string\"}}],\"inLanguage\":\"de\"}]}<\/script>\n<!-- \/ Yoast SEO plugin. -->","yoast_head_json":{"title":"10 Jahre Nationalpark Schwarzwald Was hat sich ver\u00e4ndert? - Schwarzwaldverein St. Georgen e.V.","robots":{"index":"index","follow":"follow","max-snippet":"max-snippet:-1","max-image-preview":"max-image-preview:large","max-video-preview":"max-video-preview:-1"},"canonical":"https:\/\/www.schwarzwaldverein-st-georgen.de\/index.php\/event\/10-jahre-nationalpark-schwarzwald-was-hat-sich-veraendert\/","og_locale":"de_DE","og_type":"article","og_title":"10 Jahre Nationalpark Schwarzwald Was hat sich ver\u00e4ndert? - Schwarzwaldverein St. Georgen e.V.","og_description":"Vom Nationalparkzentrum aus wandern wir, durch wundersch\u00f6ne Heidefl\u00e4chen zum Schliffkopf. Nach einer Pause geht es um den Vogelskopf zur\u00fcck zum Ruhestein. Immer wieder haben wir eine Fernsicht ins Renchtal und in die Rheinebene. Anschlie\u00dfend besteht die M\u00f6glichkeit zum Besuch der Ausstellung im Nationalparkzentrum oder zur gem\u00fctlichen Einkehr. reffpunkt: 09.00 Uhr Klosterweiher oder 10.30 Uhr Parkplatz &hellip; Weiterlesen","og_url":"https:\/\/www.schwarzwaldverein-st-georgen.de\/index.php\/event\/10-jahre-nationalpark-schwarzwald-was-hat-sich-veraendert\/","og_site_name":"Schwarzwaldverein St. Georgen e.V.","article_modified_time":"2024-02-03T10:01:45+00:00","og_image":[{"width":2560,"height":1180,"url":"https:\/\/www.schwarzwaldverein-st-georgen.de\/wp-content\/uploads\/2024\/20231009-122615_20231009_122615-scaled.jpg","type":"image\/jpeg"}],"twitter_card":"summary_large_image","schema":{"@context":"https:\/\/schema.org","@graph":[{"@type":"WebPage","@id":"https:\/\/www.schwarzwaldverein-st-georgen.de\/index.php\/event\/10-jahre-nationalpark-schwarzwald-was-hat-sich-veraendert\/","url":"https:\/\/www.schwarzwaldverein-st-georgen.de\/index.php\/event\/10-jahre-nationalpark-schwarzwald-was-hat-sich-veraendert\/","name":"10 Jahre Nationalpark Schwarzwald Was hat sich ver\u00e4ndert? - Schwarzwaldverein St. Georgen e.V.","isPartOf":{"@id":"https:\/\/www.schwarzwaldverein-st-georgen.de\/#website"},"primaryImageOfPage":{"@id":"https:\/\/www.schwarzwaldverein-st-georgen.de\/index.php\/event\/10-jahre-nationalpark-schwarzwald-was-hat-sich-veraendert\/#primaryimage"},"image":{"@id":"https:\/\/www.schwarzwaldverein-st-georgen.de\/index.php\/event\/10-jahre-nationalpark-schwarzwald-was-hat-sich-veraendert\/#primaryimage"},"thumbnailUrl":"https:\/\/www.schwarzwaldverein-st-georgen.de\/wp-content\/uploads\/2024\/20231009-122615_20231009_122615-scaled.jpg","datePublished":"2024-01-30T14:36:14+00:00","dateModified":"2024-02-03T10:01:45+00:00","breadcrumb":{"@id":"https:\/\/www.schwarzwaldverein-st-georgen.de\/index.php\/event\/10-jahre-nationalpark-schwarzwald-was-hat-sich-veraendert\/#breadcrumb"},"inLanguage":"de","potentialAction":[{"@type":"ReadAction","target":["https:\/\/www.schwarzwaldverein-st-georgen.de\/index.php\/event\/10-jahre-nationalpark-schwarzwald-was-hat-sich-veraendert\/"]}]},{"@type":"ImageObject","inLanguage":"de","@id":"https:\/\/www.schwarzwaldverein-st-georgen.de\/index.php\/event\/10-jahre-nationalpark-schwarzwald-was-hat-sich-veraendert\/#primaryimage","url":"https:\/\/www.schwarzwaldverein-st-georgen.de\/wp-content\/uploads\/2024\/20231009-122615_20231009_122615-scaled.jpg","contentUrl":"https:\/\/www.schwarzwaldverein-st-georgen.de\/wp-content\/uploads\/2024\/20231009-122615_20231009_122615-scaled.jpg","width":2560,"height":1180},{"@type":"BreadcrumbList","@id":"https:\/\/www.schwarzwaldverein-st-georgen.de\/index.php\/event\/10-jahre-nationalpark-schwarzwald-was-hat-sich-veraendert\/#breadcrumb","itemListElement":[{"@type":"ListItem","position":1,"name":"Start","item":"https:\/\/www.schwarzwaldverein-st-georgen.de\/"},{"@type":"ListItem","position":2,"name":"Veranstaltungen","item":"https:\/\/www.schwarzwaldverein-st-georgen.de\/index.php\/events\/"},{"@type":"ListItem","position":3,"name":"10 Jahre Nationalpark Schwarzwald Was hat sich ver\u00e4ndert?"}]},{"@type":"WebSite","@id":"https:\/\/www.schwarzwaldverein-st-georgen.de\/#website","url":"https:\/\/www.schwarzwaldverein-st-georgen.de\/","name":"Schwarzwaldverein St. Georgen e.V.","description":"Wandern, Wege, Naturschutz, Familien, Wanderheim Lindenb\u00fcble","potentialAction":[{"@type":"SearchAction","target":{"@type":"EntryPoint","urlTemplate":"https:\/\/www.schwarzwaldverein-st-georgen.de\/?s={search_term_string}"},"query-input":{"@type":"PropertyValueSpecification","valueRequired":true,"valueName":"search_term_string"}}],"inLanguage":"de"}]}},"ticketed":false,"_links":{"self":[{"href":"https:\/\/www.schwarzwaldverein-st-georgen.de\/index.php\/wp-json\/wp\/v2\/tribe_events\/2391","targetHints":{"allow":["GET"]}}],"collection":[{"href":"https:\/\/www.schwarzwaldverein-st-georgen.de\/index.php\/wp-json\/wp\/v2\/tribe_events"}],"about":[{"href":"https:\/\/www.schwarzwaldverein-st-georgen.de\/index.php\/wp-json\/wp\/v2\/types\/tribe_events"}],"author":[{"embeddable":true,"href":"https:\/\/www.schwarzwaldverein-st-georgen.de\/index.php\/wp-json\/wp\/v2\/users\/1"}],"replies":[{"embeddable":true,"href":"https:\/\/www.schwarzwaldverein-st-georgen.de\/index.php\/wp-json\/wp\/v2\/comments?post=2391"}],"version-history":[{"count":1,"href":"https:\/\/www.schwarzwaldverein-st-georgen.de\/index.php\/wp-json\/wp\/v2\/tribe_events\/2391\/revisions"}],"predecessor-version":[{"id":2437,"href":"https:\/\/www.schwarzwaldverein-st-georgen.de\/index.php\/wp-json\/wp\/v2\/tribe_events\/2391\/revisions\/2437"}],"wp:featuredmedia":[{"embeddable":true,"href":"https:\/\/www.schwarzwaldverein-st-georgen.de\/index.php\/wp-json\/wp\/v2\/media\/2326"}],"wp:attachment":[{"href":"https:\/\/www.schwarzwaldverein-st-georgen.de\/index.php\/wp-json\/wp\/v2\/media?parent=2391"}],"wp:term":[{"taxonomy":"post_tag","embeddable":true,"href":"https:\/\/www.schwarzwaldverein-st-georgen.de\/index.php\/wp-json\/wp\/v2\/tags?post=2391"},{"taxonomy":"tribe_events_cat","embeddable":true,"href":"https:\/\/www.schwarzwaldverein-st-georgen.de\/index.php\/wp-json\/wp\/v2\/tribe_events_cat?post=2391"}],"curies":[{"name":"wp","href":"https:\/\/api.w.org\/{rel}","templated":true}]}}