{"id":1858,"date":"2022-02-24T18:25:56","date_gmt":"2022-02-24T17:25:56","guid":{"rendered":"https:\/\/www.schwarzwaldverein-st-georgen.de\/?post_type=tribe_events&#038;p=1858"},"modified":"2022-07-19T17:27:53","modified_gmt":"2022-07-19T15:27:53","slug":"baden-baden-vom-baederviertel-zum-merkur","status":"publish","type":"tribe_events","link":"https:\/\/www.schwarzwaldverein-st-georgen.de\/index.php\/event\/baden-baden-vom-baederviertel-zum-merkur\/","title":{"rendered":"* abgesagt * Baden-Baden: vom B\u00e4derviertel zum Merkur"},"content":{"rendered":"<p>*** Die Wanderung wird wegen der momentanen Unzuverl\u00e4ssigkeit der Bahn abgesagt. ***<\/p>\n<p>Die Rundwanderung f\u00fchrt uns am B\u00e4derviertel vorbei, \u00fcbers Paradies auf den Merkur. Hier machen wir Rast und genie\u00dfen den Blick auf die Landschaft. F\u00fcr den Abstieg nehmen wir die Merkurbahn. Ab der Talstation wandern wir, am Wildgehege vorbei, zur Lichtentaler Allee. Die park\u00e4hnliche Anlage besticht mit exotischen Pflanzen und B\u00e4umen und ist ges\u00e4umt mit stilvollen Villen und Luxushotels.<\/p>\n<table>\n<tbody>\n<tr>\n<td class=\"tdh_wp\">Wanderf\u00fchrung:<\/td>\n<td class=\"tdh_wp\">Sabine Dannecker, Doris Krause<\/td>\n<\/tr>\n<tr>\n<td class=\"td_wp\">Gehzeit:<\/td>\n<td class=\"td_wp\">a) Aufstieg zu Fu\u00df : 4,5 Std., 13 km, 500 hm<br \/>\nb) Aufstieg mit Merkurbahn: 9 km, 200 hm<\/td>\n<\/tr>\n<tr>\n<td class=\"td_wp\">Kategorie 2<\/td>\n<td class=\"td_wp\"><img loading=\"lazy\" decoding=\"async\" class=\"alignnone\" src=\"https:\/\/www.schwarzwaldverein-st-georgen.de\/wp-content\/uploads\/gelbeRaute.png\" alt=\"\" width=\"30\" height=\"16\" \/><\/td>\n<\/tr>\n<tr>\n<td class=\"td_wp\">Treffpunkt:<\/td>\n<td class=\"td_wp\">07:40 Uhr, Bahnhof St. Georgen<\/td>\n<\/tr>\n<tr>\n<td class=\"td_wp\">Anmeldung:<\/td>\n<td class=\"td_wp\">07724\/4798<\/td>\n<\/tr>\n<\/tbody>\n<\/table>\n<p><small>Bildquelle: Foto: Outdooractive Redaktion. <a>CC BY-ND<\/a><\/small><\/p>\n","protected":false},"excerpt":{"rendered":"<p>*** Die Wanderung wird wegen der momentanen Unzuverl\u00e4ssigkeit der Bahn abgesagt. *** Die Rundwanderung f\u00fchrt uns am B\u00e4derviertel vorbei, \u00fcbers Paradies auf den Merkur. Hier machen wir Rast und genie\u00dfen den Blick auf die Landschaft. F\u00fcr den Abstieg nehmen wir die Merkurbahn. Ab der Talstation wandern wir, am Wildgehege vorbei, zur Lichtentaler Allee. Die park\u00e4hnliche &hellip; <\/p>\n<p><a class=\"more-link btn\" href=\"https:\/\/www.schwarzwaldverein-st-georgen.de\/index.php\/event\/baden-baden-vom-baederviertel-zum-merkur\/\">Weiterlesen<\/a><\/p>\n","protected":false},"author":1,"featured_media":1785,"comment_status":"closed","ping_status":"closed","template":"","meta":{"_price":"","_stock":"","_tribe_ticket_header":"","_tribe_default_ticket_provider":"","_ticket_start_date":"","_ticket_end_date":"","_tribe_ticket_show_description":"","_tribe_ticket_show_not_going":false,"_tribe_ticket_use_global_stock":"","_tribe_ticket_global_stock_level":"","_global_stock_mode":"","_global_stock_cap":"","_tribe_rsvp_for_event":"","_tribe_ticket_going_count":"","_tribe_ticket_not_going_count":"","_tribe_tickets_list":"[]","_tribe_ticket_has_attendee_info_fields":false,"_tribe_events_status":"","_tribe_events_status_reason":"","footnotes":"","_tec_slr_enabled":"","_tec_slr_layout":""},"tags":[],"tribe_events_cat":[2,7],"class_list":["post-1858","tribe_events","type-tribe_events","status-publish","has-post-thumbnail","hentry","tribe_events_cat-jahresprogramm","tribe_events_cat-wanderung","cat_jahresprogramm","cat_wanderung","nodate","item-wrap"],"yoast_head":"<!-- This site is optimized with the Yoast SEO plugin v26.8 - https:\/\/yoast.com\/product\/yoast-seo-wordpress\/ -->\n<title>* abgesagt * Baden-Baden: vom B\u00e4derviertel zum Merkur - Schwarzwaldverein St. Georgen e.V.<\/title>\n<meta name=\"robots\" content=\"index, follow, max-snippet:-1, max-image-preview:large, max-video-preview:-1\" \/>\n<link rel=\"canonical\" href=\"https:\/\/www.schwarzwaldverein-st-georgen.de\/index.php\/event\/baden-baden-vom-baederviertel-zum-merkur\/\" \/>\n<meta property=\"og:locale\" content=\"de_DE\" \/>\n<meta property=\"og:type\" content=\"article\" \/>\n<meta property=\"og:title\" content=\"* abgesagt * Baden-Baden: vom B\u00e4derviertel zum Merkur - Schwarzwaldverein St. Georgen e.V.\" \/>\n<meta property=\"og:description\" content=\"*** Die Wanderung wird wegen der momentanen Unzuverl\u00e4ssigkeit der Bahn abgesagt. *** Die Rundwanderung f\u00fchrt uns am B\u00e4derviertel vorbei, \u00fcbers Paradies auf den Merkur. Hier machen wir Rast und genie\u00dfen den Blick auf die Landschaft. F\u00fcr den Abstieg nehmen wir die Merkurbahn. Ab der Talstation wandern wir, am Wildgehege vorbei, zur Lichtentaler Allee. Die park\u00e4hnliche &hellip; Weiterlesen\" \/>\n<meta property=\"og:url\" content=\"https:\/\/www.schwarzwaldverein-st-georgen.de\/index.php\/event\/baden-baden-vom-baederviertel-zum-merkur\/\" \/>\n<meta property=\"og:site_name\" content=\"Schwarzwaldverein St. Georgen e.V.\" \/>\n<meta property=\"article:modified_time\" content=\"2022-07-19T15:27:53+00:00\" \/>\n<meta property=\"og:image\" content=\"https:\/\/www.schwarzwaldverein-st-georgen.de\/wp-content\/uploads\/2022\/BadebBaden01-scaled.jpg\" \/>\n\t<meta property=\"og:image:width\" content=\"1920\" \/>\n\t<meta property=\"og:image:height\" content=\"2560\" \/>\n\t<meta property=\"og:image:type\" content=\"image\/jpeg\" \/>\n<meta name=\"twitter:card\" content=\"summary_large_image\" \/>\n<meta name=\"twitter:label1\" content=\"Gesch\u00e4tzte Lesezeit\" \/>\n\t<meta name=\"twitter:data1\" content=\"1\u00a0Minute\" \/>\n<script type=\"application\/ld+json\" class=\"yoast-schema-graph\">{\"@context\":\"https:\/\/schema.org\",\"@graph\":[{\"@type\":\"WebPage\",\"@id\":\"https:\/\/www.schwarzwaldverein-st-georgen.de\/index.php\/event\/baden-baden-vom-baederviertel-zum-merkur\/\",\"url\":\"https:\/\/www.schwarzwaldverein-st-georgen.de\/index.php\/event\/baden-baden-vom-baederviertel-zum-merkur\/\",\"name\":\"* abgesagt * Baden-Baden: vom B\u00e4derviertel zum Merkur - Schwarzwaldverein St. Georgen e.V.\",\"isPartOf\":{\"@id\":\"https:\/\/www.schwarzwaldverein-st-georgen.de\/#website\"},\"primaryImageOfPage\":{\"@id\":\"https:\/\/www.schwarzwaldverein-st-georgen.de\/index.php\/event\/baden-baden-vom-baederviertel-zum-merkur\/#primaryimage\"},\"image\":{\"@id\":\"https:\/\/www.schwarzwaldverein-st-georgen.de\/index.php\/event\/baden-baden-vom-baederviertel-zum-merkur\/#primaryimage\"},\"thumbnailUrl\":\"https:\/\/www.schwarzwaldverein-st-georgen.de\/wp-content\/uploads\/2022\/BadebBaden01-scaled.jpg\",\"datePublished\":\"2022-02-24T17:25:56+00:00\",\"dateModified\":\"2022-07-19T15:27:53+00:00\",\"breadcrumb\":{\"@id\":\"https:\/\/www.schwarzwaldverein-st-georgen.de\/index.php\/event\/baden-baden-vom-baederviertel-zum-merkur\/#breadcrumb\"},\"inLanguage\":\"de\",\"potentialAction\":[{\"@type\":\"ReadAction\",\"target\":[\"https:\/\/www.schwarzwaldverein-st-georgen.de\/index.php\/event\/baden-baden-vom-baederviertel-zum-merkur\/\"]}]},{\"@type\":\"ImageObject\",\"inLanguage\":\"de\",\"@id\":\"https:\/\/www.schwarzwaldverein-st-georgen.de\/index.php\/event\/baden-baden-vom-baederviertel-zum-merkur\/#primaryimage\",\"url\":\"https:\/\/www.schwarzwaldverein-st-georgen.de\/wp-content\/uploads\/2022\/BadebBaden01-scaled.jpg\",\"contentUrl\":\"https:\/\/www.schwarzwaldverein-st-georgen.de\/wp-content\/uploads\/2022\/BadebBaden01-scaled.jpg\",\"width\":1920,\"height\":2560},{\"@type\":\"BreadcrumbList\",\"@id\":\"https:\/\/www.schwarzwaldverein-st-georgen.de\/index.php\/event\/baden-baden-vom-baederviertel-zum-merkur\/#breadcrumb\",\"itemListElement\":[{\"@type\":\"ListItem\",\"position\":1,\"name\":\"Start\",\"item\":\"https:\/\/www.schwarzwaldverein-st-georgen.de\/\"},{\"@type\":\"ListItem\",\"position\":2,\"name\":\"Veranstaltungen\",\"item\":\"https:\/\/www.schwarzwaldverein-st-georgen.de\/index.php\/events\/\"},{\"@type\":\"ListItem\",\"position\":3,\"name\":\"* abgesagt * Baden-Baden: vom B\u00e4derviertel zum Merkur\"}]},{\"@type\":\"WebSite\",\"@id\":\"https:\/\/www.schwarzwaldverein-st-georgen.de\/#website\",\"url\":\"https:\/\/www.schwarzwaldverein-st-georgen.de\/\",\"name\":\"Schwarzwaldverein St. Georgen e.V.\",\"description\":\"Wandern, Wege, Naturschutz, Familien, Wanderheim Lindenb\u00fcble\",\"potentialAction\":[{\"@type\":\"SearchAction\",\"target\":{\"@type\":\"EntryPoint\",\"urlTemplate\":\"https:\/\/www.schwarzwaldverein-st-georgen.de\/?s={search_term_string}\"},\"query-input\":{\"@type\":\"PropertyValueSpecification\",\"valueRequired\":true,\"valueName\":\"search_term_string\"}}],\"inLanguage\":\"de\"}]}<\/script>\n<!-- \/ Yoast SEO plugin. -->","yoast_head_json":{"title":"* abgesagt * Baden-Baden: vom B\u00e4derviertel zum Merkur - Schwarzwaldverein St. Georgen e.V.","robots":{"index":"index","follow":"follow","max-snippet":"max-snippet:-1","max-image-preview":"max-image-preview:large","max-video-preview":"max-video-preview:-1"},"canonical":"https:\/\/www.schwarzwaldverein-st-georgen.de\/index.php\/event\/baden-baden-vom-baederviertel-zum-merkur\/","og_locale":"de_DE","og_type":"article","og_title":"* abgesagt * Baden-Baden: vom B\u00e4derviertel zum Merkur - Schwarzwaldverein St. Georgen e.V.","og_description":"*** Die Wanderung wird wegen der momentanen Unzuverl\u00e4ssigkeit der Bahn abgesagt. *** Die Rundwanderung f\u00fchrt uns am B\u00e4derviertel vorbei, \u00fcbers Paradies auf den Merkur. Hier machen wir Rast und genie\u00dfen den Blick auf die Landschaft. F\u00fcr den Abstieg nehmen wir die Merkurbahn. Ab der Talstation wandern wir, am Wildgehege vorbei, zur Lichtentaler Allee. Die park\u00e4hnliche &hellip; Weiterlesen","og_url":"https:\/\/www.schwarzwaldverein-st-georgen.de\/index.php\/event\/baden-baden-vom-baederviertel-zum-merkur\/","og_site_name":"Schwarzwaldverein St. Georgen e.V.","article_modified_time":"2022-07-19T15:27:53+00:00","og_image":[{"width":1920,"height":2560,"url":"https:\/\/www.schwarzwaldverein-st-georgen.de\/wp-content\/uploads\/2022\/BadebBaden01-scaled.jpg","type":"image\/jpeg"}],"twitter_card":"summary_large_image","twitter_misc":{"Gesch\u00e4tzte Lesezeit":"1\u00a0Minute"},"schema":{"@context":"https:\/\/schema.org","@graph":[{"@type":"WebPage","@id":"https:\/\/www.schwarzwaldverein-st-georgen.de\/index.php\/event\/baden-baden-vom-baederviertel-zum-merkur\/","url":"https:\/\/www.schwarzwaldverein-st-georgen.de\/index.php\/event\/baden-baden-vom-baederviertel-zum-merkur\/","name":"* abgesagt * Baden-Baden: vom B\u00e4derviertel zum Merkur - Schwarzwaldverein St. Georgen e.V.","isPartOf":{"@id":"https:\/\/www.schwarzwaldverein-st-georgen.de\/#website"},"primaryImageOfPage":{"@id":"https:\/\/www.schwarzwaldverein-st-georgen.de\/index.php\/event\/baden-baden-vom-baederviertel-zum-merkur\/#primaryimage"},"image":{"@id":"https:\/\/www.schwarzwaldverein-st-georgen.de\/index.php\/event\/baden-baden-vom-baederviertel-zum-merkur\/#primaryimage"},"thumbnailUrl":"https:\/\/www.schwarzwaldverein-st-georgen.de\/wp-content\/uploads\/2022\/BadebBaden01-scaled.jpg","datePublished":"2022-02-24T17:25:56+00:00","dateModified":"2022-07-19T15:27:53+00:00","breadcrumb":{"@id":"https:\/\/www.schwarzwaldverein-st-georgen.de\/index.php\/event\/baden-baden-vom-baederviertel-zum-merkur\/#breadcrumb"},"inLanguage":"de","potentialAction":[{"@type":"ReadAction","target":["https:\/\/www.schwarzwaldverein-st-georgen.de\/index.php\/event\/baden-baden-vom-baederviertel-zum-merkur\/"]}]},{"@type":"ImageObject","inLanguage":"de","@id":"https:\/\/www.schwarzwaldverein-st-georgen.de\/index.php\/event\/baden-baden-vom-baederviertel-zum-merkur\/#primaryimage","url":"https:\/\/www.schwarzwaldverein-st-georgen.de\/wp-content\/uploads\/2022\/BadebBaden01-scaled.jpg","contentUrl":"https:\/\/www.schwarzwaldverein-st-georgen.de\/wp-content\/uploads\/2022\/BadebBaden01-scaled.jpg","width":1920,"height":2560},{"@type":"BreadcrumbList","@id":"https:\/\/www.schwarzwaldverein-st-georgen.de\/index.php\/event\/baden-baden-vom-baederviertel-zum-merkur\/#breadcrumb","itemListElement":[{"@type":"ListItem","position":1,"name":"Start","item":"https:\/\/www.schwarzwaldverein-st-georgen.de\/"},{"@type":"ListItem","position":2,"name":"Veranstaltungen","item":"https:\/\/www.schwarzwaldverein-st-georgen.de\/index.php\/events\/"},{"@type":"ListItem","position":3,"name":"* abgesagt * Baden-Baden: vom B\u00e4derviertel zum Merkur"}]},{"@type":"WebSite","@id":"https:\/\/www.schwarzwaldverein-st-georgen.de\/#website","url":"https:\/\/www.schwarzwaldverein-st-georgen.de\/","name":"Schwarzwaldverein St. Georgen e.V.","description":"Wandern, Wege, Naturschutz, Familien, Wanderheim Lindenb\u00fcble","potentialAction":[{"@type":"SearchAction","target":{"@type":"EntryPoint","urlTemplate":"https:\/\/www.schwarzwaldverein-st-georgen.de\/?s={search_term_string}"},"query-input":{"@type":"PropertyValueSpecification","valueRequired":true,"valueName":"search_term_string"}}],"inLanguage":"de"}]}},"ticketed":false,"_links":{"self":[{"href":"https:\/\/www.schwarzwaldverein-st-georgen.de\/index.php\/wp-json\/wp\/v2\/tribe_events\/1858","targetHints":{"allow":["GET"]}}],"collection":[{"href":"https:\/\/www.schwarzwaldverein-st-georgen.de\/index.php\/wp-json\/wp\/v2\/tribe_events"}],"about":[{"href":"https:\/\/www.schwarzwaldverein-st-georgen.de\/index.php\/wp-json\/wp\/v2\/types\/tribe_events"}],"author":[{"embeddable":true,"href":"https:\/\/www.schwarzwaldverein-st-georgen.de\/index.php\/wp-json\/wp\/v2\/users\/1"}],"replies":[{"embeddable":true,"href":"https:\/\/www.schwarzwaldverein-st-georgen.de\/index.php\/wp-json\/wp\/v2\/comments?post=1858"}],"version-history":[{"count":2,"href":"https:\/\/www.schwarzwaldverein-st-georgen.de\/index.php\/wp-json\/wp\/v2\/tribe_events\/1858\/revisions"}],"predecessor-version":[{"id":2018,"href":"https:\/\/www.schwarzwaldverein-st-georgen.de\/index.php\/wp-json\/wp\/v2\/tribe_events\/1858\/revisions\/2018"}],"wp:featuredmedia":[{"embeddable":true,"href":"https:\/\/www.schwarzwaldverein-st-georgen.de\/index.php\/wp-json\/wp\/v2\/media\/1785"}],"wp:attachment":[{"href":"https:\/\/www.schwarzwaldverein-st-georgen.de\/index.php\/wp-json\/wp\/v2\/media?parent=1858"}],"wp:term":[{"taxonomy":"post_tag","embeddable":true,"href":"https:\/\/www.schwarzwaldverein-st-georgen.de\/index.php\/wp-json\/wp\/v2\/tags?post=1858"},{"taxonomy":"tribe_events_cat","embeddable":true,"href":"https:\/\/www.schwarzwaldverein-st-georgen.de\/index.php\/wp-json\/wp\/v2\/tribe_events_cat?post=1858"}],"curies":[{"name":"wp","href":"https:\/\/api.w.org\/{rel}","templated":true}]}}