{"id":1653,"date":"2021-09-03T13:57:36","date_gmt":"2021-09-03T11:57:36","guid":{"rendered":"https:\/\/www.schwarzwaldverein-st-georgen.de\/?post_type=tribe_events&#038;p=1653"},"modified":"2021-09-20T08:54:03","modified_gmt":"2021-09-20T06:54:03","slug":"wanderung-um-urach","status":"publish","type":"tribe_events","link":"https:\/\/www.schwarzwaldverein-st-georgen.de\/index.php\/event\/wanderung-um-urach\/","title":{"rendered":"Wanderung um Urach"},"content":{"rendered":"<p>Wundersch\u00f6ne W\u00e4lder und nat\u00fcrlicher Stille werden uns im Obertal von Urach (Hammereisenbach) begeistern.<\/p>\n<p>Anfahrt mit priv. Pkw zum Ausgangsort Urach. Auf dem Weg hinauf zur Linacher H\u00f6he blicken wir zur\u00fcck auf Urach mit dem markanten Zwiebelturm der barocken katholischen Pfarrkirche Allerheiligen. <img loading=\"lazy\" decoding=\"async\" class=\"alignright wp-image-1662 size-large\" src=\"https:\/\/www.schwarzwaldverein-st-georgen.de\/wp-content\/uploads\/DSC02838-1024x683.jpg\" alt=\"\" width=\"1024\" height=\"683\" srcset=\"https:\/\/www.schwarzwaldverein-st-georgen.de\/wp-content\/uploads\/DSC02838-1024x683.jpg 1024w, https:\/\/www.schwarzwaldverein-st-georgen.de\/wp-content\/uploads\/DSC02838-300x200.jpg 300w, https:\/\/www.schwarzwaldverein-st-georgen.de\/wp-content\/uploads\/DSC02838-768x512.jpg 768w, https:\/\/www.schwarzwaldverein-st-georgen.de\/wp-content\/uploads\/DSC02838-1536x1024.jpg 1536w, https:\/\/www.schwarzwaldverein-st-georgen.de\/wp-content\/uploads\/DSC02838-2048x1365.jpg 2048w, https:\/\/www.schwarzwaldverein-st-georgen.de\/wp-content\/uploads\/DSC02838-1140x760.jpg 1140w\" sizes=\"auto, (max-width: 1024px) 100vw, 1024px\" \/>Durch einen urw\u00fcchsigen Wald geht es \u00fcber den Bergr\u00fccken bis zum Steigwald. An der Kalten Herberge vorbei steigen wir auf zum Reitsattel und der erneuerten Finsterhalde Kapelle. Auf der Gemeindegrenze zw. V\u00f6hrenbach und Eisenbach entlang wandern wir auf dem H\u00f6henweg bis zum Sommerberg und steigen dort wieder hinunter ins Urachtal. Wer will hat nun die Gelegenheit die barocke Pfarrkirche Allerheiligen zu besichtigen; es lohnt sich.<\/p>\n<p>Eine Einkehr in Urach ist eingeplant.<\/p>\n<p>Rucksackverpflegung und gutes Schuhwerk wird erwartet.<\/p>\n<p>Teilnehmen k\u00f6nnen Mitglieder und G\u00e4ste, die entweder geimpft, genesen oder getestet sind.<br \/>\n<img loading=\"lazy\" decoding=\"async\" class=\"alignleft wp-image-1659 size-large\" src=\"https:\/\/www.schwarzwaldverein-st-georgen.de\/wp-content\/uploads\/2021\/Bilder\/DSC02847-1024x683.jpg\" alt=\"\" width=\"1024\" height=\"683\" srcset=\"https:\/\/www.schwarzwaldverein-st-georgen.de\/wp-content\/uploads\/2021\/Bilder\/DSC02847-1024x683.jpg 1024w, https:\/\/www.schwarzwaldverein-st-georgen.de\/wp-content\/uploads\/2021\/Bilder\/DSC02847-300x200.jpg 300w, https:\/\/www.schwarzwaldverein-st-georgen.de\/wp-content\/uploads\/2021\/Bilder\/DSC02847-768x512.jpg 768w, https:\/\/www.schwarzwaldverein-st-georgen.de\/wp-content\/uploads\/2021\/Bilder\/DSC02847-1536x1024.jpg 1536w, https:\/\/www.schwarzwaldverein-st-georgen.de\/wp-content\/uploads\/2021\/Bilder\/DSC02847-2048x1365.jpg 2048w, https:\/\/www.schwarzwaldverein-st-georgen.de\/wp-content\/uploads\/2021\/Bilder\/DSC02847-1140x760.jpg 1140w\" sizes=\"auto, (max-width: 1024px) 100vw, 1024px\" \/><\/p>\n<table>\n<tbody>\n<tr>\n<td class=\"tdh_wp\">Wanderf\u00fchrung:<\/td>\n<td class=\"tdh_wp\">Siegfried K\u00f6nig<\/td>\n<\/tr>\n<tr>\n<td class=\"td_wp\">Gehzeit:<\/td>\n<td class=\"td_wp\">5 Std.<br \/>\n18 km, 460 Hm<\/td>\n<\/tr>\n<tr>\n<td class=\"td_wp\">Kategorie 3<\/td>\n<td class=\"td_wp\"><img loading=\"lazy\" decoding=\"async\" class=\"alignnone\" src=\"https:\/\/www.schwarzwaldverein-st-georgen.de\/wp-content\/uploads\/blaueRaute.png\" alt=\"\" width=\"30\" height=\"16\" \/><\/td>\n<\/tr>\n<tr>\n<td class=\"td_wp\">Treffpunkt:<\/td>\n<td class=\"td_wp\">09:30 Uhr, Parkplatz Klosterweiher<\/td>\n<\/tr>\n<tr>\n<td class=\"td_wp\">Anmeldung:<\/td>\n<td class=\"td_wp\">07724 \/ 2802<\/td>\n<\/tr>\n<\/tbody>\n<\/table>\n<p><small>Bildquelle: Siegfried K\u00f6nig, <a href=\"https:\/\/creativecommons.org\/licenses\/by-nd\/4.0\/deed.de\" target=\"_blank\" rel=\"noopener\">CC BY-ND<\/a><\/small><\/p>\n","protected":false},"excerpt":{"rendered":"<p>Wundersch\u00f6ne W\u00e4lder und nat\u00fcrlicher Stille werden uns im Obertal von Urach (Hammereisenbach) begeistern. Anfahrt mit priv. Pkw zum Ausgangsort Urach. Auf dem Weg hinauf zur Linacher H\u00f6he blicken wir zur\u00fcck auf Urach mit dem markanten Zwiebelturm der barocken katholischen Pfarrkirche Allerheiligen. Durch einen urw\u00fcchsigen Wald geht es \u00fcber den Bergr\u00fccken bis zum Steigwald. An der &hellip; <\/p>\n<p><a class=\"more-link btn\" href=\"https:\/\/www.schwarzwaldverein-st-georgen.de\/index.php\/event\/wanderung-um-urach\/\">Weiterlesen<\/a><\/p>\n","protected":false},"author":1,"featured_media":1657,"comment_status":"closed","ping_status":"closed","template":"","meta":{"_price":"","_stock":"","_tribe_ticket_header":"","_tribe_default_ticket_provider":"","_ticket_start_date":"","_ticket_end_date":"","_tribe_ticket_show_description":"","_tribe_ticket_show_not_going":false,"_tribe_ticket_use_global_stock":"","_tribe_ticket_global_stock_level":"","_global_stock_mode":"","_global_stock_cap":"","_tribe_rsvp_for_event":"","_tribe_ticket_going_count":"","_tribe_ticket_not_going_count":"","_tribe_tickets_list":"[]","_tribe_ticket_has_attendee_info_fields":false,"_tribe_events_status":"","_tribe_events_status_reason":"","footnotes":"","_tec_slr_enabled":"","_tec_slr_layout":""},"tags":[],"tribe_events_cat":[2,7],"class_list":["post-1653","tribe_events","type-tribe_events","status-publish","has-post-thumbnail","hentry","tribe_events_cat-jahresprogramm","tribe_events_cat-wanderung","cat_jahresprogramm","cat_wanderung","nodate","item-wrap"],"yoast_head":"<!-- This site is optimized with the Yoast SEO plugin v26.8 - https:\/\/yoast.com\/product\/yoast-seo-wordpress\/ -->\n<title>Wanderung um Urach - Schwarzwaldverein St. Georgen e.V.<\/title>\n<meta name=\"robots\" content=\"index, follow, max-snippet:-1, max-image-preview:large, max-video-preview:-1\" \/>\n<link rel=\"canonical\" href=\"https:\/\/www.schwarzwaldverein-st-georgen.de\/index.php\/event\/wanderung-um-urach\/\" \/>\n<meta property=\"og:locale\" content=\"de_DE\" \/>\n<meta property=\"og:type\" content=\"article\" \/>\n<meta property=\"og:title\" content=\"Wanderung um Urach - Schwarzwaldverein St. Georgen e.V.\" \/>\n<meta property=\"og:description\" content=\"Wundersch\u00f6ne W\u00e4lder und nat\u00fcrlicher Stille werden uns im Obertal von Urach (Hammereisenbach) begeistern. Anfahrt mit priv. Pkw zum Ausgangsort Urach. Auf dem Weg hinauf zur Linacher H\u00f6he blicken wir zur\u00fcck auf Urach mit dem markanten Zwiebelturm der barocken katholischen Pfarrkirche Allerheiligen. Durch einen urw\u00fcchsigen Wald geht es \u00fcber den Bergr\u00fccken bis zum Steigwald. An der &hellip; Weiterlesen\" \/>\n<meta property=\"og:url\" content=\"https:\/\/www.schwarzwaldverein-st-georgen.de\/index.php\/event\/wanderung-um-urach\/\" \/>\n<meta property=\"og:site_name\" content=\"Schwarzwaldverein St. Georgen e.V.\" \/>\n<meta property=\"article:modified_time\" content=\"2021-09-20T06:54:03+00:00\" \/>\n<meta property=\"og:image\" content=\"https:\/\/www.schwarzwaldverein-st-georgen.de\/wp-content\/uploads\/2021\/Bilder\/DSC02837-scaled.jpg\" \/>\n\t<meta property=\"og:image:width\" content=\"2560\" \/>\n\t<meta property=\"og:image:height\" content=\"1706\" \/>\n\t<meta property=\"og:image:type\" content=\"image\/jpeg\" \/>\n<meta name=\"twitter:card\" content=\"summary_large_image\" \/>\n<meta name=\"twitter:label1\" content=\"Gesch\u00e4tzte Lesezeit\" \/>\n\t<meta name=\"twitter:data1\" content=\"2\u00a0Minuten\" \/>\n<script type=\"application\/ld+json\" class=\"yoast-schema-graph\">{\"@context\":\"https:\/\/schema.org\",\"@graph\":[{\"@type\":\"WebPage\",\"@id\":\"https:\/\/www.schwarzwaldverein-st-georgen.de\/index.php\/event\/wanderung-um-urach\/\",\"url\":\"https:\/\/www.schwarzwaldverein-st-georgen.de\/index.php\/event\/wanderung-um-urach\/\",\"name\":\"Wanderung um Urach - Schwarzwaldverein St. Georgen e.V.\",\"isPartOf\":{\"@id\":\"https:\/\/www.schwarzwaldverein-st-georgen.de\/#website\"},\"primaryImageOfPage\":{\"@id\":\"https:\/\/www.schwarzwaldverein-st-georgen.de\/index.php\/event\/wanderung-um-urach\/#primaryimage\"},\"image\":{\"@id\":\"https:\/\/www.schwarzwaldverein-st-georgen.de\/index.php\/event\/wanderung-um-urach\/#primaryimage\"},\"thumbnailUrl\":\"https:\/\/www.schwarzwaldverein-st-georgen.de\/wp-content\/uploads\/2021\/Bilder\/DSC02837-scaled.jpg\",\"datePublished\":\"2021-09-03T11:57:36+00:00\",\"dateModified\":\"2021-09-20T06:54:03+00:00\",\"breadcrumb\":{\"@id\":\"https:\/\/www.schwarzwaldverein-st-georgen.de\/index.php\/event\/wanderung-um-urach\/#breadcrumb\"},\"inLanguage\":\"de\",\"potentialAction\":[{\"@type\":\"ReadAction\",\"target\":[\"https:\/\/www.schwarzwaldverein-st-georgen.de\/index.php\/event\/wanderung-um-urach\/\"]}]},{\"@type\":\"ImageObject\",\"inLanguage\":\"de\",\"@id\":\"https:\/\/www.schwarzwaldverein-st-georgen.de\/index.php\/event\/wanderung-um-urach\/#primaryimage\",\"url\":\"https:\/\/www.schwarzwaldverein-st-georgen.de\/wp-content\/uploads\/2021\/Bilder\/DSC02837-scaled.jpg\",\"contentUrl\":\"https:\/\/www.schwarzwaldverein-st-georgen.de\/wp-content\/uploads\/2021\/Bilder\/DSC02837-scaled.jpg\",\"width\":2560,\"height\":1706},{\"@type\":\"BreadcrumbList\",\"@id\":\"https:\/\/www.schwarzwaldverein-st-georgen.de\/index.php\/event\/wanderung-um-urach\/#breadcrumb\",\"itemListElement\":[{\"@type\":\"ListItem\",\"position\":1,\"name\":\"Start\",\"item\":\"https:\/\/www.schwarzwaldverein-st-georgen.de\/\"},{\"@type\":\"ListItem\",\"position\":2,\"name\":\"Veranstaltungen\",\"item\":\"https:\/\/www.schwarzwaldverein-st-georgen.de\/index.php\/events\/\"},{\"@type\":\"ListItem\",\"position\":3,\"name\":\"Wanderung um Urach\"}]},{\"@type\":\"WebSite\",\"@id\":\"https:\/\/www.schwarzwaldverein-st-georgen.de\/#website\",\"url\":\"https:\/\/www.schwarzwaldverein-st-georgen.de\/\",\"name\":\"Schwarzwaldverein St. Georgen e.V.\",\"description\":\"Wandern, Wege, Naturschutz, Familien, Wanderheim Lindenb\u00fcble\",\"potentialAction\":[{\"@type\":\"SearchAction\",\"target\":{\"@type\":\"EntryPoint\",\"urlTemplate\":\"https:\/\/www.schwarzwaldverein-st-georgen.de\/?s={search_term_string}\"},\"query-input\":{\"@type\":\"PropertyValueSpecification\",\"valueRequired\":true,\"valueName\":\"search_term_string\"}}],\"inLanguage\":\"de\"}]}<\/script>\n<!-- \/ Yoast SEO plugin. -->","yoast_head_json":{"title":"Wanderung um Urach - Schwarzwaldverein St. Georgen e.V.","robots":{"index":"index","follow":"follow","max-snippet":"max-snippet:-1","max-image-preview":"max-image-preview:large","max-video-preview":"max-video-preview:-1"},"canonical":"https:\/\/www.schwarzwaldverein-st-georgen.de\/index.php\/event\/wanderung-um-urach\/","og_locale":"de_DE","og_type":"article","og_title":"Wanderung um Urach - Schwarzwaldverein St. Georgen e.V.","og_description":"Wundersch\u00f6ne W\u00e4lder und nat\u00fcrlicher Stille werden uns im Obertal von Urach (Hammereisenbach) begeistern. Anfahrt mit priv. Pkw zum Ausgangsort Urach. Auf dem Weg hinauf zur Linacher H\u00f6he blicken wir zur\u00fcck auf Urach mit dem markanten Zwiebelturm der barocken katholischen Pfarrkirche Allerheiligen. Durch einen urw\u00fcchsigen Wald geht es \u00fcber den Bergr\u00fccken bis zum Steigwald. An der &hellip; Weiterlesen","og_url":"https:\/\/www.schwarzwaldverein-st-georgen.de\/index.php\/event\/wanderung-um-urach\/","og_site_name":"Schwarzwaldverein St. Georgen e.V.","article_modified_time":"2021-09-20T06:54:03+00:00","og_image":[{"width":2560,"height":1706,"url":"https:\/\/www.schwarzwaldverein-st-georgen.de\/wp-content\/uploads\/2021\/Bilder\/DSC02837-scaled.jpg","type":"image\/jpeg"}],"twitter_card":"summary_large_image","twitter_misc":{"Gesch\u00e4tzte Lesezeit":"2\u00a0Minuten"},"schema":{"@context":"https:\/\/schema.org","@graph":[{"@type":"WebPage","@id":"https:\/\/www.schwarzwaldverein-st-georgen.de\/index.php\/event\/wanderung-um-urach\/","url":"https:\/\/www.schwarzwaldverein-st-georgen.de\/index.php\/event\/wanderung-um-urach\/","name":"Wanderung um Urach - Schwarzwaldverein St. Georgen e.V.","isPartOf":{"@id":"https:\/\/www.schwarzwaldverein-st-georgen.de\/#website"},"primaryImageOfPage":{"@id":"https:\/\/www.schwarzwaldverein-st-georgen.de\/index.php\/event\/wanderung-um-urach\/#primaryimage"},"image":{"@id":"https:\/\/www.schwarzwaldverein-st-georgen.de\/index.php\/event\/wanderung-um-urach\/#primaryimage"},"thumbnailUrl":"https:\/\/www.schwarzwaldverein-st-georgen.de\/wp-content\/uploads\/2021\/Bilder\/DSC02837-scaled.jpg","datePublished":"2021-09-03T11:57:36+00:00","dateModified":"2021-09-20T06:54:03+00:00","breadcrumb":{"@id":"https:\/\/www.schwarzwaldverein-st-georgen.de\/index.php\/event\/wanderung-um-urach\/#breadcrumb"},"inLanguage":"de","potentialAction":[{"@type":"ReadAction","target":["https:\/\/www.schwarzwaldverein-st-georgen.de\/index.php\/event\/wanderung-um-urach\/"]}]},{"@type":"ImageObject","inLanguage":"de","@id":"https:\/\/www.schwarzwaldverein-st-georgen.de\/index.php\/event\/wanderung-um-urach\/#primaryimage","url":"https:\/\/www.schwarzwaldverein-st-georgen.de\/wp-content\/uploads\/2021\/Bilder\/DSC02837-scaled.jpg","contentUrl":"https:\/\/www.schwarzwaldverein-st-georgen.de\/wp-content\/uploads\/2021\/Bilder\/DSC02837-scaled.jpg","width":2560,"height":1706},{"@type":"BreadcrumbList","@id":"https:\/\/www.schwarzwaldverein-st-georgen.de\/index.php\/event\/wanderung-um-urach\/#breadcrumb","itemListElement":[{"@type":"ListItem","position":1,"name":"Start","item":"https:\/\/www.schwarzwaldverein-st-georgen.de\/"},{"@type":"ListItem","position":2,"name":"Veranstaltungen","item":"https:\/\/www.schwarzwaldverein-st-georgen.de\/index.php\/events\/"},{"@type":"ListItem","position":3,"name":"Wanderung um Urach"}]},{"@type":"WebSite","@id":"https:\/\/www.schwarzwaldverein-st-georgen.de\/#website","url":"https:\/\/www.schwarzwaldverein-st-georgen.de\/","name":"Schwarzwaldverein St. Georgen e.V.","description":"Wandern, Wege, Naturschutz, Familien, Wanderheim Lindenb\u00fcble","potentialAction":[{"@type":"SearchAction","target":{"@type":"EntryPoint","urlTemplate":"https:\/\/www.schwarzwaldverein-st-georgen.de\/?s={search_term_string}"},"query-input":{"@type":"PropertyValueSpecification","valueRequired":true,"valueName":"search_term_string"}}],"inLanguage":"de"}]}},"ticketed":false,"_links":{"self":[{"href":"https:\/\/www.schwarzwaldverein-st-georgen.de\/index.php\/wp-json\/wp\/v2\/tribe_events\/1653","targetHints":{"allow":["GET"]}}],"collection":[{"href":"https:\/\/www.schwarzwaldverein-st-georgen.de\/index.php\/wp-json\/wp\/v2\/tribe_events"}],"about":[{"href":"https:\/\/www.schwarzwaldverein-st-georgen.de\/index.php\/wp-json\/wp\/v2\/types\/tribe_events"}],"author":[{"embeddable":true,"href":"https:\/\/www.schwarzwaldverein-st-georgen.de\/index.php\/wp-json\/wp\/v2\/users\/1"}],"replies":[{"embeddable":true,"href":"https:\/\/www.schwarzwaldverein-st-georgen.de\/index.php\/wp-json\/wp\/v2\/comments?post=1653"}],"version-history":[{"count":11,"href":"https:\/\/www.schwarzwaldverein-st-georgen.de\/index.php\/wp-json\/wp\/v2\/tribe_events\/1653\/revisions"}],"predecessor-version":[{"id":1698,"href":"https:\/\/www.schwarzwaldverein-st-georgen.de\/index.php\/wp-json\/wp\/v2\/tribe_events\/1653\/revisions\/1698"}],"wp:featuredmedia":[{"embeddable":true,"href":"https:\/\/www.schwarzwaldverein-st-georgen.de\/index.php\/wp-json\/wp\/v2\/media\/1657"}],"wp:attachment":[{"href":"https:\/\/www.schwarzwaldverein-st-georgen.de\/index.php\/wp-json\/wp\/v2\/media?parent=1653"}],"wp:term":[{"taxonomy":"post_tag","embeddable":true,"href":"https:\/\/www.schwarzwaldverein-st-georgen.de\/index.php\/wp-json\/wp\/v2\/tags?post=1653"},{"taxonomy":"tribe_events_cat","embeddable":true,"href":"https:\/\/www.schwarzwaldverein-st-georgen.de\/index.php\/wp-json\/wp\/v2\/tribe_events_cat?post=1653"}],"curies":[{"name":"wp","href":"https:\/\/api.w.org\/{rel}","templated":true}]}}