{"id":1479,"date":"2021-01-22T11:33:52","date_gmt":"2021-01-22T10:33:52","guid":{"rendered":"https:\/\/www.schwarzwaldverein-st-georgen.de\/index.php\/event\/tag-des-wanderns-ins-glasbachtal-4\/"},"modified":"2021-04-11T11:43:16","modified_gmt":"2021-04-11T09:43:16","slug":"tag-des-wanderns-ins-glasbachtal-4","status":"publish","type":"tribe_events","link":"https:\/\/www.schwarzwaldverein-st-georgen.de\/index.php\/event\/tag-des-wanderns-ins-glasbachtal-4\/","title":{"rendered":"** Verschoben ** Tag des Wanderns &#8211; Ins Glasbachtal"},"content":{"rendered":"<section class=\"o-container o-container--xs\">\n<div class=\"spacing-top--xs\">\n<div class=\"c-neos-text\">\n<h3><span class=\"texthighlight--magenta\">Tag des Wanderns 2021 wird <\/span><span class=\"texthighlight--magenta\">aufgrund der angespannten Corona-Situation <\/span><span class=\"texthighlight--magenta\">auf den <\/span><span class=\"texthighlight--green\">17. September 2021<\/span><span class=\"texthighlight--magenta\"> verschoben!<\/span><\/h3>\n<\/div>\n<\/div>\n<\/section>\n<p>Von der Hiesemichelesh\u00f6he f\u00fchrt die Wanderung \u00fcber Hutneck und Hinterlehen ins Glasbachtal. Bei der Muckenm\u00fchle nehmen wir den Abzweiger zur Holzwiese und kehren in der Schappelstube ein. Der Weg zum ZOB K\u00f6nigsfeld f\u00fchrt durch die R\u00fcckseite des Ortes.<\/p>\n<table>\n<tbody>\n<tr>\n<td class=\"tdh_wp\">Wanderf\u00fchrung:<\/td>\n<td class=\"tdh_wp\">Peter Meixner<\/td>\n<\/tr>\n<tr>\n<td class=\"td_wp\">Gehzeit:<\/td>\n<td class=\"td_wp\">4 Std.<br \/>\n12 km, 61\/205 Hm<\/td>\n<\/tr>\n<tr>\n<td class=\"td_wp\">Kategorie 2<\/td>\n<td class=\"td_wp\"><img loading=\"lazy\" decoding=\"async\" class=\"alignnone\" src=\"https:\/\/www.schwarzwaldverein-st-georgen.de\/wp-content\/uploads\/gelbeRaute.png\" alt=\"\" width=\"30\" height=\"16\" \/><\/td>\n<\/tr>\n<tr>\n<td class=\"td_wp\">Treffpunkt:<\/td>\n<td class=\"td_wp\">11:45 Uhr, Bahnhof St. Georgen, Bushaltestelle Richtung Stadt<\/td>\n<\/tr>\n<tr>\n<td class=\"td_wp\">Anmeldung:<\/td>\n<td class=\"td_wp\">07724\/916635<\/td>\n<\/tr>\n<\/tbody>\n<\/table>\n<p><small>Bildquelle: Stadt Plumberg, <a>CC BY-ND<\/a>, www.stadt-blumberg.de\/tourismus\/sehenswuerdigkeiten\/adresse\/Address\/show\/eichberg.html<br \/>\n<\/small><\/p>\n","protected":false},"excerpt":{"rendered":"<p>Tag des Wanderns 2021 wird aufgrund der angespannten Corona-Situation auf den 17. September 2021 verschoben! Von der Hiesemichelesh\u00f6he f\u00fchrt die Wanderung \u00fcber Hutneck und Hinterlehen ins Glasbachtal. Bei der Muckenm\u00fchle nehmen wir den Abzweiger zur Holzwiese und kehren in der Schappelstube ein. Der Weg zum ZOB K\u00f6nigsfeld f\u00fchrt durch die R\u00fcckseite des Ortes. Wanderf\u00fchrung: Peter &hellip; <\/p>\n<p><a class=\"more-link btn\" href=\"https:\/\/www.schwarzwaldverein-st-georgen.de\/index.php\/event\/tag-des-wanderns-ins-glasbachtal-4\/\">Weiterlesen<\/a><\/p>\n","protected":false},"author":1,"featured_media":1096,"comment_status":"closed","ping_status":"closed","template":"","meta":{"_price":"","_stock":"","_tribe_ticket_header":"","_tribe_default_ticket_provider":"","_ticket_start_date":"","_ticket_end_date":"","_tribe_ticket_show_description":"","_tribe_ticket_show_not_going":false,"_tribe_ticket_use_global_stock":"","_tribe_ticket_global_stock_level":"","_global_stock_mode":"","_global_stock_cap":"","_tribe_rsvp_for_event":"","_tribe_ticket_going_count":"","_tribe_ticket_not_going_count":"","_tribe_tickets_list":"[]","_tribe_ticket_has_attendee_info_fields":false,"_tribe_events_status":"","_tribe_events_status_reason":"","footnotes":"","_tec_slr_enabled":"","_tec_slr_layout":""},"tags":[],"tribe_events_cat":[2,7],"class_list":["post-1479","tribe_events","type-tribe_events","status-publish","has-post-thumbnail","hentry","tribe_events_cat-jahresprogramm","tribe_events_cat-wanderung","cat_jahresprogramm","cat_wanderung","nodate","item-wrap"],"yoast_head":"<!-- This site is optimized with the Yoast SEO plugin v26.8 - https:\/\/yoast.com\/product\/yoast-seo-wordpress\/ -->\n<title>** Verschoben ** Tag des Wanderns - Ins Glasbachtal - Schwarzwaldverein St. Georgen e.V.<\/title>\n<meta name=\"robots\" content=\"index, follow, max-snippet:-1, max-image-preview:large, max-video-preview:-1\" \/>\n<link rel=\"canonical\" href=\"https:\/\/www.schwarzwaldverein-st-georgen.de\/index.php\/event\/tag-des-wanderns-ins-glasbachtal-4\/\" \/>\n<meta property=\"og:locale\" content=\"de_DE\" \/>\n<meta property=\"og:type\" content=\"article\" \/>\n<meta property=\"og:title\" content=\"** Verschoben ** Tag des Wanderns - Ins Glasbachtal - Schwarzwaldverein St. Georgen e.V.\" \/>\n<meta property=\"og:description\" content=\"Tag des Wanderns 2021 wird aufgrund der angespannten Corona-Situation auf den 17. September 2021 verschoben! Von der Hiesemichelesh\u00f6he f\u00fchrt die Wanderung \u00fcber Hutneck und Hinterlehen ins Glasbachtal. Bei der Muckenm\u00fchle nehmen wir den Abzweiger zur Holzwiese und kehren in der Schappelstube ein. Der Weg zum ZOB K\u00f6nigsfeld f\u00fchrt durch die R\u00fcckseite des Ortes. Wanderf\u00fchrung: Peter &hellip; Weiterlesen\" \/>\n<meta property=\"og:url\" content=\"https:\/\/www.schwarzwaldverein-st-georgen.de\/index.php\/event\/tag-des-wanderns-ins-glasbachtal-4\/\" \/>\n<meta property=\"og:site_name\" content=\"Schwarzwaldverein St. Georgen e.V.\" \/>\n<meta property=\"article:modified_time\" content=\"2021-04-11T09:43:16+00:00\" \/>\n<meta property=\"og:image\" content=\"https:\/\/www.schwarzwaldverein-st-georgen.de\/wp-content\/uploads\/P__20190909_172915-scaled-1.jpg\" \/>\n\t<meta property=\"og:image:width\" content=\"1920\" \/>\n\t<meta property=\"og:image:height\" content=\"2560\" \/>\n\t<meta property=\"og:image:type\" content=\"image\/jpeg\" \/>\n<meta name=\"twitter:card\" content=\"summary_large_image\" \/>\n<meta name=\"twitter:label1\" content=\"Gesch\u00e4tzte Lesezeit\" \/>\n\t<meta name=\"twitter:data1\" content=\"1\u00a0Minute\" \/>\n<script type=\"application\/ld+json\" class=\"yoast-schema-graph\">{\"@context\":\"https:\/\/schema.org\",\"@graph\":[{\"@type\":\"WebPage\",\"@id\":\"https:\/\/www.schwarzwaldverein-st-georgen.de\/index.php\/event\/tag-des-wanderns-ins-glasbachtal-4\/\",\"url\":\"https:\/\/www.schwarzwaldverein-st-georgen.de\/index.php\/event\/tag-des-wanderns-ins-glasbachtal-4\/\",\"name\":\"** Verschoben ** Tag des Wanderns - Ins Glasbachtal - Schwarzwaldverein St. Georgen e.V.\",\"isPartOf\":{\"@id\":\"https:\/\/www.schwarzwaldverein-st-georgen.de\/#website\"},\"primaryImageOfPage\":{\"@id\":\"https:\/\/www.schwarzwaldverein-st-georgen.de\/index.php\/event\/tag-des-wanderns-ins-glasbachtal-4\/#primaryimage\"},\"image\":{\"@id\":\"https:\/\/www.schwarzwaldverein-st-georgen.de\/index.php\/event\/tag-des-wanderns-ins-glasbachtal-4\/#primaryimage\"},\"thumbnailUrl\":\"https:\/\/www.schwarzwaldverein-st-georgen.de\/wp-content\/uploads\/P__20190909_172915-scaled-1.jpg\",\"datePublished\":\"2021-01-22T10:33:52+00:00\",\"dateModified\":\"2021-04-11T09:43:16+00:00\",\"breadcrumb\":{\"@id\":\"https:\/\/www.schwarzwaldverein-st-georgen.de\/index.php\/event\/tag-des-wanderns-ins-glasbachtal-4\/#breadcrumb\"},\"inLanguage\":\"de\",\"potentialAction\":[{\"@type\":\"ReadAction\",\"target\":[\"https:\/\/www.schwarzwaldverein-st-georgen.de\/index.php\/event\/tag-des-wanderns-ins-glasbachtal-4\/\"]}]},{\"@type\":\"ImageObject\",\"inLanguage\":\"de\",\"@id\":\"https:\/\/www.schwarzwaldverein-st-georgen.de\/index.php\/event\/tag-des-wanderns-ins-glasbachtal-4\/#primaryimage\",\"url\":\"https:\/\/www.schwarzwaldverein-st-georgen.de\/wp-content\/uploads\/P__20190909_172915-scaled-1.jpg\",\"contentUrl\":\"https:\/\/www.schwarzwaldverein-st-georgen.de\/wp-content\/uploads\/P__20190909_172915-scaled-1.jpg\",\"width\":1920,\"height\":2560},{\"@type\":\"BreadcrumbList\",\"@id\":\"https:\/\/www.schwarzwaldverein-st-georgen.de\/index.php\/event\/tag-des-wanderns-ins-glasbachtal-4\/#breadcrumb\",\"itemListElement\":[{\"@type\":\"ListItem\",\"position\":1,\"name\":\"Start\",\"item\":\"https:\/\/www.schwarzwaldverein-st-georgen.de\/\"},{\"@type\":\"ListItem\",\"position\":2,\"name\":\"Veranstaltungen\",\"item\":\"https:\/\/www.schwarzwaldverein-st-georgen.de\/index.php\/events\/\"},{\"@type\":\"ListItem\",\"position\":3,\"name\":\"** Verschoben ** Tag des Wanderns &#8211; Ins Glasbachtal\"}]},{\"@type\":\"WebSite\",\"@id\":\"https:\/\/www.schwarzwaldverein-st-georgen.de\/#website\",\"url\":\"https:\/\/www.schwarzwaldverein-st-georgen.de\/\",\"name\":\"Schwarzwaldverein St. Georgen e.V.\",\"description\":\"Wandern, Wege, Naturschutz, Familien, Wanderheim Lindenb\u00fcble\",\"potentialAction\":[{\"@type\":\"SearchAction\",\"target\":{\"@type\":\"EntryPoint\",\"urlTemplate\":\"https:\/\/www.schwarzwaldverein-st-georgen.de\/?s={search_term_string}\"},\"query-input\":{\"@type\":\"PropertyValueSpecification\",\"valueRequired\":true,\"valueName\":\"search_term_string\"}}],\"inLanguage\":\"de\"}]}<\/script>\n<!-- \/ Yoast SEO plugin. -->","yoast_head_json":{"title":"** Verschoben ** Tag des Wanderns - Ins Glasbachtal - Schwarzwaldverein St. Georgen e.V.","robots":{"index":"index","follow":"follow","max-snippet":"max-snippet:-1","max-image-preview":"max-image-preview:large","max-video-preview":"max-video-preview:-1"},"canonical":"https:\/\/www.schwarzwaldverein-st-georgen.de\/index.php\/event\/tag-des-wanderns-ins-glasbachtal-4\/","og_locale":"de_DE","og_type":"article","og_title":"** Verschoben ** Tag des Wanderns - Ins Glasbachtal - Schwarzwaldverein St. Georgen e.V.","og_description":"Tag des Wanderns 2021 wird aufgrund der angespannten Corona-Situation auf den 17. September 2021 verschoben! Von der Hiesemichelesh\u00f6he f\u00fchrt die Wanderung \u00fcber Hutneck und Hinterlehen ins Glasbachtal. Bei der Muckenm\u00fchle nehmen wir den Abzweiger zur Holzwiese und kehren in der Schappelstube ein. Der Weg zum ZOB K\u00f6nigsfeld f\u00fchrt durch die R\u00fcckseite des Ortes. Wanderf\u00fchrung: Peter &hellip; Weiterlesen","og_url":"https:\/\/www.schwarzwaldverein-st-georgen.de\/index.php\/event\/tag-des-wanderns-ins-glasbachtal-4\/","og_site_name":"Schwarzwaldverein St. Georgen e.V.","article_modified_time":"2021-04-11T09:43:16+00:00","og_image":[{"width":1920,"height":2560,"url":"https:\/\/www.schwarzwaldverein-st-georgen.de\/wp-content\/uploads\/P__20190909_172915-scaled-1.jpg","type":"image\/jpeg"}],"twitter_card":"summary_large_image","twitter_misc":{"Gesch\u00e4tzte Lesezeit":"1\u00a0Minute"},"schema":{"@context":"https:\/\/schema.org","@graph":[{"@type":"WebPage","@id":"https:\/\/www.schwarzwaldverein-st-georgen.de\/index.php\/event\/tag-des-wanderns-ins-glasbachtal-4\/","url":"https:\/\/www.schwarzwaldverein-st-georgen.de\/index.php\/event\/tag-des-wanderns-ins-glasbachtal-4\/","name":"** Verschoben ** Tag des Wanderns - Ins Glasbachtal - Schwarzwaldverein St. Georgen e.V.","isPartOf":{"@id":"https:\/\/www.schwarzwaldverein-st-georgen.de\/#website"},"primaryImageOfPage":{"@id":"https:\/\/www.schwarzwaldverein-st-georgen.de\/index.php\/event\/tag-des-wanderns-ins-glasbachtal-4\/#primaryimage"},"image":{"@id":"https:\/\/www.schwarzwaldverein-st-georgen.de\/index.php\/event\/tag-des-wanderns-ins-glasbachtal-4\/#primaryimage"},"thumbnailUrl":"https:\/\/www.schwarzwaldverein-st-georgen.de\/wp-content\/uploads\/P__20190909_172915-scaled-1.jpg","datePublished":"2021-01-22T10:33:52+00:00","dateModified":"2021-04-11T09:43:16+00:00","breadcrumb":{"@id":"https:\/\/www.schwarzwaldverein-st-georgen.de\/index.php\/event\/tag-des-wanderns-ins-glasbachtal-4\/#breadcrumb"},"inLanguage":"de","potentialAction":[{"@type":"ReadAction","target":["https:\/\/www.schwarzwaldverein-st-georgen.de\/index.php\/event\/tag-des-wanderns-ins-glasbachtal-4\/"]}]},{"@type":"ImageObject","inLanguage":"de","@id":"https:\/\/www.schwarzwaldverein-st-georgen.de\/index.php\/event\/tag-des-wanderns-ins-glasbachtal-4\/#primaryimage","url":"https:\/\/www.schwarzwaldverein-st-georgen.de\/wp-content\/uploads\/P__20190909_172915-scaled-1.jpg","contentUrl":"https:\/\/www.schwarzwaldverein-st-georgen.de\/wp-content\/uploads\/P__20190909_172915-scaled-1.jpg","width":1920,"height":2560},{"@type":"BreadcrumbList","@id":"https:\/\/www.schwarzwaldverein-st-georgen.de\/index.php\/event\/tag-des-wanderns-ins-glasbachtal-4\/#breadcrumb","itemListElement":[{"@type":"ListItem","position":1,"name":"Start","item":"https:\/\/www.schwarzwaldverein-st-georgen.de\/"},{"@type":"ListItem","position":2,"name":"Veranstaltungen","item":"https:\/\/www.schwarzwaldverein-st-georgen.de\/index.php\/events\/"},{"@type":"ListItem","position":3,"name":"** Verschoben ** Tag des Wanderns &#8211; Ins Glasbachtal"}]},{"@type":"WebSite","@id":"https:\/\/www.schwarzwaldverein-st-georgen.de\/#website","url":"https:\/\/www.schwarzwaldverein-st-georgen.de\/","name":"Schwarzwaldverein St. Georgen e.V.","description":"Wandern, Wege, Naturschutz, Familien, Wanderheim Lindenb\u00fcble","potentialAction":[{"@type":"SearchAction","target":{"@type":"EntryPoint","urlTemplate":"https:\/\/www.schwarzwaldverein-st-georgen.de\/?s={search_term_string}"},"query-input":{"@type":"PropertyValueSpecification","valueRequired":true,"valueName":"search_term_string"}}],"inLanguage":"de"}]}},"ticketed":false,"_links":{"self":[{"href":"https:\/\/www.schwarzwaldverein-st-georgen.de\/index.php\/wp-json\/wp\/v2\/tribe_events\/1479","targetHints":{"allow":["GET"]}}],"collection":[{"href":"https:\/\/www.schwarzwaldverein-st-georgen.de\/index.php\/wp-json\/wp\/v2\/tribe_events"}],"about":[{"href":"https:\/\/www.schwarzwaldverein-st-georgen.de\/index.php\/wp-json\/wp\/v2\/types\/tribe_events"}],"author":[{"embeddable":true,"href":"https:\/\/www.schwarzwaldverein-st-georgen.de\/index.php\/wp-json\/wp\/v2\/users\/1"}],"replies":[{"embeddable":true,"href":"https:\/\/www.schwarzwaldverein-st-georgen.de\/index.php\/wp-json\/wp\/v2\/comments?post=1479"}],"version-history":[{"count":3,"href":"https:\/\/www.schwarzwaldverein-st-georgen.de\/index.php\/wp-json\/wp\/v2\/tribe_events\/1479\/revisions"}],"predecessor-version":[{"id":1589,"href":"https:\/\/www.schwarzwaldverein-st-georgen.de\/index.php\/wp-json\/wp\/v2\/tribe_events\/1479\/revisions\/1589"}],"wp:featuredmedia":[{"embeddable":true,"href":"https:\/\/www.schwarzwaldverein-st-georgen.de\/index.php\/wp-json\/wp\/v2\/media\/1096"}],"wp:attachment":[{"href":"https:\/\/www.schwarzwaldverein-st-georgen.de\/index.php\/wp-json\/wp\/v2\/media?parent=1479"}],"wp:term":[{"taxonomy":"post_tag","embeddable":true,"href":"https:\/\/www.schwarzwaldverein-st-georgen.de\/index.php\/wp-json\/wp\/v2\/tags?post=1479"},{"taxonomy":"tribe_events_cat","embeddable":true,"href":"https:\/\/www.schwarzwaldverein-st-georgen.de\/index.php\/wp-json\/wp\/v2\/tribe_events_cat?post=1479"}],"curies":[{"name":"wp","href":"https:\/\/api.w.org\/{rel}","templated":true}]}}