{"id":1345,"date":"2021-01-22T10:11:52","date_gmt":"2021-01-22T09:11:52","guid":{"rendered":"https:\/\/www.schwarzwaldverein-st-georgen.de\/index.php\/event\/wanderung-im-ortenaukreis\/"},"modified":"2021-09-20T08:50:58","modified_gmt":"2021-09-20T06:50:58","slug":"wanderung-im-ortenaukreis","status":"publish","type":"tribe_events","link":"https:\/\/www.schwarzwaldverein-st-georgen.de\/index.php\/event\/wanderung-im-ortenaukreis\/","title":{"rendered":"! entf\u00e4llt ! Wanderung im Ortenaukreis &#8211; Ersatzwanderung: Wanderung zum Teisenkopf"},"content":{"rendered":"<p>Achtung! Diese Wanderung entf\u00e4llt aus terminlichen Gr\u00fcnden.<\/p>\n<p>Peter Meixner bietet daf\u00fcr am eine andere Wanderung an.\u00a0 siehe:\u00a0 <strong>Wanderung zum Teisenkopf<\/strong><\/p>\n<p>Die Anreise und R\u00fcckfahrt erfolgt mit der Bahn.<\/p>\n<p>Vom Offenburger Hauptbahnhof wandern wir auf den Hausberg \u201eHohes Horn\u201c und geniessen den herrlichen Ausblick ins Kinzigtal und die Ortenau. \u00dcber den Ortenauer Panoramaweg erreichen wir das Wahrzeichen der Ortenau: Schloss Ortenberg. Wer will, kann auf den \u201eSchimmelturm\u201c hinaufklettern. Ziel der Tageswanderung ist die \u201eK\u00f6nigin des Kinzigtals\u201c, die pr\u00e4chtige Fachwerkstadt Gengenbach.<\/p>\n<p>&nbsp;<\/p>\n<table>\n<tbody>\n<tr>\n<td class=\"tdh_wp\">Wanderf\u00fchrung:<\/td>\n<td class=\"tdh_wp\">Siegfried K\u00f6nig<\/td>\n<\/tr>\n<tr>\n<td class=\"td_wp\">Gehzeit:<\/td>\n<td class=\"td_wp\">5,5 Std.<br \/>\n18,5 km, 625 \/ 600 Hm<\/td>\n<\/tr>\n<tr>\n<td class=\"td_wp\">Kategorie 3<\/td>\n<td class=\"td_wp\"><img loading=\"lazy\" decoding=\"async\" class=\"alignnone\" src=\"https:\/\/www.schwarzwaldverein-st-georgen.de\/wp-content\/uploads\/blaueRaute.png\" alt=\"\" width=\"30\" height=\"16\" \/><\/td>\n<\/tr>\n<tr>\n<td class=\"td_wp\">Treffpunkt:<\/td>\n<td class=\"td_wp\">07:40 Uhr, Bahnhof St. Georgen<\/td>\n<\/tr>\n<tr>\n<td class=\"td_wp\">Anmeldung:<\/td>\n<td class=\"td_wp\">07724 \/ 2802<\/td>\n<\/tr>\n<\/tbody>\n<\/table>\n<p><small>Bildquelle: www.schwarzwald-tourismus.info, <a href=\"https:\/\/creativecommons.org\/licenses\/by-nd\/4.0\/deed.de\" target=\"_blank\" rel=\"noopener\">CC BY-ND<\/a><\/small><\/p>\n","protected":false},"excerpt":{"rendered":"<p>Achtung! Diese Wanderung entf\u00e4llt aus terminlichen Gr\u00fcnden. Peter Meixner bietet daf\u00fcr am eine andere Wanderung an.\u00a0 siehe:\u00a0 Wanderung zum Teisenkopf Die Anreise und R\u00fcckfahrt erfolgt mit der Bahn. Vom Offenburger Hauptbahnhof wandern wir auf den Hausberg \u201eHohes Horn\u201c und geniessen den herrlichen Ausblick ins Kinzigtal und die Ortenau. \u00dcber den Ortenauer Panoramaweg erreichen wir das &hellip; <\/p>\n<p><a class=\"more-link btn\" href=\"https:\/\/www.schwarzwaldverein-st-georgen.de\/index.php\/event\/wanderung-im-ortenaukreis\/\">Weiterlesen<\/a><\/p>\n","protected":false},"author":1,"featured_media":1366,"comment_status":"closed","ping_status":"closed","template":"","meta":{"_price":"","_stock":"","_tribe_ticket_header":"","_tribe_default_ticket_provider":"","_ticket_start_date":"","_ticket_end_date":"","_tribe_ticket_show_description":"","_tribe_ticket_show_not_going":false,"_tribe_ticket_use_global_stock":"","_tribe_ticket_global_stock_level":"","_global_stock_mode":"","_global_stock_cap":"","_tribe_rsvp_for_event":"","_tribe_ticket_going_count":"","_tribe_ticket_not_going_count":"","_tribe_tickets_list":"[]","_tribe_ticket_has_attendee_info_fields":false,"_tribe_events_status":"","_tribe_events_status_reason":"","footnotes":"","_tec_slr_enabled":"","_tec_slr_layout":""},"tags":[],"tribe_events_cat":[2,7],"class_list":["post-1345","tribe_events","type-tribe_events","status-publish","has-post-thumbnail","hentry","tribe_events_cat-jahresprogramm","tribe_events_cat-wanderung","cat_jahresprogramm","cat_wanderung","nodate","item-wrap"],"yoast_head":"<!-- This site is optimized with the Yoast SEO plugin v26.8 - https:\/\/yoast.com\/product\/yoast-seo-wordpress\/ -->\n<title>! entf\u00e4llt ! Wanderung im Ortenaukreis - Ersatzwanderung: Wanderung zum Teisenkopf - Schwarzwaldverein St. Georgen e.V.<\/title>\n<meta name=\"robots\" content=\"index, follow, max-snippet:-1, max-image-preview:large, max-video-preview:-1\" \/>\n<link rel=\"canonical\" href=\"https:\/\/www.schwarzwaldverein-st-georgen.de\/index.php\/event\/wanderung-im-ortenaukreis\/\" \/>\n<meta property=\"og:locale\" content=\"de_DE\" \/>\n<meta property=\"og:type\" content=\"article\" \/>\n<meta property=\"og:title\" content=\"! entf\u00e4llt ! Wanderung im Ortenaukreis - Ersatzwanderung: Wanderung zum Teisenkopf - Schwarzwaldverein St. Georgen e.V.\" \/>\n<meta property=\"og:description\" content=\"Achtung! Diese Wanderung entf\u00e4llt aus terminlichen Gr\u00fcnden. Peter Meixner bietet daf\u00fcr am eine andere Wanderung an.\u00a0 siehe:\u00a0 Wanderung zum Teisenkopf Die Anreise und R\u00fcckfahrt erfolgt mit der Bahn. Vom Offenburger Hauptbahnhof wandern wir auf den Hausberg \u201eHohes Horn\u201c und geniessen den herrlichen Ausblick ins Kinzigtal und die Ortenau. \u00dcber den Ortenauer Panoramaweg erreichen wir das &hellip; Weiterlesen\" \/>\n<meta property=\"og:url\" content=\"https:\/\/www.schwarzwaldverein-st-georgen.de\/index.php\/event\/wanderung-im-ortenaukreis\/\" \/>\n<meta property=\"og:site_name\" content=\"Schwarzwaldverein St. Georgen e.V.\" \/>\n<meta property=\"article:modified_time\" content=\"2021-09-20T06:50:58+00:00\" \/>\n<meta property=\"og:image\" content=\"https:\/\/www.schwarzwaldverein-st-georgen.de\/wp-content\/uploads\/2021\/ausblick-auf-schloss-ortenberg.jpg\" \/>\n\t<meta property=\"og:image:width\" content=\"1200\" \/>\n\t<meta property=\"og:image:height\" content=\"800\" \/>\n\t<meta property=\"og:image:type\" content=\"image\/jpeg\" \/>\n<meta name=\"twitter:card\" content=\"summary_large_image\" \/>\n<meta name=\"twitter:label1\" content=\"Gesch\u00e4tzte Lesezeit\" \/>\n\t<meta name=\"twitter:data1\" content=\"1\u00a0Minute\" \/>\n<script type=\"application\/ld+json\" class=\"yoast-schema-graph\">{\"@context\":\"https:\/\/schema.org\",\"@graph\":[{\"@type\":\"WebPage\",\"@id\":\"https:\/\/www.schwarzwaldverein-st-georgen.de\/index.php\/event\/wanderung-im-ortenaukreis\/\",\"url\":\"https:\/\/www.schwarzwaldverein-st-georgen.de\/index.php\/event\/wanderung-im-ortenaukreis\/\",\"name\":\"! entf\u00e4llt ! Wanderung im Ortenaukreis - Ersatzwanderung: Wanderung zum Teisenkopf - Schwarzwaldverein St. Georgen e.V.\",\"isPartOf\":{\"@id\":\"https:\/\/www.schwarzwaldverein-st-georgen.de\/#website\"},\"primaryImageOfPage\":{\"@id\":\"https:\/\/www.schwarzwaldverein-st-georgen.de\/index.php\/event\/wanderung-im-ortenaukreis\/#primaryimage\"},\"image\":{\"@id\":\"https:\/\/www.schwarzwaldverein-st-georgen.de\/index.php\/event\/wanderung-im-ortenaukreis\/#primaryimage\"},\"thumbnailUrl\":\"https:\/\/www.schwarzwaldverein-st-georgen.de\/wp-content\/uploads\/2021\/ausblick-auf-schloss-ortenberg.jpg\",\"datePublished\":\"2021-01-22T09:11:52+00:00\",\"dateModified\":\"2021-09-20T06:50:58+00:00\",\"breadcrumb\":{\"@id\":\"https:\/\/www.schwarzwaldverein-st-georgen.de\/index.php\/event\/wanderung-im-ortenaukreis\/#breadcrumb\"},\"inLanguage\":\"de\",\"potentialAction\":[{\"@type\":\"ReadAction\",\"target\":[\"https:\/\/www.schwarzwaldverein-st-georgen.de\/index.php\/event\/wanderung-im-ortenaukreis\/\"]}]},{\"@type\":\"ImageObject\",\"inLanguage\":\"de\",\"@id\":\"https:\/\/www.schwarzwaldverein-st-georgen.de\/index.php\/event\/wanderung-im-ortenaukreis\/#primaryimage\",\"url\":\"https:\/\/www.schwarzwaldverein-st-georgen.de\/wp-content\/uploads\/2021\/ausblick-auf-schloss-ortenberg.jpg\",\"contentUrl\":\"https:\/\/www.schwarzwaldverein-st-georgen.de\/wp-content\/uploads\/2021\/ausblick-auf-schloss-ortenberg.jpg\",\"width\":1200,\"height\":800},{\"@type\":\"BreadcrumbList\",\"@id\":\"https:\/\/www.schwarzwaldverein-st-georgen.de\/index.php\/event\/wanderung-im-ortenaukreis\/#breadcrumb\",\"itemListElement\":[{\"@type\":\"ListItem\",\"position\":1,\"name\":\"Start\",\"item\":\"https:\/\/www.schwarzwaldverein-st-georgen.de\/\"},{\"@type\":\"ListItem\",\"position\":2,\"name\":\"Veranstaltungen\",\"item\":\"https:\/\/www.schwarzwaldverein-st-georgen.de\/index.php\/events\/\"},{\"@type\":\"ListItem\",\"position\":3,\"name\":\"! entf\u00e4llt ! Wanderung im Ortenaukreis &#8211; Ersatzwanderung: Wanderung zum Teisenkopf\"}]},{\"@type\":\"WebSite\",\"@id\":\"https:\/\/www.schwarzwaldverein-st-georgen.de\/#website\",\"url\":\"https:\/\/www.schwarzwaldverein-st-georgen.de\/\",\"name\":\"Schwarzwaldverein St. Georgen e.V.\",\"description\":\"Wandern, Wege, Naturschutz, Familien, Wanderheim Lindenb\u00fcble\",\"potentialAction\":[{\"@type\":\"SearchAction\",\"target\":{\"@type\":\"EntryPoint\",\"urlTemplate\":\"https:\/\/www.schwarzwaldverein-st-georgen.de\/?s={search_term_string}\"},\"query-input\":{\"@type\":\"PropertyValueSpecification\",\"valueRequired\":true,\"valueName\":\"search_term_string\"}}],\"inLanguage\":\"de\"}]}<\/script>\n<!-- \/ Yoast SEO plugin. -->","yoast_head_json":{"title":"! entf\u00e4llt ! Wanderung im Ortenaukreis - Ersatzwanderung: Wanderung zum Teisenkopf - Schwarzwaldverein St. Georgen e.V.","robots":{"index":"index","follow":"follow","max-snippet":"max-snippet:-1","max-image-preview":"max-image-preview:large","max-video-preview":"max-video-preview:-1"},"canonical":"https:\/\/www.schwarzwaldverein-st-georgen.de\/index.php\/event\/wanderung-im-ortenaukreis\/","og_locale":"de_DE","og_type":"article","og_title":"! entf\u00e4llt ! Wanderung im Ortenaukreis - Ersatzwanderung: Wanderung zum Teisenkopf - Schwarzwaldverein St. Georgen e.V.","og_description":"Achtung! Diese Wanderung entf\u00e4llt aus terminlichen Gr\u00fcnden. Peter Meixner bietet daf\u00fcr am eine andere Wanderung an.\u00a0 siehe:\u00a0 Wanderung zum Teisenkopf Die Anreise und R\u00fcckfahrt erfolgt mit der Bahn. Vom Offenburger Hauptbahnhof wandern wir auf den Hausberg \u201eHohes Horn\u201c und geniessen den herrlichen Ausblick ins Kinzigtal und die Ortenau. \u00dcber den Ortenauer Panoramaweg erreichen wir das &hellip; Weiterlesen","og_url":"https:\/\/www.schwarzwaldverein-st-georgen.de\/index.php\/event\/wanderung-im-ortenaukreis\/","og_site_name":"Schwarzwaldverein St. Georgen e.V.","article_modified_time":"2021-09-20T06:50:58+00:00","og_image":[{"width":1200,"height":800,"url":"https:\/\/www.schwarzwaldverein-st-georgen.de\/wp-content\/uploads\/2021\/ausblick-auf-schloss-ortenberg.jpg","type":"image\/jpeg"}],"twitter_card":"summary_large_image","twitter_misc":{"Gesch\u00e4tzte Lesezeit":"1\u00a0Minute"},"schema":{"@context":"https:\/\/schema.org","@graph":[{"@type":"WebPage","@id":"https:\/\/www.schwarzwaldverein-st-georgen.de\/index.php\/event\/wanderung-im-ortenaukreis\/","url":"https:\/\/www.schwarzwaldverein-st-georgen.de\/index.php\/event\/wanderung-im-ortenaukreis\/","name":"! entf\u00e4llt ! Wanderung im Ortenaukreis - Ersatzwanderung: Wanderung zum Teisenkopf - Schwarzwaldverein St. Georgen e.V.","isPartOf":{"@id":"https:\/\/www.schwarzwaldverein-st-georgen.de\/#website"},"primaryImageOfPage":{"@id":"https:\/\/www.schwarzwaldverein-st-georgen.de\/index.php\/event\/wanderung-im-ortenaukreis\/#primaryimage"},"image":{"@id":"https:\/\/www.schwarzwaldverein-st-georgen.de\/index.php\/event\/wanderung-im-ortenaukreis\/#primaryimage"},"thumbnailUrl":"https:\/\/www.schwarzwaldverein-st-georgen.de\/wp-content\/uploads\/2021\/ausblick-auf-schloss-ortenberg.jpg","datePublished":"2021-01-22T09:11:52+00:00","dateModified":"2021-09-20T06:50:58+00:00","breadcrumb":{"@id":"https:\/\/www.schwarzwaldverein-st-georgen.de\/index.php\/event\/wanderung-im-ortenaukreis\/#breadcrumb"},"inLanguage":"de","potentialAction":[{"@type":"ReadAction","target":["https:\/\/www.schwarzwaldverein-st-georgen.de\/index.php\/event\/wanderung-im-ortenaukreis\/"]}]},{"@type":"ImageObject","inLanguage":"de","@id":"https:\/\/www.schwarzwaldverein-st-georgen.de\/index.php\/event\/wanderung-im-ortenaukreis\/#primaryimage","url":"https:\/\/www.schwarzwaldverein-st-georgen.de\/wp-content\/uploads\/2021\/ausblick-auf-schloss-ortenberg.jpg","contentUrl":"https:\/\/www.schwarzwaldverein-st-georgen.de\/wp-content\/uploads\/2021\/ausblick-auf-schloss-ortenberg.jpg","width":1200,"height":800},{"@type":"BreadcrumbList","@id":"https:\/\/www.schwarzwaldverein-st-georgen.de\/index.php\/event\/wanderung-im-ortenaukreis\/#breadcrumb","itemListElement":[{"@type":"ListItem","position":1,"name":"Start","item":"https:\/\/www.schwarzwaldverein-st-georgen.de\/"},{"@type":"ListItem","position":2,"name":"Veranstaltungen","item":"https:\/\/www.schwarzwaldverein-st-georgen.de\/index.php\/events\/"},{"@type":"ListItem","position":3,"name":"! entf\u00e4llt ! Wanderung im Ortenaukreis &#8211; Ersatzwanderung: Wanderung zum Teisenkopf"}]},{"@type":"WebSite","@id":"https:\/\/www.schwarzwaldverein-st-georgen.de\/#website","url":"https:\/\/www.schwarzwaldverein-st-georgen.de\/","name":"Schwarzwaldverein St. Georgen e.V.","description":"Wandern, Wege, Naturschutz, Familien, Wanderheim Lindenb\u00fcble","potentialAction":[{"@type":"SearchAction","target":{"@type":"EntryPoint","urlTemplate":"https:\/\/www.schwarzwaldverein-st-georgen.de\/?s={search_term_string}"},"query-input":{"@type":"PropertyValueSpecification","valueRequired":true,"valueName":"search_term_string"}}],"inLanguage":"de"}]}},"ticketed":false,"_links":{"self":[{"href":"https:\/\/www.schwarzwaldverein-st-georgen.de\/index.php\/wp-json\/wp\/v2\/tribe_events\/1345","targetHints":{"allow":["GET"]}}],"collection":[{"href":"https:\/\/www.schwarzwaldverein-st-georgen.de\/index.php\/wp-json\/wp\/v2\/tribe_events"}],"about":[{"href":"https:\/\/www.schwarzwaldverein-st-georgen.de\/index.php\/wp-json\/wp\/v2\/types\/tribe_events"}],"author":[{"embeddable":true,"href":"https:\/\/www.schwarzwaldverein-st-georgen.de\/index.php\/wp-json\/wp\/v2\/users\/1"}],"replies":[{"embeddable":true,"href":"https:\/\/www.schwarzwaldverein-st-georgen.de\/index.php\/wp-json\/wp\/v2\/comments?post=1345"}],"version-history":[{"count":8,"href":"https:\/\/www.schwarzwaldverein-st-georgen.de\/index.php\/wp-json\/wp\/v2\/tribe_events\/1345\/revisions"}],"predecessor-version":[{"id":1696,"href":"https:\/\/www.schwarzwaldverein-st-georgen.de\/index.php\/wp-json\/wp\/v2\/tribe_events\/1345\/revisions\/1696"}],"wp:featuredmedia":[{"embeddable":true,"href":"https:\/\/www.schwarzwaldverein-st-georgen.de\/index.php\/wp-json\/wp\/v2\/media\/1366"}],"wp:attachment":[{"href":"https:\/\/www.schwarzwaldverein-st-georgen.de\/index.php\/wp-json\/wp\/v2\/media?parent=1345"}],"wp:term":[{"taxonomy":"post_tag","embeddable":true,"href":"https:\/\/www.schwarzwaldverein-st-georgen.de\/index.php\/wp-json\/wp\/v2\/tags?post=1345"},{"taxonomy":"tribe_events_cat","embeddable":true,"href":"https:\/\/www.schwarzwaldverein-st-georgen.de\/index.php\/wp-json\/wp\/v2\/tribe_events_cat?post=1345"}],"curies":[{"name":"wp","href":"https:\/\/api.w.org\/{rel}","templated":true}]}}