{"id":1239,"date":"2020-07-30T08:30:30","date_gmt":"2020-07-30T06:30:30","guid":{"rendered":"https:\/\/www.schwarzwaldverein-st-georgen.de\/?post_type=tribe_events&#038;p=1239"},"modified":"2020-08-03T11:03:01","modified_gmt":"2020-08-03T09:03:01","slug":"qualitaetsweg-wiesentaeler-unterkirnach-ersatzwanderung","status":"publish","type":"tribe_events","link":"https:\/\/www.schwarzwaldverein-st-georgen.de\/index.php\/event\/qualitaetsweg-wiesentaeler-unterkirnach-ersatzwanderung\/","title":{"rendered":"Qualit\u00e4tsweg WiesenT\u00e4ler Unterkirnach | Ersatzwanderung"},"content":{"rendered":"<p>Der Qualit\u00e4tsweg &#8222;WiesenT\u00e4ler Unterkirnach&#8220; f\u00fchrt auf \u00fcberwiegend naturnahen Pfaden vorbei an historischen Sehensw\u00fcrdigkeiten in Unterkirnach und Oberkirnach.<\/p>\n<p>Waldidylle und wundervolle Ausblicke versprechen ein wundervolles und unvergessliches Wandererlebnis. Bei klarem Wetter ist die gro\u00dfartige Alpenkette deutlich am Horizont sichtbar. Eine Schlu\u00dfeinkehr ist geplant.<\/p>\n<p>Rucksackvesper und Mund-Nasenschutz erforderlich.<\/p>\n<p>Treffpunkt: 09:30 Uhr Parkplatz Klosterweiher. Fahrt zum Startpunkt mit privaten PKW.<\/p>\n<p>L\u00e4nge der Strecke: ca. 17 km, Gehzeit ca. 4,5 Stunden, Aufstieg 275 hm, Abstieg 275hm<\/p>\n<p>F\u00fchrung : Siegfried K\u00f6nig<br \/>\nAnmeldung bis Freitag Abend bei Siegfried K\u00f6nig, Tel. 07724 \/ 2802<\/p>\n<p>&nbsp;<\/p>\n<p>Foto: Blick ins Grundtal, Copyright: <span class=\"oax_ellipsis oax-img-copyright\">Gemeinde Unterkirnach <\/span><\/p>\n","protected":false},"excerpt":{"rendered":"<p>Der Qualit\u00e4tsweg &#8222;WiesenT\u00e4ler Unterkirnach&#8220; f\u00fchrt auf \u00fcberwiegend naturnahen Pfaden vorbei an historischen Sehensw\u00fcrdigkeiten in Unterkirnach und Oberkirnach. Waldidylle und wundervolle Ausblicke versprechen ein wundervolles und unvergessliches Wandererlebnis. Bei klarem Wetter ist die gro\u00dfartige Alpenkette deutlich am Horizont sichtbar. Eine Schlu\u00dfeinkehr ist geplant. Rucksackvesper und Mund-Nasenschutz erforderlich. Treffpunkt: 09:30 Uhr Parkplatz Klosterweiher. Fahrt zum Startpunkt mit &hellip; <\/p>\n<p><a class=\"more-link btn\" href=\"https:\/\/www.schwarzwaldverein-st-georgen.de\/index.php\/event\/qualitaetsweg-wiesentaeler-unterkirnach-ersatzwanderung\/\">Weiterlesen<\/a><\/p>\n","protected":false},"author":1,"featured_media":1242,"comment_status":"closed","ping_status":"closed","template":"","meta":{"_price":"","_stock":"","_tribe_ticket_header":"","_tribe_default_ticket_provider":"","_ticket_start_date":"","_ticket_end_date":"","_tribe_ticket_show_description":"","_tribe_ticket_show_not_going":false,"_tribe_ticket_use_global_stock":"","_tribe_ticket_global_stock_level":"","_global_stock_mode":"","_global_stock_cap":"","_tribe_rsvp_for_event":"","_tribe_ticket_going_count":"","_tribe_ticket_not_going_count":"","_tribe_tickets_list":"[]","_tribe_ticket_has_attendee_info_fields":false,"_tribe_events_status":"","_tribe_events_status_reason":"","footnotes":"","_tec_slr_enabled":"","_tec_slr_layout":""},"tags":[],"tribe_events_cat":[],"class_list":["post-1239","tribe_events","type-tribe_events","status-publish","has-post-thumbnail","hentry","nodate","item-wrap"],"yoast_head":"<!-- This site is optimized with the Yoast SEO plugin v26.8 - https:\/\/yoast.com\/product\/yoast-seo-wordpress\/ -->\n<title>Qualit\u00e4tsweg WiesenT\u00e4ler Unterkirnach | Ersatzwanderung - Schwarzwaldverein St. Georgen e.V.<\/title>\n<meta name=\"robots\" content=\"index, follow, max-snippet:-1, max-image-preview:large, max-video-preview:-1\" \/>\n<link rel=\"canonical\" href=\"https:\/\/www.schwarzwaldverein-st-georgen.de\/index.php\/event\/qualitaetsweg-wiesentaeler-unterkirnach-ersatzwanderung\/\" \/>\n<meta property=\"og:locale\" content=\"de_DE\" \/>\n<meta property=\"og:type\" content=\"article\" \/>\n<meta property=\"og:title\" content=\"Qualit\u00e4tsweg WiesenT\u00e4ler Unterkirnach | Ersatzwanderung - Schwarzwaldverein St. Georgen e.V.\" \/>\n<meta property=\"og:description\" content=\"Der Qualit\u00e4tsweg &#8222;WiesenT\u00e4ler Unterkirnach&#8220; f\u00fchrt auf \u00fcberwiegend naturnahen Pfaden vorbei an historischen Sehensw\u00fcrdigkeiten in Unterkirnach und Oberkirnach. Waldidylle und wundervolle Ausblicke versprechen ein wundervolles und unvergessliches Wandererlebnis. Bei klarem Wetter ist die gro\u00dfartige Alpenkette deutlich am Horizont sichtbar. Eine Schlu\u00dfeinkehr ist geplant. Rucksackvesper und Mund-Nasenschutz erforderlich. Treffpunkt: 09:30 Uhr Parkplatz Klosterweiher. Fahrt zum Startpunkt mit &hellip; Weiterlesen\" \/>\n<meta property=\"og:url\" content=\"https:\/\/www.schwarzwaldverein-st-georgen.de\/index.php\/event\/qualitaetsweg-wiesentaeler-unterkirnach-ersatzwanderung\/\" \/>\n<meta property=\"og:site_name\" content=\"Schwarzwaldverein St. Georgen e.V.\" \/>\n<meta property=\"article:modified_time\" content=\"2020-08-03T09:03:01+00:00\" \/>\n<meta property=\"og:image\" content=\"https:\/\/www.schwarzwaldverein-st-georgen.de\/wp-content\/uploads\/WiesenT\u00e4ler-blick-ins-grundtal.jpg\" \/>\n\t<meta property=\"og:image:width\" content=\"2048\" \/>\n\t<meta property=\"og:image:height\" content=\"1536\" \/>\n\t<meta property=\"og:image:type\" content=\"image\/jpeg\" \/>\n<meta name=\"twitter:card\" content=\"summary_large_image\" \/>\n<script type=\"application\/ld+json\" class=\"yoast-schema-graph\">{\"@context\":\"https:\/\/schema.org\",\"@graph\":[{\"@type\":\"WebPage\",\"@id\":\"https:\/\/www.schwarzwaldverein-st-georgen.de\/index.php\/event\/qualitaetsweg-wiesentaeler-unterkirnach-ersatzwanderung\/\",\"url\":\"https:\/\/www.schwarzwaldverein-st-georgen.de\/index.php\/event\/qualitaetsweg-wiesentaeler-unterkirnach-ersatzwanderung\/\",\"name\":\"Qualit\u00e4tsweg WiesenT\u00e4ler Unterkirnach | Ersatzwanderung - Schwarzwaldverein St. Georgen e.V.\",\"isPartOf\":{\"@id\":\"https:\/\/www.schwarzwaldverein-st-georgen.de\/#website\"},\"primaryImageOfPage\":{\"@id\":\"https:\/\/www.schwarzwaldverein-st-georgen.de\/index.php\/event\/qualitaetsweg-wiesentaeler-unterkirnach-ersatzwanderung\/#primaryimage\"},\"image\":{\"@id\":\"https:\/\/www.schwarzwaldverein-st-georgen.de\/index.php\/event\/qualitaetsweg-wiesentaeler-unterkirnach-ersatzwanderung\/#primaryimage\"},\"thumbnailUrl\":\"https:\/\/www.schwarzwaldverein-st-georgen.de\/wp-content\/uploads\/WiesenT\u00e4ler-blick-ins-grundtal.jpg\",\"datePublished\":\"2020-07-30T06:30:30+00:00\",\"dateModified\":\"2020-08-03T09:03:01+00:00\",\"breadcrumb\":{\"@id\":\"https:\/\/www.schwarzwaldverein-st-georgen.de\/index.php\/event\/qualitaetsweg-wiesentaeler-unterkirnach-ersatzwanderung\/#breadcrumb\"},\"inLanguage\":\"de\",\"potentialAction\":[{\"@type\":\"ReadAction\",\"target\":[\"https:\/\/www.schwarzwaldverein-st-georgen.de\/index.php\/event\/qualitaetsweg-wiesentaeler-unterkirnach-ersatzwanderung\/\"]}]},{\"@type\":\"ImageObject\",\"inLanguage\":\"de\",\"@id\":\"https:\/\/www.schwarzwaldverein-st-georgen.de\/index.php\/event\/qualitaetsweg-wiesentaeler-unterkirnach-ersatzwanderung\/#primaryimage\",\"url\":\"https:\/\/www.schwarzwaldverein-st-georgen.de\/wp-content\/uploads\/WiesenT\u00e4ler-blick-ins-grundtal.jpg\",\"contentUrl\":\"https:\/\/www.schwarzwaldverein-st-georgen.de\/wp-content\/uploads\/WiesenT\u00e4ler-blick-ins-grundtal.jpg\",\"width\":2048,\"height\":1536},{\"@type\":\"BreadcrumbList\",\"@id\":\"https:\/\/www.schwarzwaldverein-st-georgen.de\/index.php\/event\/qualitaetsweg-wiesentaeler-unterkirnach-ersatzwanderung\/#breadcrumb\",\"itemListElement\":[{\"@type\":\"ListItem\",\"position\":1,\"name\":\"Start\",\"item\":\"https:\/\/www.schwarzwaldverein-st-georgen.de\/\"},{\"@type\":\"ListItem\",\"position\":2,\"name\":\"Veranstaltungen\",\"item\":\"https:\/\/www.schwarzwaldverein-st-georgen.de\/index.php\/events\/\"},{\"@type\":\"ListItem\",\"position\":3,\"name\":\"Qualit\u00e4tsweg WiesenT\u00e4ler Unterkirnach | Ersatzwanderung\"}]},{\"@type\":\"WebSite\",\"@id\":\"https:\/\/www.schwarzwaldverein-st-georgen.de\/#website\",\"url\":\"https:\/\/www.schwarzwaldverein-st-georgen.de\/\",\"name\":\"Schwarzwaldverein St. Georgen e.V.\",\"description\":\"Wandern, Wege, Naturschutz, Familien, Wanderheim Lindenb\u00fcble\",\"potentialAction\":[{\"@type\":\"SearchAction\",\"target\":{\"@type\":\"EntryPoint\",\"urlTemplate\":\"https:\/\/www.schwarzwaldverein-st-georgen.de\/?s={search_term_string}\"},\"query-input\":{\"@type\":\"PropertyValueSpecification\",\"valueRequired\":true,\"valueName\":\"search_term_string\"}}],\"inLanguage\":\"de\"}]}<\/script>\n<!-- \/ Yoast SEO plugin. -->","yoast_head_json":{"title":"Qualit\u00e4tsweg WiesenT\u00e4ler Unterkirnach | Ersatzwanderung - Schwarzwaldverein St. Georgen e.V.","robots":{"index":"index","follow":"follow","max-snippet":"max-snippet:-1","max-image-preview":"max-image-preview:large","max-video-preview":"max-video-preview:-1"},"canonical":"https:\/\/www.schwarzwaldverein-st-georgen.de\/index.php\/event\/qualitaetsweg-wiesentaeler-unterkirnach-ersatzwanderung\/","og_locale":"de_DE","og_type":"article","og_title":"Qualit\u00e4tsweg WiesenT\u00e4ler Unterkirnach | Ersatzwanderung - Schwarzwaldverein St. Georgen e.V.","og_description":"Der Qualit\u00e4tsweg &#8222;WiesenT\u00e4ler Unterkirnach&#8220; f\u00fchrt auf \u00fcberwiegend naturnahen Pfaden vorbei an historischen Sehensw\u00fcrdigkeiten in Unterkirnach und Oberkirnach. Waldidylle und wundervolle Ausblicke versprechen ein wundervolles und unvergessliches Wandererlebnis. Bei klarem Wetter ist die gro\u00dfartige Alpenkette deutlich am Horizont sichtbar. Eine Schlu\u00dfeinkehr ist geplant. Rucksackvesper und Mund-Nasenschutz erforderlich. Treffpunkt: 09:30 Uhr Parkplatz Klosterweiher. Fahrt zum Startpunkt mit &hellip; Weiterlesen","og_url":"https:\/\/www.schwarzwaldverein-st-georgen.de\/index.php\/event\/qualitaetsweg-wiesentaeler-unterkirnach-ersatzwanderung\/","og_site_name":"Schwarzwaldverein St. Georgen e.V.","article_modified_time":"2020-08-03T09:03:01+00:00","og_image":[{"width":2048,"height":1536,"url":"https:\/\/www.schwarzwaldverein-st-georgen.de\/wp-content\/uploads\/WiesenT\u00e4ler-blick-ins-grundtal.jpg","type":"image\/jpeg"}],"twitter_card":"summary_large_image","schema":{"@context":"https:\/\/schema.org","@graph":[{"@type":"WebPage","@id":"https:\/\/www.schwarzwaldverein-st-georgen.de\/index.php\/event\/qualitaetsweg-wiesentaeler-unterkirnach-ersatzwanderung\/","url":"https:\/\/www.schwarzwaldverein-st-georgen.de\/index.php\/event\/qualitaetsweg-wiesentaeler-unterkirnach-ersatzwanderung\/","name":"Qualit\u00e4tsweg WiesenT\u00e4ler Unterkirnach | Ersatzwanderung - Schwarzwaldverein St. Georgen e.V.","isPartOf":{"@id":"https:\/\/www.schwarzwaldverein-st-georgen.de\/#website"},"primaryImageOfPage":{"@id":"https:\/\/www.schwarzwaldverein-st-georgen.de\/index.php\/event\/qualitaetsweg-wiesentaeler-unterkirnach-ersatzwanderung\/#primaryimage"},"image":{"@id":"https:\/\/www.schwarzwaldverein-st-georgen.de\/index.php\/event\/qualitaetsweg-wiesentaeler-unterkirnach-ersatzwanderung\/#primaryimage"},"thumbnailUrl":"https:\/\/www.schwarzwaldverein-st-georgen.de\/wp-content\/uploads\/WiesenT\u00e4ler-blick-ins-grundtal.jpg","datePublished":"2020-07-30T06:30:30+00:00","dateModified":"2020-08-03T09:03:01+00:00","breadcrumb":{"@id":"https:\/\/www.schwarzwaldverein-st-georgen.de\/index.php\/event\/qualitaetsweg-wiesentaeler-unterkirnach-ersatzwanderung\/#breadcrumb"},"inLanguage":"de","potentialAction":[{"@type":"ReadAction","target":["https:\/\/www.schwarzwaldverein-st-georgen.de\/index.php\/event\/qualitaetsweg-wiesentaeler-unterkirnach-ersatzwanderung\/"]}]},{"@type":"ImageObject","inLanguage":"de","@id":"https:\/\/www.schwarzwaldverein-st-georgen.de\/index.php\/event\/qualitaetsweg-wiesentaeler-unterkirnach-ersatzwanderung\/#primaryimage","url":"https:\/\/www.schwarzwaldverein-st-georgen.de\/wp-content\/uploads\/WiesenT\u00e4ler-blick-ins-grundtal.jpg","contentUrl":"https:\/\/www.schwarzwaldverein-st-georgen.de\/wp-content\/uploads\/WiesenT\u00e4ler-blick-ins-grundtal.jpg","width":2048,"height":1536},{"@type":"BreadcrumbList","@id":"https:\/\/www.schwarzwaldverein-st-georgen.de\/index.php\/event\/qualitaetsweg-wiesentaeler-unterkirnach-ersatzwanderung\/#breadcrumb","itemListElement":[{"@type":"ListItem","position":1,"name":"Start","item":"https:\/\/www.schwarzwaldverein-st-georgen.de\/"},{"@type":"ListItem","position":2,"name":"Veranstaltungen","item":"https:\/\/www.schwarzwaldverein-st-georgen.de\/index.php\/events\/"},{"@type":"ListItem","position":3,"name":"Qualit\u00e4tsweg WiesenT\u00e4ler Unterkirnach | Ersatzwanderung"}]},{"@type":"WebSite","@id":"https:\/\/www.schwarzwaldverein-st-georgen.de\/#website","url":"https:\/\/www.schwarzwaldverein-st-georgen.de\/","name":"Schwarzwaldverein St. Georgen e.V.","description":"Wandern, Wege, Naturschutz, Familien, Wanderheim Lindenb\u00fcble","potentialAction":[{"@type":"SearchAction","target":{"@type":"EntryPoint","urlTemplate":"https:\/\/www.schwarzwaldverein-st-georgen.de\/?s={search_term_string}"},"query-input":{"@type":"PropertyValueSpecification","valueRequired":true,"valueName":"search_term_string"}}],"inLanguage":"de"}]}},"ticketed":false,"_links":{"self":[{"href":"https:\/\/www.schwarzwaldverein-st-georgen.de\/index.php\/wp-json\/wp\/v2\/tribe_events\/1239","targetHints":{"allow":["GET"]}}],"collection":[{"href":"https:\/\/www.schwarzwaldverein-st-georgen.de\/index.php\/wp-json\/wp\/v2\/tribe_events"}],"about":[{"href":"https:\/\/www.schwarzwaldverein-st-georgen.de\/index.php\/wp-json\/wp\/v2\/types\/tribe_events"}],"author":[{"embeddable":true,"href":"https:\/\/www.schwarzwaldverein-st-georgen.de\/index.php\/wp-json\/wp\/v2\/users\/1"}],"replies":[{"embeddable":true,"href":"https:\/\/www.schwarzwaldverein-st-georgen.de\/index.php\/wp-json\/wp\/v2\/comments?post=1239"}],"version-history":[{"count":10,"href":"https:\/\/www.schwarzwaldverein-st-georgen.de\/index.php\/wp-json\/wp\/v2\/tribe_events\/1239\/revisions"}],"predecessor-version":[{"id":1253,"href":"https:\/\/www.schwarzwaldverein-st-georgen.de\/index.php\/wp-json\/wp\/v2\/tribe_events\/1239\/revisions\/1253"}],"wp:featuredmedia":[{"embeddable":true,"href":"https:\/\/www.schwarzwaldverein-st-georgen.de\/index.php\/wp-json\/wp\/v2\/media\/1242"}],"wp:attachment":[{"href":"https:\/\/www.schwarzwaldverein-st-georgen.de\/index.php\/wp-json\/wp\/v2\/media?parent=1239"}],"wp:term":[{"taxonomy":"post_tag","embeddable":true,"href":"https:\/\/www.schwarzwaldverein-st-georgen.de\/index.php\/wp-json\/wp\/v2\/tags?post=1239"},{"taxonomy":"tribe_events_cat","embeddable":true,"href":"https:\/\/www.schwarzwaldverein-st-georgen.de\/index.php\/wp-json\/wp\/v2\/tribe_events_cat?post=1239"}],"curies":[{"name":"wp","href":"https:\/\/api.w.org\/{rel}","templated":true}]}}