{"id":1222,"date":"2020-07-20T10:15:39","date_gmt":"2020-07-20T08:15:39","guid":{"rendered":"https:\/\/www.schwarzwaldverein-st-georgen.de\/?post_type=tribe_events&#038;p=1222"},"modified":"2020-07-25T11:50:57","modified_gmt":"2020-07-25T09:50:57","slug":"windeck-felsen","status":"publish","type":"tribe_events","link":"https:\/\/www.schwarzwaldverein-st-georgen.de\/index.php\/event\/windeck-felsen\/","title":{"rendered":"Windeck-Felsen | neuer Termin"},"content":{"rendered":"<p>Die Wanderung den &#8222;H\u00f6hen des M\u00fcnstertals&#8220; findet nicht wie geplant statt. Wir bleiben in der Heimat.<\/p>\n<p>Wir wandern von St. Georgen \u00fcber den Windkapf zu den Igellochfelsen, hinunter ins Schwanenbachtal, <img loading=\"lazy\" decoding=\"async\" class=\"alignright wp-image-1225\" src=\"https:\/\/www.schwarzwaldverein-st-georgen.de\/wp-content\/uploads\/2020\/IMG_20200719_141943-scaled.jpg\" alt=\"Igellochfelsen\" width=\"265\" height=\"354\" srcset=\"https:\/\/www.schwarzwaldverein-st-georgen.de\/wp-content\/uploads\/2020\/IMG_20200719_141943-scaled.jpg 1916w, https:\/\/www.schwarzwaldverein-st-georgen.de\/wp-content\/uploads\/2020\/IMG_20200719_141943-224x300.jpg 224w, https:\/\/www.schwarzwaldverein-st-georgen.de\/wp-content\/uploads\/2020\/IMG_20200719_141943-766x1024.jpg 766w, https:\/\/www.schwarzwaldverein-st-georgen.de\/wp-content\/uploads\/2020\/IMG_20200719_141943-768x1026.jpg 768w, https:\/\/www.schwarzwaldverein-st-georgen.de\/wp-content\/uploads\/2020\/IMG_20200719_141943-1149x1536.jpg 1149w, https:\/\/www.schwarzwaldverein-st-georgen.de\/wp-content\/uploads\/2020\/IMG_20200719_141943-1532x2048.jpg 1532w\" sizes=\"auto, (max-width: 265px) 100vw, 265px\" \/>dann hinauf zur Immelsbacher H\u00f6he und \u00fcber den Felsenpfad zum Windeck-Felsen. Hier gibt eine wunderbare Aussicht \u00fcber Hornberg. Von hier erfolgt der Abstieg zum Bahnhof Hornberg.<\/p>\n<p>F\u00fcr diese anspruchsvolle Tour werden St\u00f6cke empfohlen.<\/p>\n<p>Rucksackvesper und Mund-Nasenschutz erforderlich.<\/p>\n<p>Treffpunkt: 10.30 Uhr vor dem Rathaus am Brunnen<\/p>\n<p>L\u00e4nge der Strecke: ca. 20 km,<\/p>\n<p>Gehzeit ca. 6 Stunden.<\/p>\n<p>Aufstieg 420 hm, Abstieg 900 hm<\/p>\n<p>F\u00fchrung : Siegfried K\u00f6nig<\/p>\n<p>Anmeldung bei Siegfried K\u00f6nigTel. 07724 \/ 2802<\/p>\n<p><img loading=\"lazy\" decoding=\"async\" class=\"alignnone wp-image-1226\" src=\"https:\/\/www.schwarzwaldverein-st-georgen.de\/wp-content\/uploads\/2020\/IMG_20200719_163051-scaled.jpg\" alt=\"Windeckfelsen\" width=\"355\" height=\"474\" srcset=\"https:\/\/www.schwarzwaldverein-st-georgen.de\/wp-content\/uploads\/2020\/IMG_20200719_163051-scaled.jpg 1916w, https:\/\/www.schwarzwaldverein-st-georgen.de\/wp-content\/uploads\/2020\/IMG_20200719_163051-224x300.jpg 224w, https:\/\/www.schwarzwaldverein-st-georgen.de\/wp-content\/uploads\/2020\/IMG_20200719_163051-766x1024.jpg 766w, https:\/\/www.schwarzwaldverein-st-georgen.de\/wp-content\/uploads\/2020\/IMG_20200719_163051-768x1026.jpg 768w, https:\/\/www.schwarzwaldverein-st-georgen.de\/wp-content\/uploads\/2020\/IMG_20200719_163051-1149x1536.jpg 1149w, https:\/\/www.schwarzwaldverein-st-georgen.de\/wp-content\/uploads\/2020\/IMG_20200719_163051-1532x2048.jpg 1532w\" sizes=\"auto, (max-width: 355px) 100vw, 355px\" \/><\/p>\n","protected":false},"excerpt":{"rendered":"<p>Die Wanderung den &#8222;H\u00f6hen des M\u00fcnstertals&#8220; findet nicht wie geplant statt. Wir bleiben in der Heimat. Wir wandern von St. Georgen \u00fcber den Windkapf zu den Igellochfelsen, hinunter ins Schwanenbachtal, dann hinauf zur Immelsbacher H\u00f6he und \u00fcber den Felsenpfad zum Windeck-Felsen. Hier gibt eine wunderbare Aussicht \u00fcber Hornberg. Von hier erfolgt der Abstieg zum Bahnhof &hellip; <\/p>\n<p><a class=\"more-link btn\" href=\"https:\/\/www.schwarzwaldverein-st-georgen.de\/index.php\/event\/windeck-felsen\/\">Weiterlesen<\/a><\/p>\n","protected":false},"author":1,"featured_media":1224,"comment_status":"closed","ping_status":"closed","template":"","meta":{"_price":"","_stock":"","_tribe_ticket_header":"","_tribe_default_ticket_provider":"","_ticket_start_date":"","_ticket_end_date":"","_tribe_ticket_show_description":"","_tribe_ticket_show_not_going":false,"_tribe_ticket_use_global_stock":"","_tribe_ticket_global_stock_level":"","_global_stock_mode":"","_global_stock_cap":"","_tribe_rsvp_for_event":"","_tribe_ticket_going_count":"","_tribe_ticket_not_going_count":"","_tribe_tickets_list":"[]","_tribe_ticket_has_attendee_info_fields":false,"_tribe_events_status":"","_tribe_events_status_reason":"","footnotes":"","_tec_slr_enabled":"","_tec_slr_layout":""},"tags":[],"tribe_events_cat":[7],"class_list":["post-1222","tribe_events","type-tribe_events","status-publish","has-post-thumbnail","hentry","tribe_events_cat-wanderung","cat_wanderung","nodate","item-wrap"],"yoast_head":"<!-- This site is optimized with the Yoast SEO plugin v26.8 - https:\/\/yoast.com\/product\/yoast-seo-wordpress\/ -->\n<title>Windeck-Felsen | neuer Termin - Schwarzwaldverein St. Georgen e.V.<\/title>\n<meta name=\"robots\" content=\"index, follow, max-snippet:-1, max-image-preview:large, max-video-preview:-1\" \/>\n<link rel=\"canonical\" href=\"https:\/\/www.schwarzwaldverein-st-georgen.de\/index.php\/event\/windeck-felsen\/\" \/>\n<meta property=\"og:locale\" content=\"de_DE\" \/>\n<meta property=\"og:type\" content=\"article\" \/>\n<meta property=\"og:title\" content=\"Windeck-Felsen | neuer Termin - Schwarzwaldverein St. Georgen e.V.\" \/>\n<meta property=\"og:description\" content=\"Die Wanderung den &#8222;H\u00f6hen des M\u00fcnstertals&#8220; findet nicht wie geplant statt. Wir bleiben in der Heimat. Wir wandern von St. Georgen \u00fcber den Windkapf zu den Igellochfelsen, hinunter ins Schwanenbachtal, dann hinauf zur Immelsbacher H\u00f6he und \u00fcber den Felsenpfad zum Windeck-Felsen. Hier gibt eine wunderbare Aussicht \u00fcber Hornberg. Von hier erfolgt der Abstieg zum Bahnhof &hellip; Weiterlesen\" \/>\n<meta property=\"og:url\" content=\"https:\/\/www.schwarzwaldverein-st-georgen.de\/index.php\/event\/windeck-felsen\/\" \/>\n<meta property=\"og:site_name\" content=\"Schwarzwaldverein St. Georgen e.V.\" \/>\n<meta property=\"article:modified_time\" content=\"2020-07-25T09:50:57+00:00\" \/>\n<meta property=\"og:image\" content=\"https:\/\/www.schwarzwaldverein-st-georgen.de\/wp-content\/uploads\/2020\/IMG_20200719_163210-scaled.jpg\" \/>\n\t<meta property=\"og:image:width\" content=\"2560\" \/>\n\t<meta property=\"og:image:height\" content=\"1916\" \/>\n\t<meta property=\"og:image:type\" content=\"image\/jpeg\" \/>\n<meta name=\"twitter:card\" content=\"summary_large_image\" \/>\n<meta name=\"twitter:label1\" content=\"Gesch\u00e4tzte Lesezeit\" \/>\n\t<meta name=\"twitter:data1\" content=\"1\u00a0Minute\" \/>\n<script type=\"application\/ld+json\" class=\"yoast-schema-graph\">{\"@context\":\"https:\/\/schema.org\",\"@graph\":[{\"@type\":\"WebPage\",\"@id\":\"https:\/\/www.schwarzwaldverein-st-georgen.de\/index.php\/event\/windeck-felsen\/\",\"url\":\"https:\/\/www.schwarzwaldverein-st-georgen.de\/index.php\/event\/windeck-felsen\/\",\"name\":\"Windeck-Felsen | neuer Termin - Schwarzwaldverein St. Georgen e.V.\",\"isPartOf\":{\"@id\":\"https:\/\/www.schwarzwaldverein-st-georgen.de\/#website\"},\"primaryImageOfPage\":{\"@id\":\"https:\/\/www.schwarzwaldverein-st-georgen.de\/index.php\/event\/windeck-felsen\/#primaryimage\"},\"image\":{\"@id\":\"https:\/\/www.schwarzwaldverein-st-georgen.de\/index.php\/event\/windeck-felsen\/#primaryimage\"},\"thumbnailUrl\":\"https:\/\/www.schwarzwaldverein-st-georgen.de\/wp-content\/uploads\/2020\/IMG_20200719_163210-scaled.jpg\",\"datePublished\":\"2020-07-20T08:15:39+00:00\",\"dateModified\":\"2020-07-25T09:50:57+00:00\",\"breadcrumb\":{\"@id\":\"https:\/\/www.schwarzwaldverein-st-georgen.de\/index.php\/event\/windeck-felsen\/#breadcrumb\"},\"inLanguage\":\"de\",\"potentialAction\":[{\"@type\":\"ReadAction\",\"target\":[\"https:\/\/www.schwarzwaldverein-st-georgen.de\/index.php\/event\/windeck-felsen\/\"]}]},{\"@type\":\"ImageObject\",\"inLanguage\":\"de\",\"@id\":\"https:\/\/www.schwarzwaldverein-st-georgen.de\/index.php\/event\/windeck-felsen\/#primaryimage\",\"url\":\"https:\/\/www.schwarzwaldverein-st-georgen.de\/wp-content\/uploads\/2020\/IMG_20200719_163210-scaled.jpg\",\"contentUrl\":\"https:\/\/www.schwarzwaldverein-st-georgen.de\/wp-content\/uploads\/2020\/IMG_20200719_163210-scaled.jpg\",\"width\":2560,\"height\":1916},{\"@type\":\"BreadcrumbList\",\"@id\":\"https:\/\/www.schwarzwaldverein-st-georgen.de\/index.php\/event\/windeck-felsen\/#breadcrumb\",\"itemListElement\":[{\"@type\":\"ListItem\",\"position\":1,\"name\":\"Start\",\"item\":\"https:\/\/www.schwarzwaldverein-st-georgen.de\/\"},{\"@type\":\"ListItem\",\"position\":2,\"name\":\"Veranstaltungen\",\"item\":\"https:\/\/www.schwarzwaldverein-st-georgen.de\/index.php\/events\/\"},{\"@type\":\"ListItem\",\"position\":3,\"name\":\"Windeck-Felsen | neuer Termin\"}]},{\"@type\":\"WebSite\",\"@id\":\"https:\/\/www.schwarzwaldverein-st-georgen.de\/#website\",\"url\":\"https:\/\/www.schwarzwaldverein-st-georgen.de\/\",\"name\":\"Schwarzwaldverein St. Georgen e.V.\",\"description\":\"Wandern, Wege, Naturschutz, Familien, Wanderheim Lindenb\u00fcble\",\"potentialAction\":[{\"@type\":\"SearchAction\",\"target\":{\"@type\":\"EntryPoint\",\"urlTemplate\":\"https:\/\/www.schwarzwaldverein-st-georgen.de\/?s={search_term_string}\"},\"query-input\":{\"@type\":\"PropertyValueSpecification\",\"valueRequired\":true,\"valueName\":\"search_term_string\"}}],\"inLanguage\":\"de\"}]}<\/script>\n<!-- \/ Yoast SEO plugin. -->","yoast_head_json":{"title":"Windeck-Felsen | neuer Termin - Schwarzwaldverein St. Georgen e.V.","robots":{"index":"index","follow":"follow","max-snippet":"max-snippet:-1","max-image-preview":"max-image-preview:large","max-video-preview":"max-video-preview:-1"},"canonical":"https:\/\/www.schwarzwaldverein-st-georgen.de\/index.php\/event\/windeck-felsen\/","og_locale":"de_DE","og_type":"article","og_title":"Windeck-Felsen | neuer Termin - Schwarzwaldverein St. Georgen e.V.","og_description":"Die Wanderung den &#8222;H\u00f6hen des M\u00fcnstertals&#8220; findet nicht wie geplant statt. Wir bleiben in der Heimat. Wir wandern von St. Georgen \u00fcber den Windkapf zu den Igellochfelsen, hinunter ins Schwanenbachtal, dann hinauf zur Immelsbacher H\u00f6he und \u00fcber den Felsenpfad zum Windeck-Felsen. Hier gibt eine wunderbare Aussicht \u00fcber Hornberg. Von hier erfolgt der Abstieg zum Bahnhof &hellip; Weiterlesen","og_url":"https:\/\/www.schwarzwaldverein-st-georgen.de\/index.php\/event\/windeck-felsen\/","og_site_name":"Schwarzwaldverein St. Georgen e.V.","article_modified_time":"2020-07-25T09:50:57+00:00","og_image":[{"width":2560,"height":1916,"url":"https:\/\/www.schwarzwaldverein-st-georgen.de\/wp-content\/uploads\/2020\/IMG_20200719_163210-scaled.jpg","type":"image\/jpeg"}],"twitter_card":"summary_large_image","twitter_misc":{"Gesch\u00e4tzte Lesezeit":"1\u00a0Minute"},"schema":{"@context":"https:\/\/schema.org","@graph":[{"@type":"WebPage","@id":"https:\/\/www.schwarzwaldverein-st-georgen.de\/index.php\/event\/windeck-felsen\/","url":"https:\/\/www.schwarzwaldverein-st-georgen.de\/index.php\/event\/windeck-felsen\/","name":"Windeck-Felsen | neuer Termin - Schwarzwaldverein St. Georgen e.V.","isPartOf":{"@id":"https:\/\/www.schwarzwaldverein-st-georgen.de\/#website"},"primaryImageOfPage":{"@id":"https:\/\/www.schwarzwaldverein-st-georgen.de\/index.php\/event\/windeck-felsen\/#primaryimage"},"image":{"@id":"https:\/\/www.schwarzwaldverein-st-georgen.de\/index.php\/event\/windeck-felsen\/#primaryimage"},"thumbnailUrl":"https:\/\/www.schwarzwaldverein-st-georgen.de\/wp-content\/uploads\/2020\/IMG_20200719_163210-scaled.jpg","datePublished":"2020-07-20T08:15:39+00:00","dateModified":"2020-07-25T09:50:57+00:00","breadcrumb":{"@id":"https:\/\/www.schwarzwaldverein-st-georgen.de\/index.php\/event\/windeck-felsen\/#breadcrumb"},"inLanguage":"de","potentialAction":[{"@type":"ReadAction","target":["https:\/\/www.schwarzwaldverein-st-georgen.de\/index.php\/event\/windeck-felsen\/"]}]},{"@type":"ImageObject","inLanguage":"de","@id":"https:\/\/www.schwarzwaldverein-st-georgen.de\/index.php\/event\/windeck-felsen\/#primaryimage","url":"https:\/\/www.schwarzwaldverein-st-georgen.de\/wp-content\/uploads\/2020\/IMG_20200719_163210-scaled.jpg","contentUrl":"https:\/\/www.schwarzwaldverein-st-georgen.de\/wp-content\/uploads\/2020\/IMG_20200719_163210-scaled.jpg","width":2560,"height":1916},{"@type":"BreadcrumbList","@id":"https:\/\/www.schwarzwaldverein-st-georgen.de\/index.php\/event\/windeck-felsen\/#breadcrumb","itemListElement":[{"@type":"ListItem","position":1,"name":"Start","item":"https:\/\/www.schwarzwaldverein-st-georgen.de\/"},{"@type":"ListItem","position":2,"name":"Veranstaltungen","item":"https:\/\/www.schwarzwaldverein-st-georgen.de\/index.php\/events\/"},{"@type":"ListItem","position":3,"name":"Windeck-Felsen | neuer Termin"}]},{"@type":"WebSite","@id":"https:\/\/www.schwarzwaldverein-st-georgen.de\/#website","url":"https:\/\/www.schwarzwaldverein-st-georgen.de\/","name":"Schwarzwaldverein St. Georgen e.V.","description":"Wandern, Wege, Naturschutz, Familien, Wanderheim Lindenb\u00fcble","potentialAction":[{"@type":"SearchAction","target":{"@type":"EntryPoint","urlTemplate":"https:\/\/www.schwarzwaldverein-st-georgen.de\/?s={search_term_string}"},"query-input":{"@type":"PropertyValueSpecification","valueRequired":true,"valueName":"search_term_string"}}],"inLanguage":"de"}]}},"ticketed":false,"_links":{"self":[{"href":"https:\/\/www.schwarzwaldverein-st-georgen.de\/index.php\/wp-json\/wp\/v2\/tribe_events\/1222","targetHints":{"allow":["GET"]}}],"collection":[{"href":"https:\/\/www.schwarzwaldverein-st-georgen.de\/index.php\/wp-json\/wp\/v2\/tribe_events"}],"about":[{"href":"https:\/\/www.schwarzwaldverein-st-georgen.de\/index.php\/wp-json\/wp\/v2\/types\/tribe_events"}],"author":[{"embeddable":true,"href":"https:\/\/www.schwarzwaldverein-st-georgen.de\/index.php\/wp-json\/wp\/v2\/users\/1"}],"replies":[{"embeddable":true,"href":"https:\/\/www.schwarzwaldverein-st-georgen.de\/index.php\/wp-json\/wp\/v2\/comments?post=1222"}],"version-history":[{"count":6,"href":"https:\/\/www.schwarzwaldverein-st-georgen.de\/index.php\/wp-json\/wp\/v2\/tribe_events\/1222\/revisions"}],"predecessor-version":[{"id":1238,"href":"https:\/\/www.schwarzwaldverein-st-georgen.de\/index.php\/wp-json\/wp\/v2\/tribe_events\/1222\/revisions\/1238"}],"wp:featuredmedia":[{"embeddable":true,"href":"https:\/\/www.schwarzwaldverein-st-georgen.de\/index.php\/wp-json\/wp\/v2\/media\/1224"}],"wp:attachment":[{"href":"https:\/\/www.schwarzwaldverein-st-georgen.de\/index.php\/wp-json\/wp\/v2\/media?parent=1222"}],"wp:term":[{"taxonomy":"post_tag","embeddable":true,"href":"https:\/\/www.schwarzwaldverein-st-georgen.de\/index.php\/wp-json\/wp\/v2\/tags?post=1222"},{"taxonomy":"tribe_events_cat","embeddable":true,"href":"https:\/\/www.schwarzwaldverein-st-georgen.de\/index.php\/wp-json\/wp\/v2\/tribe_events_cat?post=1222"}],"curies":[{"name":"wp","href":"https:\/\/api.w.org\/{rel}","templated":true}]}}