{"id":1078,"date":"2020-02-16T11:35:51","date_gmt":"2020-02-16T10:35:51","guid":{"rendered":"https:\/\/www.schwarzwaldverein-st-georgen.de\/?post_type=tribe_events&#038;p=1078"},"modified":"2020-02-16T11:35:51","modified_gmt":"2020-02-16T10:35:51","slug":"schwarzwaldbahn-erlebnispfad-2-unterer-teil","status":"publish","type":"tribe_events","link":"https:\/\/www.schwarzwaldverein-st-georgen.de\/index.php\/event\/schwarzwaldbahn-erlebnispfad-2-unterer-teil\/","title":{"rendered":"Schwarzwaldbahn Erlebnispfad (2) &#8211; Unterer Teil"},"content":{"rendered":"<p>Nach dem Steilanstieg vom Bahnhof Triberg \u00fcber das Gerwigdenkmal in das Gebiet Hohnen genie\u00dft man herrliche Ausblicke auf die Bahn. Im Folgenden findet man Stationen mit sch\u00f6nem Aufenthaltscharakter beim Bahn\u00fcbergang Kreisbach. Der Weg zur\u00fcck f\u00fchrt \u00fcber den ehemaligen Bahnhof Nu\u00dfbach vorbei an einem sch\u00f6nen Postkartenmotiv zum Bahnhof Triberg. <\/p>\n<table>\n<tbody>\n<tr>\n<td class=\"tdh_wp\">Wanderf\u00fchrer: <\/td>\n<td class=\"tdh_wp\">Gabi Erchinger<\/td>\n<\/tr>\n<tr>\n<td class=\"td_wp\">Gehzeit:<\/td>\n<td class=\"td_wp\">2 Std.<br \/>6 km,  <\/td>\n<\/tr>\n<tr>\n<td class=\"td_wp\">Kategorie 2<\/td>\n<td class=\"td_wp\"><img loading=\"lazy\" decoding=\"async\" class=\"alignnone\" src=\"https:\/\/www.schwarzwaldverein-st-georgen.de\/wp-content\/uploads\/gelbeRaute.png\" alt=\"\" width=\"30\" height=\"16\" \/><\/td>\n<\/tr>\n<tr>\n<td class=\"td_wp\">Treffpunkt:<\/td>\n<td class=\"td_wp\">11:40 Uhr, Bahnhof St. Georgen<\/td>\n<\/tr>\n<tr>\n<td class=\"td_wp\">Anmeldung:<\/td>\n<td class=\"td_wp\">07724\/6429<\/td>\n<\/tr>\n<\/tbody>\n<\/table>\n<p><small>Bildquelle: Schwarzwaldverein St. Georgen, <a>CC BY-ND<\/a><\/small><\/p>\n","protected":false},"excerpt":{"rendered":"<p>Nach dem Steilanstieg vom Bahnhof Triberg \u00fcber das Gerwigdenkmal in das Gebiet Hohnen genie\u00dft man herrliche Ausblicke auf die Bahn. Im Folgenden findet man Stationen mit sch\u00f6nem Aufenthaltscharakter beim Bahn\u00fcbergang Kreisbach. Der Weg zur\u00fcck f\u00fchrt \u00fcber den ehemaligen Bahnhof Nu\u00dfbach vorbei an einem sch\u00f6nen Postkartenmotiv zum Bahnhof Triberg. Wanderf\u00fchrer: Gabi Erchinger Gehzeit: 2 Std.6 km, &hellip; <\/p>\n<p><a class=\"more-link btn\" href=\"https:\/\/www.schwarzwaldverein-st-georgen.de\/index.php\/event\/schwarzwaldbahn-erlebnispfad-2-unterer-teil\/\">Weiterlesen<\/a><\/p>\n","protected":false},"author":1,"featured_media":1112,"comment_status":"closed","ping_status":"closed","template":"","meta":{"_price":"","_stock":"","_tribe_ticket_header":"","_tribe_default_ticket_provider":"","_ticket_start_date":"","_ticket_end_date":"","_tribe_ticket_show_description":"","_tribe_ticket_show_not_going":false,"_tribe_ticket_use_global_stock":"","_tribe_ticket_global_stock_level":"","_global_stock_mode":"","_global_stock_cap":"","_tribe_rsvp_for_event":"","_tribe_ticket_going_count":"","_tribe_ticket_not_going_count":"","_tribe_tickets_list":"[]","_tribe_ticket_has_attendee_info_fields":false,"_tribe_events_status":"","_tribe_events_status_reason":"","footnotes":"","_tec_slr_enabled":"","_tec_slr_layout":""},"tags":[],"tribe_events_cat":[2,7],"class_list":["post-1078","tribe_events","type-tribe_events","status-publish","has-post-thumbnail","hentry","tribe_events_cat-jahresprogramm","tribe_events_cat-wanderung","cat_jahresprogramm","cat_wanderung","nodate","item-wrap"],"yoast_head":"<!-- This site is optimized with the Yoast SEO plugin v26.8 - https:\/\/yoast.com\/product\/yoast-seo-wordpress\/ -->\n<title>Schwarzwaldbahn Erlebnispfad (2) - Unterer Teil - Schwarzwaldverein St. Georgen e.V.<\/title>\n<meta name=\"robots\" content=\"index, follow, max-snippet:-1, max-image-preview:large, max-video-preview:-1\" \/>\n<link rel=\"canonical\" href=\"https:\/\/www.schwarzwaldverein-st-georgen.de\/index.php\/event\/schwarzwaldbahn-erlebnispfad-2-unterer-teil\/\" \/>\n<meta property=\"og:locale\" content=\"de_DE\" \/>\n<meta property=\"og:type\" content=\"article\" \/>\n<meta property=\"og:title\" content=\"Schwarzwaldbahn Erlebnispfad (2) - Unterer Teil - Schwarzwaldverein St. Georgen e.V.\" \/>\n<meta property=\"og:description\" content=\"Nach dem Steilanstieg vom Bahnhof Triberg \u00fcber das Gerwigdenkmal in das Gebiet Hohnen genie\u00dft man herrliche Ausblicke auf die Bahn. Im Folgenden findet man Stationen mit sch\u00f6nem Aufenthaltscharakter beim Bahn\u00fcbergang Kreisbach. Der Weg zur\u00fcck f\u00fchrt \u00fcber den ehemaligen Bahnhof Nu\u00dfbach vorbei an einem sch\u00f6nen Postkartenmotiv zum Bahnhof Triberg. Wanderf\u00fchrer: Gabi Erchinger Gehzeit: 2 Std.6 km, &hellip; Weiterlesen\" \/>\n<meta property=\"og:url\" content=\"https:\/\/www.schwarzwaldverein-st-georgen.de\/index.php\/event\/schwarzwaldbahn-erlebnispfad-2-unterer-teil\/\" \/>\n<meta property=\"og:site_name\" content=\"Schwarzwaldverein St. Georgen e.V.\" \/>\n<meta property=\"og:image\" content=\"https:\/\/www.schwarzwaldverein-st-georgen.de\/wp-content\/uploads\/20130708-135917_IMG_1109-scaled-1.jpg\" \/>\n\t<meta property=\"og:image:width\" content=\"2560\" \/>\n\t<meta property=\"og:image:height\" content=\"1920\" \/>\n\t<meta property=\"og:image:type\" content=\"image\/jpeg\" \/>\n<meta name=\"twitter:card\" content=\"summary_large_image\" \/>\n<script type=\"application\/ld+json\" class=\"yoast-schema-graph\">{\"@context\":\"https:\/\/schema.org\",\"@graph\":[{\"@type\":\"WebPage\",\"@id\":\"https:\/\/www.schwarzwaldverein-st-georgen.de\/index.php\/event\/schwarzwaldbahn-erlebnispfad-2-unterer-teil\/\",\"url\":\"https:\/\/www.schwarzwaldverein-st-georgen.de\/index.php\/event\/schwarzwaldbahn-erlebnispfad-2-unterer-teil\/\",\"name\":\"Schwarzwaldbahn Erlebnispfad (2) - Unterer Teil - Schwarzwaldverein St. Georgen e.V.\",\"isPartOf\":{\"@id\":\"https:\/\/www.schwarzwaldverein-st-georgen.de\/#website\"},\"primaryImageOfPage\":{\"@id\":\"https:\/\/www.schwarzwaldverein-st-georgen.de\/index.php\/event\/schwarzwaldbahn-erlebnispfad-2-unterer-teil\/#primaryimage\"},\"image\":{\"@id\":\"https:\/\/www.schwarzwaldverein-st-georgen.de\/index.php\/event\/schwarzwaldbahn-erlebnispfad-2-unterer-teil\/#primaryimage\"},\"thumbnailUrl\":\"https:\/\/www.schwarzwaldverein-st-georgen.de\/wp-content\/uploads\/20130708-135917_IMG_1109-scaled-1.jpg\",\"datePublished\":\"2020-02-16T10:35:51+00:00\",\"breadcrumb\":{\"@id\":\"https:\/\/www.schwarzwaldverein-st-georgen.de\/index.php\/event\/schwarzwaldbahn-erlebnispfad-2-unterer-teil\/#breadcrumb\"},\"inLanguage\":\"de\",\"potentialAction\":[{\"@type\":\"ReadAction\",\"target\":[\"https:\/\/www.schwarzwaldverein-st-georgen.de\/index.php\/event\/schwarzwaldbahn-erlebnispfad-2-unterer-teil\/\"]}]},{\"@type\":\"ImageObject\",\"inLanguage\":\"de\",\"@id\":\"https:\/\/www.schwarzwaldverein-st-georgen.de\/index.php\/event\/schwarzwaldbahn-erlebnispfad-2-unterer-teil\/#primaryimage\",\"url\":\"https:\/\/www.schwarzwaldverein-st-georgen.de\/wp-content\/uploads\/20130708-135917_IMG_1109-scaled-1.jpg\",\"contentUrl\":\"https:\/\/www.schwarzwaldverein-st-georgen.de\/wp-content\/uploads\/20130708-135917_IMG_1109-scaled-1.jpg\",\"width\":2560,\"height\":1920},{\"@type\":\"BreadcrumbList\",\"@id\":\"https:\/\/www.schwarzwaldverein-st-georgen.de\/index.php\/event\/schwarzwaldbahn-erlebnispfad-2-unterer-teil\/#breadcrumb\",\"itemListElement\":[{\"@type\":\"ListItem\",\"position\":1,\"name\":\"Start\",\"item\":\"https:\/\/www.schwarzwaldverein-st-georgen.de\/\"},{\"@type\":\"ListItem\",\"position\":2,\"name\":\"Veranstaltungen\",\"item\":\"https:\/\/www.schwarzwaldverein-st-georgen.de\/index.php\/events\/\"},{\"@type\":\"ListItem\",\"position\":3,\"name\":\"Schwarzwaldbahn Erlebnispfad (2) &#8211; Unterer Teil\"}]},{\"@type\":\"WebSite\",\"@id\":\"https:\/\/www.schwarzwaldverein-st-georgen.de\/#website\",\"url\":\"https:\/\/www.schwarzwaldverein-st-georgen.de\/\",\"name\":\"Schwarzwaldverein St. Georgen e.V.\",\"description\":\"Wandern, Wege, Naturschutz, Familien, Wanderheim Lindenb\u00fcble\",\"potentialAction\":[{\"@type\":\"SearchAction\",\"target\":{\"@type\":\"EntryPoint\",\"urlTemplate\":\"https:\/\/www.schwarzwaldverein-st-georgen.de\/?s={search_term_string}\"},\"query-input\":{\"@type\":\"PropertyValueSpecification\",\"valueRequired\":true,\"valueName\":\"search_term_string\"}}],\"inLanguage\":\"de\"}]}<\/script>\n<!-- \/ Yoast SEO plugin. -->","yoast_head_json":{"title":"Schwarzwaldbahn Erlebnispfad (2) - Unterer Teil - Schwarzwaldverein St. Georgen e.V.","robots":{"index":"index","follow":"follow","max-snippet":"max-snippet:-1","max-image-preview":"max-image-preview:large","max-video-preview":"max-video-preview:-1"},"canonical":"https:\/\/www.schwarzwaldverein-st-georgen.de\/index.php\/event\/schwarzwaldbahn-erlebnispfad-2-unterer-teil\/","og_locale":"de_DE","og_type":"article","og_title":"Schwarzwaldbahn Erlebnispfad (2) - Unterer Teil - Schwarzwaldverein St. Georgen e.V.","og_description":"Nach dem Steilanstieg vom Bahnhof Triberg \u00fcber das Gerwigdenkmal in das Gebiet Hohnen genie\u00dft man herrliche Ausblicke auf die Bahn. Im Folgenden findet man Stationen mit sch\u00f6nem Aufenthaltscharakter beim Bahn\u00fcbergang Kreisbach. Der Weg zur\u00fcck f\u00fchrt \u00fcber den ehemaligen Bahnhof Nu\u00dfbach vorbei an einem sch\u00f6nen Postkartenmotiv zum Bahnhof Triberg. Wanderf\u00fchrer: Gabi Erchinger Gehzeit: 2 Std.6 km, &hellip; Weiterlesen","og_url":"https:\/\/www.schwarzwaldverein-st-georgen.de\/index.php\/event\/schwarzwaldbahn-erlebnispfad-2-unterer-teil\/","og_site_name":"Schwarzwaldverein St. Georgen e.V.","og_image":[{"width":2560,"height":1920,"url":"https:\/\/www.schwarzwaldverein-st-georgen.de\/wp-content\/uploads\/20130708-135917_IMG_1109-scaled-1.jpg","type":"image\/jpeg"}],"twitter_card":"summary_large_image","schema":{"@context":"https:\/\/schema.org","@graph":[{"@type":"WebPage","@id":"https:\/\/www.schwarzwaldverein-st-georgen.de\/index.php\/event\/schwarzwaldbahn-erlebnispfad-2-unterer-teil\/","url":"https:\/\/www.schwarzwaldverein-st-georgen.de\/index.php\/event\/schwarzwaldbahn-erlebnispfad-2-unterer-teil\/","name":"Schwarzwaldbahn Erlebnispfad (2) - Unterer Teil - Schwarzwaldverein St. Georgen e.V.","isPartOf":{"@id":"https:\/\/www.schwarzwaldverein-st-georgen.de\/#website"},"primaryImageOfPage":{"@id":"https:\/\/www.schwarzwaldverein-st-georgen.de\/index.php\/event\/schwarzwaldbahn-erlebnispfad-2-unterer-teil\/#primaryimage"},"image":{"@id":"https:\/\/www.schwarzwaldverein-st-georgen.de\/index.php\/event\/schwarzwaldbahn-erlebnispfad-2-unterer-teil\/#primaryimage"},"thumbnailUrl":"https:\/\/www.schwarzwaldverein-st-georgen.de\/wp-content\/uploads\/20130708-135917_IMG_1109-scaled-1.jpg","datePublished":"2020-02-16T10:35:51+00:00","breadcrumb":{"@id":"https:\/\/www.schwarzwaldverein-st-georgen.de\/index.php\/event\/schwarzwaldbahn-erlebnispfad-2-unterer-teil\/#breadcrumb"},"inLanguage":"de","potentialAction":[{"@type":"ReadAction","target":["https:\/\/www.schwarzwaldverein-st-georgen.de\/index.php\/event\/schwarzwaldbahn-erlebnispfad-2-unterer-teil\/"]}]},{"@type":"ImageObject","inLanguage":"de","@id":"https:\/\/www.schwarzwaldverein-st-georgen.de\/index.php\/event\/schwarzwaldbahn-erlebnispfad-2-unterer-teil\/#primaryimage","url":"https:\/\/www.schwarzwaldverein-st-georgen.de\/wp-content\/uploads\/20130708-135917_IMG_1109-scaled-1.jpg","contentUrl":"https:\/\/www.schwarzwaldverein-st-georgen.de\/wp-content\/uploads\/20130708-135917_IMG_1109-scaled-1.jpg","width":2560,"height":1920},{"@type":"BreadcrumbList","@id":"https:\/\/www.schwarzwaldverein-st-georgen.de\/index.php\/event\/schwarzwaldbahn-erlebnispfad-2-unterer-teil\/#breadcrumb","itemListElement":[{"@type":"ListItem","position":1,"name":"Start","item":"https:\/\/www.schwarzwaldverein-st-georgen.de\/"},{"@type":"ListItem","position":2,"name":"Veranstaltungen","item":"https:\/\/www.schwarzwaldverein-st-georgen.de\/index.php\/events\/"},{"@type":"ListItem","position":3,"name":"Schwarzwaldbahn Erlebnispfad (2) &#8211; Unterer Teil"}]},{"@type":"WebSite","@id":"https:\/\/www.schwarzwaldverein-st-georgen.de\/#website","url":"https:\/\/www.schwarzwaldverein-st-georgen.de\/","name":"Schwarzwaldverein St. Georgen e.V.","description":"Wandern, Wege, Naturschutz, Familien, Wanderheim Lindenb\u00fcble","potentialAction":[{"@type":"SearchAction","target":{"@type":"EntryPoint","urlTemplate":"https:\/\/www.schwarzwaldverein-st-georgen.de\/?s={search_term_string}"},"query-input":{"@type":"PropertyValueSpecification","valueRequired":true,"valueName":"search_term_string"}}],"inLanguage":"de"}]}},"ticketed":false,"_links":{"self":[{"href":"https:\/\/www.schwarzwaldverein-st-georgen.de\/index.php\/wp-json\/wp\/v2\/tribe_events\/1078","targetHints":{"allow":["GET"]}}],"collection":[{"href":"https:\/\/www.schwarzwaldverein-st-georgen.de\/index.php\/wp-json\/wp\/v2\/tribe_events"}],"about":[{"href":"https:\/\/www.schwarzwaldverein-st-georgen.de\/index.php\/wp-json\/wp\/v2\/types\/tribe_events"}],"author":[{"embeddable":true,"href":"https:\/\/www.schwarzwaldverein-st-georgen.de\/index.php\/wp-json\/wp\/v2\/users\/1"}],"replies":[{"embeddable":true,"href":"https:\/\/www.schwarzwaldverein-st-georgen.de\/index.php\/wp-json\/wp\/v2\/comments?post=1078"}],"version-history":[{"count":1,"href":"https:\/\/www.schwarzwaldverein-st-georgen.de\/index.php\/wp-json\/wp\/v2\/tribe_events\/1078\/revisions"}],"predecessor-version":[{"id":1111,"href":"https:\/\/www.schwarzwaldverein-st-georgen.de\/index.php\/wp-json\/wp\/v2\/tribe_events\/1078\/revisions\/1111"}],"wp:featuredmedia":[{"embeddable":true,"href":"https:\/\/www.schwarzwaldverein-st-georgen.de\/index.php\/wp-json\/wp\/v2\/media\/1112"}],"wp:attachment":[{"href":"https:\/\/www.schwarzwaldverein-st-georgen.de\/index.php\/wp-json\/wp\/v2\/media?parent=1078"}],"wp:term":[{"taxonomy":"post_tag","embeddable":true,"href":"https:\/\/www.schwarzwaldverein-st-georgen.de\/index.php\/wp-json\/wp\/v2\/tags?post=1078"},{"taxonomy":"tribe_events_cat","embeddable":true,"href":"https:\/\/www.schwarzwaldverein-st-georgen.de\/index.php\/wp-json\/wp\/v2\/tribe_events_cat?post=1078"}],"curies":[{"name":"wp","href":"https:\/\/api.w.org\/{rel}","templated":true}]}}