{"id":1070,"date":"2020-02-16T11:35:52","date_gmt":"2020-02-16T10:35:52","guid":{"rendered":"https:\/\/www.schwarzwaldverein-st-georgen.de\/?post_type=tribe_events&#038;p=1070"},"modified":"2020-07-25T11:50:19","modified_gmt":"2020-07-25T09:50:19","slug":"hoch-ueberm-muenstertal-nach-staufen","status":"publish","type":"tribe_events","link":"https:\/\/www.schwarzwaldverein-st-georgen.de\/index.php\/event\/hoch-ueberm-muenstertal-nach-staufen\/","title":{"rendered":"-Entf\u00e4llt- Hoch \u00fcber\u2018m M\u00fcnstertal nach Staufen &#8211; siehe Ersatzwanderung Windeck-Felsen am 02.08.2020"},"content":{"rendered":"<p>crona-bedingt entf\u00e4llt diese Wanderung, aber es wird am gleichen Tag eine Ersstzwanderung<br \/>\nangeboten: <strong>Windeck-Felsen<\/strong> am 02.08.2020<strong><br \/>\n<\/strong><\/p>\n<p>Anfahrt nach Staufen mit dem Pkw. Mit dem Zug fahren wir zum Bahnhof M\u00fcnstertal. Vom Bahnhof, mit dem\u00a0beeindruckenden Belchen im Hintergrund, f\u00fchrt uns die Tour schnell hinauf auf\u00a0den H\u00f6henr\u00fccken, der zum\u00a0Talausgang Richtung Staufen f\u00fchrt.<\/p>\n<table>\n<tbody>\n<tr>\n<td class=\"tdh_wp\">Wanderf\u00fchrer:<\/td>\n<td class=\"tdh_wp\">Siegfried K\u00f6nig<\/td>\n<\/tr>\n<tr>\n<td class=\"td_wp\">Gehzeit:<\/td>\n<td class=\"td_wp\">5 \u2013 6 Std.<br \/>\n16 km, 590 \/ 690<\/td>\n<\/tr>\n<tr>\n<td class=\"td_wp\">Kategorie 3<\/td>\n<td class=\"td_wp\"><img loading=\"lazy\" decoding=\"async\" class=\"alignnone\" src=\"https:\/\/www.schwarzwaldverein-st-georgen.de\/wp-content\/uploads\/blaueRaute.png\" alt=\"\" width=\"30\" height=\"16\" \/><\/td>\n<\/tr>\n<tr>\n<td class=\"td_wp\">Treffpunkt:<\/td>\n<td class=\"td_wp\">00:00 Uhr, Klosterweiher<\/td>\n<\/tr>\n<tr>\n<td class=\"td_wp\">Anmeldung:<\/td>\n<td class=\"td_wp\">07724\/2802<\/td>\n<\/tr>\n<\/tbody>\n<\/table>\n<p><small>Bildquelle: Stephan Seyl, <a>CC BY-ND<\/a>, Schwarzwaldverein e.V. <\/small><\/p>\n","protected":false},"excerpt":{"rendered":"<p>crona-bedingt entf\u00e4llt diese Wanderung, aber es wird am gleichen Tag eine Ersstzwanderung angeboten: Windeck-Felsen am 02.08.2020 Anfahrt nach Staufen mit dem Pkw. Mit dem Zug fahren wir zum Bahnhof M\u00fcnstertal. Vom Bahnhof, mit dem\u00a0beeindruckenden Belchen im Hintergrund, f\u00fchrt uns die Tour schnell hinauf auf\u00a0den H\u00f6henr\u00fccken, der zum\u00a0Talausgang Richtung Staufen f\u00fchrt. Wanderf\u00fchrer: Siegfried K\u00f6nig Gehzeit: 5 &hellip; <\/p>\n<p><a class=\"more-link btn\" href=\"https:\/\/www.schwarzwaldverein-st-georgen.de\/index.php\/event\/hoch-ueberm-muenstertal-nach-staufen\/\">Weiterlesen<\/a><\/p>\n","protected":false},"author":1,"featured_media":1021,"comment_status":"closed","ping_status":"closed","template":"","meta":{"_price":"","_stock":"","_tribe_ticket_header":"","_tribe_default_ticket_provider":"","_ticket_start_date":"","_ticket_end_date":"","_tribe_ticket_show_description":"","_tribe_ticket_show_not_going":false,"_tribe_ticket_use_global_stock":"","_tribe_ticket_global_stock_level":"","_global_stock_mode":"","_global_stock_cap":"","_tribe_rsvp_for_event":"","_tribe_ticket_going_count":"","_tribe_ticket_not_going_count":"","_tribe_tickets_list":"[]","_tribe_ticket_has_attendee_info_fields":false,"_tribe_events_status":"","_tribe_events_status_reason":"","footnotes":"","_tec_slr_enabled":"","_tec_slr_layout":""},"tags":[],"tribe_events_cat":[2,7],"class_list":["post-1070","tribe_events","type-tribe_events","status-publish","has-post-thumbnail","hentry","tribe_events_cat-jahresprogramm","tribe_events_cat-wanderung","cat_jahresprogramm","cat_wanderung","nodate","item-wrap"],"yoast_head":"<!-- This site is optimized with the Yoast SEO plugin v26.8 - https:\/\/yoast.com\/product\/yoast-seo-wordpress\/ -->\n<title>-Entf\u00e4llt- Hoch \u00fcber\u2018m M\u00fcnstertal nach Staufen - siehe Ersatzwanderung Windeck-Felsen am 02.08.2020 - Schwarzwaldverein St. Georgen e.V.<\/title>\n<meta name=\"robots\" content=\"index, follow, max-snippet:-1, max-image-preview:large, max-video-preview:-1\" \/>\n<link rel=\"canonical\" href=\"https:\/\/www.schwarzwaldverein-st-georgen.de\/index.php\/event\/hoch-ueberm-muenstertal-nach-staufen\/\" \/>\n<meta property=\"og:locale\" content=\"de_DE\" \/>\n<meta property=\"og:type\" content=\"article\" \/>\n<meta property=\"og:title\" content=\"-Entf\u00e4llt- Hoch \u00fcber\u2018m M\u00fcnstertal nach Staufen - siehe Ersatzwanderung Windeck-Felsen am 02.08.2020 - Schwarzwaldverein St. Georgen e.V.\" \/>\n<meta property=\"og:description\" content=\"crona-bedingt entf\u00e4llt diese Wanderung, aber es wird am gleichen Tag eine Ersstzwanderung angeboten: Windeck-Felsen am 02.08.2020 Anfahrt nach Staufen mit dem Pkw. Mit dem Zug fahren wir zum Bahnhof M\u00fcnstertal. Vom Bahnhof, mit dem\u00a0beeindruckenden Belchen im Hintergrund, f\u00fchrt uns die Tour schnell hinauf auf\u00a0den H\u00f6henr\u00fccken, der zum\u00a0Talausgang Richtung Staufen f\u00fchrt. Wanderf\u00fchrer: Siegfried K\u00f6nig Gehzeit: 5 &hellip; Weiterlesen\" \/>\n<meta property=\"og:url\" content=\"https:\/\/www.schwarzwaldverein-st-georgen.de\/index.php\/event\/hoch-ueberm-muenstertal-nach-staufen\/\" \/>\n<meta property=\"og:site_name\" content=\"Schwarzwaldverein St. Georgen e.V.\" \/>\n<meta property=\"article:modified_time\" content=\"2020-07-25T09:50:19+00:00\" \/>\n<meta property=\"og:image\" content=\"https:\/\/www.schwarzwaldverein-st-georgen.de\/wp-content\/uploads\/2020\/burg-staufen-mit-weinberg.jpg\" \/>\n\t<meta property=\"og:image:width\" content=\"1920\" \/>\n\t<meta property=\"og:image:height\" content=\"1280\" \/>\n\t<meta property=\"og:image:type\" content=\"image\/jpeg\" \/>\n<meta name=\"twitter:card\" content=\"summary_large_image\" \/>\n<script type=\"application\/ld+json\" class=\"yoast-schema-graph\">{\"@context\":\"https:\/\/schema.org\",\"@graph\":[{\"@type\":\"WebPage\",\"@id\":\"https:\/\/www.schwarzwaldverein-st-georgen.de\/index.php\/event\/hoch-ueberm-muenstertal-nach-staufen\/\",\"url\":\"https:\/\/www.schwarzwaldverein-st-georgen.de\/index.php\/event\/hoch-ueberm-muenstertal-nach-staufen\/\",\"name\":\"-Entf\u00e4llt- Hoch \u00fcber\u2018m M\u00fcnstertal nach Staufen - siehe Ersatzwanderung Windeck-Felsen am 02.08.2020 - Schwarzwaldverein St. Georgen e.V.\",\"isPartOf\":{\"@id\":\"https:\/\/www.schwarzwaldverein-st-georgen.de\/#website\"},\"primaryImageOfPage\":{\"@id\":\"https:\/\/www.schwarzwaldverein-st-georgen.de\/index.php\/event\/hoch-ueberm-muenstertal-nach-staufen\/#primaryimage\"},\"image\":{\"@id\":\"https:\/\/www.schwarzwaldverein-st-georgen.de\/index.php\/event\/hoch-ueberm-muenstertal-nach-staufen\/#primaryimage\"},\"thumbnailUrl\":\"https:\/\/www.schwarzwaldverein-st-georgen.de\/wp-content\/uploads\/2020\/burg-staufen-mit-weinberg.jpg\",\"datePublished\":\"2020-02-16T10:35:52+00:00\",\"dateModified\":\"2020-07-25T09:50:19+00:00\",\"breadcrumb\":{\"@id\":\"https:\/\/www.schwarzwaldverein-st-georgen.de\/index.php\/event\/hoch-ueberm-muenstertal-nach-staufen\/#breadcrumb\"},\"inLanguage\":\"de\",\"potentialAction\":[{\"@type\":\"ReadAction\",\"target\":[\"https:\/\/www.schwarzwaldverein-st-georgen.de\/index.php\/event\/hoch-ueberm-muenstertal-nach-staufen\/\"]}]},{\"@type\":\"ImageObject\",\"inLanguage\":\"de\",\"@id\":\"https:\/\/www.schwarzwaldverein-st-georgen.de\/index.php\/event\/hoch-ueberm-muenstertal-nach-staufen\/#primaryimage\",\"url\":\"https:\/\/www.schwarzwaldverein-st-georgen.de\/wp-content\/uploads\/2020\/burg-staufen-mit-weinberg.jpg\",\"contentUrl\":\"https:\/\/www.schwarzwaldverein-st-georgen.de\/wp-content\/uploads\/2020\/burg-staufen-mit-weinberg.jpg\",\"width\":1920,\"height\":1280},{\"@type\":\"BreadcrumbList\",\"@id\":\"https:\/\/www.schwarzwaldverein-st-georgen.de\/index.php\/event\/hoch-ueberm-muenstertal-nach-staufen\/#breadcrumb\",\"itemListElement\":[{\"@type\":\"ListItem\",\"position\":1,\"name\":\"Start\",\"item\":\"https:\/\/www.schwarzwaldverein-st-georgen.de\/\"},{\"@type\":\"ListItem\",\"position\":2,\"name\":\"Veranstaltungen\",\"item\":\"https:\/\/www.schwarzwaldverein-st-georgen.de\/index.php\/events\/\"},{\"@type\":\"ListItem\",\"position\":3,\"name\":\"-Entf\u00e4llt- Hoch \u00fcber\u2018m M\u00fcnstertal nach Staufen &#8211; siehe Ersatzwanderung Windeck-Felsen am 02.08.2020\"}]},{\"@type\":\"WebSite\",\"@id\":\"https:\/\/www.schwarzwaldverein-st-georgen.de\/#website\",\"url\":\"https:\/\/www.schwarzwaldverein-st-georgen.de\/\",\"name\":\"Schwarzwaldverein St. Georgen e.V.\",\"description\":\"Wandern, Wege, Naturschutz, Familien, Wanderheim Lindenb\u00fcble\",\"potentialAction\":[{\"@type\":\"SearchAction\",\"target\":{\"@type\":\"EntryPoint\",\"urlTemplate\":\"https:\/\/www.schwarzwaldverein-st-georgen.de\/?s={search_term_string}\"},\"query-input\":{\"@type\":\"PropertyValueSpecification\",\"valueRequired\":true,\"valueName\":\"search_term_string\"}}],\"inLanguage\":\"de\"}]}<\/script>\n<!-- \/ Yoast SEO plugin. -->","yoast_head_json":{"title":"-Entf\u00e4llt- Hoch \u00fcber\u2018m M\u00fcnstertal nach Staufen - siehe Ersatzwanderung Windeck-Felsen am 02.08.2020 - Schwarzwaldverein St. Georgen e.V.","robots":{"index":"index","follow":"follow","max-snippet":"max-snippet:-1","max-image-preview":"max-image-preview:large","max-video-preview":"max-video-preview:-1"},"canonical":"https:\/\/www.schwarzwaldverein-st-georgen.de\/index.php\/event\/hoch-ueberm-muenstertal-nach-staufen\/","og_locale":"de_DE","og_type":"article","og_title":"-Entf\u00e4llt- Hoch \u00fcber\u2018m M\u00fcnstertal nach Staufen - siehe Ersatzwanderung Windeck-Felsen am 02.08.2020 - Schwarzwaldverein St. Georgen e.V.","og_description":"crona-bedingt entf\u00e4llt diese Wanderung, aber es wird am gleichen Tag eine Ersstzwanderung angeboten: Windeck-Felsen am 02.08.2020 Anfahrt nach Staufen mit dem Pkw. Mit dem Zug fahren wir zum Bahnhof M\u00fcnstertal. Vom Bahnhof, mit dem\u00a0beeindruckenden Belchen im Hintergrund, f\u00fchrt uns die Tour schnell hinauf auf\u00a0den H\u00f6henr\u00fccken, der zum\u00a0Talausgang Richtung Staufen f\u00fchrt. Wanderf\u00fchrer: Siegfried K\u00f6nig Gehzeit: 5 &hellip; Weiterlesen","og_url":"https:\/\/www.schwarzwaldverein-st-georgen.de\/index.php\/event\/hoch-ueberm-muenstertal-nach-staufen\/","og_site_name":"Schwarzwaldverein St. Georgen e.V.","article_modified_time":"2020-07-25T09:50:19+00:00","og_image":[{"width":1920,"height":1280,"url":"https:\/\/www.schwarzwaldverein-st-georgen.de\/wp-content\/uploads\/2020\/burg-staufen-mit-weinberg.jpg","type":"image\/jpeg"}],"twitter_card":"summary_large_image","schema":{"@context":"https:\/\/schema.org","@graph":[{"@type":"WebPage","@id":"https:\/\/www.schwarzwaldverein-st-georgen.de\/index.php\/event\/hoch-ueberm-muenstertal-nach-staufen\/","url":"https:\/\/www.schwarzwaldverein-st-georgen.de\/index.php\/event\/hoch-ueberm-muenstertal-nach-staufen\/","name":"-Entf\u00e4llt- Hoch \u00fcber\u2018m M\u00fcnstertal nach Staufen - siehe Ersatzwanderung Windeck-Felsen am 02.08.2020 - Schwarzwaldverein St. Georgen e.V.","isPartOf":{"@id":"https:\/\/www.schwarzwaldverein-st-georgen.de\/#website"},"primaryImageOfPage":{"@id":"https:\/\/www.schwarzwaldverein-st-georgen.de\/index.php\/event\/hoch-ueberm-muenstertal-nach-staufen\/#primaryimage"},"image":{"@id":"https:\/\/www.schwarzwaldverein-st-georgen.de\/index.php\/event\/hoch-ueberm-muenstertal-nach-staufen\/#primaryimage"},"thumbnailUrl":"https:\/\/www.schwarzwaldverein-st-georgen.de\/wp-content\/uploads\/2020\/burg-staufen-mit-weinberg.jpg","datePublished":"2020-02-16T10:35:52+00:00","dateModified":"2020-07-25T09:50:19+00:00","breadcrumb":{"@id":"https:\/\/www.schwarzwaldverein-st-georgen.de\/index.php\/event\/hoch-ueberm-muenstertal-nach-staufen\/#breadcrumb"},"inLanguage":"de","potentialAction":[{"@type":"ReadAction","target":["https:\/\/www.schwarzwaldverein-st-georgen.de\/index.php\/event\/hoch-ueberm-muenstertal-nach-staufen\/"]}]},{"@type":"ImageObject","inLanguage":"de","@id":"https:\/\/www.schwarzwaldverein-st-georgen.de\/index.php\/event\/hoch-ueberm-muenstertal-nach-staufen\/#primaryimage","url":"https:\/\/www.schwarzwaldverein-st-georgen.de\/wp-content\/uploads\/2020\/burg-staufen-mit-weinberg.jpg","contentUrl":"https:\/\/www.schwarzwaldverein-st-georgen.de\/wp-content\/uploads\/2020\/burg-staufen-mit-weinberg.jpg","width":1920,"height":1280},{"@type":"BreadcrumbList","@id":"https:\/\/www.schwarzwaldverein-st-georgen.de\/index.php\/event\/hoch-ueberm-muenstertal-nach-staufen\/#breadcrumb","itemListElement":[{"@type":"ListItem","position":1,"name":"Start","item":"https:\/\/www.schwarzwaldverein-st-georgen.de\/"},{"@type":"ListItem","position":2,"name":"Veranstaltungen","item":"https:\/\/www.schwarzwaldverein-st-georgen.de\/index.php\/events\/"},{"@type":"ListItem","position":3,"name":"-Entf\u00e4llt- Hoch \u00fcber\u2018m M\u00fcnstertal nach Staufen &#8211; siehe Ersatzwanderung Windeck-Felsen am 02.08.2020"}]},{"@type":"WebSite","@id":"https:\/\/www.schwarzwaldverein-st-georgen.de\/#website","url":"https:\/\/www.schwarzwaldverein-st-georgen.de\/","name":"Schwarzwaldverein St. Georgen e.V.","description":"Wandern, Wege, Naturschutz, Familien, Wanderheim Lindenb\u00fcble","potentialAction":[{"@type":"SearchAction","target":{"@type":"EntryPoint","urlTemplate":"https:\/\/www.schwarzwaldverein-st-georgen.de\/?s={search_term_string}"},"query-input":{"@type":"PropertyValueSpecification","valueRequired":true,"valueName":"search_term_string"}}],"inLanguage":"de"}]}},"ticketed":false,"_links":{"self":[{"href":"https:\/\/www.schwarzwaldverein-st-georgen.de\/index.php\/wp-json\/wp\/v2\/tribe_events\/1070","targetHints":{"allow":["GET"]}}],"collection":[{"href":"https:\/\/www.schwarzwaldverein-st-georgen.de\/index.php\/wp-json\/wp\/v2\/tribe_events"}],"about":[{"href":"https:\/\/www.schwarzwaldverein-st-georgen.de\/index.php\/wp-json\/wp\/v2\/types\/tribe_events"}],"author":[{"embeddable":true,"href":"https:\/\/www.schwarzwaldverein-st-georgen.de\/index.php\/wp-json\/wp\/v2\/users\/1"}],"replies":[{"embeddable":true,"href":"https:\/\/www.schwarzwaldverein-st-georgen.de\/index.php\/wp-json\/wp\/v2\/comments?post=1070"}],"version-history":[{"count":6,"href":"https:\/\/www.schwarzwaldverein-st-georgen.de\/index.php\/wp-json\/wp\/v2\/tribe_events\/1070\/revisions"}],"predecessor-version":[{"id":1237,"href":"https:\/\/www.schwarzwaldverein-st-georgen.de\/index.php\/wp-json\/wp\/v2\/tribe_events\/1070\/revisions\/1237"}],"wp:featuredmedia":[{"embeddable":true,"href":"https:\/\/www.schwarzwaldverein-st-georgen.de\/index.php\/wp-json\/wp\/v2\/media\/1021"}],"wp:attachment":[{"href":"https:\/\/www.schwarzwaldverein-st-georgen.de\/index.php\/wp-json\/wp\/v2\/media?parent=1070"}],"wp:term":[{"taxonomy":"post_tag","embeddable":true,"href":"https:\/\/www.schwarzwaldverein-st-georgen.de\/index.php\/wp-json\/wp\/v2\/tags?post=1070"},{"taxonomy":"tribe_events_cat","embeddable":true,"href":"https:\/\/www.schwarzwaldverein-st-georgen.de\/index.php\/wp-json\/wp\/v2\/tribe_events_cat?post=1070"}],"curies":[{"name":"wp","href":"https:\/\/api.w.org\/{rel}","templated":true}]}}