{"id":1068,"date":"2020-02-16T11:35:52","date_gmt":"2020-02-16T10:35:52","guid":{"rendered":"https:\/\/www.schwarzwaldverein-st-georgen.de\/?post_type=tribe_events&#038;p=1068"},"modified":"2020-06-16T15:47:44","modified_gmt":"2020-06-16T13:47:44","slug":"urselstein-hermersberg","status":"publish","type":"tribe_events","link":"https:\/\/www.schwarzwaldverein-st-georgen.de\/index.php\/event\/urselstein-hermersberg\/","title":{"rendered":"Urselstein  Hermersberg"},"content":{"rendered":"<p>Von Riersberg folgen wir zun\u00e4chst dem Reichstalpfad bis zum Gasthof Linde. Dort beginnt der eigentliche Aufstieg. Ein Str\u00e4\u00dfchen f\u00fchrt uns zm Langh\u00e4rdtle, dann ein Weg vorbei an einem Wildgehege zum L\u00f6cherbergwasen. Frisch gest\u00e4rkt wandern wir auf schattigen Waldwegen mit sanften Steigungen zu den Urselsteinen und weiter zum Hermersberg. Von diesem h\u00f6chsten Punkt unserer Wanderung steigen wir ab zur Hermersbergh\u00fctte. Wir genie\u00dfen die Aussicht ins Renchtal und setzen unsere Wanderung fort zur Littweger H\u00f6he, wo wir eine Rast einlegen. Nachdem wir kurz vor der Pause auf den Westweg gesto\u00dfen sind, bleiben wir auf diesem bis kurz vor Hark. Dort zweigt ein mit blauer Raute markierter Weg ab zur\u00fcck zu unserem Ausgangspunkt im Harmersbachtal.<\/p>\n<table>\n<tbody>\n<tr>\n<td class=\"tdh_wp\">Wanderf\u00fchrer:<\/td>\n<td class=\"tdh_wp\">Peter Meixner<\/td>\n<\/tr>\n<tr>\n<td class=\"td_wp\">Gehzeit:<\/td>\n<td class=\"td_wp\">7 Std.<br \/>\n21,6 km, 693 Hm<\/td>\n<\/tr>\n<tr>\n<td class=\"td_wp\">Kategorie 3<\/td>\n<td class=\"td_wp\"><img loading=\"lazy\" decoding=\"async\" class=\"alignnone\" src=\"https:\/\/www.schwarzwaldverein-st-georgen.de\/wp-content\/uploads\/blaueRaute.png\" alt=\"\" width=\"30\" height=\"16\" \/><\/td>\n<\/tr>\n<tr>\n<td class=\"td_wp\">Treffpunkt:<\/td>\n<td class=\"td_wp\">08:30 Uhr, Klosterweiher<\/td>\n<\/tr>\n<tr>\n<td class=\"td_wp\">Anmeldung:<\/td>\n<td class=\"td_wp\">07724\/916635<\/td>\n<\/tr>\n<\/tbody>\n<\/table>\n<p><small>Bildquelle: Peter Meixner, <a>CC BY-ND<\/a> <\/small><\/p>\n","protected":false},"excerpt":{"rendered":"<p>Von Riersberg folgen wir zun\u00e4chst dem Reichstalpfad bis zum Gasthof Linde. Dort beginnt der eigentliche Aufstieg. Ein Str\u00e4\u00dfchen f\u00fchrt uns zm Langh\u00e4rdtle, dann ein Weg vorbei an einem Wildgehege zum L\u00f6cherbergwasen. Frisch gest\u00e4rkt wandern wir auf schattigen Waldwegen mit sanften Steigungen zu den Urselsteinen und weiter zum Hermersberg. Von diesem h\u00f6chsten Punkt unserer Wanderung steigen &hellip; <\/p>\n<p><a class=\"more-link btn\" href=\"https:\/\/www.schwarzwaldverein-st-georgen.de\/index.php\/event\/urselstein-hermersberg\/\">Weiterlesen<\/a><\/p>\n","protected":false},"author":1,"featured_media":1012,"comment_status":"closed","ping_status":"closed","template":"","meta":{"_price":"","_stock":"","_tribe_ticket_header":"","_tribe_default_ticket_provider":"","_ticket_start_date":"","_ticket_end_date":"","_tribe_ticket_show_description":"","_tribe_ticket_show_not_going":false,"_tribe_ticket_use_global_stock":"","_tribe_ticket_global_stock_level":"","_global_stock_mode":"","_global_stock_cap":"","_tribe_rsvp_for_event":"","_tribe_ticket_going_count":"","_tribe_ticket_not_going_count":"","_tribe_tickets_list":"[]","_tribe_ticket_has_attendee_info_fields":false,"_tribe_events_status":"","_tribe_events_status_reason":"","footnotes":"","_tec_slr_enabled":"","_tec_slr_layout":""},"tags":[],"tribe_events_cat":[2,7],"class_list":["post-1068","tribe_events","type-tribe_events","status-publish","has-post-thumbnail","hentry","tribe_events_cat-jahresprogramm","tribe_events_cat-wanderung","cat_jahresprogramm","cat_wanderung","nodate","item-wrap"],"yoast_head":"<!-- This site is optimized with the Yoast SEO plugin v26.8 - https:\/\/yoast.com\/product\/yoast-seo-wordpress\/ -->\n<title>Urselstein Hermersberg - Schwarzwaldverein St. Georgen e.V.<\/title>\n<meta name=\"robots\" content=\"index, follow, max-snippet:-1, max-image-preview:large, max-video-preview:-1\" \/>\n<link rel=\"canonical\" href=\"https:\/\/www.schwarzwaldverein-st-georgen.de\/index.php\/event\/urselstein-hermersberg\/\" \/>\n<meta property=\"og:locale\" content=\"de_DE\" \/>\n<meta property=\"og:type\" content=\"article\" \/>\n<meta property=\"og:title\" content=\"Urselstein Hermersberg - Schwarzwaldverein St. Georgen e.V.\" \/>\n<meta property=\"og:description\" content=\"Von Riersberg folgen wir zun\u00e4chst dem Reichstalpfad bis zum Gasthof Linde. Dort beginnt der eigentliche Aufstieg. Ein Str\u00e4\u00dfchen f\u00fchrt uns zm Langh\u00e4rdtle, dann ein Weg vorbei an einem Wildgehege zum L\u00f6cherbergwasen. Frisch gest\u00e4rkt wandern wir auf schattigen Waldwegen mit sanften Steigungen zu den Urselsteinen und weiter zum Hermersberg. Von diesem h\u00f6chsten Punkt unserer Wanderung steigen &hellip; Weiterlesen\" \/>\n<meta property=\"og:url\" content=\"https:\/\/www.schwarzwaldverein-st-georgen.de\/index.php\/event\/urselstein-hermersberg\/\" \/>\n<meta property=\"og:site_name\" content=\"Schwarzwaldverein St. Georgen e.V.\" \/>\n<meta property=\"article:modified_time\" content=\"2020-06-16T13:47:44+00:00\" \/>\n<meta property=\"og:image\" content=\"https:\/\/www.schwarzwaldverein-st-georgen.de\/wp-content\/uploads\/2020\/2015-10-02-04-2016_01_31-10_11_25-UTC.jpg\" \/>\n\t<meta property=\"og:image:width\" content=\"1661\" \/>\n\t<meta property=\"og:image:height\" content=\"946\" \/>\n\t<meta property=\"og:image:type\" content=\"image\/jpeg\" \/>\n<meta name=\"twitter:card\" content=\"summary_large_image\" \/>\n<meta name=\"twitter:label1\" content=\"Gesch\u00e4tzte Lesezeit\" \/>\n\t<meta name=\"twitter:data1\" content=\"1\u00a0Minute\" \/>\n<script type=\"application\/ld+json\" class=\"yoast-schema-graph\">{\"@context\":\"https:\/\/schema.org\",\"@graph\":[{\"@type\":\"WebPage\",\"@id\":\"https:\/\/www.schwarzwaldverein-st-georgen.de\/index.php\/event\/urselstein-hermersberg\/\",\"url\":\"https:\/\/www.schwarzwaldverein-st-georgen.de\/index.php\/event\/urselstein-hermersberg\/\",\"name\":\"Urselstein Hermersberg - Schwarzwaldverein St. Georgen e.V.\",\"isPartOf\":{\"@id\":\"https:\/\/www.schwarzwaldverein-st-georgen.de\/#website\"},\"primaryImageOfPage\":{\"@id\":\"https:\/\/www.schwarzwaldverein-st-georgen.de\/index.php\/event\/urselstein-hermersberg\/#primaryimage\"},\"image\":{\"@id\":\"https:\/\/www.schwarzwaldverein-st-georgen.de\/index.php\/event\/urselstein-hermersberg\/#primaryimage\"},\"thumbnailUrl\":\"https:\/\/www.schwarzwaldverein-st-georgen.de\/wp-content\/uploads\/2020\/2015-10-02-04-2016_01_31-10_11_25-UTC.jpg\",\"datePublished\":\"2020-02-16T10:35:52+00:00\",\"dateModified\":\"2020-06-16T13:47:44+00:00\",\"breadcrumb\":{\"@id\":\"https:\/\/www.schwarzwaldverein-st-georgen.de\/index.php\/event\/urselstein-hermersberg\/#breadcrumb\"},\"inLanguage\":\"de\",\"potentialAction\":[{\"@type\":\"ReadAction\",\"target\":[\"https:\/\/www.schwarzwaldverein-st-georgen.de\/index.php\/event\/urselstein-hermersberg\/\"]}]},{\"@type\":\"ImageObject\",\"inLanguage\":\"de\",\"@id\":\"https:\/\/www.schwarzwaldverein-st-georgen.de\/index.php\/event\/urselstein-hermersberg\/#primaryimage\",\"url\":\"https:\/\/www.schwarzwaldverein-st-georgen.de\/wp-content\/uploads\/2020\/2015-10-02-04-2016_01_31-10_11_25-UTC.jpg\",\"contentUrl\":\"https:\/\/www.schwarzwaldverein-st-georgen.de\/wp-content\/uploads\/2020\/2015-10-02-04-2016_01_31-10_11_25-UTC.jpg\",\"width\":1661,\"height\":946},{\"@type\":\"BreadcrumbList\",\"@id\":\"https:\/\/www.schwarzwaldverein-st-georgen.de\/index.php\/event\/urselstein-hermersberg\/#breadcrumb\",\"itemListElement\":[{\"@type\":\"ListItem\",\"position\":1,\"name\":\"Start\",\"item\":\"https:\/\/www.schwarzwaldverein-st-georgen.de\/\"},{\"@type\":\"ListItem\",\"position\":2,\"name\":\"Veranstaltungen\",\"item\":\"https:\/\/www.schwarzwaldverein-st-georgen.de\/index.php\/events\/\"},{\"@type\":\"ListItem\",\"position\":3,\"name\":\"Urselstein Hermersberg\"}]},{\"@type\":\"WebSite\",\"@id\":\"https:\/\/www.schwarzwaldverein-st-georgen.de\/#website\",\"url\":\"https:\/\/www.schwarzwaldverein-st-georgen.de\/\",\"name\":\"Schwarzwaldverein St. Georgen e.V.\",\"description\":\"Wandern, Wege, Naturschutz, Familien, Wanderheim Lindenb\u00fcble\",\"potentialAction\":[{\"@type\":\"SearchAction\",\"target\":{\"@type\":\"EntryPoint\",\"urlTemplate\":\"https:\/\/www.schwarzwaldverein-st-georgen.de\/?s={search_term_string}\"},\"query-input\":{\"@type\":\"PropertyValueSpecification\",\"valueRequired\":true,\"valueName\":\"search_term_string\"}}],\"inLanguage\":\"de\"}]}<\/script>\n<!-- \/ Yoast SEO plugin. -->","yoast_head_json":{"title":"Urselstein Hermersberg - Schwarzwaldverein St. Georgen e.V.","robots":{"index":"index","follow":"follow","max-snippet":"max-snippet:-1","max-image-preview":"max-image-preview:large","max-video-preview":"max-video-preview:-1"},"canonical":"https:\/\/www.schwarzwaldverein-st-georgen.de\/index.php\/event\/urselstein-hermersberg\/","og_locale":"de_DE","og_type":"article","og_title":"Urselstein Hermersberg - Schwarzwaldverein St. Georgen e.V.","og_description":"Von Riersberg folgen wir zun\u00e4chst dem Reichstalpfad bis zum Gasthof Linde. Dort beginnt der eigentliche Aufstieg. Ein Str\u00e4\u00dfchen f\u00fchrt uns zm Langh\u00e4rdtle, dann ein Weg vorbei an einem Wildgehege zum L\u00f6cherbergwasen. Frisch gest\u00e4rkt wandern wir auf schattigen Waldwegen mit sanften Steigungen zu den Urselsteinen und weiter zum Hermersberg. Von diesem h\u00f6chsten Punkt unserer Wanderung steigen &hellip; Weiterlesen","og_url":"https:\/\/www.schwarzwaldverein-st-georgen.de\/index.php\/event\/urselstein-hermersberg\/","og_site_name":"Schwarzwaldverein St. Georgen e.V.","article_modified_time":"2020-06-16T13:47:44+00:00","og_image":[{"width":1661,"height":946,"url":"https:\/\/www.schwarzwaldverein-st-georgen.de\/wp-content\/uploads\/2020\/2015-10-02-04-2016_01_31-10_11_25-UTC.jpg","type":"image\/jpeg"}],"twitter_card":"summary_large_image","twitter_misc":{"Gesch\u00e4tzte Lesezeit":"1\u00a0Minute"},"schema":{"@context":"https:\/\/schema.org","@graph":[{"@type":"WebPage","@id":"https:\/\/www.schwarzwaldverein-st-georgen.de\/index.php\/event\/urselstein-hermersberg\/","url":"https:\/\/www.schwarzwaldverein-st-georgen.de\/index.php\/event\/urselstein-hermersberg\/","name":"Urselstein Hermersberg - Schwarzwaldverein St. Georgen e.V.","isPartOf":{"@id":"https:\/\/www.schwarzwaldverein-st-georgen.de\/#website"},"primaryImageOfPage":{"@id":"https:\/\/www.schwarzwaldverein-st-georgen.de\/index.php\/event\/urselstein-hermersberg\/#primaryimage"},"image":{"@id":"https:\/\/www.schwarzwaldverein-st-georgen.de\/index.php\/event\/urselstein-hermersberg\/#primaryimage"},"thumbnailUrl":"https:\/\/www.schwarzwaldverein-st-georgen.de\/wp-content\/uploads\/2020\/2015-10-02-04-2016_01_31-10_11_25-UTC.jpg","datePublished":"2020-02-16T10:35:52+00:00","dateModified":"2020-06-16T13:47:44+00:00","breadcrumb":{"@id":"https:\/\/www.schwarzwaldverein-st-georgen.de\/index.php\/event\/urselstein-hermersberg\/#breadcrumb"},"inLanguage":"de","potentialAction":[{"@type":"ReadAction","target":["https:\/\/www.schwarzwaldverein-st-georgen.de\/index.php\/event\/urselstein-hermersberg\/"]}]},{"@type":"ImageObject","inLanguage":"de","@id":"https:\/\/www.schwarzwaldverein-st-georgen.de\/index.php\/event\/urselstein-hermersberg\/#primaryimage","url":"https:\/\/www.schwarzwaldverein-st-georgen.de\/wp-content\/uploads\/2020\/2015-10-02-04-2016_01_31-10_11_25-UTC.jpg","contentUrl":"https:\/\/www.schwarzwaldverein-st-georgen.de\/wp-content\/uploads\/2020\/2015-10-02-04-2016_01_31-10_11_25-UTC.jpg","width":1661,"height":946},{"@type":"BreadcrumbList","@id":"https:\/\/www.schwarzwaldverein-st-georgen.de\/index.php\/event\/urselstein-hermersberg\/#breadcrumb","itemListElement":[{"@type":"ListItem","position":1,"name":"Start","item":"https:\/\/www.schwarzwaldverein-st-georgen.de\/"},{"@type":"ListItem","position":2,"name":"Veranstaltungen","item":"https:\/\/www.schwarzwaldverein-st-georgen.de\/index.php\/events\/"},{"@type":"ListItem","position":3,"name":"Urselstein Hermersberg"}]},{"@type":"WebSite","@id":"https:\/\/www.schwarzwaldverein-st-georgen.de\/#website","url":"https:\/\/www.schwarzwaldverein-st-georgen.de\/","name":"Schwarzwaldverein St. Georgen e.V.","description":"Wandern, Wege, Naturschutz, Familien, Wanderheim Lindenb\u00fcble","potentialAction":[{"@type":"SearchAction","target":{"@type":"EntryPoint","urlTemplate":"https:\/\/www.schwarzwaldverein-st-georgen.de\/?s={search_term_string}"},"query-input":{"@type":"PropertyValueSpecification","valueRequired":true,"valueName":"search_term_string"}}],"inLanguage":"de"}]}},"ticketed":false,"_links":{"self":[{"href":"https:\/\/www.schwarzwaldverein-st-georgen.de\/index.php\/wp-json\/wp\/v2\/tribe_events\/1068","targetHints":{"allow":["GET"]}}],"collection":[{"href":"https:\/\/www.schwarzwaldverein-st-georgen.de\/index.php\/wp-json\/wp\/v2\/tribe_events"}],"about":[{"href":"https:\/\/www.schwarzwaldverein-st-georgen.de\/index.php\/wp-json\/wp\/v2\/types\/tribe_events"}],"author":[{"embeddable":true,"href":"https:\/\/www.schwarzwaldverein-st-georgen.de\/index.php\/wp-json\/wp\/v2\/users\/1"}],"replies":[{"embeddable":true,"href":"https:\/\/www.schwarzwaldverein-st-georgen.de\/index.php\/wp-json\/wp\/v2\/comments?post=1068"}],"version-history":[{"count":3,"href":"https:\/\/www.schwarzwaldverein-st-georgen.de\/index.php\/wp-json\/wp\/v2\/tribe_events\/1068\/revisions"}],"predecessor-version":[{"id":1203,"href":"https:\/\/www.schwarzwaldverein-st-georgen.de\/index.php\/wp-json\/wp\/v2\/tribe_events\/1068\/revisions\/1203"}],"wp:featuredmedia":[{"embeddable":true,"href":"https:\/\/www.schwarzwaldverein-st-georgen.de\/index.php\/wp-json\/wp\/v2\/media\/1012"}],"wp:attachment":[{"href":"https:\/\/www.schwarzwaldverein-st-georgen.de\/index.php\/wp-json\/wp\/v2\/media?parent=1068"}],"wp:term":[{"taxonomy":"post_tag","embeddable":true,"href":"https:\/\/www.schwarzwaldverein-st-georgen.de\/index.php\/wp-json\/wp\/v2\/tags?post=1068"},{"taxonomy":"tribe_events_cat","embeddable":true,"href":"https:\/\/www.schwarzwaldverein-st-georgen.de\/index.php\/wp-json\/wp\/v2\/tribe_events_cat?post=1068"}],"curies":[{"name":"wp","href":"https:\/\/api.w.org\/{rel}","templated":true}]}}