{"id":1067,"date":"2020-02-16T11:35:52","date_gmt":"2020-02-16T10:35:52","guid":{"rendered":"https:\/\/www.schwarzwaldverein-st-georgen.de\/?post_type=tribe_events&#038;p=1067"},"modified":"2020-02-19T08:17:09","modified_gmt":"2020-02-19T07:17:09","slug":"wunderbares-wellness-wandern-in-den-wilden-bergen-der-ardeche","status":"publish","type":"tribe_events","link":"https:\/\/www.schwarzwaldverein-st-georgen.de\/index.php\/event\/wunderbares-wellness-wandern-in-den-wilden-bergen-der-ardeche\/","title":{"rendered":"\u201eWunderbares-Wellness-Wandern\u201c In den wilden Bergen der Ard\u00e8che"},"content":{"rendered":"<p>Wandern &amp; Genuss &amp; Wellness stehen auch bei unserer n\u00e4chsten Frankreichfahrt im Vordergrund. Wundersch\u00f6ne Wanderwege auf Maultierpfaden durch eine geschichtstr\u00e4chtige Kulturlandschaft, mediterranes Klima, mittelalterliche D\u00f6rfer, Besuch der Nachbildung der Grotte Chauvet und franz\u00f6sische Lebensart genie\u00dfen bei den abendlichen 4-G\u00e4nge-Men\u00fcs mit Spezialit\u00e4ten der Ard\u00e8che (Feigen, Esskastanien, Ziegenk\u00e4se und mehr) erwarten uns. Wer mag, kann im Swimmingpool mit einem traumhaften Fernblick relaxen. Wir \u00fcbernachten in einem Ferienhaus, das Platz f\u00fcr bis zu 16 Personen in 2- bis 5-Bettzimmern bietet. Unsere Unterkunft ist der L\u2019Auberge De La Tour De Brison angegliedert. Der Tag startet mit einem Fr\u00fchst\u00fccksbuffet im Hotel. Je nach Wetter, Lust und Kondition der Teilnehmer werden vier bis f\u00fcnf einfache bis mittelschwere Wanderungen angeboten. Wanderzeiten 2-6 h bei 200 bis 600 H\u00f6henmetern. Gute, kn\u00f6chelhohe Wanderschuhe und Trittsicherheit sind erforderlich, Wanderst\u00f6cke hilfreich.<\/p>\n<p>Kosten f\u00fcr 7 \u00dcbernachtungen mit Halbpension ca. 550 bis 600 \u20ac\/Person. Nicht enthaltene Leistungen: Anreise, Getr\u00e4nke, Eintritte Standort: Sanilhac im Departement Ard\u00e8che Nichtmitglieder zahlen eine Orga-Pauschale in H\u00f6he von 10 \u20ac Anreise erfolgt mit Privat-PKW (Fahrgemeinschaften). Achtung: Begrenzte Teilnehmerzahl.<\/p>\n<p>Reisevermittler und Organisation: Astrid und Thomas Scholz Reiseveranstalter: Ard\u00e8chereisen Info und Anmeldung: 0178 9332346 (abends oder am Wochenende) oder Whatsapp oder scholzastrid@gmx.de<\/p>\n<p>&nbsp;<\/p>\n<p>&nbsp;<\/p>\n<table>\n<tbody>\n<tr>\n<td class=\"tdh_wp\">Wanderf\u00fchrer:<\/td>\n<td class=\"tdh_wp\">Asdrid und Thomas Scholz<\/td>\n<\/tr>\n<tr>\n<td class=\"td_wp\">Gehzeit:<\/td>\n<td class=\"td_wp\"><\/td>\n<\/tr>\n<tr>\n<td class=\"td_wp\">Kategorie 3<\/td>\n<td class=\"td_wp\"><img loading=\"lazy\" decoding=\"async\" class=\"alignnone\" src=\"https:\/\/www.schwarzwaldverein-st-georgen.de\/wp-content\/uploads\/blaueRaute.png\" alt=\"\" width=\"30\" height=\"16\" \/><\/td>\n<\/tr>\n<tr>\n<td class=\"td_wp\">Treffpunkt:<\/td>\n<td class=\"td_wp\">00:00 Uhr,<\/td>\n<\/tr>\n<tr>\n<td class=\"td_wp\">Anmeldung:<\/td>\n<td class=\"td_wp\">0178 9332346 (abends oder am Wochenende) oder Whatsapp oder scholzastrid@gmx.de<\/td>\n<\/tr>\n<\/tbody>\n<\/table>\n<p><small>Bildquelle: Astrid Scholz, <a>CC BY-ND<\/a><\/small><\/p>\n","protected":false},"excerpt":{"rendered":"<p>Wandern &amp; Genuss &amp; Wellness stehen auch bei unserer n\u00e4chsten Frankreichfahrt im Vordergrund. Wundersch\u00f6ne Wanderwege auf Maultierpfaden durch eine geschichtstr\u00e4chtige Kulturlandschaft, mediterranes Klima, mittelalterliche D\u00f6rfer, Besuch der Nachbildung der Grotte Chauvet und franz\u00f6sische Lebensart genie\u00dfen bei den abendlichen 4-G\u00e4nge-Men\u00fcs mit Spezialit\u00e4ten der Ard\u00e8che (Feigen, Esskastanien, Ziegenk\u00e4se und mehr) erwarten uns. Wer mag, kann im Swimmingpool &hellip; <\/p>\n<p><a class=\"more-link btn\" href=\"https:\/\/www.schwarzwaldverein-st-georgen.de\/index.php\/event\/wunderbares-wellness-wandern-in-den-wilden-bergen-der-ardeche\/\">Weiterlesen<\/a><\/p>\n","protected":false},"author":1,"featured_media":1048,"comment_status":"closed","ping_status":"closed","template":"","meta":{"_price":"","_stock":"","_tribe_ticket_header":"","_tribe_default_ticket_provider":"","_ticket_start_date":"","_ticket_end_date":"","_tribe_ticket_show_description":"","_tribe_ticket_show_not_going":false,"_tribe_ticket_use_global_stock":"","_tribe_ticket_global_stock_level":"","_global_stock_mode":"","_global_stock_cap":"","_tribe_rsvp_for_event":"","_tribe_ticket_going_count":"","_tribe_ticket_not_going_count":"","_tribe_tickets_list":"[]","_tribe_ticket_has_attendee_info_fields":false,"_tribe_events_status":"","_tribe_events_status_reason":"","footnotes":"","_tec_slr_enabled":"","_tec_slr_layout":""},"tags":[],"tribe_events_cat":[2,9],"class_list":["post-1067","tribe_events","type-tribe_events","status-publish","has-post-thumbnail","hentry","tribe_events_cat-jahresprogramm","tribe_events_cat-wanderreise","cat_jahresprogramm","cat_wanderreise","nodate","item-wrap"],"yoast_head":"<!-- This site is optimized with the Yoast SEO plugin v26.8 - https:\/\/yoast.com\/product\/yoast-seo-wordpress\/ -->\n<title>\u201eWunderbares-Wellness-Wandern\u201c In den wilden Bergen der Ard\u00e8che - Schwarzwaldverein St. Georgen e.V.<\/title>\n<meta name=\"robots\" content=\"index, follow, max-snippet:-1, max-image-preview:large, max-video-preview:-1\" \/>\n<link rel=\"canonical\" href=\"https:\/\/www.schwarzwaldverein-st-georgen.de\/index.php\/event\/wunderbares-wellness-wandern-in-den-wilden-bergen-der-ardeche\/\" \/>\n<meta property=\"og:locale\" content=\"de_DE\" \/>\n<meta property=\"og:type\" content=\"article\" \/>\n<meta property=\"og:title\" content=\"\u201eWunderbares-Wellness-Wandern\u201c In den wilden Bergen der Ard\u00e8che - Schwarzwaldverein St. Georgen e.V.\" \/>\n<meta property=\"og:description\" content=\"Wandern &amp; Genuss &amp; Wellness stehen auch bei unserer n\u00e4chsten Frankreichfahrt im Vordergrund. Wundersch\u00f6ne Wanderwege auf Maultierpfaden durch eine geschichtstr\u00e4chtige Kulturlandschaft, mediterranes Klima, mittelalterliche D\u00f6rfer, Besuch der Nachbildung der Grotte Chauvet und franz\u00f6sische Lebensart genie\u00dfen bei den abendlichen 4-G\u00e4nge-Men\u00fcs mit Spezialit\u00e4ten der Ard\u00e8che (Feigen, Esskastanien, Ziegenk\u00e4se und mehr) erwarten uns. Wer mag, kann im Swimmingpool &hellip; Weiterlesen\" \/>\n<meta property=\"og:url\" content=\"https:\/\/www.schwarzwaldverein-st-georgen.de\/index.php\/event\/wunderbares-wellness-wandern-in-den-wilden-bergen-der-ardeche\/\" \/>\n<meta property=\"og:site_name\" content=\"Schwarzwaldverein St. Georgen e.V.\" \/>\n<meta property=\"article:modified_time\" content=\"2020-02-19T07:17:09+00:00\" \/>\n<meta property=\"og:image\" content=\"https:\/\/www.schwarzwaldverein-st-georgen.de\/wp-content\/uploads\/2020\/IMG_5723-scaled.jpg\" \/>\n\t<meta property=\"og:image:width\" content=\"2560\" \/>\n\t<meta property=\"og:image:height\" content=\"1920\" \/>\n\t<meta property=\"og:image:type\" content=\"image\/jpeg\" \/>\n<meta name=\"twitter:card\" content=\"summary_large_image\" \/>\n<meta name=\"twitter:label1\" content=\"Gesch\u00e4tzte Lesezeit\" \/>\n\t<meta name=\"twitter:data1\" content=\"1\u00a0Minute\" \/>\n<script type=\"application\/ld+json\" class=\"yoast-schema-graph\">{\"@context\":\"https:\/\/schema.org\",\"@graph\":[{\"@type\":\"WebPage\",\"@id\":\"https:\/\/www.schwarzwaldverein-st-georgen.de\/index.php\/event\/wunderbares-wellness-wandern-in-den-wilden-bergen-der-ardeche\/\",\"url\":\"https:\/\/www.schwarzwaldverein-st-georgen.de\/index.php\/event\/wunderbares-wellness-wandern-in-den-wilden-bergen-der-ardeche\/\",\"name\":\"\u201eWunderbares-Wellness-Wandern\u201c In den wilden Bergen der Ard\u00e8che - Schwarzwaldverein St. Georgen e.V.\",\"isPartOf\":{\"@id\":\"https:\/\/www.schwarzwaldverein-st-georgen.de\/#website\"},\"primaryImageOfPage\":{\"@id\":\"https:\/\/www.schwarzwaldverein-st-georgen.de\/index.php\/event\/wunderbares-wellness-wandern-in-den-wilden-bergen-der-ardeche\/#primaryimage\"},\"image\":{\"@id\":\"https:\/\/www.schwarzwaldverein-st-georgen.de\/index.php\/event\/wunderbares-wellness-wandern-in-den-wilden-bergen-der-ardeche\/#primaryimage\"},\"thumbnailUrl\":\"https:\/\/www.schwarzwaldverein-st-georgen.de\/wp-content\/uploads\/2020\/IMG_5723-scaled.jpg\",\"datePublished\":\"2020-02-16T10:35:52+00:00\",\"dateModified\":\"2020-02-19T07:17:09+00:00\",\"breadcrumb\":{\"@id\":\"https:\/\/www.schwarzwaldverein-st-georgen.de\/index.php\/event\/wunderbares-wellness-wandern-in-den-wilden-bergen-der-ardeche\/#breadcrumb\"},\"inLanguage\":\"de\",\"potentialAction\":[{\"@type\":\"ReadAction\",\"target\":[\"https:\/\/www.schwarzwaldverein-st-georgen.de\/index.php\/event\/wunderbares-wellness-wandern-in-den-wilden-bergen-der-ardeche\/\"]}]},{\"@type\":\"ImageObject\",\"inLanguage\":\"de\",\"@id\":\"https:\/\/www.schwarzwaldverein-st-georgen.de\/index.php\/event\/wunderbares-wellness-wandern-in-den-wilden-bergen-der-ardeche\/#primaryimage\",\"url\":\"https:\/\/www.schwarzwaldverein-st-georgen.de\/wp-content\/uploads\/2020\/IMG_5723-scaled.jpg\",\"contentUrl\":\"https:\/\/www.schwarzwaldverein-st-georgen.de\/wp-content\/uploads\/2020\/IMG_5723-scaled.jpg\",\"width\":2560,\"height\":1920},{\"@type\":\"BreadcrumbList\",\"@id\":\"https:\/\/www.schwarzwaldverein-st-georgen.de\/index.php\/event\/wunderbares-wellness-wandern-in-den-wilden-bergen-der-ardeche\/#breadcrumb\",\"itemListElement\":[{\"@type\":\"ListItem\",\"position\":1,\"name\":\"Start\",\"item\":\"https:\/\/www.schwarzwaldverein-st-georgen.de\/\"},{\"@type\":\"ListItem\",\"position\":2,\"name\":\"Veranstaltungen\",\"item\":\"https:\/\/www.schwarzwaldverein-st-georgen.de\/index.php\/events\/\"},{\"@type\":\"ListItem\",\"position\":3,\"name\":\"\u201eWunderbares-Wellness-Wandern\u201c In den wilden Bergen der Ard\u00e8che\"}]},{\"@type\":\"WebSite\",\"@id\":\"https:\/\/www.schwarzwaldverein-st-georgen.de\/#website\",\"url\":\"https:\/\/www.schwarzwaldverein-st-georgen.de\/\",\"name\":\"Schwarzwaldverein St. Georgen e.V.\",\"description\":\"Wandern, Wege, Naturschutz, Familien, Wanderheim Lindenb\u00fcble\",\"potentialAction\":[{\"@type\":\"SearchAction\",\"target\":{\"@type\":\"EntryPoint\",\"urlTemplate\":\"https:\/\/www.schwarzwaldverein-st-georgen.de\/?s={search_term_string}\"},\"query-input\":{\"@type\":\"PropertyValueSpecification\",\"valueRequired\":true,\"valueName\":\"search_term_string\"}}],\"inLanguage\":\"de\"}]}<\/script>\n<!-- \/ Yoast SEO plugin. -->","yoast_head_json":{"title":"\u201eWunderbares-Wellness-Wandern\u201c In den wilden Bergen der Ard\u00e8che - Schwarzwaldverein St. Georgen e.V.","robots":{"index":"index","follow":"follow","max-snippet":"max-snippet:-1","max-image-preview":"max-image-preview:large","max-video-preview":"max-video-preview:-1"},"canonical":"https:\/\/www.schwarzwaldverein-st-georgen.de\/index.php\/event\/wunderbares-wellness-wandern-in-den-wilden-bergen-der-ardeche\/","og_locale":"de_DE","og_type":"article","og_title":"\u201eWunderbares-Wellness-Wandern\u201c In den wilden Bergen der Ard\u00e8che - Schwarzwaldverein St. Georgen e.V.","og_description":"Wandern &amp; Genuss &amp; Wellness stehen auch bei unserer n\u00e4chsten Frankreichfahrt im Vordergrund. Wundersch\u00f6ne Wanderwege auf Maultierpfaden durch eine geschichtstr\u00e4chtige Kulturlandschaft, mediterranes Klima, mittelalterliche D\u00f6rfer, Besuch der Nachbildung der Grotte Chauvet und franz\u00f6sische Lebensart genie\u00dfen bei den abendlichen 4-G\u00e4nge-Men\u00fcs mit Spezialit\u00e4ten der Ard\u00e8che (Feigen, Esskastanien, Ziegenk\u00e4se und mehr) erwarten uns. Wer mag, kann im Swimmingpool &hellip; Weiterlesen","og_url":"https:\/\/www.schwarzwaldverein-st-georgen.de\/index.php\/event\/wunderbares-wellness-wandern-in-den-wilden-bergen-der-ardeche\/","og_site_name":"Schwarzwaldverein St. Georgen e.V.","article_modified_time":"2020-02-19T07:17:09+00:00","og_image":[{"width":2560,"height":1920,"url":"https:\/\/www.schwarzwaldverein-st-georgen.de\/wp-content\/uploads\/2020\/IMG_5723-scaled.jpg","type":"image\/jpeg"}],"twitter_card":"summary_large_image","twitter_misc":{"Gesch\u00e4tzte Lesezeit":"1\u00a0Minute"},"schema":{"@context":"https:\/\/schema.org","@graph":[{"@type":"WebPage","@id":"https:\/\/www.schwarzwaldverein-st-georgen.de\/index.php\/event\/wunderbares-wellness-wandern-in-den-wilden-bergen-der-ardeche\/","url":"https:\/\/www.schwarzwaldverein-st-georgen.de\/index.php\/event\/wunderbares-wellness-wandern-in-den-wilden-bergen-der-ardeche\/","name":"\u201eWunderbares-Wellness-Wandern\u201c In den wilden Bergen der Ard\u00e8che - Schwarzwaldverein St. Georgen e.V.","isPartOf":{"@id":"https:\/\/www.schwarzwaldverein-st-georgen.de\/#website"},"primaryImageOfPage":{"@id":"https:\/\/www.schwarzwaldverein-st-georgen.de\/index.php\/event\/wunderbares-wellness-wandern-in-den-wilden-bergen-der-ardeche\/#primaryimage"},"image":{"@id":"https:\/\/www.schwarzwaldverein-st-georgen.de\/index.php\/event\/wunderbares-wellness-wandern-in-den-wilden-bergen-der-ardeche\/#primaryimage"},"thumbnailUrl":"https:\/\/www.schwarzwaldverein-st-georgen.de\/wp-content\/uploads\/2020\/IMG_5723-scaled.jpg","datePublished":"2020-02-16T10:35:52+00:00","dateModified":"2020-02-19T07:17:09+00:00","breadcrumb":{"@id":"https:\/\/www.schwarzwaldverein-st-georgen.de\/index.php\/event\/wunderbares-wellness-wandern-in-den-wilden-bergen-der-ardeche\/#breadcrumb"},"inLanguage":"de","potentialAction":[{"@type":"ReadAction","target":["https:\/\/www.schwarzwaldverein-st-georgen.de\/index.php\/event\/wunderbares-wellness-wandern-in-den-wilden-bergen-der-ardeche\/"]}]},{"@type":"ImageObject","inLanguage":"de","@id":"https:\/\/www.schwarzwaldverein-st-georgen.de\/index.php\/event\/wunderbares-wellness-wandern-in-den-wilden-bergen-der-ardeche\/#primaryimage","url":"https:\/\/www.schwarzwaldverein-st-georgen.de\/wp-content\/uploads\/2020\/IMG_5723-scaled.jpg","contentUrl":"https:\/\/www.schwarzwaldverein-st-georgen.de\/wp-content\/uploads\/2020\/IMG_5723-scaled.jpg","width":2560,"height":1920},{"@type":"BreadcrumbList","@id":"https:\/\/www.schwarzwaldverein-st-georgen.de\/index.php\/event\/wunderbares-wellness-wandern-in-den-wilden-bergen-der-ardeche\/#breadcrumb","itemListElement":[{"@type":"ListItem","position":1,"name":"Start","item":"https:\/\/www.schwarzwaldverein-st-georgen.de\/"},{"@type":"ListItem","position":2,"name":"Veranstaltungen","item":"https:\/\/www.schwarzwaldverein-st-georgen.de\/index.php\/events\/"},{"@type":"ListItem","position":3,"name":"\u201eWunderbares-Wellness-Wandern\u201c In den wilden Bergen der Ard\u00e8che"}]},{"@type":"WebSite","@id":"https:\/\/www.schwarzwaldverein-st-georgen.de\/#website","url":"https:\/\/www.schwarzwaldverein-st-georgen.de\/","name":"Schwarzwaldverein St. Georgen e.V.","description":"Wandern, Wege, Naturschutz, Familien, Wanderheim Lindenb\u00fcble","potentialAction":[{"@type":"SearchAction","target":{"@type":"EntryPoint","urlTemplate":"https:\/\/www.schwarzwaldverein-st-georgen.de\/?s={search_term_string}"},"query-input":{"@type":"PropertyValueSpecification","valueRequired":true,"valueName":"search_term_string"}}],"inLanguage":"de"}]}},"ticketed":false,"_links":{"self":[{"href":"https:\/\/www.schwarzwaldverein-st-georgen.de\/index.php\/wp-json\/wp\/v2\/tribe_events\/1067","targetHints":{"allow":["GET"]}}],"collection":[{"href":"https:\/\/www.schwarzwaldverein-st-georgen.de\/index.php\/wp-json\/wp\/v2\/tribe_events"}],"about":[{"href":"https:\/\/www.schwarzwaldverein-st-georgen.de\/index.php\/wp-json\/wp\/v2\/types\/tribe_events"}],"author":[{"embeddable":true,"href":"https:\/\/www.schwarzwaldverein-st-georgen.de\/index.php\/wp-json\/wp\/v2\/users\/1"}],"replies":[{"embeddable":true,"href":"https:\/\/www.schwarzwaldverein-st-georgen.de\/index.php\/wp-json\/wp\/v2\/comments?post=1067"}],"version-history":[{"count":6,"href":"https:\/\/www.schwarzwaldverein-st-georgen.de\/index.php\/wp-json\/wp\/v2\/tribe_events\/1067\/revisions"}],"predecessor-version":[{"id":1158,"href":"https:\/\/www.schwarzwaldverein-st-georgen.de\/index.php\/wp-json\/wp\/v2\/tribe_events\/1067\/revisions\/1158"}],"wp:featuredmedia":[{"embeddable":true,"href":"https:\/\/www.schwarzwaldverein-st-georgen.de\/index.php\/wp-json\/wp\/v2\/media\/1048"}],"wp:attachment":[{"href":"https:\/\/www.schwarzwaldverein-st-georgen.de\/index.php\/wp-json\/wp\/v2\/media?parent=1067"}],"wp:term":[{"taxonomy":"post_tag","embeddable":true,"href":"https:\/\/www.schwarzwaldverein-st-georgen.de\/index.php\/wp-json\/wp\/v2\/tags?post=1067"},{"taxonomy":"tribe_events_cat","embeddable":true,"href":"https:\/\/www.schwarzwaldverein-st-georgen.de\/index.php\/wp-json\/wp\/v2\/tribe_events_cat?post=1067"}],"curies":[{"name":"wp","href":"https:\/\/api.w.org\/{rel}","templated":true}]}}