{"id":19,"date":"2017-11-16T17:09:02","date_gmt":"2017-11-16T16:09:02","guid":{"rendered":"http:\/\/localhost\/swv\/?page_id=19"},"modified":"2021-04-13T08:15:17","modified_gmt":"2021-04-13T06:15:17","slug":"ueber-mich","status":"publish","type":"page","link":"https:\/\/www.schwarzwaldverein-st-georgen.de\/index.php\/ueber-mich\/","title":{"rendered":"\u00dcber uns"},"content":{"rendered":"<table border=\"0\" cellspacing=\"2\" cellpadding=\"0\">\n<tbody>\n<tr>\n<td><center><span style=\"font-size: large;\"><b>Willkommen beim Schwarzwaldverein,<br \/>\nOrtsgruppe St. Georgen e.V., Bezirk Fohrenb\u00fchl,<br \/>\n<\/b><b>gegr\u00fcndet 1888.<\/b><\/span><span style=\"font-family: Arial,sans-serif;\"><b>Der Schwarzwaldverein ist der \u00e4lteste deutsche Wanderverein.<\/b><\/span>&nbsp;<\/p>\n<p><\/center><\/td>\n<td><img loading=\"lazy\" decoding=\"async\" class=\"alignnone size-full wp-image-228\" src=\"http:\/\/www.schwarzwaldverein-st-georgen.de\/wp-content\/uploads\/LogoSchuh.png\" alt=\"\" width=\"84\" height=\"75\" \/><br \/>\n<img loading=\"lazy\" decoding=\"async\" class=\"alignnone size-full wp-image-229\" src=\"http:\/\/www.schwarzwaldverein-st-georgen.de\/wp-content\/uploads\/LogoSchuh2.png\" alt=\"\" width=\"84\" height=\"25\" \/><\/td>\n<\/tr>\n<\/tbody>\n<\/table>\n<table width=\"600\" cellspacing=\"4\">\n<colgroup>\n<col span=\"2\" width=\"300\" \/><\/colgroup>\n<tbody>\n<tr>\n<td align=\"center\" valign=\"top\"><img loading=\"lazy\" decoding=\"async\" class=\"alignnone size-full wp-image-231\" src=\"http:\/\/www.schwarzwaldverein-st-georgen.de\/wp-content\/uploads\/svraute.png\" alt=\"\" width=\"19\" height=\"15\" \/><a title=\"Wandern\" href=\"http:\/\/www.schwarzwaldverein-st-georgen.de\/index.php\/ueber-mich\/wandern\/\"><span style=\"font-size: large;\"><b>Wandern<\/b><\/span><\/a><b><br \/>\nErleben Sie mit gleichgesinnten Menschen die einzigartige Natur- und Kulturlandschaft des Schwarzwalds. Finden Sie neue Freunde und Bekannte in unserer Ortsgruppe<\/b><\/td>\n<td align=\"center\" valign=\"top\"><b><img loading=\"lazy\" decoding=\"async\" src=\"http:\/\/www.schwarzwaldverein-st-georgen.de\/wp-content\/uploads\/svraute.png\" width=\"19\" height=\"15\" name=\"Grafik1\" align=\"BOTTOM\" border=\"0\" \/><span style=\"font-size: large;\">Heimatpflege<\/span><br \/>\nHistorische Baudenkm\u00e4ler, Freilichtmuseen, Mundart und Brauchtum zeugen von der eigenst\u00e4ndigen Kultur des Schwarzwaldes.<br \/>\nHier arbeiten wir auch mit dem Verein f\u00fcr Heimatgeschichte e.V. zusammen.<\/b><\/td>\n<\/tr>\n<tr>\n<td align=\"center\" valign=\"top\"><b><img loading=\"lazy\" decoding=\"async\" src=\"http:\/\/www.schwarzwaldverein-st-georgen.de\/wp-content\/uploads\/svraute.png\" width=\"19\" height=\"15\" name=\"Grafik2\" align=\"BOTTOM\" border=\"0\" \/><a title=\"Wege\" href=\"http:\/\/www.schwarzwaldverein-st-georgen.de\/index.php\/ueber-mich\/wege\/\"><span style=\"font-size: large;\">Wege<\/span><\/a><br \/>\n23000 km vom Schwarzwaldverein betreute und markierte Wanderwege bringen Sie auf den sch\u00f6nsten Routen des Schwarzwalds und seiner angrenzenden Gebiete sicher ans Ziel.<\/b><\/td>\n<td align=\"center\" valign=\"top\"><img loading=\"lazy\" decoding=\"async\" src=\"http:\/\/www.schwarzwaldverein-st-georgen.de\/wp-content\/uploads\/svraute.png\" width=\"19\" height=\"15\" name=\"Grafik3\" align=\"BOTTOM\" border=\"0\" \/><a title=\"Naturschutz\" href=\"http:\/\/www.schwarzwaldverein-st-georgen.de\/index.php\/naturschutz\/\"><span style=\"font-size: large;\"><b>Naturschutz<\/b><\/span><\/a><b><br \/>\nDie Natur wird von der Zivilisation nach und nach zur\u00fcckgedr\u00e4ngt.<br \/>\nWir treten daf\u00fcr ein, da\u00df sich auch noch k\u00fcnftige Generationen an Ihr erfreuen k\u00f6nnen.<\/b><\/td>\n<\/tr>\n<tr>\n<td colspan=\"2\" align=\"center\" valign=\"middle\"><\/td>\n<\/tr>\n<\/tbody>\n<\/table>\n<p><center><b><img loading=\"lazy\" decoding=\"async\" src=\"http:\/\/www.schwarzwaldverein-st-georgen.de\/wp-content\/uploads\/svraute.png\" width=\"19\" height=\"15\" name=\"Grafik4\" align=\"BOTTOM\" border=\"0\" \/>Die Aufgaben unserer Ortsgruppe sehen wir im Wandern, dem Schutz der Natur und Landschaft, der Unterhaltung und Markierung von Wegen, sowie der Heimatpflege.<\/b><\/center>&nbsp;<\/p>\n","protected":false},"excerpt":{"rendered":"<p>Willkommen beim Schwarzwaldverein, Ortsgruppe St. Georgen e.V., Bezirk Fohrenb\u00fchl, gegr\u00fcndet 1888.Der Schwarzwaldverein ist der \u00e4lteste deutsche Wanderverein.&nbsp; Wandern Erleben Sie mit gleichgesinnten Menschen die einzigartige Natur- und Kulturlandschaft des Schwarzwalds. Finden Sie neue Freunde und Bekannte in unserer Ortsgruppe Heimatpflege Historische Baudenkm\u00e4ler, Freilichtmuseen, Mundart und Brauchtum zeugen von der eigenst\u00e4ndigen Kultur des Schwarzwaldes. Hier arbeiten &hellip; <\/p>\n<p><a class=\"more-link btn\" href=\"https:\/\/www.schwarzwaldverein-st-georgen.de\/index.php\/ueber-mich\/\">Weiterlesen<\/a><\/p>\n","protected":false},"author":1,"featured_media":0,"parent":0,"menu_order":0,"comment_status":"closed","ping_status":"closed","template":"template-twocolumnsleft.php","meta":{"_price":"","_stock":"","_tribe_ticket_header":"","_tribe_default_ticket_provider":"","_ticket_start_date":"","_ticket_end_date":"","_tribe_ticket_show_description":"","_tribe_ticket_show_not_going":false,"_tribe_ticket_use_global_stock":"","_tribe_ticket_global_stock_level":"","_global_stock_mode":"","_global_stock_cap":"","_tribe_rsvp_for_event":"","_tribe_ticket_going_count":"","_tribe_ticket_not_going_count":"","_tribe_tickets_list":"[]","_tribe_ticket_has_attendee_info_fields":false,"footnotes":"","_tec_slr_enabled":"","_tec_slr_layout":""},"class_list":["post-19","page","type-page","status-publish","hentry","nodate","item-wrap"],"yoast_head":"<!-- This site is optimized with the Yoast SEO plugin v26.8 - https:\/\/yoast.com\/product\/yoast-seo-wordpress\/ -->\n<title>\u00dcber uns - Schwarzwaldverein St. Georgen e.V.<\/title>\n<meta name=\"robots\" content=\"index, follow, max-snippet:-1, max-image-preview:large, max-video-preview:-1\" \/>\n<link rel=\"canonical\" href=\"https:\/\/www.schwarzwaldverein-st-georgen.de\/index.php\/ueber-mich\/\" \/>\n<meta property=\"og:locale\" content=\"de_DE\" \/>\n<meta property=\"og:type\" content=\"article\" \/>\n<meta property=\"og:title\" content=\"\u00dcber uns - Schwarzwaldverein St. Georgen e.V.\" \/>\n<meta property=\"og:description\" content=\"Willkommen beim Schwarzwaldverein, Ortsgruppe St. Georgen e.V., Bezirk Fohrenb\u00fchl, gegr\u00fcndet 1888.Der Schwarzwaldverein ist der \u00e4lteste deutsche Wanderverein.&nbsp; Wandern Erleben Sie mit gleichgesinnten Menschen die einzigartige Natur- und Kulturlandschaft des Schwarzwalds. Finden Sie neue Freunde und Bekannte in unserer Ortsgruppe Heimatpflege Historische Baudenkm\u00e4ler, Freilichtmuseen, Mundart und Brauchtum zeugen von der eigenst\u00e4ndigen Kultur des Schwarzwaldes. Hier arbeiten &hellip; Weiterlesen\" \/>\n<meta property=\"og:url\" content=\"https:\/\/www.schwarzwaldverein-st-georgen.de\/index.php\/ueber-mich\/\" \/>\n<meta property=\"og:site_name\" content=\"Schwarzwaldverein St. Georgen e.V.\" \/>\n<meta property=\"article:modified_time\" content=\"2021-04-13T06:15:17+00:00\" \/>\n<meta property=\"og:image\" content=\"http:\/\/www.schwarzwaldverein-st-georgen.de\/wp-content\/uploads\/LogoSchuh.png\" \/>\n<meta name=\"twitter:card\" content=\"summary_large_image\" \/>\n<meta name=\"twitter:label1\" content=\"Gesch\u00e4tzte Lesezeit\" \/>\n\t<meta name=\"twitter:data1\" content=\"1\u00a0Minute\" \/>\n<script type=\"application\/ld+json\" class=\"yoast-schema-graph\">{\"@context\":\"https:\/\/schema.org\",\"@graph\":[{\"@type\":\"WebPage\",\"@id\":\"https:\/\/www.schwarzwaldverein-st-georgen.de\/index.php\/ueber-mich\/\",\"url\":\"https:\/\/www.schwarzwaldverein-st-georgen.de\/index.php\/ueber-mich\/\",\"name\":\"\u00dcber uns - Schwarzwaldverein St. Georgen e.V.\",\"isPartOf\":{\"@id\":\"https:\/\/www.schwarzwaldverein-st-georgen.de\/#website\"},\"primaryImageOfPage\":{\"@id\":\"https:\/\/www.schwarzwaldverein-st-georgen.de\/index.php\/ueber-mich\/#primaryimage\"},\"image\":{\"@id\":\"https:\/\/www.schwarzwaldverein-st-georgen.de\/index.php\/ueber-mich\/#primaryimage\"},\"thumbnailUrl\":\"http:\/\/www.schwarzwaldverein-st-georgen.de\/wp-content\/uploads\/LogoSchuh.png\",\"datePublished\":\"2017-11-16T16:09:02+00:00\",\"dateModified\":\"2021-04-13T06:15:17+00:00\",\"breadcrumb\":{\"@id\":\"https:\/\/www.schwarzwaldverein-st-georgen.de\/index.php\/ueber-mich\/#breadcrumb\"},\"inLanguage\":\"de\",\"potentialAction\":[{\"@type\":\"ReadAction\",\"target\":[\"https:\/\/www.schwarzwaldverein-st-georgen.de\/index.php\/ueber-mich\/\"]}]},{\"@type\":\"ImageObject\",\"inLanguage\":\"de\",\"@id\":\"https:\/\/www.schwarzwaldverein-st-georgen.de\/index.php\/ueber-mich\/#primaryimage\",\"url\":\"http:\/\/www.schwarzwaldverein-st-georgen.de\/wp-content\/uploads\/LogoSchuh.png\",\"contentUrl\":\"http:\/\/www.schwarzwaldverein-st-georgen.de\/wp-content\/uploads\/LogoSchuh.png\"},{\"@type\":\"BreadcrumbList\",\"@id\":\"https:\/\/www.schwarzwaldverein-st-georgen.de\/index.php\/ueber-mich\/#breadcrumb\",\"itemListElement\":[{\"@type\":\"ListItem\",\"position\":1,\"name\":\"Start\",\"item\":\"https:\/\/www.schwarzwaldverein-st-georgen.de\/\"},{\"@type\":\"ListItem\",\"position\":2,\"name\":\"\u00dcber uns\"}]},{\"@type\":\"WebSite\",\"@id\":\"https:\/\/www.schwarzwaldverein-st-georgen.de\/#website\",\"url\":\"https:\/\/www.schwarzwaldverein-st-georgen.de\/\",\"name\":\"Schwarzwaldverein St. Georgen e.V.\",\"description\":\"Wandern, Wege, Naturschutz, Familien, Wanderheim Lindenb\u00fcble\",\"potentialAction\":[{\"@type\":\"SearchAction\",\"target\":{\"@type\":\"EntryPoint\",\"urlTemplate\":\"https:\/\/www.schwarzwaldverein-st-georgen.de\/?s={search_term_string}\"},\"query-input\":{\"@type\":\"PropertyValueSpecification\",\"valueRequired\":true,\"valueName\":\"search_term_string\"}}],\"inLanguage\":\"de\"}]}<\/script>\n<!-- \/ Yoast SEO plugin. -->","yoast_head_json":{"title":"\u00dcber uns - Schwarzwaldverein St. Georgen e.V.","robots":{"index":"index","follow":"follow","max-snippet":"max-snippet:-1","max-image-preview":"max-image-preview:large","max-video-preview":"max-video-preview:-1"},"canonical":"https:\/\/www.schwarzwaldverein-st-georgen.de\/index.php\/ueber-mich\/","og_locale":"de_DE","og_type":"article","og_title":"\u00dcber uns - Schwarzwaldverein St. Georgen e.V.","og_description":"Willkommen beim Schwarzwaldverein, Ortsgruppe St. Georgen e.V., Bezirk Fohrenb\u00fchl, gegr\u00fcndet 1888.Der Schwarzwaldverein ist der \u00e4lteste deutsche Wanderverein.&nbsp; Wandern Erleben Sie mit gleichgesinnten Menschen die einzigartige Natur- und Kulturlandschaft des Schwarzwalds. Finden Sie neue Freunde und Bekannte in unserer Ortsgruppe Heimatpflege Historische Baudenkm\u00e4ler, Freilichtmuseen, Mundart und Brauchtum zeugen von der eigenst\u00e4ndigen Kultur des Schwarzwaldes. Hier arbeiten &hellip; Weiterlesen","og_url":"https:\/\/www.schwarzwaldverein-st-georgen.de\/index.php\/ueber-mich\/","og_site_name":"Schwarzwaldverein St. Georgen e.V.","article_modified_time":"2021-04-13T06:15:17+00:00","og_image":[{"url":"http:\/\/www.schwarzwaldverein-st-georgen.de\/wp-content\/uploads\/LogoSchuh.png","type":"","width":"","height":""}],"twitter_card":"summary_large_image","twitter_misc":{"Gesch\u00e4tzte Lesezeit":"1\u00a0Minute"},"schema":{"@context":"https:\/\/schema.org","@graph":[{"@type":"WebPage","@id":"https:\/\/www.schwarzwaldverein-st-georgen.de\/index.php\/ueber-mich\/","url":"https:\/\/www.schwarzwaldverein-st-georgen.de\/index.php\/ueber-mich\/","name":"\u00dcber uns - Schwarzwaldverein St. Georgen e.V.","isPartOf":{"@id":"https:\/\/www.schwarzwaldverein-st-georgen.de\/#website"},"primaryImageOfPage":{"@id":"https:\/\/www.schwarzwaldverein-st-georgen.de\/index.php\/ueber-mich\/#primaryimage"},"image":{"@id":"https:\/\/www.schwarzwaldverein-st-georgen.de\/index.php\/ueber-mich\/#primaryimage"},"thumbnailUrl":"http:\/\/www.schwarzwaldverein-st-georgen.de\/wp-content\/uploads\/LogoSchuh.png","datePublished":"2017-11-16T16:09:02+00:00","dateModified":"2021-04-13T06:15:17+00:00","breadcrumb":{"@id":"https:\/\/www.schwarzwaldverein-st-georgen.de\/index.php\/ueber-mich\/#breadcrumb"},"inLanguage":"de","potentialAction":[{"@type":"ReadAction","target":["https:\/\/www.schwarzwaldverein-st-georgen.de\/index.php\/ueber-mich\/"]}]},{"@type":"ImageObject","inLanguage":"de","@id":"https:\/\/www.schwarzwaldverein-st-georgen.de\/index.php\/ueber-mich\/#primaryimage","url":"http:\/\/www.schwarzwaldverein-st-georgen.de\/wp-content\/uploads\/LogoSchuh.png","contentUrl":"http:\/\/www.schwarzwaldverein-st-georgen.de\/wp-content\/uploads\/LogoSchuh.png"},{"@type":"BreadcrumbList","@id":"https:\/\/www.schwarzwaldverein-st-georgen.de\/index.php\/ueber-mich\/#breadcrumb","itemListElement":[{"@type":"ListItem","position":1,"name":"Start","item":"https:\/\/www.schwarzwaldverein-st-georgen.de\/"},{"@type":"ListItem","position":2,"name":"\u00dcber uns"}]},{"@type":"WebSite","@id":"https:\/\/www.schwarzwaldverein-st-georgen.de\/#website","url":"https:\/\/www.schwarzwaldverein-st-georgen.de\/","name":"Schwarzwaldverein St. Georgen e.V.","description":"Wandern, Wege, Naturschutz, Familien, Wanderheim Lindenb\u00fcble","potentialAction":[{"@type":"SearchAction","target":{"@type":"EntryPoint","urlTemplate":"https:\/\/www.schwarzwaldverein-st-georgen.de\/?s={search_term_string}"},"query-input":{"@type":"PropertyValueSpecification","valueRequired":true,"valueName":"search_term_string"}}],"inLanguage":"de"}]}},"ticketed":false,"_links":{"self":[{"href":"https:\/\/www.schwarzwaldverein-st-georgen.de\/index.php\/wp-json\/wp\/v2\/pages\/19","targetHints":{"allow":["GET"]}}],"collection":[{"href":"https:\/\/www.schwarzwaldverein-st-georgen.de\/index.php\/wp-json\/wp\/v2\/pages"}],"about":[{"href":"https:\/\/www.schwarzwaldverein-st-georgen.de\/index.php\/wp-json\/wp\/v2\/types\/page"}],"author":[{"embeddable":true,"href":"https:\/\/www.schwarzwaldverein-st-georgen.de\/index.php\/wp-json\/wp\/v2\/users\/1"}],"replies":[{"embeddable":true,"href":"https:\/\/www.schwarzwaldverein-st-georgen.de\/index.php\/wp-json\/wp\/v2\/comments?post=19"}],"version-history":[{"count":4,"href":"https:\/\/www.schwarzwaldverein-st-georgen.de\/index.php\/wp-json\/wp\/v2\/pages\/19\/revisions"}],"predecessor-version":[{"id":233,"href":"https:\/\/www.schwarzwaldverein-st-georgen.de\/index.php\/wp-json\/wp\/v2\/pages\/19\/revisions\/233"}],"wp:attachment":[{"href":"https:\/\/www.schwarzwaldverein-st-georgen.de\/index.php\/wp-json\/wp\/v2\/media?parent=19"}],"curies":[{"name":"wp","href":"https:\/\/api.w.org\/{rel}","templated":true}]}}