{"version":"1.0","provider_name":"Schwarzwaldverein St. Georgen e.V.","provider_url":"https:\/\/www.schwarzwaldverein-st-georgen.de","author_name":"Axel Heinzmann","author_url":"https:\/\/www.schwarzwaldverein-st-georgen.de\/index.php\/author\/heinzmann\/","title":"Unser Haus - Schwarzwaldverein St. Georgen e.V.","type":"rich","width":600,"height":338,"html":"<blockquote class=\"wp-embedded-content\" data-secret=\"PgTqIjJHgZ\"><a href=\"https:\/\/www.schwarzwaldverein-st-georgen.de\/index.php\/wanderheim\/unser-haus\/\">Unser Haus<\/a><\/blockquote><iframe sandbox=\"allow-scripts\" security=\"restricted\" src=\"https:\/\/www.schwarzwaldverein-st-georgen.de\/index.php\/wanderheim\/unser-haus\/embed\/#?secret=PgTqIjJHgZ\" width=\"600\" height=\"338\" title=\"&#8222;Unser Haus&#8220; &#8211; Schwarzwaldverein St. Georgen e.V.\" data-secret=\"PgTqIjJHgZ\" frameborder=\"0\" marginwidth=\"0\" marginheight=\"0\" scrolling=\"no\" class=\"wp-embedded-content\"><\/iframe><script type=\"text\/javascript\">\n\/* <![CDATA[ *\/\n\/*! This file is auto-generated *\/\n!function(d,l){\"use strict\";l.querySelector&&d.addEventListener&&\"undefined\"!=typeof URL&&(d.wp=d.wp||{},d.wp.receiveEmbedMessage||(d.wp.receiveEmbedMessage=function(e){var t=e.data;if((t||t.secret||t.message||t.value)&&!\/[^a-zA-Z0-9]\/.test(t.secret)){for(var s,r,n,a=l.querySelectorAll('iframe[data-secret=\"'+t.secret+'\"]'),o=l.querySelectorAll('blockquote[data-secret=\"'+t.secret+'\"]'),c=new RegExp(\"^https?:$\",\"i\"),i=0;i<o.length;i++)o[i].style.display=\"none\";for(i=0;i<a.length;i++)s=a[i],e.source===s.contentWindow&&(s.removeAttribute(\"style\"),\"height\"===t.message?(1e3<(r=parseInt(t.value,10))?r=1e3:~~r<200&&(r=200),s.height=r):\"link\"===t.message&&(r=new URL(s.getAttribute(\"src\")),n=new URL(t.value),c.test(n.protocol))&&n.host===r.host&&l.activeElement===s&&(d.top.location.href=t.value))}},d.addEventListener(\"message\",d.wp.receiveEmbedMessage,!1),l.addEventListener(\"DOMContentLoaded\",function(){for(var e,t,s=l.querySelectorAll(\"iframe.wp-embedded-content\"),r=0;r<s.length;r++)(t=(e=s[r]).getAttribute(\"data-secret\"))||(t=Math.random().toString(36).substring(2,12),e.src+=\"#?secret=\"+t,e.setAttribute(\"data-secret\",t)),e.contentWindow.postMessage({message:\"ready\",secret:t},\"*\")},!1)))}(window,document);\n\/\/# sourceURL=https:\/\/www.schwarzwaldverein-st-georgen.de\/wp-includes\/js\/wp-embed.min.js\n\/* ]]> *\/\n<\/script>\n","description":"Gaststube, St\u00fcble und Terrasse Unsere gem\u00fctliche Gaststube bietet 30 Sitzpl\u00e4tze, zus\u00e4tzlich k\u00f6nnen im \u201eSt\u00fcble\u201c &#8211; einem kleinen Nebenzimmer &#8211; weitere G\u00e4ste Platz finden. Terrasse Bei sch\u00f6nem Wetter k\u00f6nnen Sie sich auf unserer Terrasse verweilen und den Blick auf die idyllische Umgebung schweifen lassen. W\u00e4hrend der Saison finden auf den zwei Ebenen des Au\u00dfenbereichs bis zu &hellip; Weiterlesen","thumbnail_url":"http:\/\/www.schwarzwaldverein-st-georgen.de\/wp-content\/uploads\/ausschnittwanderheim.png"}