{"version":"1.0","provider_name":"Schwarzwaldverein St. Georgen e.V.","provider_url":"https:\/\/www.schwarzwaldverein-st-georgen.de","author_name":"koenig","author_url":"https:\/\/www.schwarzwaldverein-st-georgen.de\/index.php\/author\/koenig\/","title":"-Entf\u00e4llt- Hoch \u00fcber\u2018m M\u00fcnstertal nach Staufen - siehe Ersatzwanderung Windeck-Felsen am 02.08.2020 - Schwarzwaldverein St. Georgen e.V.","type":"rich","width":600,"height":338,"html":"<blockquote class=\"wp-embedded-content\" data-secret=\"wuF9XTRid7\"><a href=\"https:\/\/www.schwarzwaldverein-st-georgen.de\/index.php\/event\/hoch-ueberm-muenstertal-nach-staufen\/\">-Entf\u00e4llt- Hoch \u00fcber\u2018m M\u00fcnstertal nach Staufen &#8211; siehe Ersatzwanderung Windeck-Felsen am 02.08.2020<\/a><\/blockquote><iframe sandbox=\"allow-scripts\" security=\"restricted\" src=\"https:\/\/www.schwarzwaldverein-st-georgen.de\/index.php\/event\/hoch-ueberm-muenstertal-nach-staufen\/embed\/#?secret=wuF9XTRid7\" width=\"600\" height=\"338\" title=\"&#8222;-Entf\u00e4llt- Hoch \u00fcber\u2018m M\u00fcnstertal nach Staufen &#8211; siehe Ersatzwanderung Windeck-Felsen am 02.08.2020&#8220; &#8211; Schwarzwaldverein St. Georgen e.V.\" data-secret=\"wuF9XTRid7\" frameborder=\"0\" marginwidth=\"0\" marginheight=\"0\" scrolling=\"no\" class=\"wp-embedded-content\"><\/iframe><script type=\"text\/javascript\">\n\/* <![CDATA[ *\/\n\/*! This file is auto-generated *\/\n!function(d,l){\"use strict\";l.querySelector&&d.addEventListener&&\"undefined\"!=typeof URL&&(d.wp=d.wp||{},d.wp.receiveEmbedMessage||(d.wp.receiveEmbedMessage=function(e){var t=e.data;if((t||t.secret||t.message||t.value)&&!\/[^a-zA-Z0-9]\/.test(t.secret)){for(var s,r,n,a=l.querySelectorAll('iframe[data-secret=\"'+t.secret+'\"]'),o=l.querySelectorAll('blockquote[data-secret=\"'+t.secret+'\"]'),c=new RegExp(\"^https?:$\",\"i\"),i=0;i<o.length;i++)o[i].style.display=\"none\";for(i=0;i<a.length;i++)s=a[i],e.source===s.contentWindow&&(s.removeAttribute(\"style\"),\"height\"===t.message?(1e3<(r=parseInt(t.value,10))?r=1e3:~~r<200&&(r=200),s.height=r):\"link\"===t.message&&(r=new URL(s.getAttribute(\"src\")),n=new URL(t.value),c.test(n.protocol))&&n.host===r.host&&l.activeElement===s&&(d.top.location.href=t.value))}},d.addEventListener(\"message\",d.wp.receiveEmbedMessage,!1),l.addEventListener(\"DOMContentLoaded\",function(){for(var e,t,s=l.querySelectorAll(\"iframe.wp-embedded-content\"),r=0;r<s.length;r++)(t=(e=s[r]).getAttribute(\"data-secret\"))||(t=Math.random().toString(36).substring(2,12),e.src+=\"#?secret=\"+t,e.setAttribute(\"data-secret\",t)),e.contentWindow.postMessage({message:\"ready\",secret:t},\"*\")},!1)))}(window,document);\n\/\/# sourceURL=https:\/\/www.schwarzwaldverein-st-georgen.de\/wp-includes\/js\/wp-embed.min.js\n\/* ]]> *\/\n<\/script>\n","thumbnail_url":"https:\/\/www.schwarzwaldverein-st-georgen.de\/wp-content\/uploads\/2020\/burg-staufen-mit-weinberg.jpg","thumbnail_width":1920,"thumbnail_height":1280,"description":"crona-bedingt entf\u00e4llt diese Wanderung, aber es wird am gleichen Tag eine Ersstzwanderung angeboten: Windeck-Felsen am 02.08.2020 Anfahrt nach Staufen mit dem Pkw. Mit dem Zug fahren wir zum Bahnhof M\u00fcnstertal. Vom Bahnhof, mit dem\u00a0beeindruckenden Belchen im Hintergrund, f\u00fchrt uns die Tour schnell hinauf auf\u00a0den H\u00f6henr\u00fccken, der zum\u00a0Talausgang Richtung Staufen f\u00fchrt. Wanderf\u00fchrer: Siegfried K\u00f6nig Gehzeit: 5 &hellip; Weiterlesen"}