{"version":"1.0","provider_name":"Schwarzwaldverein St. Georgen e.V.","provider_url":"https:\/\/www.schwarzwaldverein-st-georgen.de","author_name":"koenig","author_url":"https:\/\/www.schwarzwaldverein-st-georgen.de\/index.php\/author\/koenig\/","title":"Gem\u00fctliche Feldberg-Tour - Schwarzwaldverein St. Georgen e.V.","type":"rich","width":600,"height":338,"html":"<blockquote class=\"wp-embedded-content\" data-secret=\"7gicQ1Qkby\"><a href=\"https:\/\/www.schwarzwaldverein-st-georgen.de\/index.php\/event\/gemuetliche-feldberg-tour\/\">Gem\u00fctliche Feldberg-Tour<\/a><\/blockquote><iframe sandbox=\"allow-scripts\" security=\"restricted\" src=\"https:\/\/www.schwarzwaldverein-st-georgen.de\/index.php\/event\/gemuetliche-feldberg-tour\/embed\/#?secret=7gicQ1Qkby\" width=\"600\" height=\"338\" title=\"&#8222;Gem\u00fctliche Feldberg-Tour&#8220; &#8211; Schwarzwaldverein St. Georgen e.V.\" data-secret=\"7gicQ1Qkby\" frameborder=\"0\" marginwidth=\"0\" marginheight=\"0\" scrolling=\"no\" class=\"wp-embedded-content\"><\/iframe><script type=\"text\/javascript\">\n\/* <![CDATA[ *\/\n\/*! This file is auto-generated *\/\n!function(d,l){\"use strict\";l.querySelector&&d.addEventListener&&\"undefined\"!=typeof URL&&(d.wp=d.wp||{},d.wp.receiveEmbedMessage||(d.wp.receiveEmbedMessage=function(e){var t=e.data;if((t||t.secret||t.message||t.value)&&!\/[^a-zA-Z0-9]\/.test(t.secret)){for(var s,r,n,a=l.querySelectorAll('iframe[data-secret=\"'+t.secret+'\"]'),o=l.querySelectorAll('blockquote[data-secret=\"'+t.secret+'\"]'),c=new RegExp(\"^https?:$\",\"i\"),i=0;i<o.length;i++)o[i].style.display=\"none\";for(i=0;i<a.length;i++)s=a[i],e.source===s.contentWindow&&(s.removeAttribute(\"style\"),\"height\"===t.message?(1e3<(r=parseInt(t.value,10))?r=1e3:~~r<200&&(r=200),s.height=r):\"link\"===t.message&&(r=new URL(s.getAttribute(\"src\")),n=new URL(t.value),c.test(n.protocol))&&n.host===r.host&&l.activeElement===s&&(d.top.location.href=t.value))}},d.addEventListener(\"message\",d.wp.receiveEmbedMessage,!1),l.addEventListener(\"DOMContentLoaded\",function(){for(var e,t,s=l.querySelectorAll(\"iframe.wp-embedded-content\"),r=0;r<s.length;r++)(t=(e=s[r]).getAttribute(\"data-secret\"))||(t=Math.random().toString(36).substring(2,12),e.src+=\"#?secret=\"+t,e.setAttribute(\"data-secret\",t)),e.contentWindow.postMessage({message:\"ready\",secret:t},\"*\")},!1)))}(window,document);\n\/\/# sourceURL=https:\/\/www.schwarzwaldverein-st-georgen.de\/wp-includes\/js\/wp-embed.min.js\n\/* ]]> *\/\n<\/script>\n","thumbnail_url":"https:\/\/www.schwarzwaldverein-st-georgen.de\/wp-content\/uploads\/Wilhelmer_H\u00fctte.jpg","thumbnail_width":1280,"thumbnail_height":960,"description":"Eine Wanderung auf den Feld- berg mit der Betonung auf Gem\u00fctlichkeit f\u00fchrt uns \u00fcber m\u00e4\u00dfige Steigungen einen Waldweg hinauf zum Emil-Thoma-Weg, auf den wir an der Abzweigung des Felsensteigs treffen. Durch ein mooriges Tal erreichen wir das Gr\u00fcble und schlie\u00dflich den Feldberggipfel. Beim Abstieg lockt die St. Wilhelmer H\u00fctte zur Einkehr. An der Zastler H\u00fctte &hellip; Weiterlesen"}